{"id":5948,"date":"2021-04-18T21:35:57","date_gmt":"2021-04-18T18:35:57","guid":{"rendered":"https:\/\/kasvillarent.com\/villanizi-secin\/"},"modified":"2024-07-08T15:14:05","modified_gmt":"2024-07-08T12:14:05","slug":"villanizi-secin","status":"publish","type":"page","link":"https:\/\/kasvillarent.com\/tr\/villanizi-secin\/","title":{"rendered":"Villan\u0131z\u0131 se\u00e7in"},"content":{"rendered":"<p>Ka\u015f&#8217;da kiral\u0131k villan\u0131z\u0131 ay\u0131rmak bizle kolayd\u0131r. Ka\u015f T\u00fcrkiye&#8217;de kiral\u0131k villalar i\u00e7in buraday\u0131z. Giri\u015f ve \u00c7\u0131k\u0131\u015f tarihlerini belirleyin, a\u00e7\u0131klamay\u0131 g\u00f6r\u00fcnt\u00fcleyin, Antalya Ka\u015f kiral\u0131k villan\u0131z\u0131 se\u00e7in ve rezervasyon i\u00e7in detaylar\u0131 giriniz. <\/p>\n<div class=\"mphb_sc_search-wrapper \">\n<form method=\"GET\" class=\"mphb_sc_search-form\" action=\"https:\/\/kasvillarent.com\/tr\/arama-sonuclari-2\/\" data-first_available_check_in_date=\"2026-04-29\">\n\n\t<p class = \"mphb-required-fields-tip\">\n\t<small>\n\t\tGerekli alanlar a\u015fa\u011f\u0131dakiler taraf\u0131ndan takip edilir\t\t<abbr title=\"required\">*<\/abbr>\n\t<\/small>\n<\/p>\n\n\t<p class=\"mphb_sc_search-check-in-date\">\n\t\t<label for=\"mphb_check_in_date-mphb-search-form-69f14998a8d6a\">\n\t\t\tGiri\u015f\t\t\t<abbr title=\"dd\/mm\/yyyy olarak bi\u00e7imlendirildi\">*<\/abbr>\n\t\t<\/label>\n\t\t<br \/>\n\t\t<input\n\t\t\tid=\"mphb_check_in_date-mphb-search-form-69f14998a8d6a\"\n\t\t\tdata-datepick-group=\"mphb-search-form-69f14998a8d6a\"\n\t\t\tvalue=\"\"\n\t\t\tplaceholder=\"Giri\u015f Tarihi\"\n\t\t\trequired=\"required\"\n\t\t\ttype=\"text\"\n\t\t\tinputmode=\"none\"\n\t\t\tname=\"mphb_check_in_date\"\n\t\t\tclass=\"mphb-datepick\"\n\t\t\tautocomplete=\"off\"\n\t\t\t\/>\n\t<\/p>\n\n\t<p class=\"mphb_sc_search-check-out-date\">\n\t\t<label for=\"mphb_check_out_date-mphb-search-form-69f14998a8d6a\">\n\t\t\t\u00c7\u0131k\u0131\u015f\t\t\t<abbr title=\"dd\/mm\/yyyy olarak bi\u00e7imlendirildi\">*<\/abbr>\n\t\t<\/label>\n\t\t<br \/>\n\t\t<input\n\t\t\tid=\"mphb_check_out_date-mphb-search-form-69f14998a8d6a\"\n\t\t\tdata-datepick-group=\"mphb-search-form-69f14998a8d6a\"\n\t\t\tvalue=\"\"\n\t\t\tplaceholder=\"\u00c7\u0131k\u0131\u015f Tarihi\"\n\t\t\trequired=\"required\"\n\t\t\ttype=\"text\"\n\t\t\tinputmode=\"none\"\n\t\t\tname=\"mphb_check_out_date\"\n\t\t\tclass=\"mphb-datepick\"\n\t\t\tautocomplete=\"off\"\n\t\t\t\/>\n\t<\/p>\n\n\t\t\t<p class=\"mphb_sc_search-adults\">\n\t\t\t<label for=\"mphb_adults-mphb-search-form-69f14998a8d6a\">\n\t\t\t\tMisafirler\t\t\t<\/label>\n\t\t\t<br \/>\n\t\t\t<select id=\"mphb_adults-mphb-search-form-69f14998a8d6a\" name=\"mphb_adults\" >\n\t\t\t\t\t\t\t\t\t<option value=\"1\"  selected='selected'>1<\/option>\n\t\t\t\t\t\t\t\t\t<option value=\"2\" >2<\/option>\n\t\t\t\t\t\t\t\t\t<option value=\"3\" >3<\/option>\n\t\t\t\t\t\t\t\t\t<option value=\"4\" >4<\/option>\n\t\t\t\t\t\t\t\t\t<option value=\"5\" >5<\/option>\n\t\t\t\t\t\t\t\t\t<option value=\"6\" >6<\/option>\n\t\t\t\t\t\t\t\t\t<option value=\"7\" >7<\/option>\n\t\t\t\t\t\t\t<\/select>\n\t\t<\/p>\n\t\n\t\t\t<input type=\"hidden\" id=\"mphb_children-mphb-search-form-69f14998a8d6a\" name=\"mphb_children\" value=\"0\" \/>\n\t\n\t\n\t\n\t<input id=\"mphb_check_in_date-mphb-search-form-69f14998a8d6a-hidden\" value=\"\" type=\"hidden\" name=\"mphb_check_in_date\" \/><input id=\"mphb_check_out_date-mphb-search-form-69f14998a8d6a-hidden\" value=\"\" type=\"hidden\" name=\"mphb_check_out_date\" \/>\n\t<p class=\"mphb_sc_search-submit-button-wrapper\">\n\t\t<input type=\"submit\" class=\"button\" value=\"Ara\"\/>\n\t<\/p>\n\n\t\n<\/form>\n<\/div>\n\n<div class=\"mphb_sc_rooms-wrapper mphb-room-types \">\n<div class=\"mphb-room-type post-11947 mphb_room_type type-mphb_room_type status-publish has-post-thumbnail mphb_room_type_category-kas-yenikoy-tr mphb_room_type_facility-balkon mphb_room_type_facility-duz-ekran-tv mphb_room_type_facility-klima mphb_room_type_facility-somine mphb_room_type_facility-teras mphb_room_type_facility-ucretsiz-internet mphb_room_type_facility-ucretsiz-park mphb_room_type_facility-villaya-ait-ozel-acik-havuz mphb_room_type_facility-yemek-alani mphb-room-type-adults-7 mphb-room-type-children-0 has-taxes-and-fees\">\n\n\t\n\t\n\n\t<div class=\"mphb-room-type-images\">\n\t<span class=\"mphb_room_type_featured_image_wrapper\"><div id='mphb-flexslider-gallery-1' class='gallery-columns-1 gallery-size-villagio-thumb-small-x2 mphb-gallery-main-slider mphb-flexslider-gallery-wrapper mphb-room-type-gallery-wrapper mphb-gallery-main-slider-69f14998aef92' data-flexslider-atts='{\"animation\":\"slide\",\"controlNav\":false,\"animationLoop\":true,\"smoothHeight\":true,\"slideshow\":false}' data-group='69f14998aef92'><ul class=\"slides\"><li class='gallery-item'><span class='gallery-icon landscape'>\n\t\t\t\t<a href=\"https:\/\/kasvillarent.com\/tr\/accommodation\/villa-maria-kas-2\/\"><img fetchpriority=\"high\" decoding=\"async\" width=\"1434\" height=\"1080\" src=\"https:\/\/kasvillarent.com\/wp-content\/uploads\/2017\/06\/Villa-Maria-Kas-Pool-58-1-1434x1080.jpg\" class=\"attachment-villagio-thumb-small-x2 size-villagio-thumb-small-x2\" alt=\"Amazing view of Villa Maria Kas\" aria-describedby=\"mphb-flexslider-gallery-1-13636\" srcset=\"https:\/\/kasvillarent.com\/wp-content\/uploads\/2017\/06\/Villa-Maria-Kas-Pool-58-1-1434x1080.jpg 1434w, https:\/\/kasvillarent.com\/wp-content\/uploads\/2017\/06\/Villa-Maria-Kas-Pool-58-1-717x540.jpg 717w\" sizes=\"(max-width: 1434px) 100vw, 1434px\" \/><\/a>\n\t\t\t<\/span><\/li><li class='gallery-item'><span class='gallery-icon landscape'>\n\t\t\t\t<a href=\"https:\/\/kasvillarent.com\/tr\/accommodation\/villa-maria-kas-2\/\"><img decoding=\"async\" width=\"1434\" height=\"1080\" src=\"https:\/\/kasvillarent.com\/wp-content\/uploads\/2017\/06\/Villa-Maria-Kas-Pool-23-1434x1080.jpg\" class=\"attachment-villagio-thumb-small-x2 size-villagio-thumb-small-x2\" alt=\"https:\/\/kasvillarent.com\/wp-admin\/post.php?post=80&amp;action=edit&amp;lang=en#:~:text=ATTACHMENT%20DETAILS-,Villa%2DMaria%2DKas%2DPool,-%2D23%2Dscaled.jpg\" aria-describedby=\"mphb-flexslider-gallery-1-13580\" srcset=\"https:\/\/kasvillarent.com\/wp-content\/uploads\/2017\/06\/Villa-Maria-Kas-Pool-23-1434x1080.jpg 1434w, https:\/\/kasvillarent.com\/wp-content\/uploads\/2017\/06\/Villa-Maria-Kas-Pool-23-717x540.jpg 717w\" sizes=\"(max-width: 1434px) 100vw, 1434px\" \/><\/a>\n\t\t\t<\/span><\/li><li class='gallery-item'><span class='gallery-icon landscape'>\n\t\t\t\t<a href=\"https:\/\/kasvillarent.com\/tr\/accommodation\/villa-maria-kas-2\/\"><img decoding=\"async\" width=\"1434\" height=\"1080\" src=\"https:\/\/kasvillarent.com\/wp-content\/uploads\/2017\/06\/Villa-Maria-Kas-Pool-01-1434x1080.jpg\" class=\"attachment-villagio-thumb-small-x2 size-villagio-thumb-small-x2\" alt=\"Villa Maria Kas Pool\" aria-describedby=\"mphb-flexslider-gallery-1-13600\" srcset=\"https:\/\/kasvillarent.com\/wp-content\/uploads\/2017\/06\/Villa-Maria-Kas-Pool-01-1434x1080.jpg 1434w, https:\/\/kasvillarent.com\/wp-content\/uploads\/2017\/06\/Villa-Maria-Kas-Pool-01-300x225.jpg 300w, https:\/\/kasvillarent.com\/wp-content\/uploads\/2017\/06\/Villa-Maria-Kas-Pool-01-717x540.jpg 717w\" sizes=\"(max-width: 1434px) 100vw, 1434px\" \/><\/a>\n\t\t\t<\/span><\/li><li class='gallery-item'><span class='gallery-icon landscape'>\n\t\t\t\t<a href=\"https:\/\/kasvillarent.com\/tr\/accommodation\/villa-maria-kas-2\/\"><img loading=\"lazy\" decoding=\"async\" width=\"1434\" height=\"1080\" src=\"https:\/\/kasvillarent.com\/wp-content\/uploads\/2017\/06\/Villa-Maria-Kas-Pool-43-1434x1080.jpg\" class=\"attachment-villagio-thumb-small-x2 size-villagio-thumb-small-x2\" alt=\"Villa Maria Kas Pool View\" aria-describedby=\"mphb-flexslider-gallery-1-13582\" srcset=\"https:\/\/kasvillarent.com\/wp-content\/uploads\/2017\/06\/Villa-Maria-Kas-Pool-43-1434x1080.jpg 1434w, https:\/\/kasvillarent.com\/wp-content\/uploads\/2017\/06\/Villa-Maria-Kas-Pool-43-717x540.jpg 717w\" sizes=\"(max-width: 1434px) 100vw, 1434px\" \/><\/a>\n\t\t\t<\/span><\/li><li class='gallery-item'><span class='gallery-icon landscape'>\n\t\t\t\t<a href=\"https:\/\/kasvillarent.com\/tr\/accommodation\/villa-maria-kas-2\/\"><img loading=\"lazy\" decoding=\"async\" width=\"1434\" height=\"1080\" src=\"https:\/\/kasvillarent.com\/wp-content\/uploads\/2017\/06\/Villa-Maria-Kas-Pool-49-1434x1080.jpg\" class=\"attachment-villagio-thumb-small-x2 size-villagio-thumb-small-x2\" alt=\"Villa Maria Kas Pool\" aria-describedby=\"mphb-flexslider-gallery-1-13578\" srcset=\"https:\/\/kasvillarent.com\/wp-content\/uploads\/2017\/06\/Villa-Maria-Kas-Pool-49-1434x1080.jpg 1434w, https:\/\/kasvillarent.com\/wp-content\/uploads\/2017\/06\/Villa-Maria-Kas-Pool-49-717x540.jpg 717w\" sizes=\"(max-width: 1434px) 100vw, 1434px\" \/><\/a>\n\t\t\t<\/span><\/li><li class='gallery-item'><span class='gallery-icon landscape'>\n\t\t\t\t<a href=\"https:\/\/kasvillarent.com\/tr\/accommodation\/villa-maria-kas-2\/\"><img loading=\"lazy\" decoding=\"async\" width=\"1434\" height=\"1080\" src=\"https:\/\/kasvillarent.com\/wp-content\/uploads\/2017\/06\/Villa-Maria-Kas-Pool-09-1434x1080.jpg\" class=\"attachment-villagio-thumb-small-x2 size-villagio-thumb-small-x2\" alt=\"Villa Maria Kas Pool\" aria-describedby=\"mphb-flexslider-gallery-1-13584\" srcset=\"https:\/\/kasvillarent.com\/wp-content\/uploads\/2017\/06\/Villa-Maria-Kas-Pool-09-1434x1080.jpg 1434w, https:\/\/kasvillarent.com\/wp-content\/uploads\/2017\/06\/Villa-Maria-Kas-Pool-09-717x540.jpg 717w\" sizes=\"(max-width: 1434px) 100vw, 1434px\" \/><\/a>\n\t\t\t<\/span><\/li><li class='gallery-item'><span class='gallery-icon landscape'>\n\t\t\t\t<a href=\"https:\/\/kasvillarent.com\/tr\/accommodation\/villa-maria-kas-2\/\"><img loading=\"lazy\" decoding=\"async\" width=\"1434\" height=\"1080\" src=\"https:\/\/kasvillarent.com\/wp-content\/uploads\/2017\/06\/Villa-Maria-Kas-Pool-07-1434x1080.jpg\" class=\"attachment-villagio-thumb-small-x2 size-villagio-thumb-small-x2\" alt=\"Enjoy your coctail at the pool of Villa Maria Kas\" srcset=\"https:\/\/kasvillarent.com\/wp-content\/uploads\/2017\/06\/Villa-Maria-Kas-Pool-07-1434x1080.jpg 1434w, https:\/\/kasvillarent.com\/wp-content\/uploads\/2017\/06\/Villa-Maria-Kas-Pool-07-717x540.jpg 717w\" sizes=\"(max-width: 1434px) 100vw, 1434px\" \/><\/a>\n\t\t\t<\/span><\/li><li class='gallery-item'><span class='gallery-icon landscape'>\n\t\t\t\t<a href=\"https:\/\/kasvillarent.com\/tr\/accommodation\/villa-maria-kas-2\/\"><img loading=\"lazy\" decoding=\"async\" width=\"1434\" height=\"1080\" src=\"https:\/\/kasvillarent.com\/wp-content\/uploads\/2017\/06\/Villa-Maria-Kas-Pool-27-1434x1080.jpg\" class=\"attachment-villagio-thumb-small-x2 size-villagio-thumb-small-x2\" alt=\"Villa Maria Kas Pool\" aria-describedby=\"mphb-flexslider-gallery-1-13602\" srcset=\"https:\/\/kasvillarent.com\/wp-content\/uploads\/2017\/06\/Villa-Maria-Kas-Pool-27-1434x1080.jpg 1434w, https:\/\/kasvillarent.com\/wp-content\/uploads\/2017\/06\/Villa-Maria-Kas-Pool-27-300x225.jpg 300w, https:\/\/kasvillarent.com\/wp-content\/uploads\/2017\/06\/Villa-Maria-Kas-Pool-27-717x540.jpg 717w\" sizes=\"(max-width: 1434px) 100vw, 1434px\" \/><\/a>\n\t\t\t<\/span><\/li><li class='gallery-item'><span class='gallery-icon landscape'>\n\t\t\t\t<a href=\"https:\/\/kasvillarent.com\/tr\/accommodation\/villa-maria-kas-2\/\"><img loading=\"lazy\" decoding=\"async\" width=\"1434\" height=\"1080\" src=\"https:\/\/kasvillarent.com\/wp-content\/uploads\/2017\/06\/Villa-Maria-Kas-Pool-57-1434x1080.jpg\" class=\"attachment-villagio-thumb-small-x2 size-villagio-thumb-small-x2\" alt=\"Pool area - Villa Maria Kas\" aria-describedby=\"mphb-flexslider-gallery-1-13606\" srcset=\"https:\/\/kasvillarent.com\/wp-content\/uploads\/2017\/06\/Villa-Maria-Kas-Pool-57-1434x1080.jpg 1434w, https:\/\/kasvillarent.com\/wp-content\/uploads\/2017\/06\/Villa-Maria-Kas-Pool-57-717x540.jpg 717w\" sizes=\"(max-width: 1434px) 100vw, 1434px\" \/><\/a>\n\t\t\t<\/span><\/li><li class='gallery-item'><span class='gallery-icon landscape'>\n\t\t\t\t<a href=\"https:\/\/kasvillarent.com\/tr\/accommodation\/villa-maria-kas-2\/\"><img loading=\"lazy\" decoding=\"async\" width=\"1434\" height=\"1080\" src=\"https:\/\/kasvillarent.com\/wp-content\/uploads\/2017\/06\/Villa-Maria-Kas-Pool-41-1434x1080.jpg\" class=\"attachment-villagio-thumb-small-x2 size-villagio-thumb-small-x2\" alt=\"Amazing view from villa Maria Kas\" aria-describedby=\"mphb-flexslider-gallery-1-13608\" srcset=\"https:\/\/kasvillarent.com\/wp-content\/uploads\/2017\/06\/Villa-Maria-Kas-Pool-41-1434x1080.jpg 1434w, https:\/\/kasvillarent.com\/wp-content\/uploads\/2017\/06\/Villa-Maria-Kas-Pool-41-717x540.jpg 717w\" sizes=\"(max-width: 1434px) 100vw, 1434px\" \/><\/a>\n\t\t\t<\/span><\/li><li class='gallery-item'><span class='gallery-icon landscape'>\n\t\t\t\t<a href=\"https:\/\/kasvillarent.com\/tr\/accommodation\/villa-maria-kas-2\/\"><img loading=\"lazy\" decoding=\"async\" width=\"1434\" height=\"1080\" src=\"https:\/\/kasvillarent.com\/wp-content\/uploads\/2017\/06\/Villa-Maria-Kas-Pool-15-1434x1080.jpg\" class=\"attachment-villagio-thumb-small-x2 size-villagio-thumb-small-x2\" alt=\"Relaxing at the pool view of Villa Maria Kas\" aria-describedby=\"mphb-flexslider-gallery-1-13610\" srcset=\"https:\/\/kasvillarent.com\/wp-content\/uploads\/2017\/06\/Villa-Maria-Kas-Pool-15-1434x1080.jpg 1434w, https:\/\/kasvillarent.com\/wp-content\/uploads\/2017\/06\/Villa-Maria-Kas-Pool-15-717x540.jpg 717w\" sizes=\"(max-width: 1434px) 100vw, 1434px\" \/><\/a>\n\t\t\t<\/span><\/li><li class='gallery-item'><span class='gallery-icon landscape'>\n\t\t\t\t<a href=\"https:\/\/kasvillarent.com\/tr\/accommodation\/villa-maria-kas-2\/\"><img loading=\"lazy\" decoding=\"async\" width=\"1434\" height=\"1080\" src=\"https:\/\/kasvillarent.com\/wp-content\/uploads\/2017\/06\/Villa-Maria-Kas-Terrace-07-1434x1080.jpg\" class=\"attachment-villagio-thumb-small-x2 size-villagio-thumb-small-x2\" alt=\"Villa Maria Kas Terrace\" aria-describedby=\"mphb-flexslider-gallery-1-13620\" srcset=\"https:\/\/kasvillarent.com\/wp-content\/uploads\/2017\/06\/Villa-Maria-Kas-Terrace-07-1434x1080.jpg 1434w, https:\/\/kasvillarent.com\/wp-content\/uploads\/2017\/06\/Villa-Maria-Kas-Terrace-07-717x540.jpg 717w\" sizes=\"(max-width: 1434px) 100vw, 1434px\" \/><\/a>\n\t\t\t<\/span><\/li><li class='gallery-item'><span class='gallery-icon landscape'>\n\t\t\t\t<a href=\"https:\/\/kasvillarent.com\/tr\/accommodation\/villa-maria-kas-2\/\"><img loading=\"lazy\" decoding=\"async\" width=\"1434\" height=\"1080\" src=\"https:\/\/kasvillarent.com\/wp-content\/uploads\/2017\/06\/Villa-Maria-Kas-Pool-59-1434x1080.jpg\" class=\"attachment-villagio-thumb-small-x2 size-villagio-thumb-small-x2\" alt=\"Villa Maria Teras and Pool\" aria-describedby=\"mphb-flexslider-gallery-1-13658\" srcset=\"https:\/\/kasvillarent.com\/wp-content\/uploads\/2017\/06\/Villa-Maria-Kas-Pool-59-1434x1080.jpg 1434w, https:\/\/kasvillarent.com\/wp-content\/uploads\/2017\/06\/Villa-Maria-Kas-Pool-59-717x540.jpg 717w\" sizes=\"(max-width: 1434px) 100vw, 1434px\" \/><\/a>\n\t\t\t<\/span><\/li><li class='gallery-item'><span class='gallery-icon landscape'>\n\t\t\t\t<a href=\"https:\/\/kasvillarent.com\/tr\/accommodation\/villa-maria-kas-2\/\"><img loading=\"lazy\" decoding=\"async\" width=\"1434\" height=\"1080\" src=\"https:\/\/kasvillarent.com\/wp-content\/uploads\/2017\/06\/Villa-Maria-Kas-Terrace-06-1434x1080.jpg\" class=\"attachment-villagio-thumb-small-x2 size-villagio-thumb-small-x2\" alt=\"Terra and pool of Villa Maria Kas\" aria-describedby=\"mphb-flexslider-gallery-1-13630\" srcset=\"https:\/\/kasvillarent.com\/wp-content\/uploads\/2017\/06\/Villa-Maria-Kas-Terrace-06-1434x1080.jpg 1434w, https:\/\/kasvillarent.com\/wp-content\/uploads\/2017\/06\/Villa-Maria-Kas-Terrace-06-717x540.jpg 717w\" sizes=\"(max-width: 1434px) 100vw, 1434px\" \/><\/a>\n\t\t\t<\/span><\/li><li class='gallery-item'><span class='gallery-icon landscape'>\n\t\t\t\t<a href=\"https:\/\/kasvillarent.com\/tr\/accommodation\/villa-maria-kas-2\/\"><img loading=\"lazy\" decoding=\"async\" width=\"1434\" height=\"1080\" src=\"https:\/\/kasvillarent.com\/wp-content\/uploads\/2017\/06\/Villa-Maria-Kas-Pool-45-1434x1080.jpg\" class=\"attachment-villagio-thumb-small-x2 size-villagio-thumb-small-x2\" alt=\"Terrace and pool of Villa Maria Kas\" aria-describedby=\"mphb-flexslider-gallery-1-13614\" srcset=\"https:\/\/kasvillarent.com\/wp-content\/uploads\/2017\/06\/Villa-Maria-Kas-Pool-45-1434x1080.jpg 1434w, https:\/\/kasvillarent.com\/wp-content\/uploads\/2017\/06\/Villa-Maria-Kas-Pool-45-717x540.jpg 717w\" sizes=\"(max-width: 1434px) 100vw, 1434px\" \/><\/a>\n\t\t\t<\/span><\/li><li class='gallery-item'><span class='gallery-icon landscape'>\n\t\t\t\t<a href=\"https:\/\/kasvillarent.com\/tr\/accommodation\/villa-maria-kas-2\/\"><img loading=\"lazy\" decoding=\"async\" width=\"1434\" height=\"1080\" src=\"https:\/\/kasvillarent.com\/wp-content\/uploads\/2017\/06\/Villa-Maria-Kas-Pool-35-1434x1080.jpg\" class=\"attachment-villagio-thumb-small-x2 size-villagio-thumb-small-x2\" alt=\"A large terrace to enjoy @ Villa Maria Kas\" aria-describedby=\"mphb-flexslider-gallery-1-13612\" srcset=\"https:\/\/kasvillarent.com\/wp-content\/uploads\/2017\/06\/Villa-Maria-Kas-Pool-35-1434x1080.jpg 1434w, https:\/\/kasvillarent.com\/wp-content\/uploads\/2017\/06\/Villa-Maria-Kas-Pool-35-717x540.jpg 717w\" sizes=\"(max-width: 1434px) 100vw, 1434px\" \/><\/a>\n\t\t\t<\/span><\/li><li class='gallery-item'><span class='gallery-icon landscape'>\n\t\t\t\t<a href=\"https:\/\/kasvillarent.com\/tr\/accommodation\/villa-maria-kas-2\/\"><img loading=\"lazy\" decoding=\"async\" width=\"1434\" height=\"1080\" src=\"https:\/\/kasvillarent.com\/wp-content\/uploads\/2017\/06\/Villa-Maria-Kas-Terrace-19-1434x1080.jpg\" class=\"attachment-villagio-thumb-small-x2 size-villagio-thumb-small-x2\" alt=\"Villa Maria Kas Terrace\" aria-describedby=\"mphb-flexslider-gallery-1-13616\" srcset=\"https:\/\/kasvillarent.com\/wp-content\/uploads\/2017\/06\/Villa-Maria-Kas-Terrace-19-1434x1080.jpg 1434w, https:\/\/kasvillarent.com\/wp-content\/uploads\/2017\/06\/Villa-Maria-Kas-Terrace-19-717x540.jpg 717w\" sizes=\"(max-width: 1434px) 100vw, 1434px\" \/><\/a>\n\t\t\t<\/span><\/li><li class='gallery-item'><span class='gallery-icon landscape'>\n\t\t\t\t<a href=\"https:\/\/kasvillarent.com\/tr\/accommodation\/villa-maria-kas-2\/\"><img loading=\"lazy\" decoding=\"async\" width=\"1434\" height=\"1080\" src=\"https:\/\/kasvillarent.com\/wp-content\/uploads\/2017\/06\/Villa-Maria-Kas-Terrace-04-1434x1080.jpg\" class=\"attachment-villagio-thumb-small-x2 size-villagio-thumb-small-x2\" alt=\"Outdoor furniture\" aria-describedby=\"mphb-flexslider-gallery-1-13622\" srcset=\"https:\/\/kasvillarent.com\/wp-content\/uploads\/2017\/06\/Villa-Maria-Kas-Terrace-04-1434x1080.jpg 1434w, https:\/\/kasvillarent.com\/wp-content\/uploads\/2017\/06\/Villa-Maria-Kas-Terrace-04-717x540.jpg 717w\" sizes=\"(max-width: 1434px) 100vw, 1434px\" \/><\/a>\n\t\t\t<\/span><\/li><li class='gallery-item'><span class='gallery-icon landscape'>\n\t\t\t\t<a href=\"https:\/\/kasvillarent.com\/tr\/accommodation\/villa-maria-kas-2\/\"><img loading=\"lazy\" decoding=\"async\" width=\"1434\" height=\"1080\" src=\"https:\/\/kasvillarent.com\/wp-content\/uploads\/2017\/06\/Villa-Maria-Kas-Terrace-20-1434x1080.jpg\" class=\"attachment-villagio-thumb-small-x2 size-villagio-thumb-small-x2\" alt=\"Enjoy and relax at terrace of Villa Maria Kas\" aria-describedby=\"mphb-flexslider-gallery-1-13618\" srcset=\"https:\/\/kasvillarent.com\/wp-content\/uploads\/2017\/06\/Villa-Maria-Kas-Terrace-20-1434x1080.jpg 1434w, https:\/\/kasvillarent.com\/wp-content\/uploads\/2017\/06\/Villa-Maria-Kas-Terrace-20-717x540.jpg 717w\" sizes=\"(max-width: 1434px) 100vw, 1434px\" \/><\/a>\n\t\t\t<\/span><\/li><li class='gallery-item'><span class='gallery-icon landscape'>\n\t\t\t\t<a href=\"https:\/\/kasvillarent.com\/tr\/accommodation\/villa-maria-kas-2\/\"><img loading=\"lazy\" decoding=\"async\" width=\"1434\" height=\"1080\" src=\"https:\/\/kasvillarent.com\/wp-content\/uploads\/2017\/06\/Villa-Maria-Kas-Terrace-17-1434x1080.jpg\" class=\"attachment-villagio-thumb-small-x2 size-villagio-thumb-small-x2\" alt=\"Modern, light and confortable sunbeds\" aria-describedby=\"mphb-flexslider-gallery-1-13624\" srcset=\"https:\/\/kasvillarent.com\/wp-content\/uploads\/2017\/06\/Villa-Maria-Kas-Terrace-17-1434x1080.jpg 1434w, https:\/\/kasvillarent.com\/wp-content\/uploads\/2017\/06\/Villa-Maria-Kas-Terrace-17-717x540.jpg 717w\" sizes=\"(max-width: 1434px) 100vw, 1434px\" \/><\/a>\n\t\t\t<\/span><\/li><li class='gallery-item'><span class='gallery-icon portrait'>\n\t\t\t\t<a href=\"https:\/\/kasvillarent.com\/tr\/accommodation\/villa-maria-kas-2\/\"><img loading=\"lazy\" decoding=\"async\" width=\"1434\" height=\"1080\" src=\"https:\/\/kasvillarent.com\/wp-content\/uploads\/2017\/06\/Villa-Maria-Kas-Terrace-12-1434x1080.jpg\" class=\"attachment-villagio-thumb-small-x2 size-villagio-thumb-small-x2\" alt=\"Outdoor Dining Table of Villa Maria Kas\" aria-describedby=\"mphb-flexslider-gallery-1-13626\" srcset=\"https:\/\/kasvillarent.com\/wp-content\/uploads\/2017\/06\/Villa-Maria-Kas-Terrace-12-1434x1080.jpg 1434w, https:\/\/kasvillarent.com\/wp-content\/uploads\/2017\/06\/Villa-Maria-Kas-Terrace-12-717x540.jpg 717w\" sizes=\"(max-width: 1434px) 100vw, 1434px\" \/><\/a>\n\t\t\t<\/span><\/li><li class='gallery-item'><span class='gallery-icon landscape'>\n\t\t\t\t<a href=\"https:\/\/kasvillarent.com\/tr\/accommodation\/villa-maria-kas-2\/\"><img loading=\"lazy\" decoding=\"async\" width=\"1434\" height=\"1080\" src=\"https:\/\/kasvillarent.com\/wp-content\/uploads\/2017\/06\/Villa-Maria-Kas-Terrace-14-1434x1080.jpg\" class=\"attachment-villagio-thumb-small-x2 size-villagio-thumb-small-x2\" alt=\"Outdoor dining table\" aria-describedby=\"mphb-flexslider-gallery-1-13628\" srcset=\"https:\/\/kasvillarent.com\/wp-content\/uploads\/2017\/06\/Villa-Maria-Kas-Terrace-14-1434x1080.jpg 1434w, https:\/\/kasvillarent.com\/wp-content\/uploads\/2017\/06\/Villa-Maria-Kas-Terrace-14-300x225.jpg 300w, https:\/\/kasvillarent.com\/wp-content\/uploads\/2017\/06\/Villa-Maria-Kas-Terrace-14-717x540.jpg 717w\" sizes=\"(max-width: 1434px) 100vw, 1434px\" \/><\/a>\n\t\t\t<\/span><\/li><li class='gallery-item'><span class='gallery-icon portrait'>\n\t\t\t\t<a href=\"https:\/\/kasvillarent.com\/tr\/accommodation\/villa-maria-kas-2\/\"><img loading=\"lazy\" decoding=\"async\" width=\"1434\" height=\"1080\" src=\"https:\/\/kasvillarent.com\/wp-content\/uploads\/2017\/06\/Villa-Maria-Kas-Terrace-21-1-1434x1080.jpg\" class=\"attachment-villagio-thumb-small-x2 size-villagio-thumb-small-x2\" alt=\"Modern and large barbeque for our guests\" aria-describedby=\"mphb-flexslider-gallery-1-13634\" srcset=\"https:\/\/kasvillarent.com\/wp-content\/uploads\/2017\/06\/Villa-Maria-Kas-Terrace-21-1-1434x1080.jpg 1434w, https:\/\/kasvillarent.com\/wp-content\/uploads\/2017\/06\/Villa-Maria-Kas-Terrace-21-1-717x540.jpg 717w\" sizes=\"(max-width: 1434px) 100vw, 1434px\" \/><\/a>\n\t\t\t<\/span><\/li><li class='gallery-item'><span class='gallery-icon landscape'>\n\t\t\t\t<a href=\"https:\/\/kasvillarent.com\/tr\/accommodation\/villa-maria-kas-2\/\"><img loading=\"lazy\" decoding=\"async\" width=\"1434\" height=\"1080\" src=\"https:\/\/kasvillarent.com\/wp-content\/uploads\/2017\/06\/Villa-MAria-Kas-Living-Room-04-1434x1080.jpg\" class=\"attachment-villagio-thumb-small-x2 size-villagio-thumb-small-x2\" alt=\"Villa Maria Kas Living Room\" aria-describedby=\"mphb-flexslider-gallery-1-13662\" srcset=\"https:\/\/kasvillarent.com\/wp-content\/uploads\/2017\/06\/Villa-MAria-Kas-Living-Room-04-1434x1080.jpg 1434w, https:\/\/kasvillarent.com\/wp-content\/uploads\/2017\/06\/Villa-MAria-Kas-Living-Room-04-717x540.jpg 717w\" sizes=\"(max-width: 1434px) 100vw, 1434px\" \/><\/a>\n\t\t\t<\/span><\/li><li class='gallery-item'><span class='gallery-icon landscape'>\n\t\t\t\t<a href=\"https:\/\/kasvillarent.com\/tr\/accommodation\/villa-maria-kas-2\/\"><img loading=\"lazy\" decoding=\"async\" width=\"1434\" height=\"1080\" src=\"https:\/\/kasvillarent.com\/wp-content\/uploads\/2017\/06\/Villa-MAria-Kas-Living-Room-02-1434x1080.jpg\" class=\"attachment-villagio-thumb-small-x2 size-villagio-thumb-small-x2\" alt=\"Villa Maria Kas Living Room\" aria-describedby=\"mphb-flexslider-gallery-1-13664\" srcset=\"https:\/\/kasvillarent.com\/wp-content\/uploads\/2017\/06\/Villa-MAria-Kas-Living-Room-02-1434x1080.jpg 1434w, https:\/\/kasvillarent.com\/wp-content\/uploads\/2017\/06\/Villa-MAria-Kas-Living-Room-02-717x540.jpg 717w\" sizes=\"(max-width: 1434px) 100vw, 1434px\" \/><\/a>\n\t\t\t<\/span><\/li><li class='gallery-item'><span class='gallery-icon landscape'>\n\t\t\t\t<a href=\"https:\/\/kasvillarent.com\/tr\/accommodation\/villa-maria-kas-2\/\"><img loading=\"lazy\" decoding=\"async\" width=\"1434\" height=\"1080\" src=\"https:\/\/kasvillarent.com\/wp-content\/uploads\/2017\/06\/Villa-MAria-Kas-Living-Room-01-1434x1080.jpg\" class=\"attachment-villagio-thumb-small-x2 size-villagio-thumb-small-x2\" alt=\"Villa Maria Kas Living Room\" aria-describedby=\"mphb-flexslider-gallery-1-13668\" srcset=\"https:\/\/kasvillarent.com\/wp-content\/uploads\/2017\/06\/Villa-MAria-Kas-Living-Room-01-1434x1080.jpg 1434w, https:\/\/kasvillarent.com\/wp-content\/uploads\/2017\/06\/Villa-MAria-Kas-Living-Room-01-717x540.jpg 717w\" sizes=\"(max-width: 1434px) 100vw, 1434px\" \/><\/a>\n\t\t\t<\/span><\/li><li class='gallery-item'><span class='gallery-icon landscape'>\n\t\t\t\t<a href=\"https:\/\/kasvillarent.com\/tr\/accommodation\/villa-maria-kas-2\/\"><img loading=\"lazy\" decoding=\"async\" width=\"1434\" height=\"1080\" src=\"https:\/\/kasvillarent.com\/wp-content\/uploads\/2017\/06\/Villa-MAria-Kas-Living-Room-05-1434x1080.jpg\" class=\"attachment-villagio-thumb-small-x2 size-villagio-thumb-small-x2\" alt=\"Villa Maria Kas Living Room\" aria-describedby=\"mphb-flexslider-gallery-1-13670\" srcset=\"https:\/\/kasvillarent.com\/wp-content\/uploads\/2017\/06\/Villa-MAria-Kas-Living-Room-05-1434x1080.jpg 1434w, https:\/\/kasvillarent.com\/wp-content\/uploads\/2017\/06\/Villa-MAria-Kas-Living-Room-05-717x540.jpg 717w\" sizes=\"(max-width: 1434px) 100vw, 1434px\" \/><\/a>\n\t\t\t<\/span><\/li><li class='gallery-item'><span class='gallery-icon landscape'>\n\t\t\t\t<a href=\"https:\/\/kasvillarent.com\/tr\/accommodation\/villa-maria-kas-2\/\"><img loading=\"lazy\" decoding=\"async\" width=\"1434\" height=\"1080\" src=\"https:\/\/kasvillarent.com\/wp-content\/uploads\/2017\/06\/Villa-MAria-Kas-Living-Room-06-1434x1080.jpg\" class=\"attachment-villagio-thumb-small-x2 size-villagio-thumb-small-x2\" alt=\"Villa Maria Kas Living Room\" aria-describedby=\"mphb-flexslider-gallery-1-13672\" srcset=\"https:\/\/kasvillarent.com\/wp-content\/uploads\/2017\/06\/Villa-MAria-Kas-Living-Room-06-1434x1080.jpg 1434w, https:\/\/kasvillarent.com\/wp-content\/uploads\/2017\/06\/Villa-MAria-Kas-Living-Room-06-717x540.jpg 717w\" sizes=\"(max-width: 1434px) 100vw, 1434px\" \/><\/a>\n\t\t\t<\/span><\/li><li class='gallery-item'><span class='gallery-icon portrait'>\n\t\t\t\t<a href=\"https:\/\/kasvillarent.com\/tr\/accommodation\/villa-maria-kas-2\/\"><img loading=\"lazy\" decoding=\"async\" width=\"900\" height=\"1080\" src=\"https:\/\/kasvillarent.com\/wp-content\/uploads\/2017\/06\/Fireplace-and-stove-900x1080.jpg\" class=\"attachment-villagio-thumb-small-x2 size-villagio-thumb-small-x2\" alt=\"\" aria-describedby=\"mphb-flexslider-gallery-1-13676\" \/><\/a>\n\t\t\t<\/span><\/li><li class='gallery-item'><span class='gallery-icon landscape'>\n\t\t\t\t<a href=\"https:\/\/kasvillarent.com\/tr\/accommodation\/villa-maria-kas-2\/\"><img loading=\"lazy\" decoding=\"async\" width=\"1434\" height=\"1080\" src=\"https:\/\/kasvillarent.com\/wp-content\/uploads\/2017\/06\/Villa-Maria-Kas-Kitchen-19-1434x1080.jpg\" class=\"attachment-villagio-thumb-small-x2 size-villagio-thumb-small-x2\" alt=\"Villa Maria Kas Kitchen\" aria-describedby=\"mphb-flexslider-gallery-1-13686\" srcset=\"https:\/\/kasvillarent.com\/wp-content\/uploads\/2017\/06\/Villa-Maria-Kas-Kitchen-19-1434x1080.jpg 1434w, https:\/\/kasvillarent.com\/wp-content\/uploads\/2017\/06\/Villa-Maria-Kas-Kitchen-19-717x540.jpg 717w\" sizes=\"(max-width: 1434px) 100vw, 1434px\" \/><\/a>\n\t\t\t<\/span><\/li><li class='gallery-item'><span class='gallery-icon landscape'>\n\t\t\t\t<a href=\"https:\/\/kasvillarent.com\/tr\/accommodation\/villa-maria-kas-2\/\"><img loading=\"lazy\" decoding=\"async\" width=\"1434\" height=\"1080\" src=\"https:\/\/kasvillarent.com\/wp-content\/uploads\/2017\/06\/Villa-Maria-Kas-Kitchen-20-1434x1080.jpg\" class=\"attachment-villagio-thumb-small-x2 size-villagio-thumb-small-x2\" alt=\"Villa Maria Kas Kitchen\" aria-describedby=\"mphb-flexslider-gallery-1-13688\" srcset=\"https:\/\/kasvillarent.com\/wp-content\/uploads\/2017\/06\/Villa-Maria-Kas-Kitchen-20-1434x1080.jpg 1434w, https:\/\/kasvillarent.com\/wp-content\/uploads\/2017\/06\/Villa-Maria-Kas-Kitchen-20-717x540.jpg 717w\" sizes=\"(max-width: 1434px) 100vw, 1434px\" \/><\/a>\n\t\t\t<\/span><\/li><li class='gallery-item'><span class='gallery-icon landscape'>\n\t\t\t\t<a href=\"https:\/\/kasvillarent.com\/tr\/accommodation\/villa-maria-kas-2\/\"><img loading=\"lazy\" decoding=\"async\" width=\"1434\" height=\"1080\" src=\"https:\/\/kasvillarent.com\/wp-content\/uploads\/2017\/06\/Villa-Maria-Kas-Kitchen-08-1434x1080.jpg\" class=\"attachment-villagio-thumb-small-x2 size-villagio-thumb-small-x2\" alt=\"Villa Maria Kas Kitchen\" aria-describedby=\"mphb-flexslider-gallery-1-13682\" srcset=\"https:\/\/kasvillarent.com\/wp-content\/uploads\/2017\/06\/Villa-Maria-Kas-Kitchen-08-1434x1080.jpg 1434w, https:\/\/kasvillarent.com\/wp-content\/uploads\/2017\/06\/Villa-Maria-Kas-Kitchen-08-300x225.jpg 300w, https:\/\/kasvillarent.com\/wp-content\/uploads\/2017\/06\/Villa-Maria-Kas-Kitchen-08-717x540.jpg 717w\" sizes=\"(max-width: 1434px) 100vw, 1434px\" \/><\/a>\n\t\t\t<\/span><\/li><li class='gallery-item'><span class='gallery-icon landscape'>\n\t\t\t\t<a href=\"https:\/\/kasvillarent.com\/tr\/accommodation\/villa-maria-kas-2\/\"><img loading=\"lazy\" decoding=\"async\" width=\"1434\" height=\"1080\" src=\"https:\/\/kasvillarent.com\/wp-content\/uploads\/2017\/06\/Villa-Maria-Kas-Kitchen-23-1434x1080.jpg\" class=\"attachment-villagio-thumb-small-x2 size-villagio-thumb-small-x2\" alt=\"Villa Maria Kas Kitchen\" aria-describedby=\"mphb-flexslider-gallery-1-13684\" srcset=\"https:\/\/kasvillarent.com\/wp-content\/uploads\/2017\/06\/Villa-Maria-Kas-Kitchen-23-1434x1080.jpg 1434w, https:\/\/kasvillarent.com\/wp-content\/uploads\/2017\/06\/Villa-Maria-Kas-Kitchen-23-717x540.jpg 717w\" sizes=\"(max-width: 1434px) 100vw, 1434px\" \/><\/a>\n\t\t\t<\/span><\/li><li class='gallery-item'><span class='gallery-icon landscape'>\n\t\t\t\t<a href=\"https:\/\/kasvillarent.com\/tr\/accommodation\/villa-maria-kas-2\/\"><img loading=\"lazy\" decoding=\"async\" width=\"1434\" height=\"1080\" src=\"https:\/\/kasvillarent.com\/wp-content\/uploads\/2017\/06\/Villa-Maria-Kas-Kitchen-12-1434x1080.jpg\" class=\"attachment-villagio-thumb-small-x2 size-villagio-thumb-small-x2\" alt=\"Villa Maria Kas Kitchen\" aria-describedby=\"mphb-flexslider-gallery-1-13678\" srcset=\"https:\/\/kasvillarent.com\/wp-content\/uploads\/2017\/06\/Villa-Maria-Kas-Kitchen-12-1434x1080.jpg 1434w, https:\/\/kasvillarent.com\/wp-content\/uploads\/2017\/06\/Villa-Maria-Kas-Kitchen-12-300x225.jpg 300w, https:\/\/kasvillarent.com\/wp-content\/uploads\/2017\/06\/Villa-Maria-Kas-Kitchen-12-717x540.jpg 717w\" sizes=\"(max-width: 1434px) 100vw, 1434px\" \/><\/a>\n\t\t\t<\/span><\/li><li class='gallery-item'><span class='gallery-icon landscape'>\n\t\t\t\t<a href=\"https:\/\/kasvillarent.com\/tr\/accommodation\/villa-maria-kas-2\/\"><img loading=\"lazy\" decoding=\"async\" width=\"1434\" height=\"1080\" src=\"https:\/\/kasvillarent.com\/wp-content\/uploads\/2017\/06\/Villa-Maria-Kas-Kitchen-03-1434x1080.jpg\" class=\"attachment-villagio-thumb-small-x2 size-villagio-thumb-small-x2\" alt=\"Villa Maria Kas Kitchen\" aria-describedby=\"mphb-flexslider-gallery-1-13680\" srcset=\"https:\/\/kasvillarent.com\/wp-content\/uploads\/2017\/06\/Villa-Maria-Kas-Kitchen-03-1434x1080.jpg 1434w, https:\/\/kasvillarent.com\/wp-content\/uploads\/2017\/06\/Villa-Maria-Kas-Kitchen-03-300x225.jpg 300w, https:\/\/kasvillarent.com\/wp-content\/uploads\/2017\/06\/Villa-Maria-Kas-Kitchen-03-717x540.jpg 717w\" sizes=\"(max-width: 1434px) 100vw, 1434px\" \/><\/a>\n\t\t\t<\/span><\/li><li class='gallery-item'><span class='gallery-icon landscape'>\n\t\t\t\t<a href=\"https:\/\/kasvillarent.com\/tr\/accommodation\/villa-maria-kas-2\/\"><img loading=\"lazy\" decoding=\"async\" width=\"1434\" height=\"1080\" src=\"https:\/\/kasvillarent.com\/wp-content\/uploads\/2017\/06\/Villa-Maria-Kas-Master-Bedroom-04-1434x1080.jpg\" class=\"attachment-villagio-thumb-small-x2 size-villagio-thumb-small-x2\" alt=\"Villa Maria Kas Master Bedroom\" aria-describedby=\"mphb-flexslider-gallery-1-13690\" srcset=\"https:\/\/kasvillarent.com\/wp-content\/uploads\/2017\/06\/Villa-Maria-Kas-Master-Bedroom-04-1434x1080.jpg 1434w, https:\/\/kasvillarent.com\/wp-content\/uploads\/2017\/06\/Villa-Maria-Kas-Master-Bedroom-04-717x540.jpg 717w\" sizes=\"(max-width: 1434px) 100vw, 1434px\" \/><\/a>\n\t\t\t<\/span><\/li><li class='gallery-item'><span class='gallery-icon landscape'>\n\t\t\t\t<a href=\"https:\/\/kasvillarent.com\/tr\/accommodation\/villa-maria-kas-2\/\"><img loading=\"lazy\" decoding=\"async\" width=\"1434\" height=\"1080\" src=\"https:\/\/kasvillarent.com\/wp-content\/uploads\/2017\/06\/Villa-Maria-Kas-Master-Bedroom-01-1434x1080.jpg\" class=\"attachment-villagio-thumb-small-x2 size-villagio-thumb-small-x2\" alt=\"Villa Maria Kas Master Bedroom\" aria-describedby=\"mphb-flexslider-gallery-1-13692\" srcset=\"https:\/\/kasvillarent.com\/wp-content\/uploads\/2017\/06\/Villa-Maria-Kas-Master-Bedroom-01-1434x1080.jpg 1434w, https:\/\/kasvillarent.com\/wp-content\/uploads\/2017\/06\/Villa-Maria-Kas-Master-Bedroom-01-717x540.jpg 717w\" sizes=\"(max-width: 1434px) 100vw, 1434px\" \/><\/a>\n\t\t\t<\/span><\/li><li class='gallery-item'><span class='gallery-icon landscape'>\n\t\t\t\t<a href=\"https:\/\/kasvillarent.com\/tr\/accommodation\/villa-maria-kas-2\/\"><img loading=\"lazy\" decoding=\"async\" width=\"1434\" height=\"1080\" src=\"https:\/\/kasvillarent.com\/wp-content\/uploads\/2017\/06\/Villa-Maria-Kas-Master-Bedroom-08-1434x1080.jpg\" class=\"attachment-villagio-thumb-small-x2 size-villagio-thumb-small-x2\" alt=\"Villa Maria Kas Master Bedroom\" aria-describedby=\"mphb-flexslider-gallery-1-13694\" srcset=\"https:\/\/kasvillarent.com\/wp-content\/uploads\/2017\/06\/Villa-Maria-Kas-Master-Bedroom-08-1434x1080.jpg 1434w, https:\/\/kasvillarent.com\/wp-content\/uploads\/2017\/06\/Villa-Maria-Kas-Master-Bedroom-08-717x540.jpg 717w\" sizes=\"(max-width: 1434px) 100vw, 1434px\" \/><\/a>\n\t\t\t<\/span><\/li><li class='gallery-item'><span class='gallery-icon landscape'>\n\t\t\t\t<a href=\"https:\/\/kasvillarent.com\/tr\/accommodation\/villa-maria-kas-2\/\"><img loading=\"lazy\" decoding=\"async\" width=\"1434\" height=\"1080\" src=\"https:\/\/kasvillarent.com\/wp-content\/uploads\/2017\/06\/Villa-Maria-Kas-Master-Bedroom-15-1434x1080.jpg\" class=\"attachment-villagio-thumb-small-x2 size-villagio-thumb-small-x2\" alt=\"Villa Maria Kas Master Bedroom\" aria-describedby=\"mphb-flexslider-gallery-1-13696\" srcset=\"https:\/\/kasvillarent.com\/wp-content\/uploads\/2017\/06\/Villa-Maria-Kas-Master-Bedroom-15-1434x1080.jpg 1434w, https:\/\/kasvillarent.com\/wp-content\/uploads\/2017\/06\/Villa-Maria-Kas-Master-Bedroom-15-717x540.jpg 717w\" sizes=\"(max-width: 1434px) 100vw, 1434px\" \/><\/a>\n\t\t\t<\/span><\/li><li class='gallery-item'><span class='gallery-icon landscape'>\n\t\t\t\t<a href=\"https:\/\/kasvillarent.com\/tr\/accommodation\/villa-maria-kas-2\/\"><img loading=\"lazy\" decoding=\"async\" width=\"1434\" height=\"1080\" src=\"https:\/\/kasvillarent.com\/wp-content\/uploads\/2017\/06\/Villa-Maria-Kas-master-bathroom-01-1434x1080.jpg\" class=\"attachment-villagio-thumb-small-x2 size-villagio-thumb-small-x2\" alt=\"Villa Maria Kas Master Bathroom\" aria-describedby=\"mphb-flexslider-gallery-1-13698\" srcset=\"https:\/\/kasvillarent.com\/wp-content\/uploads\/2017\/06\/Villa-Maria-Kas-master-bathroom-01-1434x1080.jpg 1434w, https:\/\/kasvillarent.com\/wp-content\/uploads\/2017\/06\/Villa-Maria-Kas-master-bathroom-01-717x540.jpg 717w\" sizes=\"(max-width: 1434px) 100vw, 1434px\" \/><\/a>\n\t\t\t<\/span><\/li><li class='gallery-item'><span class='gallery-icon landscape'>\n\t\t\t\t<a href=\"https:\/\/kasvillarent.com\/tr\/accommodation\/villa-maria-kas-2\/\"><img loading=\"lazy\" decoding=\"async\" width=\"1434\" height=\"1080\" src=\"https:\/\/kasvillarent.com\/wp-content\/uploads\/2017\/06\/Villa-Maria-Kas-master-bathroom-08-1434x1080.jpg\" class=\"attachment-villagio-thumb-small-x2 size-villagio-thumb-small-x2\" alt=\"Villa Maria Kas Master Bathroom\" aria-describedby=\"mphb-flexslider-gallery-1-13700\" srcset=\"https:\/\/kasvillarent.com\/wp-content\/uploads\/2017\/06\/Villa-Maria-Kas-master-bathroom-08-1434x1080.jpg 1434w, https:\/\/kasvillarent.com\/wp-content\/uploads\/2017\/06\/Villa-Maria-Kas-master-bathroom-08-717x540.jpg 717w\" sizes=\"(max-width: 1434px) 100vw, 1434px\" \/><\/a>\n\t\t\t<\/span><\/li><li class='gallery-item'><span class='gallery-icon landscape'>\n\t\t\t\t<a href=\"https:\/\/kasvillarent.com\/tr\/accommodation\/villa-maria-kas-2\/\"><img loading=\"lazy\" decoding=\"async\" width=\"1434\" height=\"1080\" src=\"https:\/\/kasvillarent.com\/wp-content\/uploads\/2017\/06\/Villa-Maria-Kas-master-bathroom-02-1434x1080.jpg\" class=\"attachment-villagio-thumb-small-x2 size-villagio-thumb-small-x2\" alt=\"Villa Maria Kas Master Bathroom\" aria-describedby=\"mphb-flexslider-gallery-1-13702\" srcset=\"https:\/\/kasvillarent.com\/wp-content\/uploads\/2017\/06\/Villa-Maria-Kas-master-bathroom-02-1434x1080.jpg 1434w, https:\/\/kasvillarent.com\/wp-content\/uploads\/2017\/06\/Villa-Maria-Kas-master-bathroom-02-717x540.jpg 717w\" sizes=\"(max-width: 1434px) 100vw, 1434px\" \/><\/a>\n\t\t\t<\/span><\/li><li class='gallery-item'><span class='gallery-icon portrait'>\n\t\t\t\t<a href=\"https:\/\/kasvillarent.com\/tr\/accommodation\/villa-maria-kas-2\/\"><img loading=\"lazy\" decoding=\"async\" width=\"1434\" height=\"1080\" src=\"https:\/\/kasvillarent.com\/wp-content\/uploads\/2017\/06\/Villa-Maria-Kas-master-bathroom-10-1434x1080.jpg\" class=\"attachment-villagio-thumb-small-x2 size-villagio-thumb-small-x2\" alt=\"Villa Maria Kas Master Bathroom\" aria-describedby=\"mphb-flexslider-gallery-1-13704\" srcset=\"https:\/\/kasvillarent.com\/wp-content\/uploads\/2017\/06\/Villa-Maria-Kas-master-bathroom-10-1434x1080.jpg 1434w, https:\/\/kasvillarent.com\/wp-content\/uploads\/2017\/06\/Villa-Maria-Kas-master-bathroom-10-717x540.jpg 717w\" sizes=\"(max-width: 1434px) 100vw, 1434px\" \/><\/a>\n\t\t\t<\/span><\/li><li class='gallery-item'><span class='gallery-icon landscape'>\n\t\t\t\t<a href=\"https:\/\/kasvillarent.com\/tr\/accommodation\/villa-maria-kas-2\/\"><img loading=\"lazy\" decoding=\"async\" width=\"1434\" height=\"1080\" src=\"https:\/\/kasvillarent.com\/wp-content\/uploads\/2017\/06\/Villa-Maria-Kas-Double-Bed-Bedroom-05-1434x1080.jpg\" class=\"attachment-villagio-thumb-small-x2 size-villagio-thumb-small-x2\" alt=\"Villa Maria Kas Double Bedroom\" aria-describedby=\"mphb-flexslider-gallery-1-13706\" srcset=\"https:\/\/kasvillarent.com\/wp-content\/uploads\/2017\/06\/Villa-Maria-Kas-Double-Bed-Bedroom-05-1434x1080.jpg 1434w, https:\/\/kasvillarent.com\/wp-content\/uploads\/2017\/06\/Villa-Maria-Kas-Double-Bed-Bedroom-05-717x540.jpg 717w\" sizes=\"(max-width: 1434px) 100vw, 1434px\" \/><\/a>\n\t\t\t<\/span><\/li><li class='gallery-item'><span class='gallery-icon landscape'>\n\t\t\t\t<a href=\"https:\/\/kasvillarent.com\/tr\/accommodation\/villa-maria-kas-2\/\"><img loading=\"lazy\" decoding=\"async\" width=\"1434\" height=\"1080\" src=\"https:\/\/kasvillarent.com\/wp-content\/uploads\/2017\/06\/Villa-Maria-Kas-Double-Bed-Bedroom-06-1434x1080.jpg\" class=\"attachment-villagio-thumb-small-x2 size-villagio-thumb-small-x2\" alt=\"Villa Maria Kas Double Bedroom\" aria-describedby=\"mphb-flexslider-gallery-1-13708\" srcset=\"https:\/\/kasvillarent.com\/wp-content\/uploads\/2017\/06\/Villa-Maria-Kas-Double-Bed-Bedroom-06-1434x1080.jpg 1434w, https:\/\/kasvillarent.com\/wp-content\/uploads\/2017\/06\/Villa-Maria-Kas-Double-Bed-Bedroom-06-717x540.jpg 717w\" sizes=\"(max-width: 1434px) 100vw, 1434px\" \/><\/a>\n\t\t\t<\/span><\/li><li class='gallery-item'><span class='gallery-icon landscape'>\n\t\t\t\t<a href=\"https:\/\/kasvillarent.com\/tr\/accommodation\/villa-maria-kas-2\/\"><img loading=\"lazy\" decoding=\"async\" width=\"1434\" height=\"1080\" src=\"https:\/\/kasvillarent.com\/wp-content\/uploads\/2017\/06\/Villa-Maria-Kas-Double-Bed-Bedroom-03-1434x1080.jpg\" class=\"attachment-villagio-thumb-small-x2 size-villagio-thumb-small-x2\" alt=\"Villa Maria Kas Double Bedroom\" aria-describedby=\"mphb-flexslider-gallery-1-13710\" srcset=\"https:\/\/kasvillarent.com\/wp-content\/uploads\/2017\/06\/Villa-Maria-Kas-Double-Bed-Bedroom-03-1434x1080.jpg 1434w, https:\/\/kasvillarent.com\/wp-content\/uploads\/2017\/06\/Villa-Maria-Kas-Double-Bed-Bedroom-03-717x540.jpg 717w\" sizes=\"(max-width: 1434px) 100vw, 1434px\" \/><\/a>\n\t\t\t<\/span><\/li><li class='gallery-item'><span class='gallery-icon landscape'>\n\t\t\t\t<a href=\"https:\/\/kasvillarent.com\/tr\/accommodation\/villa-maria-kas-2\/\"><img loading=\"lazy\" decoding=\"async\" width=\"1434\" height=\"1080\" src=\"https:\/\/kasvillarent.com\/wp-content\/uploads\/2017\/06\/Villa-Maria-Kas-Double-Bed-Bedroom-01-1434x1080.jpg\" class=\"attachment-villagio-thumb-small-x2 size-villagio-thumb-small-x2\" alt=\"Villa Maria Kas Double Bedroom\" aria-describedby=\"mphb-flexslider-gallery-1-13712\" srcset=\"https:\/\/kasvillarent.com\/wp-content\/uploads\/2017\/06\/Villa-Maria-Kas-Double-Bed-Bedroom-01-1434x1080.jpg 1434w, https:\/\/kasvillarent.com\/wp-content\/uploads\/2017\/06\/Villa-Maria-Kas-Double-Bed-Bedroom-01-717x540.jpg 717w\" sizes=\"(max-width: 1434px) 100vw, 1434px\" \/><\/a>\n\t\t\t<\/span><\/li><li class='gallery-item'><span class='gallery-icon portrait'>\n\t\t\t\t<a href=\"https:\/\/kasvillarent.com\/tr\/accommodation\/villa-maria-kas-2\/\"><img loading=\"lazy\" decoding=\"async\" width=\"1434\" height=\"1080\" src=\"https:\/\/kasvillarent.com\/wp-content\/uploads\/2017\/06\/Villa-Maria-Kas-Double-Bedroom-13-1434x1080.jpg\" class=\"attachment-villagio-thumb-small-x2 size-villagio-thumb-small-x2\" alt=\"Villa Maria Kas Double Bedroom\" aria-describedby=\"mphb-flexslider-gallery-1-13716\" srcset=\"https:\/\/kasvillarent.com\/wp-content\/uploads\/2017\/06\/Villa-Maria-Kas-Double-Bedroom-13-1434x1080.jpg 1434w, https:\/\/kasvillarent.com\/wp-content\/uploads\/2017\/06\/Villa-Maria-Kas-Double-Bedroom-13-717x540.jpg 717w\" sizes=\"(max-width: 1434px) 100vw, 1434px\" \/><\/a>\n\t\t\t<\/span><\/li><li class='gallery-item'><span class='gallery-icon landscape'>\n\t\t\t\t<a href=\"https:\/\/kasvillarent.com\/tr\/accommodation\/villa-maria-kas-2\/\"><img loading=\"lazy\" decoding=\"async\" width=\"1434\" height=\"1080\" src=\"https:\/\/kasvillarent.com\/wp-content\/uploads\/2017\/06\/Villa-Maria-Kas-Twin-Bedroom-16-1434x1080.jpg\" class=\"attachment-villagio-thumb-small-x2 size-villagio-thumb-small-x2\" alt=\"Villa Maria Kas Twin Bedroom\" aria-describedby=\"mphb-flexslider-gallery-1-13718\" srcset=\"https:\/\/kasvillarent.com\/wp-content\/uploads\/2017\/06\/Villa-Maria-Kas-Twin-Bedroom-16-1434x1080.jpg 1434w, https:\/\/kasvillarent.com\/wp-content\/uploads\/2017\/06\/Villa-Maria-Kas-Twin-Bedroom-16-717x540.jpg 717w\" sizes=\"(max-width: 1434px) 100vw, 1434px\" \/><\/a>\n\t\t\t<\/span><\/li><li class='gallery-item'><span class='gallery-icon landscape'>\n\t\t\t\t<a href=\"https:\/\/kasvillarent.com\/tr\/accommodation\/villa-maria-kas-2\/\"><img loading=\"lazy\" decoding=\"async\" width=\"1434\" height=\"1080\" src=\"https:\/\/kasvillarent.com\/wp-content\/uploads\/2017\/06\/Villa-Maria-Kas-Twin-Bedroom-13-1434x1080.jpg\" class=\"attachment-villagio-thumb-small-x2 size-villagio-thumb-small-x2\" alt=\"Villa Maria Kas Twin Bedroom\" aria-describedby=\"mphb-flexslider-gallery-1-13722\" srcset=\"https:\/\/kasvillarent.com\/wp-content\/uploads\/2017\/06\/Villa-Maria-Kas-Twin-Bedroom-13-1434x1080.jpg 1434w, https:\/\/kasvillarent.com\/wp-content\/uploads\/2017\/06\/Villa-Maria-Kas-Twin-Bedroom-13-717x540.jpg 717w\" sizes=\"(max-width: 1434px) 100vw, 1434px\" \/><\/a>\n\t\t\t<\/span><\/li><li class='gallery-item'><span class='gallery-icon landscape'>\n\t\t\t\t<a href=\"https:\/\/kasvillarent.com\/tr\/accommodation\/villa-maria-kas-2\/\"><img loading=\"lazy\" decoding=\"async\" width=\"1434\" height=\"1080\" src=\"https:\/\/kasvillarent.com\/wp-content\/uploads\/2017\/06\/Villa-Maria-Kas-Twin-Bedroom-18-1434x1080.jpg\" class=\"attachment-villagio-thumb-small-x2 size-villagio-thumb-small-x2\" alt=\"Villa Maria Kas Twin Bedroom\" aria-describedby=\"mphb-flexslider-gallery-1-13724\" srcset=\"https:\/\/kasvillarent.com\/wp-content\/uploads\/2017\/06\/Villa-Maria-Kas-Twin-Bedroom-18-1434x1080.jpg 1434w, https:\/\/kasvillarent.com\/wp-content\/uploads\/2017\/06\/Villa-Maria-Kas-Twin-Bedroom-18-717x540.jpg 717w\" sizes=\"(max-width: 1434px) 100vw, 1434px\" \/><\/a>\n\t\t\t<\/span><\/li><li class='gallery-item'><span class='gallery-icon landscape'>\n\t\t\t\t<a href=\"https:\/\/kasvillarent.com\/tr\/accommodation\/villa-maria-kas-2\/\"><img loading=\"lazy\" decoding=\"async\" width=\"1434\" height=\"1080\" src=\"https:\/\/kasvillarent.com\/wp-content\/uploads\/2017\/06\/Villa-Maria-Kas-Twin-Bedroom-21-1434x1080.jpg\" class=\"attachment-villagio-thumb-small-x2 size-villagio-thumb-small-x2\" alt=\"Villa Maria Kas Twin Bedroom\" aria-describedby=\"mphb-flexslider-gallery-1-13726\" srcset=\"https:\/\/kasvillarent.com\/wp-content\/uploads\/2017\/06\/Villa-Maria-Kas-Twin-Bedroom-21-1434x1080.jpg 1434w, https:\/\/kasvillarent.com\/wp-content\/uploads\/2017\/06\/Villa-Maria-Kas-Twin-Bedroom-21-717x540.jpg 717w\" sizes=\"(max-width: 1434px) 100vw, 1434px\" \/><\/a>\n\t\t\t<\/span><\/li><li class='gallery-item'><span class='gallery-icon landscape'>\n\t\t\t\t<a href=\"https:\/\/kasvillarent.com\/tr\/accommodation\/villa-maria-kas-2\/\"><img loading=\"lazy\" decoding=\"async\" width=\"1434\" height=\"1080\" src=\"https:\/\/kasvillarent.com\/wp-content\/uploads\/2017\/06\/Villa-Maria-Kas-upper-floor-bathroom-04-1434x1080.jpg\" class=\"attachment-villagio-thumb-small-x2 size-villagio-thumb-small-x2\" alt=\"Villa Maria Kas Upper Floor Bathrooms\" aria-describedby=\"mphb-flexslider-gallery-1-13728\" srcset=\"https:\/\/kasvillarent.com\/wp-content\/uploads\/2017\/06\/Villa-Maria-Kas-upper-floor-bathroom-04-1434x1080.jpg 1434w, https:\/\/kasvillarent.com\/wp-content\/uploads\/2017\/06\/Villa-Maria-Kas-upper-floor-bathroom-04-717x540.jpg 717w\" sizes=\"(max-width: 1434px) 100vw, 1434px\" \/><\/a>\n\t\t\t<\/span><\/li><li class='gallery-item'><span class='gallery-icon landscape'>\n\t\t\t\t<a href=\"https:\/\/kasvillarent.com\/tr\/accommodation\/villa-maria-kas-2\/\"><img loading=\"lazy\" decoding=\"async\" width=\"1434\" height=\"1080\" src=\"https:\/\/kasvillarent.com\/wp-content\/uploads\/2017\/06\/Villa-Maria-Kas-upper-floor-bathroom-03-1434x1080.jpg\" class=\"attachment-villagio-thumb-small-x2 size-villagio-thumb-small-x2\" alt=\"Villa Maria Kas Upper Floor Bathrooms\" aria-describedby=\"mphb-flexslider-gallery-1-13730\" srcset=\"https:\/\/kasvillarent.com\/wp-content\/uploads\/2017\/06\/Villa-Maria-Kas-upper-floor-bathroom-03-1434x1080.jpg 1434w, https:\/\/kasvillarent.com\/wp-content\/uploads\/2017\/06\/Villa-Maria-Kas-upper-floor-bathroom-03-717x540.jpg 717w\" sizes=\"(max-width: 1434px) 100vw, 1434px\" \/><\/a>\n\t\t\t<\/span><\/li><li class='gallery-item'><span class='gallery-icon landscape'>\n\t\t\t\t<a href=\"https:\/\/kasvillarent.com\/tr\/accommodation\/villa-maria-kas-2\/\"><img loading=\"lazy\" decoding=\"async\" width=\"1434\" height=\"1080\" src=\"https:\/\/kasvillarent.com\/wp-content\/uploads\/2017\/06\/Villa-Maria-Kas-upper-floor-bathroom-01-1434x1080.jpg\" class=\"attachment-villagio-thumb-small-x2 size-villagio-thumb-small-x2\" alt=\"Villa Maria Kas Upper Floor Bathrooms\" aria-describedby=\"mphb-flexslider-gallery-1-13732\" srcset=\"https:\/\/kasvillarent.com\/wp-content\/uploads\/2017\/06\/Villa-Maria-Kas-upper-floor-bathroom-01-1434x1080.jpg 1434w, https:\/\/kasvillarent.com\/wp-content\/uploads\/2017\/06\/Villa-Maria-Kas-upper-floor-bathroom-01-717x540.jpg 717w\" sizes=\"(max-width: 1434px) 100vw, 1434px\" \/><\/a>\n\t\t\t<\/span><\/li><li class='gallery-item'><span class='gallery-icon landscape'>\n\t\t\t\t<a href=\"https:\/\/kasvillarent.com\/tr\/accommodation\/villa-maria-kas-2\/\"><img loading=\"lazy\" decoding=\"async\" width=\"1434\" height=\"1080\" src=\"https:\/\/kasvillarent.com\/wp-content\/uploads\/2017\/06\/Villa-Maria-Kas-upper-floor-bathroom-09-1434x1080.jpg\" class=\"attachment-villagio-thumb-small-x2 size-villagio-thumb-small-x2\" alt=\"Villa Maria Kas Upper Floor Bathrooms\" aria-describedby=\"mphb-flexslider-gallery-1-13734\" srcset=\"https:\/\/kasvillarent.com\/wp-content\/uploads\/2017\/06\/Villa-Maria-Kas-upper-floor-bathroom-09-1434x1080.jpg 1434w, https:\/\/kasvillarent.com\/wp-content\/uploads\/2017\/06\/Villa-Maria-Kas-upper-floor-bathroom-09-717x540.jpg 717w\" sizes=\"(max-width: 1434px) 100vw, 1434px\" \/><\/a>\n\t\t\t<\/span><\/li><li class='gallery-item'><span class='gallery-icon landscape'>\n\t\t\t\t<a href=\"https:\/\/kasvillarent.com\/tr\/accommodation\/villa-maria-kas-2\/\"><img loading=\"lazy\" decoding=\"async\" width=\"1434\" height=\"1080\" src=\"https:\/\/kasvillarent.com\/wp-content\/uploads\/2017\/06\/Villa-Maria-Kas-upper-floor-bathroom-07-1434x1080.jpg\" class=\"attachment-villagio-thumb-small-x2 size-villagio-thumb-small-x2\" alt=\"Villa Maria Kas Upper Floor Bathrooms\" aria-describedby=\"mphb-flexslider-gallery-1-13736\" srcset=\"https:\/\/kasvillarent.com\/wp-content\/uploads\/2017\/06\/Villa-Maria-Kas-upper-floor-bathroom-07-1434x1080.jpg 1434w, https:\/\/kasvillarent.com\/wp-content\/uploads\/2017\/06\/Villa-Maria-Kas-upper-floor-bathroom-07-717x540.jpg 717w\" sizes=\"(max-width: 1434px) 100vw, 1434px\" \/><\/a>\n\t\t\t<\/span><\/li><li class='gallery-item'><span class='gallery-icon landscape'>\n\t\t\t\t<a href=\"https:\/\/kasvillarent.com\/tr\/accommodation\/villa-maria-kas-2\/\"><img loading=\"lazy\" decoding=\"async\" width=\"1434\" height=\"1080\" src=\"https:\/\/kasvillarent.com\/wp-content\/uploads\/2017\/06\/Villa-Maria-Kas-Front-Garden-01-1434x1080.jpg\" class=\"attachment-villagio-thumb-small-x2 size-villagio-thumb-small-x2\" alt=\"Villa Maria Kas Front Garden\" aria-describedby=\"mphb-flexslider-gallery-1-13738\" srcset=\"https:\/\/kasvillarent.com\/wp-content\/uploads\/2017\/06\/Villa-Maria-Kas-Front-Garden-01-1434x1080.jpg 1434w, https:\/\/kasvillarent.com\/wp-content\/uploads\/2017\/06\/Villa-Maria-Kas-Front-Garden-01-717x540.jpg 717w\" sizes=\"(max-width: 1434px) 100vw, 1434px\" \/><\/a>\n\t\t\t<\/span><\/li><li class='gallery-item'><span class='gallery-icon landscape'>\n\t\t\t\t<a href=\"https:\/\/kasvillarent.com\/tr\/accommodation\/villa-maria-kas-2\/\"><img loading=\"lazy\" decoding=\"async\" width=\"1434\" height=\"1080\" src=\"https:\/\/kasvillarent.com\/wp-content\/uploads\/2017\/06\/Villa-Maria-Kas-Front-Garden-03-1434x1080.jpg\" class=\"attachment-villagio-thumb-small-x2 size-villagio-thumb-small-x2\" alt=\"Villa Maria Kas Front Garden\" aria-describedby=\"mphb-flexslider-gallery-1-13740\" srcset=\"https:\/\/kasvillarent.com\/wp-content\/uploads\/2017\/06\/Villa-Maria-Kas-Front-Garden-03-1434x1080.jpg 1434w, https:\/\/kasvillarent.com\/wp-content\/uploads\/2017\/06\/Villa-Maria-Kas-Front-Garden-03-717x540.jpg 717w\" sizes=\"(max-width: 1434px) 100vw, 1434px\" \/><\/a>\n\t\t\t<\/span><\/li><li class='gallery-item'><span class='gallery-icon landscape'>\n\t\t\t\t<a href=\"https:\/\/kasvillarent.com\/tr\/accommodation\/villa-maria-kas-2\/\"><img loading=\"lazy\" decoding=\"async\" width=\"1434\" height=\"1080\" src=\"https:\/\/kasvillarent.com\/wp-content\/uploads\/2017\/06\/Villa-Maria-Kas-Front-Garden-04-1434x1080.jpg\" class=\"attachment-villagio-thumb-small-x2 size-villagio-thumb-small-x2\" alt=\"Villa Maria Kas Front Garden\" aria-describedby=\"mphb-flexslider-gallery-1-13742\" srcset=\"https:\/\/kasvillarent.com\/wp-content\/uploads\/2017\/06\/Villa-Maria-Kas-Front-Garden-04-1434x1080.jpg 1434w, https:\/\/kasvillarent.com\/wp-content\/uploads\/2017\/06\/Villa-Maria-Kas-Front-Garden-04-300x225.jpg 300w, https:\/\/kasvillarent.com\/wp-content\/uploads\/2017\/06\/Villa-Maria-Kas-Front-Garden-04-717x540.jpg 717w\" sizes=\"(max-width: 1434px) 100vw, 1434px\" \/><\/a>\n\t\t\t<\/span><\/li><li class='gallery-item'><span class='gallery-icon landscape'>\n\t\t\t\t<a href=\"https:\/\/kasvillarent.com\/tr\/accommodation\/villa-maria-kas-2\/\"><img loading=\"lazy\" decoding=\"async\" width=\"1434\" height=\"1080\" src=\"https:\/\/kasvillarent.com\/wp-content\/uploads\/2017\/06\/Villa-Maria-Kas-Front-Garden-07-copy-1434x1080.jpg\" class=\"attachment-villagio-thumb-small-x2 size-villagio-thumb-small-x2\" alt=\"Villa Maria Kas Parking Area\" aria-describedby=\"mphb-flexslider-gallery-1-13744\" srcset=\"https:\/\/kasvillarent.com\/wp-content\/uploads\/2017\/06\/Villa-Maria-Kas-Front-Garden-07-copy-1434x1080.jpg 1434w, https:\/\/kasvillarent.com\/wp-content\/uploads\/2017\/06\/Villa-Maria-Kas-Front-Garden-07-copy-717x540.jpg 717w\" sizes=\"(max-width: 1434px) 100vw, 1434px\" \/><\/a>\n\t\t\t<\/span><\/li><li class='gallery-item'><span class='gallery-icon landscape'>\n\t\t\t\t<a href=\"https:\/\/kasvillarent.com\/tr\/accommodation\/villa-maria-kas-2\/\"><img loading=\"lazy\" decoding=\"async\" width=\"1434\" height=\"1080\" src=\"https:\/\/kasvillarent.com\/wp-content\/uploads\/2017\/06\/Villa-Maria-Kas-Front-Garden-02-1434x1080.jpg\" class=\"attachment-villagio-thumb-small-x2 size-villagio-thumb-small-x2\" alt=\"Villa Maria Kas Front Garden\" aria-describedby=\"mphb-flexslider-gallery-1-13746\" srcset=\"https:\/\/kasvillarent.com\/wp-content\/uploads\/2017\/06\/Villa-Maria-Kas-Front-Garden-02-1434x1080.jpg 1434w, https:\/\/kasvillarent.com\/wp-content\/uploads\/2017\/06\/Villa-Maria-Kas-Front-Garden-02-717x540.jpg 717w\" sizes=\"(max-width: 1434px) 100vw, 1434px\" \/><\/a>\n\t\t\t<\/span><\/li><li class='gallery-item'><span class='gallery-icon portrait'>\n\t\t\t\t<a href=\"https:\/\/kasvillarent.com\/tr\/accommodation\/villa-maria-kas-2\/\"><img loading=\"lazy\" decoding=\"async\" width=\"1434\" height=\"1080\" src=\"https:\/\/kasvillarent.com\/wp-content\/uploads\/2017\/06\/Villa-Maria-Kas-Front-Garden-13-1434x1080.jpg\" class=\"attachment-villagio-thumb-small-x2 size-villagio-thumb-small-x2\" alt=\"Villa Maria Kas Front Garden\" aria-describedby=\"mphb-flexslider-gallery-1-13748\" srcset=\"https:\/\/kasvillarent.com\/wp-content\/uploads\/2017\/06\/Villa-Maria-Kas-Front-Garden-13-1434x1080.jpg 1434w, https:\/\/kasvillarent.com\/wp-content\/uploads\/2017\/06\/Villa-Maria-Kas-Front-Garden-13-717x540.jpg 717w\" sizes=\"(max-width: 1434px) 100vw, 1434px\" \/><\/a>\n\t\t\t<\/span><\/li><li class='gallery-item'><span class='gallery-icon portrait'>\n\t\t\t\t<a href=\"https:\/\/kasvillarent.com\/tr\/accommodation\/villa-maria-kas-2\/\"><img loading=\"lazy\" decoding=\"async\" width=\"900\" height=\"1080\" src=\"https:\/\/kasvillarent.com\/wp-content\/uploads\/2017\/06\/Villa-Maria-Kas-Front-Garden-16-900x1080.jpg\" class=\"attachment-villagio-thumb-small-x2 size-villagio-thumb-small-x2\" alt=\"Roses at Garden of Villa Maria Kas\" aria-describedby=\"mphb-flexslider-gallery-1-13750\" \/><\/a>\n\t\t\t<\/span><\/li><li class='gallery-item'><span class='gallery-icon landscape'>\n\t\t\t\t<a href=\"https:\/\/kasvillarent.com\/tr\/accommodation\/villa-maria-kas-2\/\"><img loading=\"lazy\" decoding=\"async\" width=\"1434\" height=\"1080\" src=\"https:\/\/kasvillarent.com\/wp-content\/uploads\/2017\/06\/Bes-Villalar-Panaroma-View-from-Yenikoy-1434x1080.jpg\" class=\"attachment-villagio-thumb-small-x2 size-villagio-thumb-small-x2\" alt=\"\" srcset=\"https:\/\/kasvillarent.com\/wp-content\/uploads\/2017\/06\/Bes-Villalar-Panaroma-View-from-Yenikoy-1434x1080.jpg 1434w, https:\/\/kasvillarent.com\/wp-content\/uploads\/2017\/06\/Bes-Villalar-Panaroma-View-from-Yenikoy-717x540.jpg 717w\" sizes=\"(max-width: 1434px) 100vw, 1434px\" \/><\/a>\n\t\t\t<\/span><\/li><li class='gallery-item'><span class='gallery-icon landscape'>\n\t\t\t\t<a href=\"https:\/\/kasvillarent.com\/tr\/accommodation\/villa-maria-kas-2\/\"><img loading=\"lazy\" decoding=\"async\" width=\"1434\" height=\"1080\" src=\"https:\/\/kasvillarent.com\/wp-content\/uploads\/2017\/06\/Five-Villa-Drone-View-1434x1080.jpg\" class=\"attachment-villagio-thumb-small-x2 size-villagio-thumb-small-x2\" alt=\"Five Villas Drone View\" aria-describedby=\"mphb-flexslider-gallery-1-13758\" srcset=\"https:\/\/kasvillarent.com\/wp-content\/uploads\/2017\/06\/Five-Villa-Drone-View-1434x1080.jpg 1434w, https:\/\/kasvillarent.com\/wp-content\/uploads\/2017\/06\/Five-Villa-Drone-View-717x540.jpg 717w\" sizes=\"(max-width: 1434px) 100vw, 1434px\" \/><\/a>\n\t\t\t<\/span><\/li><li class='gallery-item'><span class='gallery-icon landscape'>\n\t\t\t\t<a href=\"https:\/\/kasvillarent.com\/tr\/accommodation\/villa-maria-kas-2\/\"><img loading=\"lazy\" decoding=\"async\" width=\"1434\" height=\"1080\" src=\"https:\/\/kasvillarent.com\/wp-content\/uploads\/2017\/06\/Villa-Maria-Kas-Drone-View-1434x1080.jpg\" class=\"attachment-villagio-thumb-small-x2 size-villagio-thumb-small-x2\" alt=\"Villa Maria Kas Drone View\" aria-describedby=\"mphb-flexslider-gallery-1-13760\" srcset=\"https:\/\/kasvillarent.com\/wp-content\/uploads\/2017\/06\/Villa-Maria-Kas-Drone-View-1434x1080.jpg 1434w, https:\/\/kasvillarent.com\/wp-content\/uploads\/2017\/06\/Villa-Maria-Kas-Drone-View-717x540.jpg 717w\" sizes=\"(max-width: 1434px) 100vw, 1434px\" \/><\/a>\n\t\t\t<\/span><\/li><li class='gallery-item'><span class='gallery-icon landscape'>\n\t\t\t\t<a href=\"https:\/\/kasvillarent.com\/tr\/accommodation\/villa-maria-kas-2\/\"><img loading=\"lazy\" decoding=\"async\" width=\"1434\" height=\"1080\" src=\"https:\/\/kasvillarent.com\/wp-content\/uploads\/2017\/06\/Yenikoy-Kas-Panaroma-01-1434x1080.jpg\" class=\"attachment-villagio-thumb-small-x2 size-villagio-thumb-small-x2\" alt=\"Yenikoy - Kas Panaroma\" aria-describedby=\"mphb-flexslider-gallery-1-13762\" srcset=\"https:\/\/kasvillarent.com\/wp-content\/uploads\/2017\/06\/Yenikoy-Kas-Panaroma-01-1434x1080.jpg 1434w, https:\/\/kasvillarent.com\/wp-content\/uploads\/2017\/06\/Yenikoy-Kas-Panaroma-01-717x540.jpg 717w\" sizes=\"(max-width: 1434px) 100vw, 1434px\" \/><\/a>\n\t\t\t<\/span><\/li><li class='gallery-item'><span class='gallery-icon landscape'>\n\t\t\t\t<a href=\"https:\/\/kasvillarent.com\/tr\/accommodation\/villa-maria-kas-2\/\"><img loading=\"lazy\" decoding=\"async\" width=\"1434\" height=\"1080\" src=\"https:\/\/kasvillarent.com\/wp-content\/uploads\/2017\/06\/Yenikoy-Kas-Panaroma-02-1434x1080.jpg\" class=\"attachment-villagio-thumb-small-x2 size-villagio-thumb-small-x2\" alt=\"Yenik\u00f6y - Kas Panaroma\" aria-describedby=\"mphb-flexslider-gallery-1-13764\" srcset=\"https:\/\/kasvillarent.com\/wp-content\/uploads\/2017\/06\/Yenikoy-Kas-Panaroma-02-1434x1080.jpg 1434w, https:\/\/kasvillarent.com\/wp-content\/uploads\/2017\/06\/Yenikoy-Kas-Panaroma-02-717x540.jpg 717w\" sizes=\"(max-width: 1434px) 100vw, 1434px\" \/><\/a>\n\t\t\t<\/span><\/li><li class='gallery-item'><span class='gallery-icon landscape'>\n\t\t\t\t<a href=\"https:\/\/kasvillarent.com\/tr\/accommodation\/villa-maria-kas-2\/\"><img loading=\"lazy\" decoding=\"async\" width=\"1434\" height=\"1080\" src=\"https:\/\/kasvillarent.com\/wp-content\/uploads\/2017\/06\/Kas-Panaroma-01-1434x1080.jpg\" class=\"attachment-villagio-thumb-small-x2 size-villagio-thumb-small-x2\" alt=\"Kas Panaroma\" aria-describedby=\"mphb-flexslider-gallery-1-13752\" srcset=\"https:\/\/kasvillarent.com\/wp-content\/uploads\/2017\/06\/Kas-Panaroma-01-1434x1080.jpg 1434w, https:\/\/kasvillarent.com\/wp-content\/uploads\/2017\/06\/Kas-Panaroma-01-717x540.jpg 717w\" sizes=\"(max-width: 1434px) 100vw, 1434px\" \/><\/a>\n\t\t\t<\/span><\/li><li class='gallery-item'><span class='gallery-icon landscape'>\n\t\t\t\t<a href=\"https:\/\/kasvillarent.com\/tr\/accommodation\/villa-maria-kas-2\/\"><img loading=\"lazy\" decoding=\"async\" width=\"1434\" height=\"1080\" src=\"https:\/\/kasvillarent.com\/wp-content\/uploads\/2017\/06\/Kas-Panaroma-04-1434x1080.jpg\" class=\"attachment-villagio-thumb-small-x2 size-villagio-thumb-small-x2\" alt=\"Kas Panaroma\" aria-describedby=\"mphb-flexslider-gallery-1-13768\" srcset=\"https:\/\/kasvillarent.com\/wp-content\/uploads\/2017\/06\/Kas-Panaroma-04-1434x1080.jpg 1434w, https:\/\/kasvillarent.com\/wp-content\/uploads\/2017\/06\/Kas-Panaroma-04-717x540.jpg 717w\" sizes=\"(max-width: 1434px) 100vw, 1434px\" \/><\/a>\n\t\t\t<\/span><\/li><li class='gallery-item'><span class='gallery-icon landscape'>\n\t\t\t\t<a href=\"https:\/\/kasvillarent.com\/tr\/accommodation\/villa-maria-kas-2\/\"><img loading=\"lazy\" decoding=\"async\" width=\"1434\" height=\"1080\" src=\"https:\/\/kasvillarent.com\/wp-content\/uploads\/2017\/06\/Kas-Panaroma-03-1434x1080.jpg\" class=\"attachment-villagio-thumb-small-x2 size-villagio-thumb-small-x2\" alt=\"Kas Panaroma\" aria-describedby=\"mphb-flexslider-gallery-1-13754\" srcset=\"https:\/\/kasvillarent.com\/wp-content\/uploads\/2017\/06\/Kas-Panaroma-03-1434x1080.jpg 1434w, https:\/\/kasvillarent.com\/wp-content\/uploads\/2017\/06\/Kas-Panaroma-03-717x540.jpg 717w\" sizes=\"(max-width: 1434px) 100vw, 1434px\" \/><\/a>\n\t\t\t<\/span><\/li><li class='gallery-item'><span class='gallery-icon landscape'>\n\t\t\t\t<a href=\"https:\/\/kasvillarent.com\/tr\/accommodation\/villa-maria-kas-2\/\"><img loading=\"lazy\" decoding=\"async\" width=\"1434\" height=\"1080\" src=\"https:\/\/kasvillarent.com\/wp-content\/uploads\/2017\/06\/Kas-Panaroma-05-1434x1080.jpg\" class=\"attachment-villagio-thumb-small-x2 size-villagio-thumb-small-x2\" alt=\"Kas Panaroma 05\" aria-describedby=\"mphb-flexslider-gallery-1-13770\" srcset=\"https:\/\/kasvillarent.com\/wp-content\/uploads\/2017\/06\/Kas-Panaroma-05-1434x1080.jpg 1434w, https:\/\/kasvillarent.com\/wp-content\/uploads\/2017\/06\/Kas-Panaroma-05-717x540.jpg 717w\" sizes=\"(max-width: 1434px) 100vw, 1434px\" \/><\/a>\n\t\t\t<\/span><\/li><li class='gallery-item'><span class='gallery-icon landscape'>\n\t\t\t\t<a href=\"https:\/\/kasvillarent.com\/tr\/accommodation\/villa-maria-kas-2\/\"><img loading=\"lazy\" decoding=\"async\" width=\"1434\" height=\"1080\" src=\"https:\/\/kasvillarent.com\/wp-content\/uploads\/2017\/06\/Lycian-structure-at-Yenikoy-Road-1434x1080.jpg\" class=\"attachment-villagio-thumb-small-x2 size-villagio-thumb-small-x2\" alt=\"Lycian structure at Yenikoy Road\" aria-describedby=\"mphb-flexslider-gallery-1-13766\" srcset=\"https:\/\/kasvillarent.com\/wp-content\/uploads\/2017\/06\/Lycian-structure-at-Yenikoy-Road-1434x1080.jpg 1434w, https:\/\/kasvillarent.com\/wp-content\/uploads\/2017\/06\/Lycian-structure-at-Yenikoy-Road-300x225.jpg 300w, https:\/\/kasvillarent.com\/wp-content\/uploads\/2017\/06\/Lycian-structure-at-Yenikoy-Road-717x540.jpg 717w\" sizes=\"(max-width: 1434px) 100vw, 1434px\" \/><\/a>\n\t\t\t<\/span><\/li><li class='gallery-item'><span class='gallery-icon landscape'>\n\t\t\t\t<a href=\"https:\/\/kasvillarent.com\/tr\/accommodation\/villa-maria-kas-2\/\"><img loading=\"lazy\" decoding=\"async\" width=\"1434\" height=\"1080\" src=\"https:\/\/kasvillarent.com\/wp-content\/uploads\/2017\/06\/Kas-Panaroma-06-1434x1080.jpg\" class=\"attachment-villagio-thumb-small-x2 size-villagio-thumb-small-x2\" alt=\"Kas Panaroma\" aria-describedby=\"mphb-flexslider-gallery-1-13772\" srcset=\"https:\/\/kasvillarent.com\/wp-content\/uploads\/2017\/06\/Kas-Panaroma-06-1434x1080.jpg 1434w, https:\/\/kasvillarent.com\/wp-content\/uploads\/2017\/06\/Kas-Panaroma-06-717x540.jpg 717w\" sizes=\"(max-width: 1434px) 100vw, 1434px\" \/><\/a>\n\t\t\t<\/span><\/li><li class='gallery-item'><span class='gallery-icon landscape'>\n\t\t\t\t<a href=\"https:\/\/kasvillarent.com\/tr\/accommodation\/villa-maria-kas-2\/\"><img loading=\"lazy\" decoding=\"async\" width=\"1080\" height=\"1080\" src=\"https:\/\/kasvillarent.com\/wp-content\/uploads\/2017\/06\/Villa-Maria-Kas-Booking-Award-2023.png\" class=\"attachment-villagio-thumb-small-x2 size-villagio-thumb-small-x2\" alt=\"Villa Maria Kas Booking Award 2023\" aria-describedby=\"mphb-flexslider-gallery-1-13787\" srcset=\"https:\/\/kasvillarent.com\/wp-content\/uploads\/2017\/06\/Villa-Maria-Kas-Booking-Award-2023.png 1080w, https:\/\/kasvillarent.com\/wp-content\/uploads\/2017\/06\/Villa-Maria-Kas-Booking-Award-2023-300x300.png 300w, https:\/\/kasvillarent.com\/wp-content\/uploads\/2017\/06\/Villa-Maria-Kas-Booking-Award-2023-1024x1024.png 1024w, https:\/\/kasvillarent.com\/wp-content\/uploads\/2017\/06\/Villa-Maria-Kas-Booking-Award-2023-150x150.png 150w, https:\/\/kasvillarent.com\/wp-content\/uploads\/2017\/06\/Villa-Maria-Kas-Booking-Award-2023-768x768.png 768w, https:\/\/kasvillarent.com\/wp-content\/uploads\/2017\/06\/Villa-Maria-Kas-Booking-Award-2023-618x618.png 618w\" sizes=\"(max-width: 1080px) 100vw, 1080px\" \/><\/a>\n\t\t\t<\/span><\/li><\/ul>\n\t\t<\/div>\n<span class=\"mphb_room_type_categories_header_wrapper\"><a href=\"https:\/\/kasvillarent.com\/tr\/konaklama-kategorisi\/kas-yenikoy-tr\/\" rel=\"tag\">Ka\u015f Yenik\u00f6y<\/a><\/span><\/span><!-- .mphb_room_type_featured_image_wrapper --><div id='mphb-flexslider-gallery-2' class='gallery-columns-4 gallery-size-thumbnail mphb-gallery-thumbnail-slider mphb-flexslider-gallery-wrapper mphb-room-type-gallery-wrapper mphb-gallery-thumbnail-slider-69f14998aef92' data-flexslider-atts='{\"animation\":\"slide\",\"controlNav\":false,\"animationLoop\":true,\"slideshow\":false,\"itemMargin\":5}' data-group='69f14998aef92'><ul class=\"slides\"><li class='gallery-item'><span class='gallery-icon landscape'>\n\t\t\t\t<a href='https:\/\/kasvillarent.com\/tr\/accommodation\/villa-maria-kas-2\/attachment\/villa-maria-kas-pool-58-2-2\/'><img loading=\"lazy\" decoding=\"async\" width=\"150\" height=\"150\" src=\"https:\/\/kasvillarent.com\/wp-content\/uploads\/2017\/06\/Villa-Maria-Kas-Pool-58-1-150x150.jpg\" class=\"attachment-thumbnail size-thumbnail\" alt=\"Amazing view of Villa Maria Kas\" aria-describedby=\"mphb-flexslider-gallery-2-13636\" \/><\/a>\n\t\t\t<\/span><\/li><li class='gallery-item'><span class='gallery-icon landscape'>\n\t\t\t\t<a href='https:\/\/kasvillarent.com\/tr\/accommodation\/villa-maria-kas-2\/attachment\/villa-maria-kas-pool-23-2\/'><img loading=\"lazy\" decoding=\"async\" width=\"150\" height=\"150\" src=\"https:\/\/kasvillarent.com\/wp-content\/uploads\/2017\/06\/Villa-Maria-Kas-Pool-23-150x150.jpg\" class=\"attachment-thumbnail size-thumbnail\" alt=\"https:\/\/kasvillarent.com\/wp-admin\/post.php?post=80&amp;action=edit&amp;lang=en#:~:text=ATTACHMENT%20DETAILS-,Villa%2DMaria%2DKas%2DPool,-%2D23%2Dscaled.jpg\" aria-describedby=\"mphb-flexslider-gallery-2-13580\" \/><\/a>\n\t\t\t<\/span><\/li><li class='gallery-item'><span class='gallery-icon landscape'>\n\t\t\t\t<a href='https:\/\/kasvillarent.com\/tr\/accommodation\/villa-maria-kas-2\/attachment\/villa-maria-kas-pool-01-2\/'><img loading=\"lazy\" decoding=\"async\" width=\"150\" height=\"150\" src=\"https:\/\/kasvillarent.com\/wp-content\/uploads\/2017\/06\/Villa-Maria-Kas-Pool-01-150x150.jpg\" class=\"attachment-thumbnail size-thumbnail\" alt=\"Villa Maria Kas Pool\" aria-describedby=\"mphb-flexslider-gallery-2-13600\" \/><\/a>\n\t\t\t<\/span><\/li><li class='gallery-item'><span class='gallery-icon landscape'>\n\t\t\t\t<a href='https:\/\/kasvillarent.com\/tr\/accommodation\/villa-maria-kas-2\/attachment\/villa-maria-kas-pool-43-2\/'><img loading=\"lazy\" decoding=\"async\" width=\"150\" height=\"150\" src=\"https:\/\/kasvillarent.com\/wp-content\/uploads\/2017\/06\/Villa-Maria-Kas-Pool-43-150x150.jpg\" class=\"attachment-thumbnail size-thumbnail\" alt=\"Villa Maria Kas Pool View\" aria-describedby=\"mphb-flexslider-gallery-2-13582\" \/><\/a>\n\t\t\t<\/span><\/li><li class='gallery-item'><span class='gallery-icon landscape'>\n\t\t\t\t<a href='https:\/\/kasvillarent.com\/tr\/accommodation\/villa-maria-kas-2\/attachment\/villa-maria-kas-pool-49-2\/'><img loading=\"lazy\" decoding=\"async\" width=\"150\" height=\"150\" src=\"https:\/\/kasvillarent.com\/wp-content\/uploads\/2017\/06\/Villa-Maria-Kas-Pool-49-150x150.jpg\" class=\"attachment-thumbnail size-thumbnail\" alt=\"Villa Maria Kas Pool\" aria-describedby=\"mphb-flexslider-gallery-2-13578\" \/><\/a>\n\t\t\t<\/span><\/li><li class='gallery-item'><span class='gallery-icon landscape'>\n\t\t\t\t<a href='https:\/\/kasvillarent.com\/tr\/accommodation\/villa-maria-kas-2\/attachment\/villa-maria-kas-pool-09-2\/'><img loading=\"lazy\" decoding=\"async\" width=\"150\" height=\"150\" src=\"https:\/\/kasvillarent.com\/wp-content\/uploads\/2017\/06\/Villa-Maria-Kas-Pool-09-150x150.jpg\" class=\"attachment-thumbnail size-thumbnail\" alt=\"Villa Maria Kas Pool\" aria-describedby=\"mphb-flexslider-gallery-2-13584\" \/><\/a>\n\t\t\t<\/span><\/li><li class='gallery-item'><span class='gallery-icon landscape'>\n\t\t\t\t<a href='https:\/\/kasvillarent.com\/tr\/accommodation\/villa-maria-kas-2\/attachment\/villa-maria-kas-pool-07-2\/'><img loading=\"lazy\" decoding=\"async\" width=\"150\" height=\"150\" src=\"https:\/\/kasvillarent.com\/wp-content\/uploads\/2017\/06\/Villa-Maria-Kas-Pool-07-150x150.jpg\" class=\"attachment-thumbnail size-thumbnail\" alt=\"Enjoy your coctail at the pool of Villa Maria Kas\" \/><\/a>\n\t\t\t<\/span><\/li><li class='gallery-item'><span class='gallery-icon landscape'>\n\t\t\t\t<a href='https:\/\/kasvillarent.com\/tr\/accommodation\/villa-maria-kas-2\/attachment\/villa-maria-kas-pool-27-2\/'><img loading=\"lazy\" decoding=\"async\" width=\"150\" height=\"150\" src=\"https:\/\/kasvillarent.com\/wp-content\/uploads\/2017\/06\/Villa-Maria-Kas-Pool-27-150x150.jpg\" class=\"attachment-thumbnail size-thumbnail\" alt=\"Villa Maria Kas Pool\" aria-describedby=\"mphb-flexslider-gallery-2-13602\" \/><\/a>\n\t\t\t<\/span><\/li><li class='gallery-item'><span class='gallery-icon landscape'>\n\t\t\t\t<a href='https:\/\/kasvillarent.com\/tr\/accommodation\/villa-maria-kas-2\/attachment\/villa-maria-kas-pool-57-2\/'><img loading=\"lazy\" decoding=\"async\" width=\"150\" height=\"150\" src=\"https:\/\/kasvillarent.com\/wp-content\/uploads\/2017\/06\/Villa-Maria-Kas-Pool-57-150x150.jpg\" class=\"attachment-thumbnail size-thumbnail\" alt=\"Pool area - Villa Maria Kas\" aria-describedby=\"mphb-flexslider-gallery-2-13606\" \/><\/a>\n\t\t\t<\/span><\/li><li class='gallery-item'><span class='gallery-icon landscape'>\n\t\t\t\t<a href='https:\/\/kasvillarent.com\/tr\/accommodation\/villa-maria-kas-2\/attachment\/villa-maria-kas-pool-41-2\/'><img loading=\"lazy\" decoding=\"async\" width=\"150\" height=\"150\" src=\"https:\/\/kasvillarent.com\/wp-content\/uploads\/2017\/06\/Villa-Maria-Kas-Pool-41-150x150.jpg\" class=\"attachment-thumbnail size-thumbnail\" alt=\"Amazing view from villa Maria Kas\" aria-describedby=\"mphb-flexslider-gallery-2-13608\" \/><\/a>\n\t\t\t<\/span><\/li><li class='gallery-item'><span class='gallery-icon landscape'>\n\t\t\t\t<a href='https:\/\/kasvillarent.com\/tr\/accommodation\/villa-maria-kas-2\/attachment\/villa-maria-kas-pool-15-2\/'><img loading=\"lazy\" decoding=\"async\" width=\"150\" height=\"150\" src=\"https:\/\/kasvillarent.com\/wp-content\/uploads\/2017\/06\/Villa-Maria-Kas-Pool-15-150x150.jpg\" class=\"attachment-thumbnail size-thumbnail\" alt=\"Relaxing at the pool view of Villa Maria Kas\" aria-describedby=\"mphb-flexslider-gallery-2-13610\" \/><\/a>\n\t\t\t<\/span><\/li><li class='gallery-item'><span class='gallery-icon landscape'>\n\t\t\t\t<a href='https:\/\/kasvillarent.com\/tr\/accommodation\/villa-maria-kas-2\/attachment\/villa-maria-kas-terrace-07-2\/'><img loading=\"lazy\" decoding=\"async\" width=\"150\" height=\"150\" src=\"https:\/\/kasvillarent.com\/wp-content\/uploads\/2017\/06\/Villa-Maria-Kas-Terrace-07-150x150.jpg\" class=\"attachment-thumbnail size-thumbnail\" alt=\"Villa Maria Kas Terrace\" aria-describedby=\"mphb-flexslider-gallery-2-13620\" \/><\/a>\n\t\t\t<\/span><\/li><li class='gallery-item'><span class='gallery-icon landscape'>\n\t\t\t\t<a href='https:\/\/kasvillarent.com\/tr\/accommodation\/villa-maria-kas-2\/attachment\/villa-maria-kas-pool-59-2\/'><img loading=\"lazy\" decoding=\"async\" width=\"150\" height=\"150\" src=\"https:\/\/kasvillarent.com\/wp-content\/uploads\/2017\/06\/Villa-Maria-Kas-Pool-59-150x150.jpg\" class=\"attachment-thumbnail size-thumbnail\" alt=\"Villa Maria Teras and Pool\" aria-describedby=\"mphb-flexslider-gallery-2-13658\" \/><\/a>\n\t\t\t<\/span><\/li><li class='gallery-item'><span class='gallery-icon landscape'>\n\t\t\t\t<a href='https:\/\/kasvillarent.com\/tr\/accommodation\/villa-maria-kas-2\/attachment\/villa-maria-kas-terrace-06-2\/'><img loading=\"lazy\" decoding=\"async\" width=\"150\" height=\"150\" src=\"https:\/\/kasvillarent.com\/wp-content\/uploads\/2017\/06\/Villa-Maria-Kas-Terrace-06-150x150.jpg\" class=\"attachment-thumbnail size-thumbnail\" alt=\"Terra and pool of Villa Maria Kas\" aria-describedby=\"mphb-flexslider-gallery-2-13630\" \/><\/a>\n\t\t\t<\/span><\/li><li class='gallery-item'><span class='gallery-icon landscape'>\n\t\t\t\t<a href='https:\/\/kasvillarent.com\/tr\/accommodation\/villa-maria-kas-2\/attachment\/villa-maria-kas-pool-45-2\/'><img loading=\"lazy\" decoding=\"async\" width=\"150\" height=\"150\" src=\"https:\/\/kasvillarent.com\/wp-content\/uploads\/2017\/06\/Villa-Maria-Kas-Pool-45-150x150.jpg\" class=\"attachment-thumbnail size-thumbnail\" alt=\"Terrace and pool of Villa Maria Kas\" aria-describedby=\"mphb-flexslider-gallery-2-13614\" \/><\/a>\n\t\t\t<\/span><\/li><li class='gallery-item'><span class='gallery-icon landscape'>\n\t\t\t\t<a href='https:\/\/kasvillarent.com\/tr\/accommodation\/villa-maria-kas-2\/attachment\/villa-maria-kas-pool-35-2\/'><img loading=\"lazy\" decoding=\"async\" width=\"150\" height=\"150\" src=\"https:\/\/kasvillarent.com\/wp-content\/uploads\/2017\/06\/Villa-Maria-Kas-Pool-35-150x150.jpg\" class=\"attachment-thumbnail size-thumbnail\" alt=\"A large terrace to enjoy @ Villa Maria Kas\" aria-describedby=\"mphb-flexslider-gallery-2-13612\" \/><\/a>\n\t\t\t<\/span><\/li><li class='gallery-item'><span class='gallery-icon landscape'>\n\t\t\t\t<a href='https:\/\/kasvillarent.com\/tr\/accommodation\/villa-maria-kas-2\/attachment\/villa-maria-kas-terrace-19-2\/'><img loading=\"lazy\" decoding=\"async\" width=\"150\" height=\"150\" src=\"https:\/\/kasvillarent.com\/wp-content\/uploads\/2017\/06\/Villa-Maria-Kas-Terrace-19-150x150.jpg\" class=\"attachment-thumbnail size-thumbnail\" alt=\"Villa Maria Kas Terrace\" aria-describedby=\"mphb-flexslider-gallery-2-13616\" \/><\/a>\n\t\t\t<\/span><\/li><li class='gallery-item'><span class='gallery-icon landscape'>\n\t\t\t\t<a href='https:\/\/kasvillarent.com\/tr\/accommodation\/villa-maria-kas-2\/attachment\/villa-maria-kas-terrace-04-2\/'><img loading=\"lazy\" decoding=\"async\" width=\"150\" height=\"150\" src=\"https:\/\/kasvillarent.com\/wp-content\/uploads\/2017\/06\/Villa-Maria-Kas-Terrace-04-150x150.jpg\" class=\"attachment-thumbnail size-thumbnail\" alt=\"Outdoor furniture\" aria-describedby=\"mphb-flexslider-gallery-2-13622\" \/><\/a>\n\t\t\t<\/span><\/li><li class='gallery-item'><span class='gallery-icon landscape'>\n\t\t\t\t<a href='https:\/\/kasvillarent.com\/tr\/accommodation\/villa-maria-kas-2\/attachment\/villa-maria-kas-terrace-20-2\/'><img loading=\"lazy\" decoding=\"async\" width=\"150\" height=\"150\" src=\"https:\/\/kasvillarent.com\/wp-content\/uploads\/2017\/06\/Villa-Maria-Kas-Terrace-20-150x150.jpg\" class=\"attachment-thumbnail size-thumbnail\" alt=\"Enjoy and relax at terrace of Villa Maria Kas\" aria-describedby=\"mphb-flexslider-gallery-2-13618\" \/><\/a>\n\t\t\t<\/span><\/li><li class='gallery-item'><span class='gallery-icon landscape'>\n\t\t\t\t<a href='https:\/\/kasvillarent.com\/tr\/accommodation\/villa-maria-kas-2\/attachment\/villa-maria-kas-terrace-17-2\/'><img loading=\"lazy\" decoding=\"async\" width=\"150\" height=\"150\" src=\"https:\/\/kasvillarent.com\/wp-content\/uploads\/2017\/06\/Villa-Maria-Kas-Terrace-17-150x150.jpg\" class=\"attachment-thumbnail size-thumbnail\" alt=\"Modern, light and confortable sunbeds\" aria-describedby=\"mphb-flexslider-gallery-2-13624\" \/><\/a>\n\t\t\t<\/span><\/li><li class='gallery-item'><span class='gallery-icon portrait'>\n\t\t\t\t<a href='https:\/\/kasvillarent.com\/tr\/accommodation\/villa-maria-kas-2\/attachment\/villa-maria-kas-terrace-12-2\/'><img loading=\"lazy\" decoding=\"async\" width=\"150\" height=\"150\" src=\"https:\/\/kasvillarent.com\/wp-content\/uploads\/2017\/06\/Villa-Maria-Kas-Terrace-12-150x150.jpg\" class=\"attachment-thumbnail size-thumbnail\" alt=\"Outdoor Dining Table of Villa Maria Kas\" aria-describedby=\"mphb-flexslider-gallery-2-13626\" \/><\/a>\n\t\t\t<\/span><\/li><li class='gallery-item'><span class='gallery-icon landscape'>\n\t\t\t\t<a href='https:\/\/kasvillarent.com\/tr\/accommodation\/villa-maria-kas-2\/attachment\/villa-maria-kas-terrace-14-2\/'><img loading=\"lazy\" decoding=\"async\" width=\"150\" height=\"150\" src=\"https:\/\/kasvillarent.com\/wp-content\/uploads\/2017\/06\/Villa-Maria-Kas-Terrace-14-150x150.jpg\" class=\"attachment-thumbnail size-thumbnail\" alt=\"Outdoor dining table\" aria-describedby=\"mphb-flexslider-gallery-2-13628\" \/><\/a>\n\t\t\t<\/span><\/li><li class='gallery-item'><span class='gallery-icon portrait'>\n\t\t\t\t<a href='https:\/\/kasvillarent.com\/tr\/accommodation\/villa-maria-kas-2\/attachment\/villa-maria-kas-terrace-21-2-2\/'><img loading=\"lazy\" decoding=\"async\" width=\"150\" height=\"150\" src=\"https:\/\/kasvillarent.com\/wp-content\/uploads\/2017\/06\/Villa-Maria-Kas-Terrace-21-1-150x150.jpg\" class=\"attachment-thumbnail size-thumbnail\" alt=\"Modern and large barbeque for our guests\" aria-describedby=\"mphb-flexslider-gallery-2-13634\" \/><\/a>\n\t\t\t<\/span><\/li><li class='gallery-item'><span class='gallery-icon landscape'>\n\t\t\t\t<a href='https:\/\/kasvillarent.com\/tr\/accommodation\/villa-maria-kas-2\/attachment\/villa-maria-kas-living-room-04-2\/'><img loading=\"lazy\" decoding=\"async\" width=\"150\" height=\"150\" src=\"https:\/\/kasvillarent.com\/wp-content\/uploads\/2017\/06\/Villa-MAria-Kas-Living-Room-04-150x150.jpg\" class=\"attachment-thumbnail size-thumbnail\" alt=\"Villa Maria Kas Living Room\" aria-describedby=\"mphb-flexslider-gallery-2-13662\" \/><\/a>\n\t\t\t<\/span><\/li><li class='gallery-item'><span class='gallery-icon landscape'>\n\t\t\t\t<a href='https:\/\/kasvillarent.com\/tr\/accommodation\/villa-maria-kas-2\/attachment\/villa-maria-kas-living-room-02-2\/'><img loading=\"lazy\" decoding=\"async\" width=\"150\" height=\"150\" src=\"https:\/\/kasvillarent.com\/wp-content\/uploads\/2017\/06\/Villa-MAria-Kas-Living-Room-02-150x150.jpg\" class=\"attachment-thumbnail size-thumbnail\" alt=\"Villa Maria Kas Living Room\" aria-describedby=\"mphb-flexslider-gallery-2-13664\" \/><\/a>\n\t\t\t<\/span><\/li><li class='gallery-item'><span class='gallery-icon landscape'>\n\t\t\t\t<a href='https:\/\/kasvillarent.com\/tr\/accommodation\/villa-maria-kas-2\/attachment\/villa-maria-kas-living-room-01-2\/'><img loading=\"lazy\" decoding=\"async\" width=\"150\" height=\"150\" src=\"https:\/\/kasvillarent.com\/wp-content\/uploads\/2017\/06\/Villa-MAria-Kas-Living-Room-01-150x150.jpg\" class=\"attachment-thumbnail size-thumbnail\" alt=\"Villa Maria Kas Living Room\" aria-describedby=\"mphb-flexslider-gallery-2-13668\" \/><\/a>\n\t\t\t<\/span><\/li><li class='gallery-item'><span class='gallery-icon landscape'>\n\t\t\t\t<a href='https:\/\/kasvillarent.com\/tr\/accommodation\/villa-maria-kas-2\/attachment\/villa-maria-kas-living-room-05-2\/'><img loading=\"lazy\" decoding=\"async\" width=\"150\" height=\"150\" src=\"https:\/\/kasvillarent.com\/wp-content\/uploads\/2017\/06\/Villa-MAria-Kas-Living-Room-05-150x150.jpg\" class=\"attachment-thumbnail size-thumbnail\" alt=\"Villa Maria Kas Living Room\" aria-describedby=\"mphb-flexslider-gallery-2-13670\" \/><\/a>\n\t\t\t<\/span><\/li><li class='gallery-item'><span class='gallery-icon landscape'>\n\t\t\t\t<a href='https:\/\/kasvillarent.com\/tr\/accommodation\/villa-maria-kas-2\/attachment\/villa-maria-kas-living-room-06-2\/'><img loading=\"lazy\" decoding=\"async\" width=\"150\" height=\"150\" src=\"https:\/\/kasvillarent.com\/wp-content\/uploads\/2017\/06\/Villa-MAria-Kas-Living-Room-06-150x150.jpg\" class=\"attachment-thumbnail size-thumbnail\" alt=\"Villa Maria Kas Living Room\" aria-describedby=\"mphb-flexslider-gallery-2-13672\" \/><\/a>\n\t\t\t<\/span><\/li><li class='gallery-item'><span class='gallery-icon portrait'>\n\t\t\t\t<a href='https:\/\/kasvillarent.com\/tr\/accommodation\/villa-maria-kas-2\/attachment\/fireplace-and-stove-2\/'><img loading=\"lazy\" decoding=\"async\" width=\"150\" height=\"150\" src=\"https:\/\/kasvillarent.com\/wp-content\/uploads\/2017\/06\/Fireplace-and-stove-150x150.jpg\" class=\"attachment-thumbnail size-thumbnail\" alt=\"\" aria-describedby=\"mphb-flexslider-gallery-2-13676\" \/><\/a>\n\t\t\t<\/span><\/li><li class='gallery-item'><span class='gallery-icon landscape'>\n\t\t\t\t<a href='https:\/\/kasvillarent.com\/tr\/accommodation\/villa-maria-kas-2\/attachment\/villa-maria-kas-kitchen-19-2\/'><img loading=\"lazy\" decoding=\"async\" width=\"150\" height=\"150\" src=\"https:\/\/kasvillarent.com\/wp-content\/uploads\/2017\/06\/Villa-Maria-Kas-Kitchen-19-150x150.jpg\" class=\"attachment-thumbnail size-thumbnail\" alt=\"Villa Maria Kas Kitchen\" aria-describedby=\"mphb-flexslider-gallery-2-13686\" \/><\/a>\n\t\t\t<\/span><\/li><li class='gallery-item'><span class='gallery-icon landscape'>\n\t\t\t\t<a href='https:\/\/kasvillarent.com\/tr\/accommodation\/villa-maria-kas-2\/attachment\/villa-maria-kas-kitchen-20-2\/'><img loading=\"lazy\" decoding=\"async\" width=\"150\" height=\"150\" src=\"https:\/\/kasvillarent.com\/wp-content\/uploads\/2017\/06\/Villa-Maria-Kas-Kitchen-20-150x150.jpg\" class=\"attachment-thumbnail size-thumbnail\" alt=\"Villa Maria Kas Kitchen\" aria-describedby=\"mphb-flexslider-gallery-2-13688\" \/><\/a>\n\t\t\t<\/span><\/li><li class='gallery-item'><span class='gallery-icon landscape'>\n\t\t\t\t<a href='https:\/\/kasvillarent.com\/tr\/accommodation\/villa-maria-kas-2\/attachment\/villa-maria-kas-kitchen-08-2\/'><img loading=\"lazy\" decoding=\"async\" width=\"150\" height=\"150\" src=\"https:\/\/kasvillarent.com\/wp-content\/uploads\/2017\/06\/Villa-Maria-Kas-Kitchen-08-150x150.jpg\" class=\"attachment-thumbnail size-thumbnail\" alt=\"Villa Maria Kas Kitchen\" aria-describedby=\"mphb-flexslider-gallery-2-13682\" \/><\/a>\n\t\t\t<\/span><\/li><li class='gallery-item'><span class='gallery-icon landscape'>\n\t\t\t\t<a href='https:\/\/kasvillarent.com\/tr\/accommodation\/villa-maria-kas-2\/attachment\/villa-maria-kas-kitchen-23-2\/'><img loading=\"lazy\" decoding=\"async\" width=\"150\" height=\"150\" src=\"https:\/\/kasvillarent.com\/wp-content\/uploads\/2017\/06\/Villa-Maria-Kas-Kitchen-23-150x150.jpg\" class=\"attachment-thumbnail size-thumbnail\" alt=\"Villa Maria Kas Kitchen\" aria-describedby=\"mphb-flexslider-gallery-2-13684\" \/><\/a>\n\t\t\t<\/span><\/li><li class='gallery-item'><span class='gallery-icon landscape'>\n\t\t\t\t<a href='https:\/\/kasvillarent.com\/tr\/accommodation\/villa-maria-kas-2\/attachment\/villa-maria-kas-kitchen-12-2\/'><img loading=\"lazy\" decoding=\"async\" width=\"150\" height=\"150\" src=\"https:\/\/kasvillarent.com\/wp-content\/uploads\/2017\/06\/Villa-Maria-Kas-Kitchen-12-150x150.jpg\" class=\"attachment-thumbnail size-thumbnail\" alt=\"Villa Maria Kas Kitchen\" aria-describedby=\"mphb-flexslider-gallery-2-13678\" \/><\/a>\n\t\t\t<\/span><\/li><li class='gallery-item'><span class='gallery-icon landscape'>\n\t\t\t\t<a href='https:\/\/kasvillarent.com\/tr\/accommodation\/villa-maria-kas-2\/attachment\/villa-maria-kas-kitchen-03-2\/'><img loading=\"lazy\" decoding=\"async\" width=\"150\" height=\"150\" src=\"https:\/\/kasvillarent.com\/wp-content\/uploads\/2017\/06\/Villa-Maria-Kas-Kitchen-03-150x150.jpg\" class=\"attachment-thumbnail size-thumbnail\" alt=\"Villa Maria Kas Kitchen\" aria-describedby=\"mphb-flexslider-gallery-2-13680\" \/><\/a>\n\t\t\t<\/span><\/li><li class='gallery-item'><span class='gallery-icon landscape'>\n\t\t\t\t<a href='https:\/\/kasvillarent.com\/tr\/accommodation\/villa-maria-kas-2\/attachment\/villa-maria-kas-master-bedroom-04-2\/'><img loading=\"lazy\" decoding=\"async\" width=\"150\" height=\"150\" src=\"https:\/\/kasvillarent.com\/wp-content\/uploads\/2017\/06\/Villa-Maria-Kas-Master-Bedroom-04-150x150.jpg\" class=\"attachment-thumbnail size-thumbnail\" alt=\"Villa Maria Kas Master Bedroom\" aria-describedby=\"mphb-flexslider-gallery-2-13690\" \/><\/a>\n\t\t\t<\/span><\/li><li class='gallery-item'><span class='gallery-icon landscape'>\n\t\t\t\t<a href='https:\/\/kasvillarent.com\/tr\/accommodation\/villa-maria-kas-2\/attachment\/villa-maria-kas-master-bedroom-01-2\/'><img loading=\"lazy\" decoding=\"async\" width=\"150\" height=\"150\" src=\"https:\/\/kasvillarent.com\/wp-content\/uploads\/2017\/06\/Villa-Maria-Kas-Master-Bedroom-01-150x150.jpg\" class=\"attachment-thumbnail size-thumbnail\" alt=\"Villa Maria Kas Master Bedroom\" aria-describedby=\"mphb-flexslider-gallery-2-13692\" \/><\/a>\n\t\t\t<\/span><\/li><li class='gallery-item'><span class='gallery-icon landscape'>\n\t\t\t\t<a href='https:\/\/kasvillarent.com\/tr\/accommodation\/villa-maria-kas-2\/attachment\/villa-maria-kas-master-bedroom-08-2\/'><img loading=\"lazy\" decoding=\"async\" width=\"150\" height=\"150\" src=\"https:\/\/kasvillarent.com\/wp-content\/uploads\/2017\/06\/Villa-Maria-Kas-Master-Bedroom-08-150x150.jpg\" class=\"attachment-thumbnail size-thumbnail\" alt=\"Villa Maria Kas Master Bedroom\" aria-describedby=\"mphb-flexslider-gallery-2-13694\" \/><\/a>\n\t\t\t<\/span><\/li><li class='gallery-item'><span class='gallery-icon landscape'>\n\t\t\t\t<a href='https:\/\/kasvillarent.com\/tr\/accommodation\/villa-maria-kas-2\/attachment\/villa-maria-kas-master-bedroom-15-2\/'><img loading=\"lazy\" decoding=\"async\" width=\"150\" height=\"150\" src=\"https:\/\/kasvillarent.com\/wp-content\/uploads\/2017\/06\/Villa-Maria-Kas-Master-Bedroom-15-150x150.jpg\" class=\"attachment-thumbnail size-thumbnail\" alt=\"Villa Maria Kas Master Bedroom\" aria-describedby=\"mphb-flexslider-gallery-2-13696\" \/><\/a>\n\t\t\t<\/span><\/li><li class='gallery-item'><span class='gallery-icon landscape'>\n\t\t\t\t<a href='https:\/\/kasvillarent.com\/tr\/accommodation\/villa-maria-kas-2\/attachment\/villa-maria-kas-master-bathroom-01-2\/'><img loading=\"lazy\" decoding=\"async\" width=\"150\" height=\"150\" src=\"https:\/\/kasvillarent.com\/wp-content\/uploads\/2017\/06\/Villa-Maria-Kas-master-bathroom-01-150x150.jpg\" class=\"attachment-thumbnail size-thumbnail\" alt=\"Villa Maria Kas Master Bathroom\" aria-describedby=\"mphb-flexslider-gallery-2-13698\" \/><\/a>\n\t\t\t<\/span><\/li><li class='gallery-item'><span class='gallery-icon landscape'>\n\t\t\t\t<a href='https:\/\/kasvillarent.com\/tr\/accommodation\/villa-maria-kas-2\/attachment\/villa-maria-kas-master-bathroom-08-2\/'><img loading=\"lazy\" decoding=\"async\" width=\"150\" height=\"150\" src=\"https:\/\/kasvillarent.com\/wp-content\/uploads\/2017\/06\/Villa-Maria-Kas-master-bathroom-08-150x150.jpg\" class=\"attachment-thumbnail size-thumbnail\" alt=\"Villa Maria Kas Master Bathroom\" aria-describedby=\"mphb-flexslider-gallery-2-13700\" \/><\/a>\n\t\t\t<\/span><\/li><li class='gallery-item'><span class='gallery-icon landscape'>\n\t\t\t\t<a href='https:\/\/kasvillarent.com\/tr\/accommodation\/villa-maria-kas-2\/attachment\/villa-maria-kas-master-bathroom-02-2\/'><img loading=\"lazy\" decoding=\"async\" width=\"150\" height=\"150\" src=\"https:\/\/kasvillarent.com\/wp-content\/uploads\/2017\/06\/Villa-Maria-Kas-master-bathroom-02-150x150.jpg\" class=\"attachment-thumbnail size-thumbnail\" alt=\"Villa Maria Kas Master Bathroom\" aria-describedby=\"mphb-flexslider-gallery-2-13702\" \/><\/a>\n\t\t\t<\/span><\/li><li class='gallery-item'><span class='gallery-icon portrait'>\n\t\t\t\t<a href='https:\/\/kasvillarent.com\/tr\/accommodation\/villa-maria-kas-2\/attachment\/villa-maria-kas-master-bathroom-10-2\/'><img loading=\"lazy\" decoding=\"async\" width=\"150\" height=\"150\" src=\"https:\/\/kasvillarent.com\/wp-content\/uploads\/2017\/06\/Villa-Maria-Kas-master-bathroom-10-150x150.jpg\" class=\"attachment-thumbnail size-thumbnail\" alt=\"Villa Maria Kas Master Bathroom\" aria-describedby=\"mphb-flexslider-gallery-2-13704\" \/><\/a>\n\t\t\t<\/span><\/li><li class='gallery-item'><span class='gallery-icon landscape'>\n\t\t\t\t<a href='https:\/\/kasvillarent.com\/tr\/accommodation\/villa-maria-kas-2\/attachment\/villa-maria-kas-double-bed-bedroom-05-2\/'><img loading=\"lazy\" decoding=\"async\" width=\"150\" height=\"150\" src=\"https:\/\/kasvillarent.com\/wp-content\/uploads\/2017\/06\/Villa-Maria-Kas-Double-Bed-Bedroom-05-150x150.jpg\" class=\"attachment-thumbnail size-thumbnail\" alt=\"Villa Maria Kas Double Bedroom\" aria-describedby=\"mphb-flexslider-gallery-2-13706\" \/><\/a>\n\t\t\t<\/span><\/li><li class='gallery-item'><span class='gallery-icon landscape'>\n\t\t\t\t<a href='https:\/\/kasvillarent.com\/tr\/accommodation\/villa-maria-kas-2\/attachment\/villa-maria-kas-double-bed-bedroom-06-2\/'><img loading=\"lazy\" decoding=\"async\" width=\"150\" height=\"150\" src=\"https:\/\/kasvillarent.com\/wp-content\/uploads\/2017\/06\/Villa-Maria-Kas-Double-Bed-Bedroom-06-150x150.jpg\" class=\"attachment-thumbnail size-thumbnail\" alt=\"Villa Maria Kas Double Bedroom\" aria-describedby=\"mphb-flexslider-gallery-2-13708\" \/><\/a>\n\t\t\t<\/span><\/li><li class='gallery-item'><span class='gallery-icon landscape'>\n\t\t\t\t<a href='https:\/\/kasvillarent.com\/tr\/accommodation\/villa-maria-kas-2\/attachment\/villa-maria-kas-double-bed-bedroom-03-2\/'><img loading=\"lazy\" decoding=\"async\" width=\"150\" height=\"150\" src=\"https:\/\/kasvillarent.com\/wp-content\/uploads\/2017\/06\/Villa-Maria-Kas-Double-Bed-Bedroom-03-150x150.jpg\" class=\"attachment-thumbnail size-thumbnail\" alt=\"Villa Maria Kas Double Bedroom\" aria-describedby=\"mphb-flexslider-gallery-2-13710\" \/><\/a>\n\t\t\t<\/span><\/li><li class='gallery-item'><span class='gallery-icon landscape'>\n\t\t\t\t<a href='https:\/\/kasvillarent.com\/tr\/accommodation\/villa-maria-kas-2\/attachment\/villa-maria-kas-double-bed-bedroom-01-2\/'><img loading=\"lazy\" decoding=\"async\" width=\"150\" height=\"150\" src=\"https:\/\/kasvillarent.com\/wp-content\/uploads\/2017\/06\/Villa-Maria-Kas-Double-Bed-Bedroom-01-150x150.jpg\" class=\"attachment-thumbnail size-thumbnail\" alt=\"Villa Maria Kas Double Bedroom\" aria-describedby=\"mphb-flexslider-gallery-2-13712\" \/><\/a>\n\t\t\t<\/span><\/li><li class='gallery-item'><span class='gallery-icon portrait'>\n\t\t\t\t<a href='https:\/\/kasvillarent.com\/tr\/accommodation\/villa-maria-kas-2\/attachment\/villa-maria-kas-double-bedroom-13-2\/'><img loading=\"lazy\" decoding=\"async\" width=\"150\" height=\"150\" src=\"https:\/\/kasvillarent.com\/wp-content\/uploads\/2017\/06\/Villa-Maria-Kas-Double-Bedroom-13-150x150.jpg\" class=\"attachment-thumbnail size-thumbnail\" alt=\"Villa Maria Kas Double Bedroom\" aria-describedby=\"mphb-flexslider-gallery-2-13716\" \/><\/a>\n\t\t\t<\/span><\/li><li class='gallery-item'><span class='gallery-icon landscape'>\n\t\t\t\t<a href='https:\/\/kasvillarent.com\/tr\/accommodation\/villa-maria-kas-2\/attachment\/villa-maria-kas-twin-bedroom-16-2\/'><img loading=\"lazy\" decoding=\"async\" width=\"150\" height=\"150\" src=\"https:\/\/kasvillarent.com\/wp-content\/uploads\/2017\/06\/Villa-Maria-Kas-Twin-Bedroom-16-150x150.jpg\" class=\"attachment-thumbnail size-thumbnail\" alt=\"Villa Maria Kas Twin Bedroom\" aria-describedby=\"mphb-flexslider-gallery-2-13718\" \/><\/a>\n\t\t\t<\/span><\/li><li class='gallery-item'><span class='gallery-icon landscape'>\n\t\t\t\t<a href='https:\/\/kasvillarent.com\/tr\/accommodation\/villa-maria-kas-2\/attachment\/villa-maria-kas-twin-bedroom-13-2\/'><img loading=\"lazy\" decoding=\"async\" width=\"150\" height=\"150\" src=\"https:\/\/kasvillarent.com\/wp-content\/uploads\/2017\/06\/Villa-Maria-Kas-Twin-Bedroom-13-150x150.jpg\" class=\"attachment-thumbnail size-thumbnail\" alt=\"Villa Maria Kas Twin Bedroom\" aria-describedby=\"mphb-flexslider-gallery-2-13722\" \/><\/a>\n\t\t\t<\/span><\/li><li class='gallery-item'><span class='gallery-icon landscape'>\n\t\t\t\t<a href='https:\/\/kasvillarent.com\/tr\/accommodation\/villa-maria-kas-2\/attachment\/villa-maria-kas-twin-bedroom-18-2\/'><img loading=\"lazy\" decoding=\"async\" width=\"150\" height=\"150\" src=\"https:\/\/kasvillarent.com\/wp-content\/uploads\/2017\/06\/Villa-Maria-Kas-Twin-Bedroom-18-150x150.jpg\" class=\"attachment-thumbnail size-thumbnail\" alt=\"Villa Maria Kas Twin Bedroom\" aria-describedby=\"mphb-flexslider-gallery-2-13724\" \/><\/a>\n\t\t\t<\/span><\/li><li class='gallery-item'><span class='gallery-icon landscape'>\n\t\t\t\t<a href='https:\/\/kasvillarent.com\/tr\/accommodation\/villa-maria-kas-2\/attachment\/villa-maria-kas-twin-bedroom-21-2\/'><img loading=\"lazy\" decoding=\"async\" width=\"150\" height=\"150\" src=\"https:\/\/kasvillarent.com\/wp-content\/uploads\/2017\/06\/Villa-Maria-Kas-Twin-Bedroom-21-150x150.jpg\" class=\"attachment-thumbnail size-thumbnail\" alt=\"Villa Maria Kas Twin Bedroom\" aria-describedby=\"mphb-flexslider-gallery-2-13726\" \/><\/a>\n\t\t\t<\/span><\/li><li class='gallery-item'><span class='gallery-icon landscape'>\n\t\t\t\t<a href='https:\/\/kasvillarent.com\/tr\/accommodation\/villa-maria-kas-2\/attachment\/villa-maria-kas-upper-floor-bathroom-04-2\/'><img loading=\"lazy\" decoding=\"async\" width=\"150\" height=\"150\" src=\"https:\/\/kasvillarent.com\/wp-content\/uploads\/2017\/06\/Villa-Maria-Kas-upper-floor-bathroom-04-150x150.jpg\" class=\"attachment-thumbnail size-thumbnail\" alt=\"Villa Maria Kas Upper Floor Bathrooms\" aria-describedby=\"mphb-flexslider-gallery-2-13728\" \/><\/a>\n\t\t\t<\/span><\/li><li class='gallery-item'><span class='gallery-icon landscape'>\n\t\t\t\t<a href='https:\/\/kasvillarent.com\/tr\/accommodation\/villa-maria-kas-2\/attachment\/villa-maria-kas-upper-floor-bathroom-03-2\/'><img loading=\"lazy\" decoding=\"async\" width=\"150\" height=\"150\" src=\"https:\/\/kasvillarent.com\/wp-content\/uploads\/2017\/06\/Villa-Maria-Kas-upper-floor-bathroom-03-150x150.jpg\" class=\"attachment-thumbnail size-thumbnail\" alt=\"Villa Maria Kas Upper Floor Bathrooms\" aria-describedby=\"mphb-flexslider-gallery-2-13730\" \/><\/a>\n\t\t\t<\/span><\/li><li class='gallery-item'><span class='gallery-icon landscape'>\n\t\t\t\t<a href='https:\/\/kasvillarent.com\/tr\/accommodation\/villa-maria-kas-2\/attachment\/villa-maria-kas-upper-floor-bathroom-01-2\/'><img loading=\"lazy\" decoding=\"async\" width=\"150\" height=\"150\" src=\"https:\/\/kasvillarent.com\/wp-content\/uploads\/2017\/06\/Villa-Maria-Kas-upper-floor-bathroom-01-150x150.jpg\" class=\"attachment-thumbnail size-thumbnail\" alt=\"Villa Maria Kas Upper Floor Bathrooms\" aria-describedby=\"mphb-flexslider-gallery-2-13732\" \/><\/a>\n\t\t\t<\/span><\/li><li class='gallery-item'><span class='gallery-icon landscape'>\n\t\t\t\t<a href='https:\/\/kasvillarent.com\/tr\/accommodation\/villa-maria-kas-2\/attachment\/villa-maria-kas-upper-floor-bathroom-09-2\/'><img loading=\"lazy\" decoding=\"async\" width=\"150\" height=\"150\" src=\"https:\/\/kasvillarent.com\/wp-content\/uploads\/2017\/06\/Villa-Maria-Kas-upper-floor-bathroom-09-150x150.jpg\" class=\"attachment-thumbnail size-thumbnail\" alt=\"Villa Maria Kas Upper Floor Bathrooms\" aria-describedby=\"mphb-flexslider-gallery-2-13734\" \/><\/a>\n\t\t\t<\/span><\/li><li class='gallery-item'><span class='gallery-icon landscape'>\n\t\t\t\t<a href='https:\/\/kasvillarent.com\/tr\/accommodation\/villa-maria-kas-2\/attachment\/villa-maria-kas-upper-floor-bathroom-07-2\/'><img loading=\"lazy\" decoding=\"async\" width=\"150\" height=\"150\" src=\"https:\/\/kasvillarent.com\/wp-content\/uploads\/2017\/06\/Villa-Maria-Kas-upper-floor-bathroom-07-150x150.jpg\" class=\"attachment-thumbnail size-thumbnail\" alt=\"Villa Maria Kas Upper Floor Bathrooms\" aria-describedby=\"mphb-flexslider-gallery-2-13736\" \/><\/a>\n\t\t\t<\/span><\/li><li class='gallery-item'><span class='gallery-icon landscape'>\n\t\t\t\t<a href='https:\/\/kasvillarent.com\/tr\/accommodation\/villa-maria-kas-2\/attachment\/villa-maria-kas-front-garden-01-2\/'><img loading=\"lazy\" decoding=\"async\" width=\"150\" height=\"150\" src=\"https:\/\/kasvillarent.com\/wp-content\/uploads\/2017\/06\/Villa-Maria-Kas-Front-Garden-01-150x150.jpg\" class=\"attachment-thumbnail size-thumbnail\" alt=\"Villa Maria Kas Front Garden\" aria-describedby=\"mphb-flexslider-gallery-2-13738\" \/><\/a>\n\t\t\t<\/span><\/li><li class='gallery-item'><span class='gallery-icon landscape'>\n\t\t\t\t<a href='https:\/\/kasvillarent.com\/tr\/accommodation\/villa-maria-kas-2\/attachment\/villa-maria-kas-front-garden-03-2\/'><img loading=\"lazy\" decoding=\"async\" width=\"150\" height=\"150\" src=\"https:\/\/kasvillarent.com\/wp-content\/uploads\/2017\/06\/Villa-Maria-Kas-Front-Garden-03-150x150.jpg\" class=\"attachment-thumbnail size-thumbnail\" alt=\"Villa Maria Kas Front Garden\" aria-describedby=\"mphb-flexslider-gallery-2-13740\" \/><\/a>\n\t\t\t<\/span><\/li><li class='gallery-item'><span class='gallery-icon landscape'>\n\t\t\t\t<a href='https:\/\/kasvillarent.com\/tr\/accommodation\/villa-maria-kas-2\/attachment\/villa-maria-kas-front-garden-04-2\/'><img loading=\"lazy\" decoding=\"async\" width=\"150\" height=\"150\" src=\"https:\/\/kasvillarent.com\/wp-content\/uploads\/2017\/06\/Villa-Maria-Kas-Front-Garden-04-150x150.jpg\" class=\"attachment-thumbnail size-thumbnail\" alt=\"Villa Maria Kas Front Garden\" aria-describedby=\"mphb-flexslider-gallery-2-13742\" \/><\/a>\n\t\t\t<\/span><\/li><li class='gallery-item'><span class='gallery-icon landscape'>\n\t\t\t\t<a href='https:\/\/kasvillarent.com\/tr\/accommodation\/villa-maria-kas-2\/attachment\/villa-maria-kas-front-garden-07-copy-2\/'><img loading=\"lazy\" decoding=\"async\" width=\"150\" height=\"150\" src=\"https:\/\/kasvillarent.com\/wp-content\/uploads\/2017\/06\/Villa-Maria-Kas-Front-Garden-07-copy-150x150.jpg\" class=\"attachment-thumbnail size-thumbnail\" alt=\"Villa Maria Kas Parking Area\" aria-describedby=\"mphb-flexslider-gallery-2-13744\" \/><\/a>\n\t\t\t<\/span><\/li><li class='gallery-item'><span class='gallery-icon landscape'>\n\t\t\t\t<a href='https:\/\/kasvillarent.com\/tr\/accommodation\/villa-maria-kas-2\/attachment\/villa-maria-kas-front-garden-02-2\/'><img loading=\"lazy\" decoding=\"async\" width=\"150\" height=\"150\" src=\"https:\/\/kasvillarent.com\/wp-content\/uploads\/2017\/06\/Villa-Maria-Kas-Front-Garden-02-150x150.jpg\" class=\"attachment-thumbnail size-thumbnail\" alt=\"Villa Maria Kas Front Garden\" aria-describedby=\"mphb-flexslider-gallery-2-13746\" srcset=\"https:\/\/kasvillarent.com\/wp-content\/uploads\/2017\/06\/Villa-Maria-Kas-Front-Garden-02-150x150.jpg 150w, https:\/\/kasvillarent.com\/wp-content\/uploads\/2017\/06\/Villa-Maria-Kas-Front-Garden-02-300x300.jpg 300w, https:\/\/kasvillarent.com\/wp-content\/uploads\/2017\/06\/Villa-Maria-Kas-Front-Garden-02-1024x1024.jpg 1024w, https:\/\/kasvillarent.com\/wp-content\/uploads\/2017\/06\/Villa-Maria-Kas-Front-Garden-02-768x768.jpg 768w, https:\/\/kasvillarent.com\/wp-content\/uploads\/2017\/06\/Villa-Maria-Kas-Front-Garden-02-618x618.jpg 618w, https:\/\/kasvillarent.com\/wp-content\/uploads\/2017\/06\/Villa-Maria-Kas-Front-Garden-02.jpg 1512w\" sizes=\"(max-width: 150px) 100vw, 150px\" \/><\/a>\n\t\t\t<\/span><\/li><li class='gallery-item'><span class='gallery-icon portrait'>\n\t\t\t\t<a href='https:\/\/kasvillarent.com\/tr\/accommodation\/villa-maria-kas-2\/attachment\/villa-maria-kas-front-garden-13-2\/'><img loading=\"lazy\" decoding=\"async\" width=\"150\" height=\"150\" src=\"https:\/\/kasvillarent.com\/wp-content\/uploads\/2017\/06\/Villa-Maria-Kas-Front-Garden-13-150x150.jpg\" class=\"attachment-thumbnail size-thumbnail\" alt=\"Villa Maria Kas Front Garden\" aria-describedby=\"mphb-flexslider-gallery-2-13748\" \/><\/a>\n\t\t\t<\/span><\/li><li class='gallery-item'><span class='gallery-icon portrait'>\n\t\t\t\t<a href='https:\/\/kasvillarent.com\/tr\/accommodation\/villa-maria-kas-2\/attachment\/villa-maria-kas-front-garden-16-2\/'><img loading=\"lazy\" decoding=\"async\" width=\"150\" height=\"150\" src=\"https:\/\/kasvillarent.com\/wp-content\/uploads\/2017\/06\/Villa-Maria-Kas-Front-Garden-16-150x150.jpg\" class=\"attachment-thumbnail size-thumbnail\" alt=\"Roses at Garden of Villa Maria Kas\" aria-describedby=\"mphb-flexslider-gallery-2-13750\" \/><\/a>\n\t\t\t<\/span><\/li><li class='gallery-item'><span class='gallery-icon landscape'>\n\t\t\t\t<a href='https:\/\/kasvillarent.com\/tr\/accommodation\/villa-maria-kas-2\/attachment\/bes-villalar-panaroma-view-from-yenikoy-2\/'><img loading=\"lazy\" decoding=\"async\" width=\"150\" height=\"150\" src=\"https:\/\/kasvillarent.com\/wp-content\/uploads\/2017\/06\/Bes-Villalar-Panaroma-View-from-Yenikoy-150x150.jpg\" class=\"attachment-thumbnail size-thumbnail\" alt=\"\" \/><\/a>\n\t\t\t<\/span><\/li><li class='gallery-item'><span class='gallery-icon landscape'>\n\t\t\t\t<a href='https:\/\/kasvillarent.com\/tr\/accommodation\/villa-maria-kas-2\/attachment\/default-5-2-2\/'><img loading=\"lazy\" decoding=\"async\" width=\"150\" height=\"150\" src=\"https:\/\/kasvillarent.com\/wp-content\/uploads\/2017\/06\/Five-Villa-Drone-View-150x150.jpg\" class=\"attachment-thumbnail size-thumbnail\" alt=\"Five Villas Drone View\" aria-describedby=\"mphb-flexslider-gallery-2-13758\" \/><\/a>\n\t\t\t<\/span><\/li><li class='gallery-item'><span class='gallery-icon landscape'>\n\t\t\t\t<a href='https:\/\/kasvillarent.com\/tr\/accommodation\/villa-maria-kas-2\/attachment\/default-6-2\/'><img loading=\"lazy\" decoding=\"async\" width=\"150\" height=\"150\" src=\"https:\/\/kasvillarent.com\/wp-content\/uploads\/2017\/06\/Villa-Maria-Kas-Drone-View-150x150.jpg\" class=\"attachment-thumbnail size-thumbnail\" alt=\"Villa Maria Kas Drone View\" aria-describedby=\"mphb-flexslider-gallery-2-13760\" \/><\/a>\n\t\t\t<\/span><\/li><li class='gallery-item'><span class='gallery-icon landscape'>\n\t\t\t\t<a href='https:\/\/kasvillarent.com\/tr\/accommodation\/villa-maria-kas-2\/attachment\/yenikoy-kas-panaroma-01-2\/'><img loading=\"lazy\" decoding=\"async\" width=\"150\" height=\"150\" src=\"https:\/\/kasvillarent.com\/wp-content\/uploads\/2017\/06\/Yenikoy-Kas-Panaroma-01-150x150.jpg\" class=\"attachment-thumbnail size-thumbnail\" alt=\"Yenikoy - Kas Panaroma\" aria-describedby=\"mphb-flexslider-gallery-2-13762\" \/><\/a>\n\t\t\t<\/span><\/li><li class='gallery-item'><span class='gallery-icon landscape'>\n\t\t\t\t<a href='https:\/\/kasvillarent.com\/tr\/accommodation\/villa-maria-kas-2\/attachment\/yenikoy-kas-panaroma-02-2\/'><img loading=\"lazy\" decoding=\"async\" width=\"150\" height=\"150\" src=\"https:\/\/kasvillarent.com\/wp-content\/uploads\/2017\/06\/Yenikoy-Kas-Panaroma-02-150x150.jpg\" class=\"attachment-thumbnail size-thumbnail\" alt=\"Yenik\u00f6y - Kas Panaroma\" aria-describedby=\"mphb-flexslider-gallery-2-13764\" \/><\/a>\n\t\t\t<\/span><\/li><li class='gallery-item'><span class='gallery-icon landscape'>\n\t\t\t\t<a href='https:\/\/kasvillarent.com\/tr\/accommodation\/villa-maria-kas-2\/attachment\/kas-panaroma-01-2\/'><img loading=\"lazy\" decoding=\"async\" width=\"150\" height=\"150\" src=\"https:\/\/kasvillarent.com\/wp-content\/uploads\/2017\/06\/Kas-Panaroma-01-150x150.jpg\" class=\"attachment-thumbnail size-thumbnail\" alt=\"Kas Panaroma\" aria-describedby=\"mphb-flexslider-gallery-2-13752\" \/><\/a>\n\t\t\t<\/span><\/li><li class='gallery-item'><span class='gallery-icon landscape'>\n\t\t\t\t<a href='https:\/\/kasvillarent.com\/tr\/accommodation\/villa-maria-kas-2\/attachment\/kas-panaroma-04-2\/'><img loading=\"lazy\" decoding=\"async\" width=\"150\" height=\"150\" src=\"https:\/\/kasvillarent.com\/wp-content\/uploads\/2017\/06\/Kas-Panaroma-04-150x150.jpg\" class=\"attachment-thumbnail size-thumbnail\" alt=\"Kas Panaroma\" aria-describedby=\"mphb-flexslider-gallery-2-13768\" \/><\/a>\n\t\t\t<\/span><\/li><li class='gallery-item'><span class='gallery-icon landscape'>\n\t\t\t\t<a href='https:\/\/kasvillarent.com\/tr\/accommodation\/villa-maria-kas-2\/attachment\/kas-panaroma-03-2\/'><img loading=\"lazy\" decoding=\"async\" width=\"150\" height=\"150\" src=\"https:\/\/kasvillarent.com\/wp-content\/uploads\/2017\/06\/Kas-Panaroma-03-150x150.jpg\" class=\"attachment-thumbnail size-thumbnail\" alt=\"Kas Panaroma\" aria-describedby=\"mphb-flexslider-gallery-2-13754\" \/><\/a>\n\t\t\t<\/span><\/li><li class='gallery-item'><span class='gallery-icon landscape'>\n\t\t\t\t<a href='https:\/\/kasvillarent.com\/tr\/accommodation\/villa-maria-kas-2\/attachment\/kas-panaroma-05-2\/'><img loading=\"lazy\" decoding=\"async\" width=\"150\" height=\"150\" src=\"https:\/\/kasvillarent.com\/wp-content\/uploads\/2017\/06\/Kas-Panaroma-05-150x150.jpg\" class=\"attachment-thumbnail size-thumbnail\" alt=\"Kas Panaroma 05\" aria-describedby=\"mphb-flexslider-gallery-2-13770\" \/><\/a>\n\t\t\t<\/span><\/li><li class='gallery-item'><span class='gallery-icon landscape'>\n\t\t\t\t<a href='https:\/\/kasvillarent.com\/tr\/accommodation\/villa-maria-kas-2\/attachment\/lycian-structure-at-yenikoy-road-2\/'><img loading=\"lazy\" decoding=\"async\" width=\"150\" height=\"150\" src=\"https:\/\/kasvillarent.com\/wp-content\/uploads\/2017\/06\/Lycian-structure-at-Yenikoy-Road-150x150.jpg\" class=\"attachment-thumbnail size-thumbnail\" alt=\"Lycian structure at Yenikoy Road\" aria-describedby=\"mphb-flexslider-gallery-2-13766\" \/><\/a>\n\t\t\t<\/span><\/li><li class='gallery-item'><span class='gallery-icon landscape'>\n\t\t\t\t<a href='https:\/\/kasvillarent.com\/tr\/accommodation\/villa-maria-kas-2\/attachment\/kas-panaroma-06-2\/'><img loading=\"lazy\" decoding=\"async\" width=\"150\" height=\"150\" src=\"https:\/\/kasvillarent.com\/wp-content\/uploads\/2017\/06\/Kas-Panaroma-06-150x150.jpg\" class=\"attachment-thumbnail size-thumbnail\" alt=\"Kas Panaroma\" aria-describedby=\"mphb-flexslider-gallery-2-13772\" \/><\/a>\n\t\t\t<\/span><\/li><li class='gallery-item'><span class='gallery-icon landscape'>\n\t\t\t\t<a href='https:\/\/kasvillarent.com\/tr\/accommodation\/villa-maria-kas-2\/attachment\/villa-maria-kas-booking-award-2023-2\/'><img loading=\"lazy\" decoding=\"async\" width=\"150\" height=\"150\" src=\"https:\/\/kasvillarent.com\/wp-content\/uploads\/2017\/06\/Villa-Maria-Kas-Booking-Award-2023-150x150.png\" class=\"attachment-thumbnail size-thumbnail\" alt=\"Villa Maria Kas Booking Award 2023\" aria-describedby=\"mphb-flexslider-gallery-2-13787\" srcset=\"https:\/\/kasvillarent.com\/wp-content\/uploads\/2017\/06\/Villa-Maria-Kas-Booking-Award-2023-150x150.png 150w, https:\/\/kasvillarent.com\/wp-content\/uploads\/2017\/06\/Villa-Maria-Kas-Booking-Award-2023-300x300.png 300w, https:\/\/kasvillarent.com\/wp-content\/uploads\/2017\/06\/Villa-Maria-Kas-Booking-Award-2023-1024x1024.png 1024w, https:\/\/kasvillarent.com\/wp-content\/uploads\/2017\/06\/Villa-Maria-Kas-Booking-Award-2023-768x768.png 768w, https:\/\/kasvillarent.com\/wp-content\/uploads\/2017\/06\/Villa-Maria-Kas-Booking-Award-2023-618x618.png 618w, https:\/\/kasvillarent.com\/wp-content\/uploads\/2017\/06\/Villa-Maria-Kas-Booking-Award-2023.png 1080w\" sizes=\"(max-width: 150px) 100vw, 150px\" \/><\/a>\n\t\t\t<\/span><\/li><\/ul>\n\t\t<\/div>\n\n\t<\/div>\n\t\n<h2 class=\"mphb-room-type-title entry-title\">\n\n<a class=\"mphb-room-type-title\" href=\"https:\/\/kasvillarent.com\/tr\/accommodation\/villa-maria-kas-2\/\">Villa Maria<\/a>\n\n<\/h2>\n\n<p>Villa Maria, Antalya Ka\u015f-Yenik\u00f6y&#8217;de en iyi deniz ve do\u011fa manzaras\u0131na sahip aile tatilleri i\u00e7in ba\u011f\u0131ms\u0131z havuzlu m\u00fckemmel bir villad\u0131r.<\/p>\n\n\n<h3 class=\"mphb-room-type-details-title\">Detaylar<\/h3><ul class=\"mphb-loop-room-type-attributes\">\n\n\n\t<li class=\"mphb-room-type-adults-capacity\"><span class=\"mphb-attribute-title mphb-adults-title\">Misafirler:<\/span><span class=\"mphb-attribute-value\">\n\t7\n\t<\/span><\/li>\n\t\n\n\t<li class=\"mphb-room-type-facilities\"><span class=\"mphb-attribute-title mphb-facilities-title\">Kolayl\u0131klar:<\/span><span class=\"mphb-attribute-value\"> <span class=\"facility-balkon\"><a href=\"https:\/\/kasvillarent.com\/tr\/konaklama%20tesisi\/balkon\/\">Balkon<\/a><\/span>, <span class=\"facility-duz-ekran-tv\"><a href=\"https:\/\/kasvillarent.com\/tr\/konaklama%20tesisi\/duz-ekran-tv\/\">D\u00fcz ekran TV<\/a><\/span>, <span class=\"facility-klima\"><a href=\"https:\/\/kasvillarent.com\/tr\/konaklama%20tesisi\/klima\/\">Klima<\/a><\/span>, <span class=\"facility-somine\"><a href=\"https:\/\/kasvillarent.com\/tr\/konaklama%20tesisi\/somine\/\">\u015e\u00f6mine<\/a><\/span>, <span class=\"facility-teras\"><a href=\"https:\/\/kasvillarent.com\/tr\/konaklama%20tesisi\/teras\/\">Teras<\/a><\/span>, <span class=\"facility-ucretsiz-internet\"><a href=\"https:\/\/kasvillarent.com\/tr\/konaklama%20tesisi\/ucretsiz-internet\/\">\u00dccretsiz internet<\/a><\/span>, <span class=\"facility-ucretsiz-park\"><a href=\"https:\/\/kasvillarent.com\/tr\/konaklama%20tesisi\/ucretsiz-park\/\">\u00dccretsiz park<\/a><\/span>, <span class=\"facility-villaya-ait-ozel-acik-havuz\"><a href=\"https:\/\/kasvillarent.com\/tr\/konaklama%20tesisi\/villaya-ait-ozel-acik-havuz\/\">Villaya ait \u00f6zel a\u00e7\u0131k havuz<\/a><\/span>, <span class=\"facility-yemek-alani\"><a href=\"https:\/\/kasvillarent.com\/tr\/konaklama%20tesisi\/yemek-alani\/\">Yemek alan\u0131<\/a><\/span><\/span><\/li>\n\t\n\n\n\t<li class=\"mphb-room-type-view\"><span class=\"mphb-attribute-title mphb-view-title\">G\u00f6r\u00fcnt\u00fcle:<\/span><span class=\"mphb-attribute-value\">\n\tDeniz, A\u00e7\u0131k Havuz, Orman ve Da\u011f Manzaral\u0131\n\t<\/span><\/li>\n\t\n\n\n\t<li class=\"mphb-room-type-size\"><span class=\"mphb-attribute-title mphb-size-title\">Boyut:<\/span><span class=\"mphb-attribute-value\">\n\t200m\u00b2\n\t<\/span><\/li>\n\t\n\n\t<li class=\"mphb-room-type-bed-type\"><span  class=\"mphb-attribute-title mphb-bed-type-title\">Yatak Tipi:<\/span><span class=\"mphb-attribute-value\">\n\t2 B\u00fcy\u00fck \u00c7ift Ki\u015filik Yatak, 3 Tek Ki\u015filik Yatak\n\t<\/span><\/li>\n\t\n\n\t<li class=\"mphb-room-type-categories\"><span class=\"mphb-attribute-title mphb-categories-title\">Kategoriler:<\/span><span class=\"mphb-attribute-value\"> <span class=\"category-kas-yenikoy-tr\"><a href=\"https:\/\/kasvillarent.com\/tr\/konaklama-kategorisi\/kas-yenikoy-tr\/\">Ka\u015f Yenik\u00f6y<\/a><\/span><\/span><\/li>\n\t\n<\/ul>\n<h3 class=\"mphb-room-type-details-title\">Detaylar<\/h3><ul class=\"mphb-loop-room-type-attributes\">\n\n\n\t<li class=\"mphb-room-type-adults-capacity\"><span class=\"mphb-attribute-title mphb-adults-title\">Misafirler:<\/span><span class=\"mphb-attribute-value\">\n\t7\n\t<\/span><\/li>\n\t\n\n\t<li class=\"mphb-room-type-facilities\"><span class=\"mphb-attribute-title mphb-facilities-title\">Kolayl\u0131klar:<\/span><span class=\"mphb-attribute-value\"> <span class=\"facility-balkon\"><a href=\"https:\/\/kasvillarent.com\/tr\/konaklama%20tesisi\/balkon\/\">Balkon<\/a><\/span>, <span class=\"facility-duz-ekran-tv\"><a href=\"https:\/\/kasvillarent.com\/tr\/konaklama%20tesisi\/duz-ekran-tv\/\">D\u00fcz ekran TV<\/a><\/span>, <span class=\"facility-klima\"><a href=\"https:\/\/kasvillarent.com\/tr\/konaklama%20tesisi\/klima\/\">Klima<\/a><\/span>, <span class=\"facility-somine\"><a href=\"https:\/\/kasvillarent.com\/tr\/konaklama%20tesisi\/somine\/\">\u015e\u00f6mine<\/a><\/span>, <span class=\"facility-teras\"><a href=\"https:\/\/kasvillarent.com\/tr\/konaklama%20tesisi\/teras\/\">Teras<\/a><\/span>, <span class=\"facility-ucretsiz-internet\"><a href=\"https:\/\/kasvillarent.com\/tr\/konaklama%20tesisi\/ucretsiz-internet\/\">\u00dccretsiz internet<\/a><\/span>, <span class=\"facility-ucretsiz-park\"><a href=\"https:\/\/kasvillarent.com\/tr\/konaklama%20tesisi\/ucretsiz-park\/\">\u00dccretsiz park<\/a><\/span>, <span class=\"facility-villaya-ait-ozel-acik-havuz\"><a href=\"https:\/\/kasvillarent.com\/tr\/konaklama%20tesisi\/villaya-ait-ozel-acik-havuz\/\">Villaya ait \u00f6zel a\u00e7\u0131k havuz<\/a><\/span>, <span class=\"facility-yemek-alani\"><a href=\"https:\/\/kasvillarent.com\/tr\/konaklama%20tesisi\/yemek-alani\/\">Yemek alan\u0131<\/a><\/span><\/span><\/li>\n\t\n\n\n\t<li class=\"mphb-room-type-view\"><span class=\"mphb-attribute-title mphb-view-title\">G\u00f6r\u00fcnt\u00fcle:<\/span><span class=\"mphb-attribute-value\">\n\tDeniz, A\u00e7\u0131k Havuz, Orman ve Da\u011f Manzaral\u0131\n\t<\/span><\/li>\n\t\n\n\n\t<li class=\"mphb-room-type-size\"><span class=\"mphb-attribute-title mphb-size-title\">Boyut:<\/span><span class=\"mphb-attribute-value\">\n\t200m\u00b2\n\t<\/span><\/li>\n\t\n\n\t<li class=\"mphb-room-type-bed-type\"><span  class=\"mphb-attribute-title mphb-bed-type-title\">Yatak Tipi:<\/span><span class=\"mphb-attribute-value\">\n\t2 B\u00fcy\u00fck \u00c7ift Ki\u015filik Yatak, 3 Tek Ki\u015filik Yatak\n\t<\/span><\/li>\n\t\n\n\t<li class=\"mphb-room-type-categories\"><span class=\"mphb-attribute-title mphb-categories-title\">Kategoriler:<\/span><span class=\"mphb-attribute-value\"> <span class=\"category-kas-yenikoy-tr\"><a href=\"https:\/\/kasvillarent.com\/tr\/konaklama-kategorisi\/kas-yenikoy-tr\/\">Ka\u015f Yenik\u00f6y<\/a><\/span><\/span><\/li>\n\t\n<\/ul>\n\n\t<p class=\"mphb-regular-price\"><strong>\u00dccretten itibaren:<\/strong>\n\t<span class=\"mphb-price\"><span class=\"mphb-currency\">&euro;<\/span>750<\/span> <span class=\"mphb-price-period\" title=\"\u0130lgili fiyatlar\u0131 g\u00f6rmek i\u00e7in tarih se\u00e7iniz\">gecelik<\/span><span class=\"mphb-tax-information taxes-included\"> (+taxes and fees)<\/span>\n\t<\/p>\n\t\n<p class=\"mphb-view-details-button-wrapper\">\n<a class=\"button mphb-view-details-button\" href=\"https:\/\/kasvillarent.com\/tr\/accommodation\/villa-maria-kas-2\/\" >Detaylar\u0131 G\u00f6r\u00fcnt\u00fcleyin<\/a>\n<\/p>\n<div class=\"mphb-to-book-btn-wrapper\">\n<form action=\"https:\/\/kasvillarent.com\/tr\/accommodation\/villa-maria-kas-2\/#booking-form-11947\" method=\"get\" ><button type=\"submit\" class=\"button mphb-book-button\" >Rezerve Edin<\/button><\/form>\n<br\/><\/div>\n\t\n<\/div>\n\n<div class=\"mphb-room-type post-6467 mphb_room_type type-mphb_room_type status-publish has-post-thumbnail mphb_room_type_category-kas-yenikoy-tr mphb_room_type_facility-balkon mphb_room_type_facility-duz-ekran-tv mphb_room_type_facility-klima mphb_room_type_facility-sahil mphb_room_type_facility-somine mphb_room_type_facility-teras mphb_room_type_facility-ucretsiz-internet mphb_room_type_facility-ucretsiz-park mphb_room_type_facility-villaya-ait-ozel-acik-havuz mphb_room_type_facility-yemek-alani mphb-room-type-adults-7 mphb-room-type-children-0 has-taxes-and-fees\">\n\n\t\n\t\n\n\t<div class=\"mphb-room-type-images\">\n\t<span class=\"mphb_room_type_featured_image_wrapper\"><div id='mphb-flexslider-gallery-3' class='gallery-columns-1 gallery-size-villagio-thumb-small-x2 mphb-gallery-main-slider mphb-flexslider-gallery-wrapper mphb-room-type-gallery-wrapper mphb-gallery-main-slider-69f14998c4970' data-flexslider-atts='{\"animation\":\"slide\",\"controlNav\":false,\"animationLoop\":true,\"smoothHeight\":true,\"slideshow\":false}' data-group='69f14998c4970'><ul class=\"slides\"><li class='gallery-item'><span class='gallery-icon landscape'>\n\t\t\t\t<a href=\"https:\/\/kasvillarent.com\/tr\/accommodation\/villa-emilie\/\"><img loading=\"lazy\" decoding=\"async\" width=\"1434\" height=\"1080\" src=\"https:\/\/kasvillarent.com\/wp-content\/uploads\/2017\/06\/20240523_123232-1434x1080.jpg\" class=\"attachment-villagio-thumb-small-x2 size-villagio-thumb-small-x2\" alt=\"\" srcset=\"https:\/\/kasvillarent.com\/wp-content\/uploads\/2017\/06\/20240523_123232-1434x1080.jpg 1434w, https:\/\/kasvillarent.com\/wp-content\/uploads\/2017\/06\/20240523_123232-717x540.jpg 717w\" sizes=\"(max-width: 1434px) 100vw, 1434px\" \/><\/a>\n\t\t\t<\/span><\/li><li class='gallery-item'><span class='gallery-icon portrait'>\n\t\t\t\t<a href=\"https:\/\/kasvillarent.com\/tr\/accommodation\/villa-emilie\/\"><img loading=\"lazy\" decoding=\"async\" width=\"1434\" height=\"1080\" src=\"https:\/\/kasvillarent.com\/wp-content\/uploads\/2017\/06\/20240523_123434-1434x1080.jpg\" class=\"attachment-villagio-thumb-small-x2 size-villagio-thumb-small-x2\" alt=\"\" srcset=\"https:\/\/kasvillarent.com\/wp-content\/uploads\/2017\/06\/20240523_123434-1434x1080.jpg 1434w, https:\/\/kasvillarent.com\/wp-content\/uploads\/2017\/06\/20240523_123434-717x540.jpg 717w\" sizes=\"(max-width: 1434px) 100vw, 1434px\" \/><\/a>\n\t\t\t<\/span><\/li><li class='gallery-item'><span class='gallery-icon landscape'>\n\t\t\t\t<a href=\"https:\/\/kasvillarent.com\/tr\/accommodation\/villa-emilie\/\"><img loading=\"lazy\" decoding=\"async\" width=\"1434\" height=\"1080\" src=\"https:\/\/kasvillarent.com\/wp-content\/uploads\/2017\/06\/20240527_102309-1434x1080.jpg\" class=\"attachment-villagio-thumb-small-x2 size-villagio-thumb-small-x2\" alt=\"\" srcset=\"https:\/\/kasvillarent.com\/wp-content\/uploads\/2017\/06\/20240527_102309-1434x1080.jpg 1434w, https:\/\/kasvillarent.com\/wp-content\/uploads\/2017\/06\/20240527_102309-717x540.jpg 717w\" sizes=\"(max-width: 1434px) 100vw, 1434px\" \/><\/a>\n\t\t\t<\/span><\/li><li class='gallery-item'><span class='gallery-icon portrait'>\n\t\t\t\t<a href=\"https:\/\/kasvillarent.com\/tr\/accommodation\/villa-emilie\/\"><img loading=\"lazy\" decoding=\"async\" width=\"924\" height=\"1080\" src=\"https:\/\/kasvillarent.com\/wp-content\/uploads\/2017\/06\/20200721_131502-scaled-e1609517750140-924x1080.jpg\" class=\"attachment-villagio-thumb-small-x2 size-villagio-thumb-small-x2\" alt=\"\" \/><\/a>\n\t\t\t<\/span><\/li><li class='gallery-item'><span class='gallery-icon landscape'>\n\t\t\t\t<a href=\"https:\/\/kasvillarent.com\/tr\/accommodation\/villa-emilie\/\"><img loading=\"lazy\" decoding=\"async\" width=\"1232\" height=\"924\" src=\"https:\/\/kasvillarent.com\/wp-content\/uploads\/2017\/06\/20200922_070247-scaled.jpg\" class=\"attachment-villagio-thumb-small-x2 size-villagio-thumb-small-x2\" alt=\"\" srcset=\"https:\/\/kasvillarent.com\/wp-content\/uploads\/2017\/06\/20200922_070247-scaled.jpg 1232w, https:\/\/kasvillarent.com\/wp-content\/uploads\/2017\/06\/20200922_070247-scaled-300x225.jpg 300w, https:\/\/kasvillarent.com\/wp-content\/uploads\/2017\/06\/20200922_070247-scaled-1024x768.jpg 1024w, https:\/\/kasvillarent.com\/wp-content\/uploads\/2017\/06\/20200922_070247-scaled-768x576.jpg 768w, https:\/\/kasvillarent.com\/wp-content\/uploads\/2017\/06\/20200922_070247-scaled-824x618.jpg 824w, https:\/\/kasvillarent.com\/wp-content\/uploads\/2017\/06\/20200922_070247-scaled-20x15.jpg 20w\" sizes=\"(max-width: 1232px) 100vw, 1232px\" \/><\/a>\n\t\t\t<\/span><\/li><li class='gallery-item'><span class='gallery-icon landscape'>\n\t\t\t\t<a href=\"https:\/\/kasvillarent.com\/tr\/accommodation\/villa-emilie\/\"><img loading=\"lazy\" decoding=\"async\" width=\"1232\" height=\"924\" src=\"https:\/\/kasvillarent.com\/wp-content\/uploads\/2017\/06\/20200721_082121-1-scaled.jpg\" class=\"attachment-villagio-thumb-small-x2 size-villagio-thumb-small-x2\" alt=\"\" srcset=\"https:\/\/kasvillarent.com\/wp-content\/uploads\/2017\/06\/20200721_082121-1-scaled.jpg 1232w, https:\/\/kasvillarent.com\/wp-content\/uploads\/2017\/06\/20200721_082121-1-scaled-300x225.jpg 300w, https:\/\/kasvillarent.com\/wp-content\/uploads\/2017\/06\/20200721_082121-1-scaled-1024x768.jpg 1024w, https:\/\/kasvillarent.com\/wp-content\/uploads\/2017\/06\/20200721_082121-1-scaled-768x576.jpg 768w, https:\/\/kasvillarent.com\/wp-content\/uploads\/2017\/06\/20200721_082121-1-scaled-824x618.jpg 824w, https:\/\/kasvillarent.com\/wp-content\/uploads\/2017\/06\/20200721_082121-1-scaled-20x15.jpg 20w\" sizes=\"(max-width: 1232px) 100vw, 1232px\" \/><\/a>\n\t\t\t<\/span><\/li><li class='gallery-item'><span class='gallery-icon portrait'>\n\t\t\t\t<a href=\"https:\/\/kasvillarent.com\/tr\/accommodation\/villa-emilie\/\"><img loading=\"lazy\" decoding=\"async\" width=\"1434\" height=\"1080\" src=\"https:\/\/kasvillarent.com\/wp-content\/uploads\/2017\/06\/20240527_101640-1434x1080.jpg\" class=\"attachment-villagio-thumb-small-x2 size-villagio-thumb-small-x2\" alt=\"\" srcset=\"https:\/\/kasvillarent.com\/wp-content\/uploads\/2017\/06\/20240527_101640-1434x1080.jpg 1434w, https:\/\/kasvillarent.com\/wp-content\/uploads\/2017\/06\/20240527_101640-717x540.jpg 717w\" sizes=\"(max-width: 1434px) 100vw, 1434px\" \/><\/a>\n\t\t\t<\/span><\/li><li class='gallery-item'><span class='gallery-icon portrait'>\n\t\t\t\t<a href=\"https:\/\/kasvillarent.com\/tr\/accommodation\/villa-emilie\/\"><img loading=\"lazy\" decoding=\"async\" width=\"1434\" height=\"1080\" src=\"https:\/\/kasvillarent.com\/wp-content\/uploads\/2017\/06\/20240523_123209-1434x1080.jpg\" class=\"attachment-villagio-thumb-small-x2 size-villagio-thumb-small-x2\" alt=\"\" srcset=\"https:\/\/kasvillarent.com\/wp-content\/uploads\/2017\/06\/20240523_123209-1434x1080.jpg 1434w, https:\/\/kasvillarent.com\/wp-content\/uploads\/2017\/06\/20240523_123209-717x540.jpg 717w\" sizes=\"(max-width: 1434px) 100vw, 1434px\" \/><\/a>\n\t\t\t<\/span><\/li><li class='gallery-item'><span class='gallery-icon landscape'>\n\t\t\t\t<a href=\"https:\/\/kasvillarent.com\/tr\/accommodation\/villa-emilie\/\"><img loading=\"lazy\" decoding=\"async\" width=\"1434\" height=\"1080\" src=\"https:\/\/kasvillarent.com\/wp-content\/uploads\/2017\/06\/20240523_100357-1434x1080.jpg\" class=\"attachment-villagio-thumb-small-x2 size-villagio-thumb-small-x2\" alt=\"\" srcset=\"https:\/\/kasvillarent.com\/wp-content\/uploads\/2017\/06\/20240523_100357-1434x1080.jpg 1434w, https:\/\/kasvillarent.com\/wp-content\/uploads\/2017\/06\/20240523_100357-300x225.jpg 300w, https:\/\/kasvillarent.com\/wp-content\/uploads\/2017\/06\/20240523_100357-717x540.jpg 717w\" sizes=\"(max-width: 1434px) 100vw, 1434px\" \/><\/a>\n\t\t\t<\/span><\/li><li class='gallery-item'><span class='gallery-icon landscape'>\n\t\t\t\t<a href=\"https:\/\/kasvillarent.com\/tr\/accommodation\/villa-emilie\/\"><img loading=\"lazy\" decoding=\"async\" width=\"1232\" height=\"924\" src=\"https:\/\/kasvillarent.com\/wp-content\/uploads\/2017\/06\/20200721_131551-scaled.jpg\" class=\"attachment-villagio-thumb-small-x2 size-villagio-thumb-small-x2\" alt=\"\" srcset=\"https:\/\/kasvillarent.com\/wp-content\/uploads\/2017\/06\/20200721_131551-scaled-300x225.jpg 300w, https:\/\/kasvillarent.com\/wp-content\/uploads\/2017\/06\/20200721_131551-scaled-1024x768.jpg 1024w, https:\/\/kasvillarent.com\/wp-content\/uploads\/2017\/06\/20200721_131551-scaled-768x576.jpg 768w, https:\/\/kasvillarent.com\/wp-content\/uploads\/2017\/06\/20200721_131551-scaled-824x618.jpg 824w, https:\/\/kasvillarent.com\/wp-content\/uploads\/2017\/06\/20200721_131551-scaled-20x15.jpg 20w, https:\/\/kasvillarent.com\/wp-content\/uploads\/2017\/06\/20200721_131551-scaled.jpg 1232w\" sizes=\"(max-width: 1232px) 100vw, 1232px\" \/><\/a>\n\t\t\t<\/span><\/li><li class='gallery-item'><span class='gallery-icon landscape'>\n\t\t\t\t<a href=\"https:\/\/kasvillarent.com\/tr\/accommodation\/villa-emilie\/\"><img loading=\"lazy\" decoding=\"async\" width=\"1232\" height=\"924\" src=\"https:\/\/kasvillarent.com\/wp-content\/uploads\/2017\/06\/20200921_085544-scaled.jpg\" class=\"attachment-villagio-thumb-small-x2 size-villagio-thumb-small-x2\" alt=\"\" srcset=\"https:\/\/kasvillarent.com\/wp-content\/uploads\/2017\/06\/20200921_085544-scaled.jpg 1232w, https:\/\/kasvillarent.com\/wp-content\/uploads\/2017\/06\/20200921_085544-scaled-300x225.jpg 300w, https:\/\/kasvillarent.com\/wp-content\/uploads\/2017\/06\/20200921_085544-scaled-1024x768.jpg 1024w, https:\/\/kasvillarent.com\/wp-content\/uploads\/2017\/06\/20200921_085544-scaled-768x576.jpg 768w, https:\/\/kasvillarent.com\/wp-content\/uploads\/2017\/06\/20200921_085544-scaled-824x618.jpg 824w, https:\/\/kasvillarent.com\/wp-content\/uploads\/2017\/06\/20200921_085544-scaled-20x15.jpg 20w\" sizes=\"(max-width: 1232px) 100vw, 1232px\" \/><\/a>\n\t\t\t<\/span><\/li><li class='gallery-item'><span class='gallery-icon landscape'>\n\t\t\t\t<a href=\"https:\/\/kasvillarent.com\/tr\/accommodation\/villa-emilie\/\"><img loading=\"lazy\" decoding=\"async\" width=\"1434\" height=\"1080\" src=\"https:\/\/kasvillarent.com\/wp-content\/uploads\/2017\/06\/20240523_100705-1434x1080.jpg\" class=\"attachment-villagio-thumb-small-x2 size-villagio-thumb-small-x2\" alt=\"\" srcset=\"https:\/\/kasvillarent.com\/wp-content\/uploads\/2017\/06\/20240523_100705-1434x1080.jpg 1434w, https:\/\/kasvillarent.com\/wp-content\/uploads\/2017\/06\/20240523_100705-300x225.jpg 300w, https:\/\/kasvillarent.com\/wp-content\/uploads\/2017\/06\/20240523_100705-717x540.jpg 717w\" sizes=\"(max-width: 1434px) 100vw, 1434px\" \/><\/a>\n\t\t\t<\/span><\/li><li class='gallery-item'><span class='gallery-icon portrait'>\n\t\t\t\t<a href=\"https:\/\/kasvillarent.com\/tr\/accommodation\/villa-emilie\/\"><img loading=\"lazy\" decoding=\"async\" width=\"924\" height=\"1080\" src=\"https:\/\/kasvillarent.com\/wp-content\/uploads\/2017\/06\/20200922_184350-scaled-e1609517059222-924x1080.jpg\" class=\"attachment-villagio-thumb-small-x2 size-villagio-thumb-small-x2\" alt=\"\" \/><\/a>\n\t\t\t<\/span><\/li><li class='gallery-item'><span class='gallery-icon portrait'>\n\t\t\t\t<a href=\"https:\/\/kasvillarent.com\/tr\/accommodation\/villa-emilie\/\"><img loading=\"lazy\" decoding=\"async\" width=\"1434\" height=\"1080\" src=\"https:\/\/kasvillarent.com\/wp-content\/uploads\/2017\/06\/20230518_082816-1434x1080.jpg\" class=\"attachment-villagio-thumb-small-x2 size-villagio-thumb-small-x2\" alt=\"\" srcset=\"https:\/\/kasvillarent.com\/wp-content\/uploads\/2017\/06\/20230518_082816-1434x1080.jpg 1434w, https:\/\/kasvillarent.com\/wp-content\/uploads\/2017\/06\/20230518_082816-717x540.jpg 717w\" sizes=\"(max-width: 1434px) 100vw, 1434px\" \/><\/a>\n\t\t\t<\/span><\/li><li class='gallery-item'><span class='gallery-icon portrait'>\n\t\t\t\t<a href=\"https:\/\/kasvillarent.com\/tr\/accommodation\/villa-emilie\/\"><img loading=\"lazy\" decoding=\"async\" width=\"924\" height=\"1080\" src=\"https:\/\/kasvillarent.com\/wp-content\/uploads\/2017\/06\/20200723_193025-scaled-e1609517308419-924x1080.jpg\" class=\"attachment-villagio-thumb-small-x2 size-villagio-thumb-small-x2\" alt=\"\" \/><\/a>\n\t\t\t<\/span><\/li><li class='gallery-item'><span class='gallery-icon portrait'>\n\t\t\t\t<a href=\"https:\/\/kasvillarent.com\/tr\/accommodation\/villa-emilie\/\"><img loading=\"lazy\" decoding=\"async\" width=\"1434\" height=\"1080\" src=\"https:\/\/kasvillarent.com\/wp-content\/uploads\/2017\/06\/20230518_082653-1434x1080.jpg\" class=\"attachment-villagio-thumb-small-x2 size-villagio-thumb-small-x2\" alt=\"\" srcset=\"https:\/\/kasvillarent.com\/wp-content\/uploads\/2017\/06\/20230518_082653-1434x1080.jpg 1434w, https:\/\/kasvillarent.com\/wp-content\/uploads\/2017\/06\/20230518_082653-717x540.jpg 717w\" sizes=\"(max-width: 1434px) 100vw, 1434px\" \/><\/a>\n\t\t\t<\/span><\/li><li class='gallery-item'><span class='gallery-icon portrait'>\n\t\t\t\t<a href=\"https:\/\/kasvillarent.com\/tr\/accommodation\/villa-emilie\/\"><img loading=\"lazy\" decoding=\"async\" width=\"924\" height=\"1080\" src=\"https:\/\/kasvillarent.com\/wp-content\/uploads\/2017\/06\/20200722_172014-scaled-e1609517181407-924x1080.jpg\" class=\"attachment-villagio-thumb-small-x2 size-villagio-thumb-small-x2\" alt=\"\" \/><\/a>\n\t\t\t<\/span><\/li><li class='gallery-item'><span class='gallery-icon landscape'>\n\t\t\t\t<a href=\"https:\/\/kasvillarent.com\/tr\/accommodation\/villa-emilie\/\"><img loading=\"lazy\" decoding=\"async\" width=\"1434\" height=\"1080\" src=\"https:\/\/kasvillarent.com\/wp-content\/uploads\/2017\/06\/1000028272-1434x1080.jpg\" class=\"attachment-villagio-thumb-small-x2 size-villagio-thumb-small-x2\" alt=\"\" srcset=\"https:\/\/kasvillarent.com\/wp-content\/uploads\/2017\/06\/1000028272-1434x1080.jpg 1434w, https:\/\/kasvillarent.com\/wp-content\/uploads\/2017\/06\/1000028272-300x225.jpg 300w, https:\/\/kasvillarent.com\/wp-content\/uploads\/2017\/06\/1000028272-717x540.jpg 717w\" sizes=\"(max-width: 1434px) 100vw, 1434px\" \/><\/a>\n\t\t\t<\/span><\/li><li class='gallery-item'><span class='gallery-icon landscape'>\n\t\t\t\t<a href=\"https:\/\/kasvillarent.com\/tr\/accommodation\/villa-emilie\/\"><img loading=\"lazy\" decoding=\"async\" width=\"1434\" height=\"1080\" src=\"https:\/\/kasvillarent.com\/wp-content\/uploads\/2017\/06\/1000028273-1434x1080.jpg\" class=\"attachment-villagio-thumb-small-x2 size-villagio-thumb-small-x2\" alt=\"\" srcset=\"https:\/\/kasvillarent.com\/wp-content\/uploads\/2017\/06\/1000028273-1434x1080.jpg 1434w, https:\/\/kasvillarent.com\/wp-content\/uploads\/2017\/06\/1000028273-300x225.jpg 300w, https:\/\/kasvillarent.com\/wp-content\/uploads\/2017\/06\/1000028273-717x540.jpg 717w\" sizes=\"(max-width: 1434px) 100vw, 1434px\" \/><\/a>\n\t\t\t<\/span><\/li><li class='gallery-item'><span class='gallery-icon portrait'>\n\t\t\t\t<a href=\"https:\/\/kasvillarent.com\/tr\/accommodation\/villa-emilie\/\"><img loading=\"lazy\" decoding=\"async\" width=\"1434\" height=\"1080\" src=\"https:\/\/kasvillarent.com\/wp-content\/uploads\/2017\/06\/20200925_081222-1434x1080.jpg\" class=\"attachment-villagio-thumb-small-x2 size-villagio-thumb-small-x2\" alt=\"\" srcset=\"https:\/\/kasvillarent.com\/wp-content\/uploads\/2017\/06\/20200925_081222-1434x1080.jpg 1434w, https:\/\/kasvillarent.com\/wp-content\/uploads\/2017\/06\/20200925_081222-717x540.jpg 717w\" sizes=\"(max-width: 1434px) 100vw, 1434px\" \/><\/a>\n\t\t\t<\/span><\/li><li class='gallery-item'><span class='gallery-icon landscape'>\n\t\t\t\t<a href=\"https:\/\/kasvillarent.com\/tr\/accommodation\/villa-emilie\/\"><img loading=\"lazy\" decoding=\"async\" width=\"1434\" height=\"1080\" src=\"https:\/\/kasvillarent.com\/wp-content\/uploads\/2017\/06\/20230518_084839-1434x1080.jpg\" class=\"attachment-villagio-thumb-small-x2 size-villagio-thumb-small-x2\" alt=\"\" srcset=\"https:\/\/kasvillarent.com\/wp-content\/uploads\/2017\/06\/20230518_084839-1434x1080.jpg 1434w, https:\/\/kasvillarent.com\/wp-content\/uploads\/2017\/06\/20230518_084839-717x540.jpg 717w\" sizes=\"(max-width: 1434px) 100vw, 1434px\" \/><\/a>\n\t\t\t<\/span><\/li><li class='gallery-item'><span class='gallery-icon landscape'>\n\t\t\t\t<a href=\"https:\/\/kasvillarent.com\/tr\/accommodation\/villa-emilie\/\"><img loading=\"lazy\" decoding=\"async\" width=\"1434\" height=\"1080\" src=\"https:\/\/kasvillarent.com\/wp-content\/uploads\/2017\/06\/20230518_102813-1434x1080.jpg\" class=\"attachment-villagio-thumb-small-x2 size-villagio-thumb-small-x2\" alt=\"\" srcset=\"https:\/\/kasvillarent.com\/wp-content\/uploads\/2017\/06\/20230518_102813-1434x1080.jpg 1434w, https:\/\/kasvillarent.com\/wp-content\/uploads\/2017\/06\/20230518_102813-300x225.jpg 300w, https:\/\/kasvillarent.com\/wp-content\/uploads\/2017\/06\/20230518_102813-717x540.jpg 717w\" sizes=\"(max-width: 1434px) 100vw, 1434px\" \/><\/a>\n\t\t\t<\/span><\/li><li class='gallery-item'><span class='gallery-icon portrait'>\n\t\t\t\t<a href=\"https:\/\/kasvillarent.com\/tr\/accommodation\/villa-emilie\/\"><img loading=\"lazy\" decoding=\"async\" width=\"924\" height=\"1080\" src=\"https:\/\/kasvillarent.com\/wp-content\/uploads\/2017\/06\/20200722_165812-scaled-e1609517533351-924x1080.jpg\" class=\"attachment-villagio-thumb-small-x2 size-villagio-thumb-small-x2\" alt=\"\" \/><\/a>\n\t\t\t<\/span><\/li><li class='gallery-item'><span class='gallery-icon portrait'>\n\t\t\t\t<a href=\"https:\/\/kasvillarent.com\/tr\/accommodation\/villa-emilie\/\"><img loading=\"lazy\" decoding=\"async\" width=\"924\" height=\"1080\" src=\"https:\/\/kasvillarent.com\/wp-content\/uploads\/2017\/06\/20200722_165523-scaled-e1609517255806-924x1080.jpg\" class=\"attachment-villagio-thumb-small-x2 size-villagio-thumb-small-x2\" alt=\"\" \/><\/a>\n\t\t\t<\/span><\/li><li class='gallery-item'><span class='gallery-icon landscape'>\n\t\t\t\t<a href=\"https:\/\/kasvillarent.com\/tr\/accommodation\/villa-emilie\/\"><img loading=\"lazy\" decoding=\"async\" width=\"1434\" height=\"1080\" src=\"https:\/\/kasvillarent.com\/wp-content\/uploads\/2017\/06\/20240527_102555-1434x1080.jpg\" class=\"attachment-villagio-thumb-small-x2 size-villagio-thumb-small-x2\" alt=\"\" srcset=\"https:\/\/kasvillarent.com\/wp-content\/uploads\/2017\/06\/20240527_102555-1434x1080.jpg 1434w, https:\/\/kasvillarent.com\/wp-content\/uploads\/2017\/06\/20240527_102555-717x540.jpg 717w\" sizes=\"(max-width: 1434px) 100vw, 1434px\" \/><\/a>\n\t\t\t<\/span><\/li><li class='gallery-item'><span class='gallery-icon portrait'>\n\t\t\t\t<a href=\"https:\/\/kasvillarent.com\/tr\/accommodation\/villa-emilie\/\"><img loading=\"lazy\" decoding=\"async\" width=\"1434\" height=\"1080\" src=\"https:\/\/kasvillarent.com\/wp-content\/uploads\/2017\/06\/20240527_101659-1434x1080.jpg\" class=\"attachment-villagio-thumb-small-x2 size-villagio-thumb-small-x2\" alt=\"\" srcset=\"https:\/\/kasvillarent.com\/wp-content\/uploads\/2017\/06\/20240527_101659-1434x1080.jpg 1434w, https:\/\/kasvillarent.com\/wp-content\/uploads\/2017\/06\/20240527_101659-717x540.jpg 717w\" sizes=\"(max-width: 1434px) 100vw, 1434px\" \/><\/a>\n\t\t\t<\/span><\/li><li class='gallery-item'><span class='gallery-icon portrait'>\n\t\t\t\t<a href=\"https:\/\/kasvillarent.com\/tr\/accommodation\/villa-emilie\/\"><img loading=\"lazy\" decoding=\"async\" width=\"1434\" height=\"1080\" src=\"https:\/\/kasvillarent.com\/wp-content\/uploads\/2017\/06\/20240527_101705-1434x1080.jpg\" class=\"attachment-villagio-thumb-small-x2 size-villagio-thumb-small-x2\" alt=\"\" srcset=\"https:\/\/kasvillarent.com\/wp-content\/uploads\/2017\/06\/20240527_101705-1434x1080.jpg 1434w, https:\/\/kasvillarent.com\/wp-content\/uploads\/2017\/06\/20240527_101705-717x540.jpg 717w\" sizes=\"(max-width: 1434px) 100vw, 1434px\" \/><\/a>\n\t\t\t<\/span><\/li><li class='gallery-item'><span class='gallery-icon landscape'>\n\t\t\t\t<a href=\"https:\/\/kasvillarent.com\/tr\/accommodation\/villa-emilie\/\"><img loading=\"lazy\" decoding=\"async\" width=\"1434\" height=\"1080\" src=\"https:\/\/kasvillarent.com\/wp-content\/uploads\/2017\/06\/20240527_101739-1434x1080.jpg\" class=\"attachment-villagio-thumb-small-x2 size-villagio-thumb-small-x2\" alt=\"\" srcset=\"https:\/\/kasvillarent.com\/wp-content\/uploads\/2017\/06\/20240527_101739-1434x1080.jpg 1434w, https:\/\/kasvillarent.com\/wp-content\/uploads\/2017\/06\/20240527_101739-717x540.jpg 717w\" sizes=\"(max-width: 1434px) 100vw, 1434px\" \/><\/a>\n\t\t\t<\/span><\/li><li class='gallery-item'><span class='gallery-icon landscape'>\n\t\t\t\t<a href=\"https:\/\/kasvillarent.com\/tr\/accommodation\/villa-emilie\/\"><img loading=\"lazy\" decoding=\"async\" width=\"1232\" height=\"924\" src=\"https:\/\/kasvillarent.com\/wp-content\/uploads\/2017\/06\/IMG-20190508-WA0008.jpg\" class=\"attachment-villagio-thumb-small-x2 size-villagio-thumb-small-x2\" alt=\"\" srcset=\"https:\/\/kasvillarent.com\/wp-content\/uploads\/2017\/06\/IMG-20190508-WA0008.jpg 1232w, https:\/\/kasvillarent.com\/wp-content\/uploads\/2017\/06\/IMG-20190508-WA0008-300x225.jpg 300w, https:\/\/kasvillarent.com\/wp-content\/uploads\/2017\/06\/IMG-20190508-WA0008-1024x768.jpg 1024w, https:\/\/kasvillarent.com\/wp-content\/uploads\/2017\/06\/IMG-20190508-WA0008-768x576.jpg 768w, https:\/\/kasvillarent.com\/wp-content\/uploads\/2017\/06\/IMG-20190508-WA0008-824x618.jpg 824w, https:\/\/kasvillarent.com\/wp-content\/uploads\/2017\/06\/IMG-20190508-WA0008-20x15.jpg 20w\" sizes=\"(max-width: 1232px) 100vw, 1232px\" \/><\/a>\n\t\t\t<\/span><\/li><li class='gallery-item'><span class='gallery-icon landscape'>\n\t\t\t\t<a href=\"https:\/\/kasvillarent.com\/tr\/accommodation\/villa-emilie\/\"><img loading=\"lazy\" decoding=\"async\" width=\"1434\" height=\"1080\" src=\"https:\/\/kasvillarent.com\/wp-content\/uploads\/2017\/06\/20240527_102419-1434x1080.jpg\" class=\"attachment-villagio-thumb-small-x2 size-villagio-thumb-small-x2\" alt=\"\" srcset=\"https:\/\/kasvillarent.com\/wp-content\/uploads\/2017\/06\/20240527_102419-1434x1080.jpg 1434w, https:\/\/kasvillarent.com\/wp-content\/uploads\/2017\/06\/20240527_102419-717x540.jpg 717w\" sizes=\"(max-width: 1434px) 100vw, 1434px\" \/><\/a>\n\t\t\t<\/span><\/li><li class='gallery-item'><span class='gallery-icon landscape'>\n\t\t\t\t<a href=\"https:\/\/kasvillarent.com\/tr\/accommodation\/villa-emilie\/\"><img loading=\"lazy\" decoding=\"async\" width=\"1434\" height=\"1080\" src=\"https:\/\/kasvillarent.com\/wp-content\/uploads\/2017\/06\/20240527_101810-1434x1080.jpg\" class=\"attachment-villagio-thumb-small-x2 size-villagio-thumb-small-x2\" alt=\"\" srcset=\"https:\/\/kasvillarent.com\/wp-content\/uploads\/2017\/06\/20240527_101810-1434x1080.jpg 1434w, https:\/\/kasvillarent.com\/wp-content\/uploads\/2017\/06\/20240527_101810-717x540.jpg 717w\" sizes=\"(max-width: 1434px) 100vw, 1434px\" \/><\/a>\n\t\t\t<\/span><\/li><li class='gallery-item'><span class='gallery-icon landscape'>\n\t\t\t\t<a href=\"https:\/\/kasvillarent.com\/tr\/accommodation\/villa-emilie\/\"><img loading=\"lazy\" decoding=\"async\" width=\"1232\" height=\"924\" src=\"https:\/\/kasvillarent.com\/wp-content\/uploads\/2017\/06\/IMG-20200704-WA0001.jpg\" class=\"attachment-villagio-thumb-small-x2 size-villagio-thumb-small-x2\" alt=\"\" srcset=\"https:\/\/kasvillarent.com\/wp-content\/uploads\/2017\/06\/IMG-20200704-WA0001.jpg 1232w, https:\/\/kasvillarent.com\/wp-content\/uploads\/2017\/06\/IMG-20200704-WA0001-300x225.jpg 300w, https:\/\/kasvillarent.com\/wp-content\/uploads\/2017\/06\/IMG-20200704-WA0001-1024x768.jpg 1024w, https:\/\/kasvillarent.com\/wp-content\/uploads\/2017\/06\/IMG-20200704-WA0001-768x576.jpg 768w, https:\/\/kasvillarent.com\/wp-content\/uploads\/2017\/06\/IMG-20200704-WA0001-824x618.jpg 824w, https:\/\/kasvillarent.com\/wp-content\/uploads\/2017\/06\/IMG-20200704-WA0001-20x15.jpg 20w\" sizes=\"(max-width: 1232px) 100vw, 1232px\" \/><\/a>\n\t\t\t<\/span><\/li><li class='gallery-item'><span class='gallery-icon landscape'>\n\t\t\t\t<a href=\"https:\/\/kasvillarent.com\/tr\/accommodation\/villa-emilie\/\"><img loading=\"lazy\" decoding=\"async\" width=\"1232\" height=\"924\" src=\"https:\/\/kasvillarent.com\/wp-content\/uploads\/2017\/06\/20201003_080058-scaled.jpg\" class=\"attachment-villagio-thumb-small-x2 size-villagio-thumb-small-x2\" alt=\"\" srcset=\"https:\/\/kasvillarent.com\/wp-content\/uploads\/2017\/06\/20201003_080058-scaled.jpg 1232w, https:\/\/kasvillarent.com\/wp-content\/uploads\/2017\/06\/20201003_080058-scaled-300x225.jpg 300w, https:\/\/kasvillarent.com\/wp-content\/uploads\/2017\/06\/20201003_080058-scaled-1024x768.jpg 1024w, https:\/\/kasvillarent.com\/wp-content\/uploads\/2017\/06\/20201003_080058-scaled-768x576.jpg 768w, https:\/\/kasvillarent.com\/wp-content\/uploads\/2017\/06\/20201003_080058-scaled-824x618.jpg 824w, https:\/\/kasvillarent.com\/wp-content\/uploads\/2017\/06\/20201003_080058-scaled-20x15.jpg 20w\" sizes=\"(max-width: 1232px) 100vw, 1232px\" \/><\/a>\n\t\t\t<\/span><\/li><\/ul>\n\t\t<\/div>\n<span class=\"mphb_room_type_categories_header_wrapper\"><a href=\"https:\/\/kasvillarent.com\/tr\/konaklama-kategorisi\/kas-yenikoy-tr\/\" rel=\"tag\">Ka\u015f Yenik\u00f6y<\/a><\/span><\/span><!-- .mphb_room_type_featured_image_wrapper --><div id='mphb-flexslider-gallery-4' class='gallery-columns-4 gallery-size-thumbnail mphb-gallery-thumbnail-slider mphb-flexslider-gallery-wrapper mphb-room-type-gallery-wrapper mphb-gallery-thumbnail-slider-69f14998c4970' data-flexslider-atts='{\"animation\":\"slide\",\"controlNav\":false,\"animationLoop\":true,\"slideshow\":false,\"itemMargin\":5}' data-group='69f14998c4970'><ul class=\"slides\"><li class='gallery-item'><span class='gallery-icon landscape'>\n\t\t\t\t<a href='https:\/\/kasvillarent.com\/tr\/accommodation\/villa-emilie\/attachment\/20240523_123232-2\/'><img loading=\"lazy\" decoding=\"async\" width=\"150\" height=\"150\" src=\"https:\/\/kasvillarent.com\/wp-content\/uploads\/2017\/06\/20240523_123232-150x150.jpg\" class=\"attachment-thumbnail size-thumbnail\" alt=\"\" \/><\/a>\n\t\t\t<\/span><\/li><li class='gallery-item'><span class='gallery-icon portrait'>\n\t\t\t\t<a href='https:\/\/kasvillarent.com\/tr\/accommodation\/villa-emilie\/attachment\/20240523_123434-2\/'><img loading=\"lazy\" decoding=\"async\" width=\"150\" height=\"150\" src=\"https:\/\/kasvillarent.com\/wp-content\/uploads\/2017\/06\/20240523_123434-150x150.jpg\" class=\"attachment-thumbnail size-thumbnail\" alt=\"\" \/><\/a>\n\t\t\t<\/span><\/li><li class='gallery-item'><span class='gallery-icon landscape'>\n\t\t\t\t<a href='https:\/\/kasvillarent.com\/tr\/accommodation\/villa-emilie\/attachment\/20240527_102309-2\/'><img loading=\"lazy\" decoding=\"async\" width=\"150\" height=\"150\" src=\"https:\/\/kasvillarent.com\/wp-content\/uploads\/2017\/06\/20240527_102309-150x150.jpg\" class=\"attachment-thumbnail size-thumbnail\" alt=\"\" \/><\/a>\n\t\t\t<\/span><\/li><li class='gallery-item'><span class='gallery-icon portrait'>\n\t\t\t\t<a href='https:\/\/kasvillarent.com\/tr\/accommodation\/villa-emilie\/attachment\/villa-emilie-dis-yemek-masasi-2\/'><img loading=\"lazy\" decoding=\"async\" width=\"150\" height=\"150\" src=\"https:\/\/kasvillarent.com\/wp-content\/uploads\/2017\/06\/20200721_131502-scaled-e1609517750140-150x150.jpg\" class=\"attachment-thumbnail size-thumbnail\" alt=\"\" \/><\/a>\n\t\t\t<\/span><\/li><li class='gallery-item'><span class='gallery-icon landscape'>\n\t\t\t\t<a href='https:\/\/kasvillarent.com\/tr\/accommodation\/villa-emilie\/attachment\/villa-emilie-havuz\/'><img loading=\"lazy\" decoding=\"async\" width=\"150\" height=\"150\" src=\"https:\/\/kasvillarent.com\/wp-content\/uploads\/2017\/06\/20200922_070247-scaled-150x150.jpg\" class=\"attachment-thumbnail size-thumbnail\" alt=\"\" \/><\/a>\n\t\t\t<\/span><\/li><li class='gallery-item'><span class='gallery-icon landscape'>\n\t\t\t\t<a href='https:\/\/kasvillarent.com\/tr\/accommodation\/villa-emilie\/attachment\/villa-emilie-havuz-2\/'><img loading=\"lazy\" decoding=\"async\" width=\"150\" height=\"150\" src=\"https:\/\/kasvillarent.com\/wp-content\/uploads\/2017\/06\/20200721_082121-1-scaled-150x150.jpg\" class=\"attachment-thumbnail size-thumbnail\" alt=\"\" \/><\/a>\n\t\t\t<\/span><\/li><li class='gallery-item'><span class='gallery-icon portrait'>\n\t\t\t\t<a href='https:\/\/kasvillarent.com\/tr\/accommodation\/villa-emilie\/attachment\/20240527_101640-2\/'><img loading=\"lazy\" decoding=\"async\" width=\"150\" height=\"150\" src=\"https:\/\/kasvillarent.com\/wp-content\/uploads\/2017\/06\/20240527_101640-150x150.jpg\" class=\"attachment-thumbnail size-thumbnail\" alt=\"\" \/><\/a>\n\t\t\t<\/span><\/li><li class='gallery-item'><span class='gallery-icon portrait'>\n\t\t\t\t<a href='https:\/\/kasvillarent.com\/tr\/accommodation\/villa-emilie\/attachment\/20240523_123209-2\/'><img loading=\"lazy\" decoding=\"async\" width=\"150\" height=\"150\" src=\"https:\/\/kasvillarent.com\/wp-content\/uploads\/2017\/06\/20240523_123209-150x150.jpg\" class=\"attachment-thumbnail size-thumbnail\" alt=\"\" \/><\/a>\n\t\t\t<\/span><\/li><li class='gallery-item'><span class='gallery-icon landscape'>\n\t\t\t\t<a href='https:\/\/kasvillarent.com\/tr\/accommodation\/villa-emilie\/attachment\/20240523_100357-2\/'><img loading=\"lazy\" decoding=\"async\" width=\"150\" height=\"150\" src=\"https:\/\/kasvillarent.com\/wp-content\/uploads\/2017\/06\/20240523_100357-150x150.jpg\" class=\"attachment-thumbnail size-thumbnail\" alt=\"\" \/><\/a>\n\t\t\t<\/span><\/li><li class='gallery-item'><span class='gallery-icon landscape'>\n\t\t\t\t<a href='https:\/\/kasvillarent.com\/tr\/accommodation\/villa-emilie\/attachment\/villa-emilie-oturma-grubu\/'><img loading=\"lazy\" decoding=\"async\" width=\"150\" height=\"150\" src=\"https:\/\/kasvillarent.com\/wp-content\/uploads\/2017\/06\/20200721_131551-scaled-150x150.jpg\" class=\"attachment-thumbnail size-thumbnail\" alt=\"\" \/><\/a>\n\t\t\t<\/span><\/li><li class='gallery-item'><span class='gallery-icon landscape'>\n\t\t\t\t<a href='https:\/\/kasvillarent.com\/tr\/accommodation\/villa-emilie\/attachment\/villa-emilie-havuz-4\/'><img loading=\"lazy\" decoding=\"async\" width=\"150\" height=\"150\" src=\"https:\/\/kasvillarent.com\/wp-content\/uploads\/2017\/06\/20200921_085544-scaled-150x150.jpg\" class=\"attachment-thumbnail size-thumbnail\" alt=\"\" \/><\/a>\n\t\t\t<\/span><\/li><li class='gallery-item'><span class='gallery-icon landscape'>\n\t\t\t\t<a href='https:\/\/kasvillarent.com\/tr\/accommodation\/villa-emilie\/attachment\/20240523_100705-2\/'><img loading=\"lazy\" decoding=\"async\" width=\"150\" height=\"150\" src=\"https:\/\/kasvillarent.com\/wp-content\/uploads\/2017\/06\/20240523_100705-150x150.jpg\" class=\"attachment-thumbnail size-thumbnail\" alt=\"\" \/><\/a>\n\t\t\t<\/span><\/li><li class='gallery-item'><span class='gallery-icon portrait'>\n\t\t\t\t<a href='https:\/\/kasvillarent.com\/tr\/accommodation\/villa-emilie\/attachment\/villa-emilie-dis-yemek-masasi\/'><img loading=\"lazy\" decoding=\"async\" width=\"150\" height=\"150\" src=\"https:\/\/kasvillarent.com\/wp-content\/uploads\/2017\/06\/20200922_184350-scaled-e1609517059222-150x150.jpg\" class=\"attachment-thumbnail size-thumbnail\" alt=\"\" \/><\/a>\n\t\t\t<\/span><\/li><li class='gallery-item'><span class='gallery-icon portrait'>\n\t\t\t\t<a href='https:\/\/kasvillarent.com\/tr\/accommodation\/villa-emilie\/attachment\/20230518_082816-2\/'><img loading=\"lazy\" decoding=\"async\" width=\"150\" height=\"150\" src=\"https:\/\/kasvillarent.com\/wp-content\/uploads\/2017\/06\/20230518_082816-150x150.jpg\" class=\"attachment-thumbnail size-thumbnail\" alt=\"\" \/><\/a>\n\t\t\t<\/span><\/li><li class='gallery-item'><span class='gallery-icon portrait'>\n\t\t\t\t<a href='https:\/\/kasvillarent.com\/tr\/accommodation\/villa-emilie\/attachment\/villa-emilie-oturma-odasi-1\/'><img loading=\"lazy\" decoding=\"async\" width=\"150\" height=\"150\" src=\"https:\/\/kasvillarent.com\/wp-content\/uploads\/2017\/06\/20200723_193025-scaled-e1609517308419-150x150.jpg\" class=\"attachment-thumbnail size-thumbnail\" alt=\"\" \/><\/a>\n\t\t\t<\/span><\/li><li class='gallery-item'><span class='gallery-icon portrait'>\n\t\t\t\t<a href='https:\/\/kasvillarent.com\/tr\/accommodation\/villa-emilie\/attachment\/20230518_082653-2\/'><img loading=\"lazy\" decoding=\"async\" width=\"150\" height=\"150\" src=\"https:\/\/kasvillarent.com\/wp-content\/uploads\/2017\/06\/20230518_082653-150x150.jpg\" class=\"attachment-thumbnail size-thumbnail\" alt=\"\" \/><\/a>\n\t\t\t<\/span><\/li><li class='gallery-item'><span class='gallery-icon portrait'>\n\t\t\t\t<a href='https:\/\/kasvillarent.com\/tr\/accommodation\/villa-emilie\/attachment\/villa-emilie-mutfak\/'><img loading=\"lazy\" decoding=\"async\" width=\"150\" height=\"150\" src=\"https:\/\/kasvillarent.com\/wp-content\/uploads\/2017\/06\/20200722_172014-scaled-e1609517181407-150x150.jpg\" class=\"attachment-thumbnail size-thumbnail\" alt=\"\" \/><\/a>\n\t\t\t<\/span><\/li><li class='gallery-item'><span class='gallery-icon landscape'>\n\t\t\t\t<a href='https:\/\/kasvillarent.com\/tr\/accommodation\/villa-emilie\/attachment\/1000028272-2\/'><img loading=\"lazy\" decoding=\"async\" width=\"150\" height=\"150\" src=\"https:\/\/kasvillarent.com\/wp-content\/uploads\/2017\/06\/1000028272-150x150.jpg\" class=\"attachment-thumbnail size-thumbnail\" alt=\"\" \/><\/a>\n\t\t\t<\/span><\/li><li class='gallery-item'><span class='gallery-icon landscape'>\n\t\t\t\t<a href='https:\/\/kasvillarent.com\/tr\/accommodation\/villa-emilie\/attachment\/1000028273-2\/'><img loading=\"lazy\" decoding=\"async\" width=\"150\" height=\"150\" src=\"https:\/\/kasvillarent.com\/wp-content\/uploads\/2017\/06\/1000028273-150x150.jpg\" class=\"attachment-thumbnail size-thumbnail\" alt=\"\" \/><\/a>\n\t\t\t<\/span><\/li><li class='gallery-item'><span class='gallery-icon portrait'>\n\t\t\t\t<a href='https:\/\/kasvillarent.com\/tr\/accommodation\/villa-emilie\/attachment\/villa-emilie-yatak-odasi-1\/'><img loading=\"lazy\" decoding=\"async\" width=\"150\" height=\"150\" src=\"https:\/\/kasvillarent.com\/wp-content\/uploads\/2017\/06\/20200925_081222-150x150.jpg\" class=\"attachment-thumbnail size-thumbnail\" alt=\"\" \/><\/a>\n\t\t\t<\/span><\/li><li class='gallery-item'><span class='gallery-icon landscape'>\n\t\t\t\t<a href='https:\/\/kasvillarent.com\/tr\/accommodation\/villa-emilie\/attachment\/20230518_084839-2\/'><img loading=\"lazy\" decoding=\"async\" width=\"150\" height=\"150\" src=\"https:\/\/kasvillarent.com\/wp-content\/uploads\/2017\/06\/20230518_084839-150x150.jpg\" class=\"attachment-thumbnail size-thumbnail\" alt=\"\" \/><\/a>\n\t\t\t<\/span><\/li><li class='gallery-item'><span class='gallery-icon landscape'>\n\t\t\t\t<a href='https:\/\/kasvillarent.com\/tr\/accommodation\/villa-emilie\/attachment\/20230518_102813-2\/'><img loading=\"lazy\" decoding=\"async\" width=\"150\" height=\"150\" src=\"https:\/\/kasvillarent.com\/wp-content\/uploads\/2017\/06\/20230518_102813-150x150.jpg\" class=\"attachment-thumbnail size-thumbnail\" alt=\"\" \/><\/a>\n\t\t\t<\/span><\/li><li class='gallery-item'><span class='gallery-icon portrait'>\n\t\t\t\t<a href='https:\/\/kasvillarent.com\/tr\/accommodation\/villa-emilie\/attachment\/villa-emilie-banyo\/'><img loading=\"lazy\" decoding=\"async\" width=\"150\" height=\"150\" src=\"https:\/\/kasvillarent.com\/wp-content\/uploads\/2017\/06\/20200722_165812-scaled-e1609517533351-150x150.jpg\" class=\"attachment-thumbnail size-thumbnail\" alt=\"\" \/><\/a>\n\t\t\t<\/span><\/li><li class='gallery-item'><span class='gallery-icon portrait'>\n\t\t\t\t<a href='https:\/\/kasvillarent.com\/tr\/accommodation\/villa-emilie\/attachment\/villa-emilie-banyo-3\/'><img loading=\"lazy\" decoding=\"async\" width=\"150\" height=\"150\" src=\"https:\/\/kasvillarent.com\/wp-content\/uploads\/2017\/06\/20200722_165523-scaled-e1609517255806-150x150.jpg\" class=\"attachment-thumbnail size-thumbnail\" alt=\"\" \/><\/a>\n\t\t\t<\/span><\/li><li class='gallery-item'><span class='gallery-icon landscape'>\n\t\t\t\t<a href='https:\/\/kasvillarent.com\/tr\/accommodation\/villa-emilie\/attachment\/20240527_102555-2\/'><img loading=\"lazy\" decoding=\"async\" width=\"150\" height=\"150\" src=\"https:\/\/kasvillarent.com\/wp-content\/uploads\/2017\/06\/20240527_102555-150x150.jpg\" class=\"attachment-thumbnail size-thumbnail\" alt=\"\" \/><\/a>\n\t\t\t<\/span><\/li><li class='gallery-item'><span class='gallery-icon portrait'>\n\t\t\t\t<a href='https:\/\/kasvillarent.com\/tr\/accommodation\/villa-emilie\/attachment\/20240527_101659-2\/'><img loading=\"lazy\" decoding=\"async\" width=\"150\" height=\"150\" src=\"https:\/\/kasvillarent.com\/wp-content\/uploads\/2017\/06\/20240527_101659-150x150.jpg\" class=\"attachment-thumbnail size-thumbnail\" alt=\"\" \/><\/a>\n\t\t\t<\/span><\/li><li class='gallery-item'><span class='gallery-icon portrait'>\n\t\t\t\t<a href='https:\/\/kasvillarent.com\/tr\/accommodation\/villa-emilie\/attachment\/20240527_101705-2\/'><img loading=\"lazy\" decoding=\"async\" width=\"150\" height=\"150\" src=\"https:\/\/kasvillarent.com\/wp-content\/uploads\/2017\/06\/20240527_101705-150x150.jpg\" class=\"attachment-thumbnail size-thumbnail\" alt=\"\" \/><\/a>\n\t\t\t<\/span><\/li><li class='gallery-item'><span class='gallery-icon landscape'>\n\t\t\t\t<a href='https:\/\/kasvillarent.com\/tr\/accommodation\/villa-emilie\/attachment\/20240527_101739-2\/'><img loading=\"lazy\" decoding=\"async\" width=\"150\" height=\"150\" src=\"https:\/\/kasvillarent.com\/wp-content\/uploads\/2017\/06\/20240527_101739-150x150.jpg\" class=\"attachment-thumbnail size-thumbnail\" alt=\"\" \/><\/a>\n\t\t\t<\/span><\/li><li class='gallery-item'><span class='gallery-icon landscape'>\n\t\t\t\t<a href='https:\/\/kasvillarent.com\/tr\/accommodation\/villa-emilie\/attachment\/bes-villalar\/'><img loading=\"lazy\" decoding=\"async\" width=\"150\" height=\"150\" src=\"https:\/\/kasvillarent.com\/wp-content\/uploads\/2017\/06\/IMG-20190508-WA0008-150x150.jpg\" class=\"attachment-thumbnail size-thumbnail\" alt=\"\" \/><\/a>\n\t\t\t<\/span><\/li><li class='gallery-item'><span class='gallery-icon landscape'>\n\t\t\t\t<a href='https:\/\/kasvillarent.com\/tr\/accommodation\/villa-emilie\/attachment\/20240527_102419-2\/'><img loading=\"lazy\" decoding=\"async\" width=\"150\" height=\"150\" src=\"https:\/\/kasvillarent.com\/wp-content\/uploads\/2017\/06\/20240527_102419-150x150.jpg\" class=\"attachment-thumbnail size-thumbnail\" alt=\"\" \/><\/a>\n\t\t\t<\/span><\/li><li class='gallery-item'><span class='gallery-icon landscape'>\n\t\t\t\t<a href='https:\/\/kasvillarent.com\/tr\/accommodation\/villa-emilie\/attachment\/20240527_101810-2\/'><img loading=\"lazy\" decoding=\"async\" width=\"150\" height=\"150\" src=\"https:\/\/kasvillarent.com\/wp-content\/uploads\/2017\/06\/20240527_101810-150x150.jpg\" class=\"attachment-thumbnail size-thumbnail\" alt=\"\" \/><\/a>\n\t\t\t<\/span><\/li><li class='gallery-item'><span class='gallery-icon landscape'>\n\t\t\t\t<a href='https:\/\/kasvillarent.com\/tr\/accommodation\/villa-emilie\/attachment\/kas-marina-manzara-2\/'><img loading=\"lazy\" decoding=\"async\" width=\"150\" height=\"150\" src=\"https:\/\/kasvillarent.com\/wp-content\/uploads\/2017\/06\/IMG-20200704-WA0001-150x150.jpg\" class=\"attachment-thumbnail size-thumbnail\" alt=\"\" \/><\/a>\n\t\t\t<\/span><\/li><li class='gallery-item'><span class='gallery-icon landscape'>\n\t\t\t\t<a href='https:\/\/kasvillarent.com\/tr\/accommodation\/villa-emilie\/attachment\/kas-marina-ve-yarimada\/'><img loading=\"lazy\" decoding=\"async\" width=\"150\" height=\"150\" src=\"https:\/\/kasvillarent.com\/wp-content\/uploads\/2017\/06\/20201003_080058-scaled-150x150.jpg\" class=\"attachment-thumbnail size-thumbnail\" alt=\"\" \/><\/a>\n\t\t\t<\/span><\/li><\/ul>\n\t\t<\/div>\n\n\t<\/div>\n\t\n<h2 class=\"mphb-room-type-title entry-title\">\n\n<a class=\"mphb-room-type-title\" href=\"https:\/\/kasvillarent.com\/tr\/accommodation\/villa-emilie\/\">Villa Emilie<\/a>\n\n<\/h2>\n\n<p>Villa Emilie, l\u00fcks bir \u015fekilde dinlenmek, seyahat etmek ve Ka\u015f&#8217;\u0131n do\u011fal plajlar\u0131n\u0131n tad\u0131n\u0131 \u00e7\u0131karmak i\u00e7in m\u00fckemmel bir yerdir.<\/p>\n\n\n<h3 class=\"mphb-room-type-details-title\">Detaylar<\/h3><ul class=\"mphb-loop-room-type-attributes\">\n\n\n\t<li class=\"mphb-room-type-adults-capacity\"><span class=\"mphb-attribute-title mphb-adults-title\">Misafirler:<\/span><span class=\"mphb-attribute-value\">\n\t7\n\t<\/span><\/li>\n\t\n\n\t<li class=\"mphb-room-type-facilities\"><span class=\"mphb-attribute-title mphb-facilities-title\">Kolayl\u0131klar:<\/span><span class=\"mphb-attribute-value\"> <span class=\"facility-balkon\"><a href=\"https:\/\/kasvillarent.com\/tr\/konaklama%20tesisi\/balkon\/\">Balkon<\/a><\/span>, <span class=\"facility-duz-ekran-tv\"><a href=\"https:\/\/kasvillarent.com\/tr\/konaklama%20tesisi\/duz-ekran-tv\/\">D\u00fcz ekran TV<\/a><\/span>, <span class=\"facility-klima\"><a href=\"https:\/\/kasvillarent.com\/tr\/konaklama%20tesisi\/klima\/\">Klima<\/a><\/span>, <span class=\"facility-sahil\"><a href=\"https:\/\/kasvillarent.com\/tr\/konaklama%20tesisi\/sahil\/\">Sahil<\/a><\/span>, <span class=\"facility-somine\"><a href=\"https:\/\/kasvillarent.com\/tr\/konaklama%20tesisi\/somine\/\">\u015e\u00f6mine<\/a><\/span>, <span class=\"facility-teras\"><a href=\"https:\/\/kasvillarent.com\/tr\/konaklama%20tesisi\/teras\/\">Teras<\/a><\/span>, <span class=\"facility-ucretsiz-internet\"><a href=\"https:\/\/kasvillarent.com\/tr\/konaklama%20tesisi\/ucretsiz-internet\/\">\u00dccretsiz internet<\/a><\/span>, <span class=\"facility-ucretsiz-park\"><a href=\"https:\/\/kasvillarent.com\/tr\/konaklama%20tesisi\/ucretsiz-park\/\">\u00dccretsiz park<\/a><\/span>, <span class=\"facility-villaya-ait-ozel-acik-havuz\"><a href=\"https:\/\/kasvillarent.com\/tr\/konaklama%20tesisi\/villaya-ait-ozel-acik-havuz\/\">Villaya ait \u00f6zel a\u00e7\u0131k havuz<\/a><\/span>, <span class=\"facility-yemek-alani\"><a href=\"https:\/\/kasvillarent.com\/tr\/konaklama%20tesisi\/yemek-alani\/\">Yemek alan\u0131<\/a><\/span><\/span><\/li>\n\t\n\n\n\t<li class=\"mphb-room-type-view\"><span class=\"mphb-attribute-title mphb-view-title\">G\u00f6r\u00fcnt\u00fcle:<\/span><span class=\"mphb-attribute-value\">\n\tDeniz Manzaras\u0131, Orman Manzaras\u0131, Da\u011f Manzaras\u0131, Y\u00fczme Havuzu\n\t<\/span><\/li>\n\t\n\n\n\t<li class=\"mphb-room-type-size\"><span class=\"mphb-attribute-title mphb-size-title\">Boyut:<\/span><span class=\"mphb-attribute-value\">\n\t200m\u00b2\n\t<\/span><\/li>\n\t\n\n\t<li class=\"mphb-room-type-bed-type\"><span  class=\"mphb-attribute-title mphb-bed-type-title\">Yatak Tipi:<\/span><span class=\"mphb-attribute-value\">\n\t2 B\u00fcy\u00fck \u00c7ift Ki\u015filik Yatak, 3 Tek Ki\u015filik Yatak\n\t<\/span><\/li>\n\t\n\n\t<li class=\"mphb-room-type-categories\"><span class=\"mphb-attribute-title mphb-categories-title\">Kategoriler:<\/span><span class=\"mphb-attribute-value\"> <span class=\"category-kas-yenikoy-tr\"><a href=\"https:\/\/kasvillarent.com\/tr\/konaklama-kategorisi\/kas-yenikoy-tr\/\">Ka\u015f Yenik\u00f6y<\/a><\/span><\/span><\/li>\n\t\n<\/ul>\n<h3 class=\"mphb-room-type-details-title\">Detaylar<\/h3><ul class=\"mphb-loop-room-type-attributes\">\n\n\n\t<li class=\"mphb-room-type-adults-capacity\"><span class=\"mphb-attribute-title mphb-adults-title\">Misafirler:<\/span><span class=\"mphb-attribute-value\">\n\t7\n\t<\/span><\/li>\n\t\n\n\t<li class=\"mphb-room-type-facilities\"><span class=\"mphb-attribute-title mphb-facilities-title\">Kolayl\u0131klar:<\/span><span class=\"mphb-attribute-value\"> <span class=\"facility-balkon\"><a href=\"https:\/\/kasvillarent.com\/tr\/konaklama%20tesisi\/balkon\/\">Balkon<\/a><\/span>, <span class=\"facility-duz-ekran-tv\"><a href=\"https:\/\/kasvillarent.com\/tr\/konaklama%20tesisi\/duz-ekran-tv\/\">D\u00fcz ekran TV<\/a><\/span>, <span class=\"facility-klima\"><a href=\"https:\/\/kasvillarent.com\/tr\/konaklama%20tesisi\/klima\/\">Klima<\/a><\/span>, <span class=\"facility-sahil\"><a href=\"https:\/\/kasvillarent.com\/tr\/konaklama%20tesisi\/sahil\/\">Sahil<\/a><\/span>, <span class=\"facility-somine\"><a href=\"https:\/\/kasvillarent.com\/tr\/konaklama%20tesisi\/somine\/\">\u015e\u00f6mine<\/a><\/span>, <span class=\"facility-teras\"><a href=\"https:\/\/kasvillarent.com\/tr\/konaklama%20tesisi\/teras\/\">Teras<\/a><\/span>, <span class=\"facility-ucretsiz-internet\"><a href=\"https:\/\/kasvillarent.com\/tr\/konaklama%20tesisi\/ucretsiz-internet\/\">\u00dccretsiz internet<\/a><\/span>, <span class=\"facility-ucretsiz-park\"><a href=\"https:\/\/kasvillarent.com\/tr\/konaklama%20tesisi\/ucretsiz-park\/\">\u00dccretsiz park<\/a><\/span>, <span class=\"facility-villaya-ait-ozel-acik-havuz\"><a href=\"https:\/\/kasvillarent.com\/tr\/konaklama%20tesisi\/villaya-ait-ozel-acik-havuz\/\">Villaya ait \u00f6zel a\u00e7\u0131k havuz<\/a><\/span>, <span class=\"facility-yemek-alani\"><a href=\"https:\/\/kasvillarent.com\/tr\/konaklama%20tesisi\/yemek-alani\/\">Yemek alan\u0131<\/a><\/span><\/span><\/li>\n\t\n\n\n\t<li class=\"mphb-room-type-view\"><span class=\"mphb-attribute-title mphb-view-title\">G\u00f6r\u00fcnt\u00fcle:<\/span><span class=\"mphb-attribute-value\">\n\tDeniz Manzaras\u0131, Orman Manzaras\u0131, Da\u011f Manzaras\u0131, Y\u00fczme Havuzu\n\t<\/span><\/li>\n\t\n\n\n\t<li class=\"mphb-room-type-size\"><span class=\"mphb-attribute-title mphb-size-title\">Boyut:<\/span><span class=\"mphb-attribute-value\">\n\t200m\u00b2\n\t<\/span><\/li>\n\t\n\n\t<li class=\"mphb-room-type-bed-type\"><span  class=\"mphb-attribute-title mphb-bed-type-title\">Yatak Tipi:<\/span><span class=\"mphb-attribute-value\">\n\t2 B\u00fcy\u00fck \u00c7ift Ki\u015filik Yatak, 3 Tek Ki\u015filik Yatak\n\t<\/span><\/li>\n\t\n\n\t<li class=\"mphb-room-type-categories\"><span class=\"mphb-attribute-title mphb-categories-title\">Kategoriler:<\/span><span class=\"mphb-attribute-value\"> <span class=\"category-kas-yenikoy-tr\"><a href=\"https:\/\/kasvillarent.com\/tr\/konaklama-kategorisi\/kas-yenikoy-tr\/\">Ka\u015f Yenik\u00f6y<\/a><\/span><\/span><\/li>\n\t\n<\/ul>\n\n\t<p class=\"mphb-regular-price\"><strong>\u00dccretten itibaren:<\/strong>\n\t<span class=\"mphb-price\"><span class=\"mphb-currency\">&euro;<\/span>750<\/span> <span class=\"mphb-price-period\" title=\"\u0130lgili fiyatlar\u0131 g\u00f6rmek i\u00e7in tarih se\u00e7iniz\">gecelik<\/span><span class=\"mphb-tax-information taxes-included\"> (+taxes and fees)<\/span>\n\t<\/p>\n\t\n<p class=\"mphb-view-details-button-wrapper\">\n<a class=\"button mphb-view-details-button\" href=\"https:\/\/kasvillarent.com\/tr\/accommodation\/villa-emilie\/\" >Detaylar\u0131 G\u00f6r\u00fcnt\u00fcleyin<\/a>\n<\/p>\n<div class=\"mphb-to-book-btn-wrapper\">\n<form action=\"https:\/\/kasvillarent.com\/tr\/accommodation\/villa-emilie\/#booking-form-6467\" method=\"get\" ><button type=\"submit\" class=\"button mphb-book-button\" >Rezerve Edin<\/button><\/form>\n<br\/><\/div>\n\t\n<\/div>\n\n<div class=\"mphb-room-type post-6457 mphb_room_type type-mphb_room_type status-publish has-post-thumbnail mphb_room_type_category-kas-yenikoy-tr mphb_room_type_facility-balkon mphb_room_type_facility-duz-ekran-tv mphb_room_type_facility-klima mphb_room_type_facility-sahil mphb_room_type_facility-somine mphb_room_type_facility-teras mphb_room_type_facility-ucretsiz-internet mphb_room_type_facility-ucretsiz-park mphb_room_type_facility-villaya-ait-ozel-acik-havuz mphb_room_type_facility-yemek-alani mphb-room-type-adults-7 mphb-room-type-children-0 has-taxes-and-fees\">\n\n\t\n\t\n\n\t<div class=\"mphb-room-type-images\">\n\t<span class=\"mphb_room_type_featured_image_wrapper\"><div id='mphb-flexslider-gallery-5' class='gallery-columns-1 gallery-size-villagio-thumb-small-x2 mphb-gallery-main-slider mphb-flexslider-gallery-wrapper mphb-room-type-gallery-wrapper mphb-gallery-main-slider-69f14998cf3f0' data-flexslider-atts='{\"animation\":\"slide\",\"controlNav\":false,\"animationLoop\":true,\"smoothHeight\":true,\"slideshow\":false}' data-group='69f14998cf3f0'><ul class=\"slides\"><li class='gallery-item'><span class='gallery-icon landscape'>\n\t\t\t\t<a href=\"https:\/\/kasvillarent.com\/tr\/accommodation\/villa-gurli\/\"><img loading=\"lazy\" decoding=\"async\" width=\"1434\" height=\"1080\" src=\"https:\/\/kasvillarent.com\/wp-content\/uploads\/2017\/06\/Villa-Gurli-Pool-View-01-1-1434x1080.jpg\" class=\"attachment-villagio-thumb-small-x2 size-villagio-thumb-small-x2\" alt=\"Villa Gurli Kas Antalya\" aria-describedby=\"mphb-flexslider-gallery-5-13901\" srcset=\"https:\/\/kasvillarent.com\/wp-content\/uploads\/2017\/06\/Villa-Gurli-Pool-View-01-1-1434x1080.jpg 1434w, https:\/\/kasvillarent.com\/wp-content\/uploads\/2017\/06\/Villa-Gurli-Pool-View-01-1-717x540.jpg 717w\" sizes=\"(max-width: 1434px) 100vw, 1434px\" \/><\/a>\n\t\t\t<\/span><\/li><li class='gallery-item'><span class='gallery-icon landscape'>\n\t\t\t\t<a href=\"https:\/\/kasvillarent.com\/tr\/accommodation\/villa-gurli\/\"><img loading=\"lazy\" decoding=\"async\" width=\"1434\" height=\"1080\" src=\"https:\/\/kasvillarent.com\/wp-content\/uploads\/2017\/06\/Villa-gurli-Pool-View-02-1434x1080.jpg\" class=\"attachment-villagio-thumb-small-x2 size-villagio-thumb-small-x2\" alt=\"Villa Gurli\" aria-describedby=\"mphb-flexslider-gallery-5-13829\" srcset=\"https:\/\/kasvillarent.com\/wp-content\/uploads\/2017\/06\/Villa-gurli-Pool-View-02-1434x1080.jpg 1434w, https:\/\/kasvillarent.com\/wp-content\/uploads\/2017\/06\/Villa-gurli-Pool-View-02-717x540.jpg 717w\" sizes=\"(max-width: 1434px) 100vw, 1434px\" \/><\/a>\n\t\t\t<\/span><\/li><li class='gallery-item'><span class='gallery-icon landscape'>\n\t\t\t\t<a href=\"https:\/\/kasvillarent.com\/tr\/accommodation\/villa-gurli\/\"><img loading=\"lazy\" decoding=\"async\" width=\"1434\" height=\"957\" src=\"https:\/\/kasvillarent.com\/wp-content\/uploads\/2017\/06\/Villa-Gurli-Pool-View-04-1434x957.jpg\" class=\"attachment-villagio-thumb-small-x2 size-villagio-thumb-small-x2\" alt=\"Villa Gurli Pool View\" aria-describedby=\"mphb-flexslider-gallery-5-13831\" srcset=\"https:\/\/kasvillarent.com\/wp-content\/uploads\/2017\/06\/Villa-Gurli-Pool-View-04-1434x957.jpg 1434w, https:\/\/kasvillarent.com\/wp-content\/uploads\/2017\/06\/Villa-Gurli-Pool-View-04-300x199.jpg 300w\" sizes=\"(max-width: 1434px) 100vw, 1434px\" \/><\/a>\n\t\t\t<\/span><\/li><li class='gallery-item'><span class='gallery-icon landscape'>\n\t\t\t\t<a href=\"https:\/\/kasvillarent.com\/tr\/accommodation\/villa-gurli\/\"><img loading=\"lazy\" decoding=\"async\" width=\"1434\" height=\"1080\" src=\"https:\/\/kasvillarent.com\/wp-content\/uploads\/2017\/06\/Villa-Gurli-Drone-View-04-1434x1080.jpg\" class=\"attachment-villagio-thumb-small-x2 size-villagio-thumb-small-x2\" alt=\"Villa Gurli Drone View\" aria-describedby=\"mphb-flexslider-gallery-5-13833\" srcset=\"https:\/\/kasvillarent.com\/wp-content\/uploads\/2017\/06\/Villa-Gurli-Drone-View-04-1434x1080.jpg 1434w, https:\/\/kasvillarent.com\/wp-content\/uploads\/2017\/06\/Villa-Gurli-Drone-View-04-717x540.jpg 717w\" sizes=\"(max-width: 1434px) 100vw, 1434px\" \/><\/a>\n\t\t\t<\/span><\/li><li class='gallery-item'><span class='gallery-icon landscape'>\n\t\t\t\t<a href=\"https:\/\/kasvillarent.com\/tr\/accommodation\/villa-gurli\/\"><img loading=\"lazy\" decoding=\"async\" width=\"1434\" height=\"1080\" src=\"https:\/\/kasvillarent.com\/wp-content\/uploads\/2017\/06\/Villa-gurli-Pool-View-03-1434x1080.jpg\" class=\"attachment-villagio-thumb-small-x2 size-villagio-thumb-small-x2\" alt=\"Villa Gurli Pool View\" aria-describedby=\"mphb-flexslider-gallery-5-13835\" srcset=\"https:\/\/kasvillarent.com\/wp-content\/uploads\/2017\/06\/Villa-gurli-Pool-View-03-1434x1080.jpg 1434w, https:\/\/kasvillarent.com\/wp-content\/uploads\/2017\/06\/Villa-gurli-Pool-View-03-717x540.jpg 717w\" sizes=\"(max-width: 1434px) 100vw, 1434px\" \/><\/a>\n\t\t\t<\/span><\/li><li class='gallery-item'><span class='gallery-icon landscape'>\n\t\t\t\t<a href=\"https:\/\/kasvillarent.com\/tr\/accommodation\/villa-gurli\/\"><img loading=\"lazy\" decoding=\"async\" width=\"1024\" height=\"683\" src=\"https:\/\/kasvillarent.com\/wp-content\/uploads\/2017\/06\/Villa-Gurli-Pool-View-08.jpg\" class=\"attachment-villagio-thumb-small-x2 size-villagio-thumb-small-x2\" alt=\"Villa Gurli Pool View\" aria-describedby=\"mphb-flexslider-gallery-5-13841\" srcset=\"https:\/\/kasvillarent.com\/wp-content\/uploads\/2017\/06\/Villa-Gurli-Pool-View-08.jpg 1024w, https:\/\/kasvillarent.com\/wp-content\/uploads\/2017\/06\/Villa-Gurli-Pool-View-08-300x200.jpg 300w, https:\/\/kasvillarent.com\/wp-content\/uploads\/2017\/06\/Villa-Gurli-Pool-View-08-768x512.jpg 768w, https:\/\/kasvillarent.com\/wp-content\/uploads\/2017\/06\/Villa-Gurli-Pool-View-08-927x618.jpg 927w\" sizes=\"(max-width: 1024px) 100vw, 1024px\" \/><\/a>\n\t\t\t<\/span><\/li><li class='gallery-item'><span class='gallery-icon landscape'>\n\t\t\t\t<a href=\"https:\/\/kasvillarent.com\/tr\/accommodation\/villa-gurli\/\"><img loading=\"lazy\" decoding=\"async\" width=\"1434\" height=\"956\" src=\"https:\/\/kasvillarent.com\/wp-content\/uploads\/2017\/06\/Villa-Gurli-Pool-View-05-1434x956.jpg\" class=\"attachment-villagio-thumb-small-x2 size-villagio-thumb-small-x2\" alt=\"Villa Gurli Pool View\" aria-describedby=\"mphb-flexslider-gallery-5-13837\" srcset=\"https:\/\/kasvillarent.com\/wp-content\/uploads\/2017\/06\/Villa-Gurli-Pool-View-05-1434x956.jpg 1434w, https:\/\/kasvillarent.com\/wp-content\/uploads\/2017\/06\/Villa-Gurli-Pool-View-05-300x199.jpg 300w\" sizes=\"(max-width: 1434px) 100vw, 1434px\" \/><\/a>\n\t\t\t<\/span><\/li><li class='gallery-item'><span class='gallery-icon landscape'>\n\t\t\t\t<a href=\"https:\/\/kasvillarent.com\/tr\/accommodation\/villa-gurli\/\"><img loading=\"lazy\" decoding=\"async\" width=\"1024\" height=\"680\" src=\"https:\/\/kasvillarent.com\/wp-content\/uploads\/2017\/06\/Villa-Gurli-Pool-View-07.jpg\" class=\"attachment-villagio-thumb-small-x2 size-villagio-thumb-small-x2\" alt=\"Villa Gurli Pool View\" aria-describedby=\"mphb-flexslider-gallery-5-13839\" srcset=\"https:\/\/kasvillarent.com\/wp-content\/uploads\/2017\/06\/Villa-Gurli-Pool-View-07.jpg 1024w, https:\/\/kasvillarent.com\/wp-content\/uploads\/2017\/06\/Villa-Gurli-Pool-View-07-300x199.jpg 300w, https:\/\/kasvillarent.com\/wp-content\/uploads\/2017\/06\/Villa-Gurli-Pool-View-07-768x510.jpg 768w, https:\/\/kasvillarent.com\/wp-content\/uploads\/2017\/06\/Villa-Gurli-Pool-View-07-931x618.jpg 931w\" sizes=\"(max-width: 1024px) 100vw, 1024px\" \/><\/a>\n\t\t\t<\/span><\/li><li class='gallery-item'><span class='gallery-icon portrait'>\n\t\t\t\t<a href=\"https:\/\/kasvillarent.com\/tr\/accommodation\/villa-gurli\/\"><img loading=\"lazy\" decoding=\"async\" width=\"1434\" height=\"1080\" src=\"https:\/\/kasvillarent.com\/wp-content\/uploads\/2017\/06\/Villa-Gurli-Pool-View-11-1434x1080.jpg\" class=\"attachment-villagio-thumb-small-x2 size-villagio-thumb-small-x2\" alt=\"Villa Gurli Pool View\" aria-describedby=\"mphb-flexslider-gallery-5-13843\" srcset=\"https:\/\/kasvillarent.com\/wp-content\/uploads\/2017\/06\/Villa-Gurli-Pool-View-11-1434x1080.jpg 1434w, https:\/\/kasvillarent.com\/wp-content\/uploads\/2017\/06\/Villa-Gurli-Pool-View-11-717x540.jpg 717w\" sizes=\"(max-width: 1434px) 100vw, 1434px\" \/><\/a>\n\t\t\t<\/span><\/li><li class='gallery-item'><span class='gallery-icon landscape'>\n\t\t\t\t<a href=\"https:\/\/kasvillarent.com\/tr\/accommodation\/villa-gurli\/\"><img loading=\"lazy\" decoding=\"async\" width=\"1007\" height=\"653\" src=\"https:\/\/kasvillarent.com\/wp-content\/uploads\/2017\/06\/Villa-Gurli-Terrace-03.jpg\" class=\"attachment-villagio-thumb-small-x2 size-villagio-thumb-small-x2\" alt=\"Villa Gurli Terrace\" aria-describedby=\"mphb-flexslider-gallery-5-13845\" srcset=\"https:\/\/kasvillarent.com\/wp-content\/uploads\/2017\/06\/Villa-Gurli-Terrace-03.jpg 1007w, https:\/\/kasvillarent.com\/wp-content\/uploads\/2017\/06\/Villa-Gurli-Terrace-03-300x195.jpg 300w, https:\/\/kasvillarent.com\/wp-content\/uploads\/2017\/06\/Villa-Gurli-Terrace-03-768x498.jpg 768w, https:\/\/kasvillarent.com\/wp-content\/uploads\/2017\/06\/Villa-Gurli-Terrace-03-953x618.jpg 953w\" sizes=\"(max-width: 1007px) 100vw, 1007px\" \/><\/a>\n\t\t\t<\/span><\/li><li class='gallery-item'><span class='gallery-icon landscape'>\n\t\t\t\t<a href=\"https:\/\/kasvillarent.com\/tr\/accommodation\/villa-gurli\/\"><img loading=\"lazy\" decoding=\"async\" width=\"1434\" height=\"1080\" src=\"https:\/\/kasvillarent.com\/wp-content\/uploads\/2017\/06\/Villa-Gurli-Terrace-02-1434x1080.jpg\" class=\"attachment-villagio-thumb-small-x2 size-villagio-thumb-small-x2\" alt=\"Villa Gurli Terrace\" aria-describedby=\"mphb-flexslider-gallery-5-13847\" srcset=\"https:\/\/kasvillarent.com\/wp-content\/uploads\/2017\/06\/Villa-Gurli-Terrace-02-1434x1080.jpg 1434w, https:\/\/kasvillarent.com\/wp-content\/uploads\/2017\/06\/Villa-Gurli-Terrace-02-717x540.jpg 717w\" sizes=\"(max-width: 1434px) 100vw, 1434px\" \/><\/a>\n\t\t\t<\/span><\/li><li class='gallery-item'><span class='gallery-icon portrait'>\n\t\t\t\t<a href=\"https:\/\/kasvillarent.com\/tr\/accommodation\/villa-gurli\/\"><img loading=\"lazy\" decoding=\"async\" width=\"1318\" height=\"1080\" src=\"https:\/\/kasvillarent.com\/wp-content\/uploads\/2017\/06\/Villa-Gurli-Pool-View-10-1318x1080.jpg\" class=\"attachment-villagio-thumb-small-x2 size-villagio-thumb-small-x2\" alt=\"Villa Gurli Pool View\" aria-describedby=\"mphb-flexslider-gallery-5-13895\" \/><\/a>\n\t\t\t<\/span><\/li><li class='gallery-item'><span class='gallery-icon portrait'>\n\t\t\t\t<a href=\"https:\/\/kasvillarent.com\/tr\/accommodation\/villa-gurli\/\"><img loading=\"lazy\" decoding=\"async\" width=\"1434\" height=\"1080\" src=\"https:\/\/kasvillarent.com\/wp-content\/uploads\/2017\/06\/Villa-Gurli-Pool-View-12-1434x1080.jpg\" class=\"attachment-villagio-thumb-small-x2 size-villagio-thumb-small-x2\" alt=\"Villa Gurli Pool View\" aria-describedby=\"mphb-flexslider-gallery-5-13897\" srcset=\"https:\/\/kasvillarent.com\/wp-content\/uploads\/2017\/06\/Villa-Gurli-Pool-View-12-1434x1080.jpg 1434w, https:\/\/kasvillarent.com\/wp-content\/uploads\/2017\/06\/Villa-Gurli-Pool-View-12-717x540.jpg 717w\" sizes=\"(max-width: 1434px) 100vw, 1434px\" \/><\/a>\n\t\t\t<\/span><\/li><li class='gallery-item'><span class='gallery-icon landscape'>\n\t\t\t\t<a href=\"https:\/\/kasvillarent.com\/tr\/accommodation\/villa-gurli\/\"><img loading=\"lazy\" decoding=\"async\" width=\"1434\" height=\"1080\" src=\"https:\/\/kasvillarent.com\/wp-content\/uploads\/2017\/06\/Villa-Gurli-Living-Room-01-1434x1080.jpg\" class=\"attachment-villagio-thumb-small-x2 size-villagio-thumb-small-x2\" alt=\"Villa Gurli Living Room\" aria-describedby=\"mphb-flexslider-gallery-5-13849\" srcset=\"https:\/\/kasvillarent.com\/wp-content\/uploads\/2017\/06\/Villa-Gurli-Living-Room-01-1434x1080.jpg 1434w, https:\/\/kasvillarent.com\/wp-content\/uploads\/2017\/06\/Villa-Gurli-Living-Room-01-717x540.jpg 717w\" sizes=\"(max-width: 1434px) 100vw, 1434px\" \/><\/a>\n\t\t\t<\/span><\/li><li class='gallery-item'><span class='gallery-icon landscape'>\n\t\t\t\t<a href=\"https:\/\/kasvillarent.com\/tr\/accommodation\/villa-gurli\/\"><img loading=\"lazy\" decoding=\"async\" width=\"1434\" height=\"1080\" src=\"https:\/\/kasvillarent.com\/wp-content\/uploads\/2017\/06\/Villa-Gurli-Living-Room-05-1434x1080.jpg\" class=\"attachment-villagio-thumb-small-x2 size-villagio-thumb-small-x2\" alt=\"Villa Gurli Living Room\" aria-describedby=\"mphb-flexslider-gallery-5-13851\" srcset=\"https:\/\/kasvillarent.com\/wp-content\/uploads\/2017\/06\/Villa-Gurli-Living-Room-05-1434x1080.jpg 1434w, https:\/\/kasvillarent.com\/wp-content\/uploads\/2017\/06\/Villa-Gurli-Living-Room-05-717x540.jpg 717w\" sizes=\"(max-width: 1434px) 100vw, 1434px\" \/><\/a>\n\t\t\t<\/span><\/li><li class='gallery-item'><span class='gallery-icon landscape'>\n\t\t\t\t<a href=\"https:\/\/kasvillarent.com\/tr\/accommodation\/villa-gurli\/\"><img loading=\"lazy\" decoding=\"async\" width=\"1434\" height=\"1080\" src=\"https:\/\/kasvillarent.com\/wp-content\/uploads\/2017\/06\/Villa-Gurli-Living-Room-04-1434x1080.jpg\" class=\"attachment-villagio-thumb-small-x2 size-villagio-thumb-small-x2\" alt=\"Villa Gurli Living Room\" aria-describedby=\"mphb-flexslider-gallery-5-13853\" srcset=\"https:\/\/kasvillarent.com\/wp-content\/uploads\/2017\/06\/Villa-Gurli-Living-Room-04-1434x1080.jpg 1434w, https:\/\/kasvillarent.com\/wp-content\/uploads\/2017\/06\/Villa-Gurli-Living-Room-04-717x540.jpg 717w\" sizes=\"(max-width: 1434px) 100vw, 1434px\" \/><\/a>\n\t\t\t<\/span><\/li><li class='gallery-item'><span class='gallery-icon landscape'>\n\t\t\t\t<a href=\"https:\/\/kasvillarent.com\/tr\/accommodation\/villa-gurli\/\"><img loading=\"lazy\" decoding=\"async\" width=\"1434\" height=\"1080\" src=\"https:\/\/kasvillarent.com\/wp-content\/uploads\/2017\/06\/Villa-Gurli-Kitchen-03-1434x1080.jpg\" class=\"attachment-villagio-thumb-small-x2 size-villagio-thumb-small-x2\" alt=\"Villa Gurli Kitchen\" aria-describedby=\"mphb-flexslider-gallery-5-13855\" srcset=\"https:\/\/kasvillarent.com\/wp-content\/uploads\/2017\/06\/Villa-Gurli-Kitchen-03-1434x1080.jpg 1434w, https:\/\/kasvillarent.com\/wp-content\/uploads\/2017\/06\/Villa-Gurli-Kitchen-03-717x540.jpg 717w\" sizes=\"(max-width: 1434px) 100vw, 1434px\" \/><\/a>\n\t\t\t<\/span><\/li><li class='gallery-item'><span class='gallery-icon landscape'>\n\t\t\t\t<a href=\"https:\/\/kasvillarent.com\/tr\/accommodation\/villa-gurli\/\"><img loading=\"lazy\" decoding=\"async\" width=\"1434\" height=\"1080\" src=\"https:\/\/kasvillarent.com\/wp-content\/uploads\/2017\/06\/Villa-Gurli-Kitchen-01--1434x1080.jpg\" class=\"attachment-villagio-thumb-small-x2 size-villagio-thumb-small-x2\" alt=\"Villa Gurli Kitchen\" aria-describedby=\"mphb-flexslider-gallery-5-13857\" srcset=\"https:\/\/kasvillarent.com\/wp-content\/uploads\/2017\/06\/Villa-Gurli-Kitchen-01--1434x1080.jpg 1434w, https:\/\/kasvillarent.com\/wp-content\/uploads\/2017\/06\/Villa-Gurli-Kitchen-01--300x226.jpg 300w, https:\/\/kasvillarent.com\/wp-content\/uploads\/2017\/06\/Villa-Gurli-Kitchen-01--1024x770.jpg 1024w, https:\/\/kasvillarent.com\/wp-content\/uploads\/2017\/06\/Villa-Gurli-Kitchen-01--768x577.jpg 768w, https:\/\/kasvillarent.com\/wp-content\/uploads\/2017\/06\/Villa-Gurli-Kitchen-01--822x618.jpg 822w, https:\/\/kasvillarent.com\/wp-content\/uploads\/2017\/06\/Villa-Gurli-Kitchen-01--717x540.jpg 717w\" sizes=\"(max-width: 1434px) 100vw, 1434px\" \/><\/a>\n\t\t\t<\/span><\/li><li class='gallery-item'><span class='gallery-icon landscape'>\n\t\t\t\t<a href=\"https:\/\/kasvillarent.com\/tr\/accommodation\/villa-gurli\/\"><img loading=\"lazy\" decoding=\"async\" width=\"1434\" height=\"1080\" src=\"https:\/\/kasvillarent.com\/wp-content\/uploads\/2017\/06\/Villa-Gurli-Indoor-Kitchen-table-1434x1080.jpg\" class=\"attachment-villagio-thumb-small-x2 size-villagio-thumb-small-x2\" alt=\"Villa Guli Kitchen\" aria-describedby=\"mphb-flexslider-gallery-5-13859\" srcset=\"https:\/\/kasvillarent.com\/wp-content\/uploads\/2017\/06\/Villa-Gurli-Indoor-Kitchen-table-1434x1080.jpg 1434w, https:\/\/kasvillarent.com\/wp-content\/uploads\/2017\/06\/Villa-Gurli-Indoor-Kitchen-table-717x540.jpg 717w\" sizes=\"(max-width: 1434px) 100vw, 1434px\" \/><\/a>\n\t\t\t<\/span><\/li><li class='gallery-item'><span class='gallery-icon landscape'>\n\t\t\t\t<a href=\"https:\/\/kasvillarent.com\/tr\/accommodation\/villa-gurli\/\"><img loading=\"lazy\" decoding=\"async\" width=\"1434\" height=\"956\" src=\"https:\/\/kasvillarent.com\/wp-content\/uploads\/2017\/06\/Villa-Gurli-Master-Bedroom-03-1434x956.jpg\" class=\"attachment-villagio-thumb-small-x2 size-villagio-thumb-small-x2\" alt=\"Villa Gurli Master Bedroom\" aria-describedby=\"mphb-flexslider-gallery-5-13861\" srcset=\"https:\/\/kasvillarent.com\/wp-content\/uploads\/2017\/06\/Villa-Gurli-Master-Bedroom-03-1434x956.jpg 1434w, https:\/\/kasvillarent.com\/wp-content\/uploads\/2017\/06\/Villa-Gurli-Master-Bedroom-03-300x199.jpg 300w\" sizes=\"(max-width: 1434px) 100vw, 1434px\" \/><\/a>\n\t\t\t<\/span><\/li><li class='gallery-item'><span class='gallery-icon landscape'>\n\t\t\t\t<a href=\"https:\/\/kasvillarent.com\/tr\/accommodation\/villa-gurli\/\"><img loading=\"lazy\" decoding=\"async\" width=\"1024\" height=\"680\" src=\"https:\/\/kasvillarent.com\/wp-content\/uploads\/2017\/06\/Villa-Gurli-Master-Bedroom-02.jpg\" class=\"attachment-villagio-thumb-small-x2 size-villagio-thumb-small-x2\" alt=\"Villa Gurli Master Bedroom\" aria-describedby=\"mphb-flexslider-gallery-5-13863\" srcset=\"https:\/\/kasvillarent.com\/wp-content\/uploads\/2017\/06\/Villa-Gurli-Master-Bedroom-02.jpg 1024w, https:\/\/kasvillarent.com\/wp-content\/uploads\/2017\/06\/Villa-Gurli-Master-Bedroom-02-300x199.jpg 300w, https:\/\/kasvillarent.com\/wp-content\/uploads\/2017\/06\/Villa-Gurli-Master-Bedroom-02-768x510.jpg 768w, https:\/\/kasvillarent.com\/wp-content\/uploads\/2017\/06\/Villa-Gurli-Master-Bedroom-02-931x618.jpg 931w\" sizes=\"(max-width: 1024px) 100vw, 1024px\" \/><\/a>\n\t\t\t<\/span><\/li><li class='gallery-item'><span class='gallery-icon landscape'>\n\t\t\t\t<a href=\"https:\/\/kasvillarent.com\/tr\/accommodation\/villa-gurli\/\"><img loading=\"lazy\" decoding=\"async\" width=\"1434\" height=\"1080\" src=\"https:\/\/kasvillarent.com\/wp-content\/uploads\/2017\/06\/Villa-Gurli-Double-Bedroom-04-1434x1080.jpg\" class=\"attachment-villagio-thumb-small-x2 size-villagio-thumb-small-x2\" alt=\"Villa Gurli Double Bedroom\" aria-describedby=\"mphb-flexslider-gallery-5-13865\" srcset=\"https:\/\/kasvillarent.com\/wp-content\/uploads\/2017\/06\/Villa-Gurli-Double-Bedroom-04-1434x1080.jpg 1434w, https:\/\/kasvillarent.com\/wp-content\/uploads\/2017\/06\/Villa-Gurli-Double-Bedroom-04-717x540.jpg 717w\" sizes=\"(max-width: 1434px) 100vw, 1434px\" \/><\/a>\n\t\t\t<\/span><\/li><li class='gallery-item'><span class='gallery-icon landscape'>\n\t\t\t\t<a href=\"https:\/\/kasvillarent.com\/tr\/accommodation\/villa-gurli\/\"><img loading=\"lazy\" decoding=\"async\" width=\"1434\" height=\"1080\" src=\"https:\/\/kasvillarent.com\/wp-content\/uploads\/2017\/06\/Villa-Gurli-Double-Bedroom-05-1434x1080.jpg\" class=\"attachment-villagio-thumb-small-x2 size-villagio-thumb-small-x2\" alt=\"\" srcset=\"https:\/\/kasvillarent.com\/wp-content\/uploads\/2017\/06\/Villa-Gurli-Double-Bedroom-05-1434x1080.jpg 1434w, https:\/\/kasvillarent.com\/wp-content\/uploads\/2017\/06\/Villa-Gurli-Double-Bedroom-05-717x540.jpg 717w\" sizes=\"(max-width: 1434px) 100vw, 1434px\" \/><\/a>\n\t\t\t<\/span><\/li><li class='gallery-item'><span class='gallery-icon landscape'>\n\t\t\t\t<a href=\"https:\/\/kasvillarent.com\/tr\/accommodation\/villa-gurli\/\"><img loading=\"lazy\" decoding=\"async\" width=\"1434\" height=\"956\" src=\"https:\/\/kasvillarent.com\/wp-content\/uploads\/2017\/06\/Villa-Gurli-Double-Bedroom-08-1434x956.jpg\" class=\"attachment-villagio-thumb-small-x2 size-villagio-thumb-small-x2\" alt=\"Villa Gurli Double Bedroom\" aria-describedby=\"mphb-flexslider-gallery-5-13869\" srcset=\"https:\/\/kasvillarent.com\/wp-content\/uploads\/2017\/06\/Villa-Gurli-Double-Bedroom-08-1434x956.jpg 1434w, https:\/\/kasvillarent.com\/wp-content\/uploads\/2017\/06\/Villa-Gurli-Double-Bedroom-08-300x199.jpg 300w\" sizes=\"(max-width: 1434px) 100vw, 1434px\" \/><\/a>\n\t\t\t<\/span><\/li><li class='gallery-item'><span class='gallery-icon landscape'>\n\t\t\t\t<a href=\"https:\/\/kasvillarent.com\/tr\/accommodation\/villa-gurli\/\"><img loading=\"lazy\" decoding=\"async\" width=\"1434\" height=\"1080\" src=\"https:\/\/kasvillarent.com\/wp-content\/uploads\/2017\/06\/Villa-Gurli-Master-Bathroom-01-1434x1080.jpg\" class=\"attachment-villagio-thumb-small-x2 size-villagio-thumb-small-x2\" alt=\"Villa Gurli Master Bathroom\" aria-describedby=\"mphb-flexslider-gallery-5-13873\" srcset=\"https:\/\/kasvillarent.com\/wp-content\/uploads\/2017\/06\/Villa-Gurli-Master-Bathroom-01-1434x1080.jpg 1434w, https:\/\/kasvillarent.com\/wp-content\/uploads\/2017\/06\/Villa-Gurli-Master-Bathroom-01-717x540.jpg 717w\" sizes=\"(max-width: 1434px) 100vw, 1434px\" \/><\/a>\n\t\t\t<\/span><\/li><li class='gallery-item'><span class='gallery-icon landscape'>\n\t\t\t\t<a href=\"https:\/\/kasvillarent.com\/tr\/accommodation\/villa-gurli\/\"><img loading=\"lazy\" decoding=\"async\" width=\"1434\" height=\"1080\" src=\"https:\/\/kasvillarent.com\/wp-content\/uploads\/2017\/06\/Villa-Gurli-Bathroom-02-1434x1080.jpg\" class=\"attachment-villagio-thumb-small-x2 size-villagio-thumb-small-x2\" alt=\"Villa Gurli Bathroom\" aria-describedby=\"mphb-flexslider-gallery-5-13871\" srcset=\"https:\/\/kasvillarent.com\/wp-content\/uploads\/2017\/06\/Villa-Gurli-Bathroom-02-1434x1080.jpg 1434w, https:\/\/kasvillarent.com\/wp-content\/uploads\/2017\/06\/Villa-Gurli-Bathroom-02-717x540.jpg 717w\" sizes=\"(max-width: 1434px) 100vw, 1434px\" \/><\/a>\n\t\t\t<\/span><\/li><li class='gallery-item'><span class='gallery-icon landscape'>\n\t\t\t\t<a href=\"https:\/\/kasvillarent.com\/tr\/accommodation\/villa-gurli\/\"><img loading=\"lazy\" decoding=\"async\" width=\"1434\" height=\"1080\" src=\"https:\/\/kasvillarent.com\/wp-content\/uploads\/2017\/06\/Villa-Gurli-Terrace-01-1434x1080.jpg\" class=\"attachment-villagio-thumb-small-x2 size-villagio-thumb-small-x2\" alt=\"Villa Gurli Terrace\" aria-describedby=\"mphb-flexslider-gallery-5-13875\" srcset=\"https:\/\/kasvillarent.com\/wp-content\/uploads\/2017\/06\/Villa-Gurli-Terrace-01-1434x1080.jpg 1434w, https:\/\/kasvillarent.com\/wp-content\/uploads\/2017\/06\/Villa-Gurli-Terrace-01-717x540.jpg 717w\" sizes=\"(max-width: 1434px) 100vw, 1434px\" \/><\/a>\n\t\t\t<\/span><\/li><li class='gallery-item'><span class='gallery-icon landscape'>\n\t\t\t\t<a href=\"https:\/\/kasvillarent.com\/tr\/accommodation\/villa-gurli\/\"><img loading=\"lazy\" decoding=\"async\" width=\"1434\" height=\"1080\" src=\"https:\/\/kasvillarent.com\/wp-content\/uploads\/2017\/06\/Villa-Gurli-Upper-Balkony-1434x1080.jpg\" class=\"attachment-villagio-thumb-small-x2 size-villagio-thumb-small-x2\" alt=\"Villa Gurli Upper Balkony\" aria-describedby=\"mphb-flexslider-gallery-5-13877\" srcset=\"https:\/\/kasvillarent.com\/wp-content\/uploads\/2017\/06\/Villa-Gurli-Upper-Balkony-1434x1080.jpg 1434w, https:\/\/kasvillarent.com\/wp-content\/uploads\/2017\/06\/Villa-Gurli-Upper-Balkony-717x540.jpg 717w\" sizes=\"(max-width: 1434px) 100vw, 1434px\" \/><\/a>\n\t\t\t<\/span><\/li><li class='gallery-item'><span class='gallery-icon portrait'>\n\t\t\t\t<a href=\"https:\/\/kasvillarent.com\/tr\/accommodation\/villa-gurli\/\"><img loading=\"lazy\" decoding=\"async\" width=\"1434\" height=\"1080\" src=\"https:\/\/kasvillarent.com\/wp-content\/uploads\/2017\/06\/Villa-Gurli-Pool-View-09-1434x1080.jpg\" class=\"attachment-villagio-thumb-small-x2 size-villagio-thumb-small-x2\" alt=\"Villa Gurli Pool View\" aria-describedby=\"mphb-flexslider-gallery-5-13879\" srcset=\"https:\/\/kasvillarent.com\/wp-content\/uploads\/2017\/06\/Villa-Gurli-Pool-View-09-1434x1080.jpg 1434w, https:\/\/kasvillarent.com\/wp-content\/uploads\/2017\/06\/Villa-Gurli-Pool-View-09-717x540.jpg 717w\" sizes=\"(max-width: 1434px) 100vw, 1434px\" \/><\/a>\n\t\t\t<\/span><\/li><li class='gallery-item'><span class='gallery-icon landscape'>\n\t\t\t\t<a href=\"https:\/\/kasvillarent.com\/tr\/accommodation\/villa-gurli\/\"><img loading=\"lazy\" decoding=\"async\" width=\"1434\" height=\"1080\" src=\"https:\/\/kasvillarent.com\/wp-content\/uploads\/2017\/06\/Villa-Gurli-Front-Garden-01-1434x1080.jpg\" class=\"attachment-villagio-thumb-small-x2 size-villagio-thumb-small-x2\" alt=\"Villa Gurli Front Garden\" aria-describedby=\"mphb-flexslider-gallery-5-13881\" srcset=\"https:\/\/kasvillarent.com\/wp-content\/uploads\/2017\/06\/Villa-Gurli-Front-Garden-01-1434x1080.jpg 1434w, https:\/\/kasvillarent.com\/wp-content\/uploads\/2017\/06\/Villa-Gurli-Front-Garden-01-717x540.jpg 717w\" sizes=\"(max-width: 1434px) 100vw, 1434px\" \/><\/a>\n\t\t\t<\/span><\/li><li class='gallery-item'><span class='gallery-icon landscape'>\n\t\t\t\t<a href=\"https:\/\/kasvillarent.com\/tr\/accommodation\/villa-gurli\/\"><img loading=\"lazy\" decoding=\"async\" width=\"1434\" height=\"956\" src=\"https:\/\/kasvillarent.com\/wp-content\/uploads\/2017\/06\/Villa-Gurli-Front-Garden-03-1434x956.jpg\" class=\"attachment-villagio-thumb-small-x2 size-villagio-thumb-small-x2\" alt=\"Villa Gurli Front Garden\" aria-describedby=\"mphb-flexslider-gallery-5-13885\" srcset=\"https:\/\/kasvillarent.com\/wp-content\/uploads\/2017\/06\/Villa-Gurli-Front-Garden-03-1434x956.jpg 1434w, https:\/\/kasvillarent.com\/wp-content\/uploads\/2017\/06\/Villa-Gurli-Front-Garden-03-300x199.jpg 300w\" sizes=\"(max-width: 1434px) 100vw, 1434px\" \/><\/a>\n\t\t\t<\/span><\/li><li class='gallery-item'><span class='gallery-icon landscape'>\n\t\t\t\t<a href=\"https:\/\/kasvillarent.com\/tr\/accommodation\/villa-gurli\/\"><img loading=\"lazy\" decoding=\"async\" width=\"1434\" height=\"943\" src=\"https:\/\/kasvillarent.com\/wp-content\/uploads\/2017\/06\/Villa-Gurli-Front-Garden-02-1434x943.jpg\" class=\"attachment-villagio-thumb-small-x2 size-villagio-thumb-small-x2\" alt=\"Villa Gurli Front Garden\" aria-describedby=\"mphb-flexslider-gallery-5-13883\" srcset=\"https:\/\/kasvillarent.com\/wp-content\/uploads\/2017\/06\/Villa-Gurli-Front-Garden-02-1434x943.jpg 1434w, https:\/\/kasvillarent.com\/wp-content\/uploads\/2017\/06\/Villa-Gurli-Front-Garden-02-300x196.jpg 300w\" sizes=\"(max-width: 1434px) 100vw, 1434px\" \/><\/a>\n\t\t\t<\/span><\/li><li class='gallery-item'><span class='gallery-icon landscape'>\n\t\t\t\t<a href=\"https:\/\/kasvillarent.com\/tr\/accommodation\/villa-gurli\/\"><img loading=\"lazy\" decoding=\"async\" width=\"1434\" height=\"956\" src=\"https:\/\/kasvillarent.com\/wp-content\/uploads\/2017\/06\/Villa-Gurli-Front-Garden-04-1434x956.jpg\" class=\"attachment-villagio-thumb-small-x2 size-villagio-thumb-small-x2\" alt=\"Villa Gurli Front Garden\" aria-describedby=\"mphb-flexslider-gallery-5-13887\" srcset=\"https:\/\/kasvillarent.com\/wp-content\/uploads\/2017\/06\/Villa-Gurli-Front-Garden-04-1434x956.jpg 1434w, https:\/\/kasvillarent.com\/wp-content\/uploads\/2017\/06\/Villa-Gurli-Front-Garden-04-300x199.jpg 300w\" sizes=\"(max-width: 1434px) 100vw, 1434px\" \/><\/a>\n\t\t\t<\/span><\/li><li class='gallery-item'><span class='gallery-icon portrait'>\n\t\t\t\t<a href=\"https:\/\/kasvillarent.com\/tr\/accommodation\/villa-gurli\/\"><img loading=\"lazy\" decoding=\"async\" width=\"1434\" height=\"1080\" src=\"https:\/\/kasvillarent.com\/wp-content\/uploads\/2017\/06\/Villa-Gurli-Front-Garden-05-1434x1080.jpg\" class=\"attachment-villagio-thumb-small-x2 size-villagio-thumb-small-x2\" alt=\"Villa Gurli Front Garden\" aria-describedby=\"mphb-flexslider-gallery-5-13889\" srcset=\"https:\/\/kasvillarent.com\/wp-content\/uploads\/2017\/06\/Villa-Gurli-Front-Garden-05-1434x1080.jpg 1434w, https:\/\/kasvillarent.com\/wp-content\/uploads\/2017\/06\/Villa-Gurli-Front-Garden-05-717x540.jpg 717w\" sizes=\"(max-width: 1434px) 100vw, 1434px\" \/><\/a>\n\t\t\t<\/span><\/li><li class='gallery-item'><span class='gallery-icon landscape'>\n\t\t\t\t<a href=\"https:\/\/kasvillarent.com\/tr\/accommodation\/villa-gurli\/\"><img loading=\"lazy\" decoding=\"async\" width=\"1434\" height=\"1080\" src=\"https:\/\/kasvillarent.com\/wp-content\/uploads\/2017\/06\/Fiva-Villas-Yenikoy-03-1434x1080.jpg\" class=\"attachment-villagio-thumb-small-x2 size-villagio-thumb-small-x2\" alt=\"Villa Gurli Drone View\" aria-describedby=\"mphb-flexslider-gallery-5-13891\" srcset=\"https:\/\/kasvillarent.com\/wp-content\/uploads\/2017\/06\/Fiva-Villas-Yenikoy-03-1434x1080.jpg 1434w, https:\/\/kasvillarent.com\/wp-content\/uploads\/2017\/06\/Fiva-Villas-Yenikoy-03-717x540.jpg 717w\" sizes=\"(max-width: 1434px) 100vw, 1434px\" \/><\/a>\n\t\t\t<\/span><\/li><li class='gallery-item'><span class='gallery-icon landscape'>\n\t\t\t\t<a href=\"https:\/\/kasvillarent.com\/tr\/accommodation\/villa-gurli\/\"><img loading=\"lazy\" decoding=\"async\" width=\"1434\" height=\"1080\" src=\"https:\/\/kasvillarent.com\/wp-content\/uploads\/2017\/06\/Five-Villas-Yenikoy-02-1434x1080.jpg\" class=\"attachment-villagio-thumb-small-x2 size-villagio-thumb-small-x2\" alt=\"Five Villas Kas Yenikoy\" aria-describedby=\"mphb-flexslider-gallery-5-13893\" srcset=\"https:\/\/kasvillarent.com\/wp-content\/uploads\/2017\/06\/Five-Villas-Yenikoy-02-1434x1080.jpg 1434w, https:\/\/kasvillarent.com\/wp-content\/uploads\/2017\/06\/Five-Villas-Yenikoy-02-717x540.jpg 717w\" sizes=\"(max-width: 1434px) 100vw, 1434px\" \/><\/a>\n\t\t\t<\/span><\/li><li class='gallery-item'><span class='gallery-icon landscape'>\n\t\t\t\t<a href=\"https:\/\/kasvillarent.com\/tr\/accommodation\/villa-gurli\/\"><img loading=\"lazy\" decoding=\"async\" width=\"875\" height=\"493\" src=\"https:\/\/kasvillarent.com\/wp-content\/uploads\/2017\/06\/Villa-Gurli-02.jpg\" class=\"attachment-villagio-thumb-small-x2 size-villagio-thumb-small-x2\" alt=\"Villa Gurli Garden\" aria-describedby=\"mphb-flexslider-gallery-5-13899\" srcset=\"https:\/\/kasvillarent.com\/wp-content\/uploads\/2017\/06\/Villa-Gurli-02.jpg 875w, https:\/\/kasvillarent.com\/wp-content\/uploads\/2017\/06\/Villa-Gurli-02-300x169.jpg 300w, https:\/\/kasvillarent.com\/wp-content\/uploads\/2017\/06\/Villa-Gurli-02-768x433.jpg 768w\" sizes=\"(max-width: 875px) 100vw, 875px\" \/><\/a>\n\t\t\t<\/span><\/li><\/ul>\n\t\t<\/div>\n<span class=\"mphb_room_type_categories_header_wrapper\"><a href=\"https:\/\/kasvillarent.com\/tr\/konaklama-kategorisi\/kas-yenikoy-tr\/\" rel=\"tag\">Ka\u015f Yenik\u00f6y<\/a><\/span><\/span><!-- .mphb_room_type_featured_image_wrapper --><div id='mphb-flexslider-gallery-6' class='gallery-columns-4 gallery-size-thumbnail mphb-gallery-thumbnail-slider mphb-flexslider-gallery-wrapper mphb-room-type-gallery-wrapper mphb-gallery-thumbnail-slider-69f14998cf3f0' data-flexslider-atts='{\"animation\":\"slide\",\"controlNav\":false,\"animationLoop\":true,\"slideshow\":false,\"itemMargin\":5}' data-group='69f14998cf3f0'><ul class=\"slides\"><li class='gallery-item'><span class='gallery-icon landscape'>\n\t\t\t\t<a href='https:\/\/kasvillarent.com\/tr\/accommodation\/villa-gurli\/attachment\/villa-gurli-pool-view-01-2-2\/'><img loading=\"lazy\" decoding=\"async\" width=\"150\" height=\"150\" src=\"https:\/\/kasvillarent.com\/wp-content\/uploads\/2017\/06\/Villa-Gurli-Pool-View-01-1-150x150.jpg\" class=\"attachment-thumbnail size-thumbnail\" alt=\"Villa Gurli Kas Antalya\" aria-describedby=\"mphb-flexslider-gallery-6-13901\" \/><\/a>\n\t\t\t<\/span><\/li><li class='gallery-item'><span class='gallery-icon landscape'>\n\t\t\t\t<a href='https:\/\/kasvillarent.com\/tr\/accommodation\/villa-gurli\/attachment\/villa-gurli-pool-view-02-2\/'><img loading=\"lazy\" decoding=\"async\" width=\"150\" height=\"150\" src=\"https:\/\/kasvillarent.com\/wp-content\/uploads\/2017\/06\/Villa-gurli-Pool-View-02-150x150.jpg\" class=\"attachment-thumbnail size-thumbnail\" alt=\"Villa Gurli\" aria-describedby=\"mphb-flexslider-gallery-6-13829\" \/><\/a>\n\t\t\t<\/span><\/li><li class='gallery-item'><span class='gallery-icon landscape'>\n\t\t\t\t<a href='https:\/\/kasvillarent.com\/tr\/accommodation\/villa-gurli\/attachment\/villa-gurli-pool-view-04-2\/'><img loading=\"lazy\" decoding=\"async\" width=\"150\" height=\"150\" src=\"https:\/\/kasvillarent.com\/wp-content\/uploads\/2017\/06\/Villa-Gurli-Pool-View-04-150x150.jpg\" class=\"attachment-thumbnail size-thumbnail\" alt=\"Villa Gurli Pool View\" aria-describedby=\"mphb-flexslider-gallery-6-13831\" \/><\/a>\n\t\t\t<\/span><\/li><li class='gallery-item'><span class='gallery-icon landscape'>\n\t\t\t\t<a href='https:\/\/kasvillarent.com\/tr\/accommodation\/villa-gurli\/attachment\/default-2-3\/'><img loading=\"lazy\" decoding=\"async\" width=\"150\" height=\"150\" src=\"https:\/\/kasvillarent.com\/wp-content\/uploads\/2017\/06\/Villa-Gurli-Drone-View-04-150x150.jpg\" class=\"attachment-thumbnail size-thumbnail\" alt=\"Villa Gurli Drone View\" aria-describedby=\"mphb-flexslider-gallery-6-13833\" \/><\/a>\n\t\t\t<\/span><\/li><li class='gallery-item'><span class='gallery-icon landscape'>\n\t\t\t\t<a href='https:\/\/kasvillarent.com\/tr\/accommodation\/villa-gurli\/attachment\/villa-gurli-pool-view-03-2\/'><img loading=\"lazy\" decoding=\"async\" width=\"150\" height=\"150\" src=\"https:\/\/kasvillarent.com\/wp-content\/uploads\/2017\/06\/Villa-gurli-Pool-View-03-150x150.jpg\" class=\"attachment-thumbnail size-thumbnail\" alt=\"Villa Gurli Pool View\" aria-describedby=\"mphb-flexslider-gallery-6-13835\" \/><\/a>\n\t\t\t<\/span><\/li><li class='gallery-item'><span class='gallery-icon landscape'>\n\t\t\t\t<a href='https:\/\/kasvillarent.com\/tr\/accommodation\/villa-gurli\/attachment\/villa-gurli-pool-view-08-2\/'><img loading=\"lazy\" decoding=\"async\" width=\"150\" height=\"150\" src=\"https:\/\/kasvillarent.com\/wp-content\/uploads\/2017\/06\/Villa-Gurli-Pool-View-08-150x150.jpg\" class=\"attachment-thumbnail size-thumbnail\" alt=\"Villa Gurli Pool View\" aria-describedby=\"mphb-flexslider-gallery-6-13841\" \/><\/a>\n\t\t\t<\/span><\/li><li class='gallery-item'><span class='gallery-icon landscape'>\n\t\t\t\t<a href='https:\/\/kasvillarent.com\/tr\/accommodation\/villa-gurli\/attachment\/villa-gurli-pool-view-05-2\/'><img loading=\"lazy\" decoding=\"async\" width=\"150\" height=\"150\" src=\"https:\/\/kasvillarent.com\/wp-content\/uploads\/2017\/06\/Villa-Gurli-Pool-View-05-150x150.jpg\" class=\"attachment-thumbnail size-thumbnail\" alt=\"Villa Gurli Pool View\" aria-describedby=\"mphb-flexslider-gallery-6-13837\" \/><\/a>\n\t\t\t<\/span><\/li><li class='gallery-item'><span class='gallery-icon landscape'>\n\t\t\t\t<a href='https:\/\/kasvillarent.com\/tr\/accommodation\/villa-gurli\/attachment\/villa-gurli-pool-view-07-2\/'><img loading=\"lazy\" decoding=\"async\" width=\"150\" height=\"150\" src=\"https:\/\/kasvillarent.com\/wp-content\/uploads\/2017\/06\/Villa-Gurli-Pool-View-07-150x150.jpg\" class=\"attachment-thumbnail size-thumbnail\" alt=\"Villa Gurli Pool View\" aria-describedby=\"mphb-flexslider-gallery-6-13839\" \/><\/a>\n\t\t\t<\/span><\/li><li class='gallery-item'><span class='gallery-icon portrait'>\n\t\t\t\t<a href='https:\/\/kasvillarent.com\/tr\/accommodation\/villa-gurli\/attachment\/villa-gurli-pool-view-11-2\/'><img loading=\"lazy\" decoding=\"async\" width=\"150\" height=\"150\" src=\"https:\/\/kasvillarent.com\/wp-content\/uploads\/2017\/06\/Villa-Gurli-Pool-View-11-150x150.jpg\" class=\"attachment-thumbnail size-thumbnail\" alt=\"Villa Gurli Pool View\" aria-describedby=\"mphb-flexslider-gallery-6-13843\" \/><\/a>\n\t\t\t<\/span><\/li><li class='gallery-item'><span class='gallery-icon landscape'>\n\t\t\t\t<a href='https:\/\/kasvillarent.com\/tr\/accommodation\/villa-gurli\/attachment\/villa-gurli-terrace-03-2\/'><img loading=\"lazy\" decoding=\"async\" width=\"150\" height=\"150\" src=\"https:\/\/kasvillarent.com\/wp-content\/uploads\/2017\/06\/Villa-Gurli-Terrace-03-150x150.jpg\" class=\"attachment-thumbnail size-thumbnail\" alt=\"Villa Gurli Terrace\" aria-describedby=\"mphb-flexslider-gallery-6-13845\" \/><\/a>\n\t\t\t<\/span><\/li><li class='gallery-item'><span class='gallery-icon landscape'>\n\t\t\t\t<a href='https:\/\/kasvillarent.com\/tr\/accommodation\/villa-gurli\/attachment\/villa-gurli-terrace-02-2\/'><img loading=\"lazy\" decoding=\"async\" width=\"150\" height=\"150\" src=\"https:\/\/kasvillarent.com\/wp-content\/uploads\/2017\/06\/Villa-Gurli-Terrace-02-150x150.jpg\" class=\"attachment-thumbnail size-thumbnail\" alt=\"Villa Gurli Terrace\" aria-describedby=\"mphb-flexslider-gallery-6-13847\" \/><\/a>\n\t\t\t<\/span><\/li><li class='gallery-item'><span class='gallery-icon portrait'>\n\t\t\t\t<a href='https:\/\/kasvillarent.com\/tr\/accommodation\/villa-gurli\/attachment\/villa-gurli-pool-view-10-2\/'><img loading=\"lazy\" decoding=\"async\" width=\"150\" height=\"150\" src=\"https:\/\/kasvillarent.com\/wp-content\/uploads\/2017\/06\/Villa-Gurli-Pool-View-10-150x150.jpg\" class=\"attachment-thumbnail size-thumbnail\" alt=\"Villa Gurli Pool View\" aria-describedby=\"mphb-flexslider-gallery-6-13895\" \/><\/a>\n\t\t\t<\/span><\/li><li class='gallery-item'><span class='gallery-icon portrait'>\n\t\t\t\t<a href='https:\/\/kasvillarent.com\/tr\/accommodation\/villa-gurli\/attachment\/villa-gurli-pool-view-12-2\/'><img loading=\"lazy\" decoding=\"async\" width=\"150\" height=\"150\" src=\"https:\/\/kasvillarent.com\/wp-content\/uploads\/2017\/06\/Villa-Gurli-Pool-View-12-150x150.jpg\" class=\"attachment-thumbnail size-thumbnail\" alt=\"Villa Gurli Pool View\" aria-describedby=\"mphb-flexslider-gallery-6-13897\" \/><\/a>\n\t\t\t<\/span><\/li><li class='gallery-item'><span class='gallery-icon landscape'>\n\t\t\t\t<a href='https:\/\/kasvillarent.com\/tr\/accommodation\/villa-gurli\/attachment\/villa-gurli-living-room-01-2\/'><img loading=\"lazy\" decoding=\"async\" width=\"150\" height=\"150\" src=\"https:\/\/kasvillarent.com\/wp-content\/uploads\/2017\/06\/Villa-Gurli-Living-Room-01-150x150.jpg\" class=\"attachment-thumbnail size-thumbnail\" alt=\"Villa Gurli Living Room\" aria-describedby=\"mphb-flexslider-gallery-6-13849\" \/><\/a>\n\t\t\t<\/span><\/li><li class='gallery-item'><span class='gallery-icon landscape'>\n\t\t\t\t<a href='https:\/\/kasvillarent.com\/tr\/accommodation\/villa-gurli\/attachment\/villa-gurli-living-room-05-2\/'><img loading=\"lazy\" decoding=\"async\" width=\"150\" height=\"150\" src=\"https:\/\/kasvillarent.com\/wp-content\/uploads\/2017\/06\/Villa-Gurli-Living-Room-05-150x150.jpg\" class=\"attachment-thumbnail size-thumbnail\" alt=\"Villa Gurli Living Room\" aria-describedby=\"mphb-flexslider-gallery-6-13851\" \/><\/a>\n\t\t\t<\/span><\/li><li class='gallery-item'><span class='gallery-icon landscape'>\n\t\t\t\t<a href='https:\/\/kasvillarent.com\/tr\/accommodation\/villa-gurli\/attachment\/villa-gurli-living-room-04-2\/'><img loading=\"lazy\" decoding=\"async\" width=\"150\" height=\"150\" src=\"https:\/\/kasvillarent.com\/wp-content\/uploads\/2017\/06\/Villa-Gurli-Living-Room-04-150x150.jpg\" class=\"attachment-thumbnail size-thumbnail\" alt=\"Villa Gurli Living Room\" aria-describedby=\"mphb-flexslider-gallery-6-13853\" \/><\/a>\n\t\t\t<\/span><\/li><li class='gallery-item'><span class='gallery-icon landscape'>\n\t\t\t\t<a href='https:\/\/kasvillarent.com\/tr\/accommodation\/villa-gurli\/attachment\/villa-gurli-kitchen-03-2\/'><img loading=\"lazy\" decoding=\"async\" width=\"150\" height=\"150\" src=\"https:\/\/kasvillarent.com\/wp-content\/uploads\/2017\/06\/Villa-Gurli-Kitchen-03-150x150.jpg\" class=\"attachment-thumbnail size-thumbnail\" alt=\"Villa Gurli Kitchen\" aria-describedby=\"mphb-flexslider-gallery-6-13855\" \/><\/a>\n\t\t\t<\/span><\/li><li class='gallery-item'><span class='gallery-icon landscape'>\n\t\t\t\t<a href='https:\/\/kasvillarent.com\/tr\/accommodation\/villa-gurli\/attachment\/villa-gurli-kitchen-01-2\/'><img loading=\"lazy\" decoding=\"async\" width=\"150\" height=\"150\" src=\"https:\/\/kasvillarent.com\/wp-content\/uploads\/2017\/06\/Villa-Gurli-Kitchen-01--150x150.jpg\" class=\"attachment-thumbnail size-thumbnail\" alt=\"Villa Gurli Kitchen\" aria-describedby=\"mphb-flexslider-gallery-6-13857\" \/><\/a>\n\t\t\t<\/span><\/li><li class='gallery-item'><span class='gallery-icon landscape'>\n\t\t\t\t<a href='https:\/\/kasvillarent.com\/tr\/accommodation\/villa-gurli\/attachment\/villa-gurli-indoor-kitchen-table-2\/'><img loading=\"lazy\" decoding=\"async\" width=\"150\" height=\"150\" src=\"https:\/\/kasvillarent.com\/wp-content\/uploads\/2017\/06\/Villa-Gurli-Indoor-Kitchen-table-150x150.jpg\" class=\"attachment-thumbnail size-thumbnail\" alt=\"Villa Guli Kitchen\" aria-describedby=\"mphb-flexslider-gallery-6-13859\" \/><\/a>\n\t\t\t<\/span><\/li><li class='gallery-item'><span class='gallery-icon landscape'>\n\t\t\t\t<a href='https:\/\/kasvillarent.com\/tr\/accommodation\/villa-gurli\/attachment\/villa-gurli-master-bedroom-03-2\/'><img loading=\"lazy\" decoding=\"async\" width=\"150\" height=\"150\" src=\"https:\/\/kasvillarent.com\/wp-content\/uploads\/2017\/06\/Villa-Gurli-Master-Bedroom-03-150x150.jpg\" class=\"attachment-thumbnail size-thumbnail\" alt=\"Villa Gurli Master Bedroom\" aria-describedby=\"mphb-flexslider-gallery-6-13861\" \/><\/a>\n\t\t\t<\/span><\/li><li class='gallery-item'><span class='gallery-icon landscape'>\n\t\t\t\t<a href='https:\/\/kasvillarent.com\/tr\/accommodation\/villa-gurli\/attachment\/villa-gurli-master-bedroom-02-2\/'><img loading=\"lazy\" decoding=\"async\" width=\"150\" height=\"150\" src=\"https:\/\/kasvillarent.com\/wp-content\/uploads\/2017\/06\/Villa-Gurli-Master-Bedroom-02-150x150.jpg\" class=\"attachment-thumbnail size-thumbnail\" alt=\"Villa Gurli Master Bedroom\" aria-describedby=\"mphb-flexslider-gallery-6-13863\" \/><\/a>\n\t\t\t<\/span><\/li><li class='gallery-item'><span class='gallery-icon landscape'>\n\t\t\t\t<a href='https:\/\/kasvillarent.com\/tr\/accommodation\/villa-gurli\/attachment\/villa-gurli-double-bedroom-04-2\/'><img loading=\"lazy\" decoding=\"async\" width=\"150\" height=\"150\" src=\"https:\/\/kasvillarent.com\/wp-content\/uploads\/2017\/06\/Villa-Gurli-Double-Bedroom-04-150x150.jpg\" class=\"attachment-thumbnail size-thumbnail\" alt=\"Villa Gurli Double Bedroom\" aria-describedby=\"mphb-flexslider-gallery-6-13865\" \/><\/a>\n\t\t\t<\/span><\/li><li class='gallery-item'><span class='gallery-icon landscape'>\n\t\t\t\t<a href='https:\/\/kasvillarent.com\/tr\/accommodation\/villa-gurli\/attachment\/villa-gurli-double-bedroom-05-2\/'><img loading=\"lazy\" decoding=\"async\" width=\"150\" height=\"150\" src=\"https:\/\/kasvillarent.com\/wp-content\/uploads\/2017\/06\/Villa-Gurli-Double-Bedroom-05-150x150.jpg\" class=\"attachment-thumbnail size-thumbnail\" alt=\"\" \/><\/a>\n\t\t\t<\/span><\/li><li class='gallery-item'><span class='gallery-icon landscape'>\n\t\t\t\t<a href='https:\/\/kasvillarent.com\/tr\/accommodation\/villa-gurli\/attachment\/villa-gurli-double-bedroom-08-2\/'><img loading=\"lazy\" decoding=\"async\" width=\"150\" height=\"150\" src=\"https:\/\/kasvillarent.com\/wp-content\/uploads\/2017\/06\/Villa-Gurli-Double-Bedroom-08-150x150.jpg\" class=\"attachment-thumbnail size-thumbnail\" alt=\"Villa Gurli Double Bedroom\" aria-describedby=\"mphb-flexslider-gallery-6-13869\" \/><\/a>\n\t\t\t<\/span><\/li><li class='gallery-item'><span class='gallery-icon landscape'>\n\t\t\t\t<a href='https:\/\/kasvillarent.com\/tr\/accommodation\/villa-gurli\/attachment\/villa-gurli-master-bathroom-01-2\/'><img loading=\"lazy\" decoding=\"async\" width=\"150\" height=\"150\" src=\"https:\/\/kasvillarent.com\/wp-content\/uploads\/2017\/06\/Villa-Gurli-Master-Bathroom-01-150x150.jpg\" class=\"attachment-thumbnail size-thumbnail\" alt=\"Villa Gurli Master Bathroom\" aria-describedby=\"mphb-flexslider-gallery-6-13873\" \/><\/a>\n\t\t\t<\/span><\/li><li class='gallery-item'><span class='gallery-icon landscape'>\n\t\t\t\t<a href='https:\/\/kasvillarent.com\/tr\/accommodation\/villa-gurli\/attachment\/villa-gurli-bathroom-02-2\/'><img loading=\"lazy\" decoding=\"async\" width=\"150\" height=\"150\" src=\"https:\/\/kasvillarent.com\/wp-content\/uploads\/2017\/06\/Villa-Gurli-Bathroom-02-150x150.jpg\" class=\"attachment-thumbnail size-thumbnail\" alt=\"Villa Gurli Bathroom\" aria-describedby=\"mphb-flexslider-gallery-6-13871\" \/><\/a>\n\t\t\t<\/span><\/li><li class='gallery-item'><span class='gallery-icon landscape'>\n\t\t\t\t<a href='https:\/\/kasvillarent.com\/tr\/accommodation\/villa-gurli\/attachment\/villa-gurli-terrace-01-2\/'><img loading=\"lazy\" decoding=\"async\" width=\"150\" height=\"150\" src=\"https:\/\/kasvillarent.com\/wp-content\/uploads\/2017\/06\/Villa-Gurli-Terrace-01-150x150.jpg\" class=\"attachment-thumbnail size-thumbnail\" alt=\"Villa Gurli Terrace\" aria-describedby=\"mphb-flexslider-gallery-6-13875\" \/><\/a>\n\t\t\t<\/span><\/li><li class='gallery-item'><span class='gallery-icon landscape'>\n\t\t\t\t<a href='https:\/\/kasvillarent.com\/tr\/accommodation\/villa-gurli\/attachment\/villa-gurli-upper-balkony-2\/'><img loading=\"lazy\" decoding=\"async\" width=\"150\" height=\"150\" src=\"https:\/\/kasvillarent.com\/wp-content\/uploads\/2017\/06\/Villa-Gurli-Upper-Balkony-150x150.jpg\" class=\"attachment-thumbnail size-thumbnail\" alt=\"Villa Gurli Upper Balkony\" aria-describedby=\"mphb-flexslider-gallery-6-13877\" \/><\/a>\n\t\t\t<\/span><\/li><li class='gallery-item'><span class='gallery-icon portrait'>\n\t\t\t\t<a href='https:\/\/kasvillarent.com\/tr\/accommodation\/villa-gurli\/attachment\/villa-gurli-pool-view-09-2\/'><img loading=\"lazy\" decoding=\"async\" width=\"150\" height=\"150\" src=\"https:\/\/kasvillarent.com\/wp-content\/uploads\/2017\/06\/Villa-Gurli-Pool-View-09-150x150.jpg\" class=\"attachment-thumbnail size-thumbnail\" alt=\"Villa Gurli Pool View\" aria-describedby=\"mphb-flexslider-gallery-6-13879\" \/><\/a>\n\t\t\t<\/span><\/li><li class='gallery-item'><span class='gallery-icon landscape'>\n\t\t\t\t<a href='https:\/\/kasvillarent.com\/tr\/accommodation\/villa-gurli\/attachment\/villa-gurli-front-garden-01-2\/'><img loading=\"lazy\" decoding=\"async\" width=\"150\" height=\"150\" src=\"https:\/\/kasvillarent.com\/wp-content\/uploads\/2017\/06\/Villa-Gurli-Front-Garden-01-150x150.jpg\" class=\"attachment-thumbnail size-thumbnail\" alt=\"Villa Gurli Front Garden\" aria-describedby=\"mphb-flexslider-gallery-6-13881\" \/><\/a>\n\t\t\t<\/span><\/li><li class='gallery-item'><span class='gallery-icon landscape'>\n\t\t\t\t<a href='https:\/\/kasvillarent.com\/tr\/accommodation\/villa-gurli\/attachment\/villa-gurli-front-garden-03-2\/'><img loading=\"lazy\" decoding=\"async\" width=\"150\" height=\"150\" src=\"https:\/\/kasvillarent.com\/wp-content\/uploads\/2017\/06\/Villa-Gurli-Front-Garden-03-150x150.jpg\" class=\"attachment-thumbnail size-thumbnail\" alt=\"Villa Gurli Front Garden\" aria-describedby=\"mphb-flexslider-gallery-6-13885\" \/><\/a>\n\t\t\t<\/span><\/li><li class='gallery-item'><span class='gallery-icon landscape'>\n\t\t\t\t<a href='https:\/\/kasvillarent.com\/tr\/accommodation\/villa-gurli\/attachment\/villa-gurli-front-garden-02-2\/'><img loading=\"lazy\" decoding=\"async\" width=\"150\" height=\"150\" src=\"https:\/\/kasvillarent.com\/wp-content\/uploads\/2017\/06\/Villa-Gurli-Front-Garden-02-150x150.jpg\" class=\"attachment-thumbnail size-thumbnail\" alt=\"Villa Gurli Front Garden\" aria-describedby=\"mphb-flexslider-gallery-6-13883\" \/><\/a>\n\t\t\t<\/span><\/li><li class='gallery-item'><span class='gallery-icon landscape'>\n\t\t\t\t<a href='https:\/\/kasvillarent.com\/tr\/accommodation\/villa-gurli\/attachment\/villa-gurli-front-garden-04-2\/'><img loading=\"lazy\" decoding=\"async\" width=\"150\" height=\"150\" src=\"https:\/\/kasvillarent.com\/wp-content\/uploads\/2017\/06\/Villa-Gurli-Front-Garden-04-150x150.jpg\" class=\"attachment-thumbnail size-thumbnail\" alt=\"Villa Gurli Front Garden\" aria-describedby=\"mphb-flexslider-gallery-6-13887\" \/><\/a>\n\t\t\t<\/span><\/li><li class='gallery-item'><span class='gallery-icon portrait'>\n\t\t\t\t<a href='https:\/\/kasvillarent.com\/tr\/accommodation\/villa-gurli\/attachment\/villa-gurli-front-garden-05-2\/'><img loading=\"lazy\" decoding=\"async\" width=\"150\" height=\"150\" src=\"https:\/\/kasvillarent.com\/wp-content\/uploads\/2017\/06\/Villa-Gurli-Front-Garden-05-150x150.jpg\" class=\"attachment-thumbnail size-thumbnail\" alt=\"Villa Gurli Front Garden\" aria-describedby=\"mphb-flexslider-gallery-6-13889\" \/><\/a>\n\t\t\t<\/span><\/li><li class='gallery-item'><span class='gallery-icon landscape'>\n\t\t\t\t<a href='https:\/\/kasvillarent.com\/tr\/accommodation\/villa-gurli\/attachment\/default-2-2-2\/'><img loading=\"lazy\" decoding=\"async\" width=\"150\" height=\"150\" src=\"https:\/\/kasvillarent.com\/wp-content\/uploads\/2017\/06\/Fiva-Villas-Yenikoy-03-150x150.jpg\" class=\"attachment-thumbnail size-thumbnail\" alt=\"Villa Gurli Drone View\" aria-describedby=\"mphb-flexslider-gallery-6-13891\" \/><\/a>\n\t\t\t<\/span><\/li><li class='gallery-item'><span class='gallery-icon landscape'>\n\t\t\t\t<a href='https:\/\/kasvillarent.com\/tr\/accommodation\/villa-gurli\/attachment\/default-3-2-2\/'><img loading=\"lazy\" decoding=\"async\" width=\"150\" height=\"150\" src=\"https:\/\/kasvillarent.com\/wp-content\/uploads\/2017\/06\/Five-Villas-Yenikoy-02-150x150.jpg\" class=\"attachment-thumbnail size-thumbnail\" alt=\"Five Villas Kas Yenikoy\" aria-describedby=\"mphb-flexslider-gallery-6-13893\" \/><\/a>\n\t\t\t<\/span><\/li><li class='gallery-item'><span class='gallery-icon landscape'>\n\t\t\t\t<a href='https:\/\/kasvillarent.com\/tr\/accommodation\/villa-gurli\/attachment\/villa-gurli-02-2\/'><img loading=\"lazy\" decoding=\"async\" width=\"150\" height=\"150\" src=\"https:\/\/kasvillarent.com\/wp-content\/uploads\/2017\/06\/Villa-Gurli-02-150x150.jpg\" class=\"attachment-thumbnail size-thumbnail\" alt=\"Villa Gurli Garden\" aria-describedby=\"mphb-flexslider-gallery-6-13899\" \/><\/a>\n\t\t\t<\/span><\/li><\/ul>\n\t\t<\/div>\n\n\t<\/div>\n\t\n<h2 class=\"mphb-room-type-title entry-title\">\n\n<a class=\"mphb-room-type-title\" href=\"https:\/\/kasvillarent.com\/tr\/accommodation\/villa-gurli\/\">Villa G\u00fcrli<\/a>\n\n<\/h2>\n\n<p>Villa G\u00fcrli, Yenik\u00f6y Ka\u015f&#8217;ta en g\u00fczel tatil an\u0131lar\u0131n\u0131z\u0131 ya\u015fayabilece\u011finiz tam donan\u0131ml\u0131 harika bir villad\u0131r.<\/p>\n\n\n<h3 class=\"mphb-room-type-details-title\">Detaylar<\/h3><ul class=\"mphb-loop-room-type-attributes\">\n\n\n\t<li class=\"mphb-room-type-adults-capacity\"><span class=\"mphb-attribute-title mphb-adults-title\">Misafirler:<\/span><span class=\"mphb-attribute-value\">\n\t7\n\t<\/span><\/li>\n\t\n\n\t<li class=\"mphb-room-type-facilities\"><span class=\"mphb-attribute-title mphb-facilities-title\">Kolayl\u0131klar:<\/span><span class=\"mphb-attribute-value\"> <span class=\"facility-balkon\"><a href=\"https:\/\/kasvillarent.com\/tr\/konaklama%20tesisi\/balkon\/\">Balkon<\/a><\/span>, <span class=\"facility-duz-ekran-tv\"><a href=\"https:\/\/kasvillarent.com\/tr\/konaklama%20tesisi\/duz-ekran-tv\/\">D\u00fcz ekran TV<\/a><\/span>, <span class=\"facility-klima\"><a href=\"https:\/\/kasvillarent.com\/tr\/konaklama%20tesisi\/klima\/\">Klima<\/a><\/span>, <span class=\"facility-sahil\"><a href=\"https:\/\/kasvillarent.com\/tr\/konaklama%20tesisi\/sahil\/\">Sahil<\/a><\/span>, <span class=\"facility-somine\"><a href=\"https:\/\/kasvillarent.com\/tr\/konaklama%20tesisi\/somine\/\">\u015e\u00f6mine<\/a><\/span>, <span class=\"facility-teras\"><a href=\"https:\/\/kasvillarent.com\/tr\/konaklama%20tesisi\/teras\/\">Teras<\/a><\/span>, <span class=\"facility-ucretsiz-internet\"><a href=\"https:\/\/kasvillarent.com\/tr\/konaklama%20tesisi\/ucretsiz-internet\/\">\u00dccretsiz internet<\/a><\/span>, <span class=\"facility-ucretsiz-park\"><a href=\"https:\/\/kasvillarent.com\/tr\/konaklama%20tesisi\/ucretsiz-park\/\">\u00dccretsiz park<\/a><\/span>, <span class=\"facility-villaya-ait-ozel-acik-havuz\"><a href=\"https:\/\/kasvillarent.com\/tr\/konaklama%20tesisi\/villaya-ait-ozel-acik-havuz\/\">Villaya ait \u00f6zel a\u00e7\u0131k havuz<\/a><\/span>, <span class=\"facility-yemek-alani\"><a href=\"https:\/\/kasvillarent.com\/tr\/konaklama%20tesisi\/yemek-alani\/\">Yemek alan\u0131<\/a><\/span><\/span><\/li>\n\t\n\n\n\t<li class=\"mphb-room-type-view\"><span class=\"mphb-attribute-title mphb-view-title\">G\u00f6r\u00fcnt\u00fcle:<\/span><span class=\"mphb-attribute-value\">\n\tDeniz ve Da\u011f manzaras\u0131, \u00d6zel y\u00fczme havuzu\n\t<\/span><\/li>\n\t\n\n\n\t<li class=\"mphb-room-type-size\"><span class=\"mphb-attribute-title mphb-size-title\">Boyut:<\/span><span class=\"mphb-attribute-value\">\n\t200m\u00b2\n\t<\/span><\/li>\n\t\n\n\t<li class=\"mphb-room-type-bed-type\"><span  class=\"mphb-attribute-title mphb-bed-type-title\">Yatak Tipi:<\/span><span class=\"mphb-attribute-value\">\n\t2 B\u00fcy\u00fck \u00c7ift Ki\u015filik Yatak, 2 tek ki\u015filik yatak\n\t<\/span><\/li>\n\t\n\n\t<li class=\"mphb-room-type-categories\"><span class=\"mphb-attribute-title mphb-categories-title\">Kategoriler:<\/span><span class=\"mphb-attribute-value\"> <span class=\"category-kas-yenikoy-tr\"><a href=\"https:\/\/kasvillarent.com\/tr\/konaklama-kategorisi\/kas-yenikoy-tr\/\">Ka\u015f Yenik\u00f6y<\/a><\/span><\/span><\/li>\n\t\n<\/ul>\n<h3 class=\"mphb-room-type-details-title\">Detaylar<\/h3><ul class=\"mphb-loop-room-type-attributes\">\n\n\n\t<li class=\"mphb-room-type-adults-capacity\"><span class=\"mphb-attribute-title mphb-adults-title\">Misafirler:<\/span><span class=\"mphb-attribute-value\">\n\t7\n\t<\/span><\/li>\n\t\n\n\t<li class=\"mphb-room-type-facilities\"><span class=\"mphb-attribute-title mphb-facilities-title\">Kolayl\u0131klar:<\/span><span class=\"mphb-attribute-value\"> <span class=\"facility-balkon\"><a href=\"https:\/\/kasvillarent.com\/tr\/konaklama%20tesisi\/balkon\/\">Balkon<\/a><\/span>, <span class=\"facility-duz-ekran-tv\"><a href=\"https:\/\/kasvillarent.com\/tr\/konaklama%20tesisi\/duz-ekran-tv\/\">D\u00fcz ekran TV<\/a><\/span>, <span class=\"facility-klima\"><a href=\"https:\/\/kasvillarent.com\/tr\/konaklama%20tesisi\/klima\/\">Klima<\/a><\/span>, <span class=\"facility-sahil\"><a href=\"https:\/\/kasvillarent.com\/tr\/konaklama%20tesisi\/sahil\/\">Sahil<\/a><\/span>, <span class=\"facility-somine\"><a href=\"https:\/\/kasvillarent.com\/tr\/konaklama%20tesisi\/somine\/\">\u015e\u00f6mine<\/a><\/span>, <span class=\"facility-teras\"><a href=\"https:\/\/kasvillarent.com\/tr\/konaklama%20tesisi\/teras\/\">Teras<\/a><\/span>, <span class=\"facility-ucretsiz-internet\"><a href=\"https:\/\/kasvillarent.com\/tr\/konaklama%20tesisi\/ucretsiz-internet\/\">\u00dccretsiz internet<\/a><\/span>, <span class=\"facility-ucretsiz-park\"><a href=\"https:\/\/kasvillarent.com\/tr\/konaklama%20tesisi\/ucretsiz-park\/\">\u00dccretsiz park<\/a><\/span>, <span class=\"facility-villaya-ait-ozel-acik-havuz\"><a href=\"https:\/\/kasvillarent.com\/tr\/konaklama%20tesisi\/villaya-ait-ozel-acik-havuz\/\">Villaya ait \u00f6zel a\u00e7\u0131k havuz<\/a><\/span>, <span class=\"facility-yemek-alani\"><a href=\"https:\/\/kasvillarent.com\/tr\/konaklama%20tesisi\/yemek-alani\/\">Yemek alan\u0131<\/a><\/span><\/span><\/li>\n\t\n\n\n\t<li class=\"mphb-room-type-view\"><span class=\"mphb-attribute-title mphb-view-title\">G\u00f6r\u00fcnt\u00fcle:<\/span><span class=\"mphb-attribute-value\">\n\tDeniz ve Da\u011f manzaras\u0131, \u00d6zel y\u00fczme havuzu\n\t<\/span><\/li>\n\t\n\n\n\t<li class=\"mphb-room-type-size\"><span class=\"mphb-attribute-title mphb-size-title\">Boyut:<\/span><span class=\"mphb-attribute-value\">\n\t200m\u00b2\n\t<\/span><\/li>\n\t\n\n\t<li class=\"mphb-room-type-bed-type\"><span  class=\"mphb-attribute-title mphb-bed-type-title\">Yatak Tipi:<\/span><span class=\"mphb-attribute-value\">\n\t2 B\u00fcy\u00fck \u00c7ift Ki\u015filik Yatak, 2 tek ki\u015filik yatak\n\t<\/span><\/li>\n\t\n\n\t<li class=\"mphb-room-type-categories\"><span class=\"mphb-attribute-title mphb-categories-title\">Kategoriler:<\/span><span class=\"mphb-attribute-value\"> <span class=\"category-kas-yenikoy-tr\"><a href=\"https:\/\/kasvillarent.com\/tr\/konaklama-kategorisi\/kas-yenikoy-tr\/\">Ka\u015f Yenik\u00f6y<\/a><\/span><\/span><\/li>\n\t\n<\/ul>\n\n\t<p class=\"mphb-regular-price\"><strong>\u00dccretten itibaren:<\/strong>\n\t<span class=\"mphb-price\"><span class=\"mphb-currency\">&euro;<\/span>750<\/span> <span class=\"mphb-price-period\" title=\"\u0130lgili fiyatlar\u0131 g\u00f6rmek i\u00e7in tarih se\u00e7iniz\">gecelik<\/span><span class=\"mphb-tax-information taxes-included\"> (+taxes and fees)<\/span>\n\t<\/p>\n\t\n<p class=\"mphb-view-details-button-wrapper\">\n<a class=\"button mphb-view-details-button\" href=\"https:\/\/kasvillarent.com\/tr\/accommodation\/villa-gurli\/\" >Detaylar\u0131 G\u00f6r\u00fcnt\u00fcleyin<\/a>\n<\/p>\n<div class=\"mphb-to-book-btn-wrapper\">\n<form action=\"https:\/\/kasvillarent.com\/tr\/accommodation\/villa-gurli\/#booking-form-6457\" method=\"get\" ><button type=\"submit\" class=\"button mphb-book-button\" >Rezerve Edin<\/button><\/form>\n<br\/><\/div>\n\t\n<\/div>\n\n<div class=\"mphb-room-type post-12472 mphb_room_type type-mphb_room_type status-publish has-post-thumbnail mphb_room_type_category-cukurbag-koyu mphb_room_type_facility-balkon mphb_room_type_facility-duz-ekran-tv mphb_room_type_facility-klima mphb_room_type_facility-teras mphb_room_type_facility-ucretsiz-internet mphb_room_type_facility-ucretsiz-park mphb_room_type_facility-villaya-ait-ozel-acik-havuz mphb_room_type_facility-yemek-alani mphb-room-type-adults-6 mphb-room-type-children-0 has-taxes-and-fees\">\n\n\t\n\t\n\n\t<div class=\"mphb-room-type-images\">\n\t<span class=\"mphb_room_type_featured_image_wrapper\"><div id='mphb-flexslider-gallery-7' class='gallery-columns-1 gallery-size-villagio-thumb-small-x2 mphb-gallery-main-slider mphb-flexslider-gallery-wrapper mphb-room-type-gallery-wrapper mphb-gallery-main-slider-69f14998d9d59' data-flexslider-atts='{\"animation\":\"slide\",\"controlNav\":false,\"animationLoop\":true,\"smoothHeight\":true,\"slideshow\":false}' data-group='69f14998d9d59'><ul class=\"slides\"><li class='gallery-item'><span class='gallery-icon landscape'>\n\t\t\t\t<a href=\"https:\/\/kasvillarent.com\/tr\/accommodation\/villa-altug\/\"><img loading=\"lazy\" decoding=\"async\" width=\"1024\" height=\"577\" src=\"https:\/\/kasvillarent.com\/wp-content\/uploads\/2017\/06\/IMG-20220107-WA0021-3.jpg\" class=\"attachment-villagio-thumb-small-x2 size-villagio-thumb-small-x2\" alt=\"\" srcset=\"https:\/\/kasvillarent.com\/wp-content\/uploads\/2017\/06\/IMG-20220107-WA0021-3.jpg 1024w, https:\/\/kasvillarent.com\/wp-content\/uploads\/2017\/06\/IMG-20220107-WA0021-3-300x169.jpg 300w, https:\/\/kasvillarent.com\/wp-content\/uploads\/2017\/06\/IMG-20220107-WA0021-3-768x433.jpg 768w, https:\/\/kasvillarent.com\/wp-content\/uploads\/2017\/06\/IMG-20220107-WA0021-3-20x11.jpg 20w\" sizes=\"(max-width: 1024px) 100vw, 1024px\" \/><\/a>\n\t\t\t<\/span><\/li><li class='gallery-item'><span class='gallery-icon landscape'>\n\t\t\t\t<a href=\"https:\/\/kasvillarent.com\/tr\/accommodation\/villa-altug\/\"><img loading=\"lazy\" decoding=\"async\" width=\"1024\" height=\"577\" src=\"https:\/\/kasvillarent.com\/wp-content\/uploads\/2017\/06\/IMG-20220107-WA0027-2.jpg\" class=\"attachment-villagio-thumb-small-x2 size-villagio-thumb-small-x2\" alt=\"\" srcset=\"https:\/\/kasvillarent.com\/wp-content\/uploads\/2017\/06\/IMG-20220107-WA0027-2.jpg 1024w, https:\/\/kasvillarent.com\/wp-content\/uploads\/2017\/06\/IMG-20220107-WA0027-2-300x169.jpg 300w, https:\/\/kasvillarent.com\/wp-content\/uploads\/2017\/06\/IMG-20220107-WA0027-2-768x433.jpg 768w, https:\/\/kasvillarent.com\/wp-content\/uploads\/2017\/06\/IMG-20220107-WA0027-2-20x11.jpg 20w\" sizes=\"(max-width: 1024px) 100vw, 1024px\" \/><\/a>\n\t\t\t<\/span><\/li><li class='gallery-item'><span class='gallery-icon landscape'>\n\t\t\t\t<a href=\"https:\/\/kasvillarent.com\/tr\/accommodation\/villa-altug\/\"><img loading=\"lazy\" decoding=\"async\" width=\"1024\" height=\"577\" src=\"https:\/\/kasvillarent.com\/wp-content\/uploads\/2017\/06\/IMG-20220107-WA0025-2.jpg\" class=\"attachment-villagio-thumb-small-x2 size-villagio-thumb-small-x2\" alt=\"\" srcset=\"https:\/\/kasvillarent.com\/wp-content\/uploads\/2017\/06\/IMG-20220107-WA0025-2.jpg 1024w, https:\/\/kasvillarent.com\/wp-content\/uploads\/2017\/06\/IMG-20220107-WA0025-2-300x169.jpg 300w, https:\/\/kasvillarent.com\/wp-content\/uploads\/2017\/06\/IMG-20220107-WA0025-2-768x433.jpg 768w, https:\/\/kasvillarent.com\/wp-content\/uploads\/2017\/06\/IMG-20220107-WA0025-2-20x11.jpg 20w\" sizes=\"(max-width: 1024px) 100vw, 1024px\" \/><\/a>\n\t\t\t<\/span><\/li><li class='gallery-item'><span class='gallery-icon landscape'>\n\t\t\t\t<a href=\"https:\/\/kasvillarent.com\/tr\/accommodation\/villa-altug\/\"><img loading=\"lazy\" decoding=\"async\" width=\"1024\" height=\"577\" src=\"https:\/\/kasvillarent.com\/wp-content\/uploads\/2017\/06\/IMG-20220107-WA0024-2.jpg\" class=\"attachment-villagio-thumb-small-x2 size-villagio-thumb-small-x2\" alt=\"\" srcset=\"https:\/\/kasvillarent.com\/wp-content\/uploads\/2017\/06\/IMG-20220107-WA0024-2.jpg 1024w, https:\/\/kasvillarent.com\/wp-content\/uploads\/2017\/06\/IMG-20220107-WA0024-2-300x169.jpg 300w, https:\/\/kasvillarent.com\/wp-content\/uploads\/2017\/06\/IMG-20220107-WA0024-2-768x433.jpg 768w, https:\/\/kasvillarent.com\/wp-content\/uploads\/2017\/06\/IMG-20220107-WA0024-2-20x11.jpg 20w\" sizes=\"(max-width: 1024px) 100vw, 1024px\" \/><\/a>\n\t\t\t<\/span><\/li><li class='gallery-item'><span class='gallery-icon landscape'>\n\t\t\t\t<a href=\"https:\/\/kasvillarent.com\/tr\/accommodation\/villa-altug\/\"><img loading=\"lazy\" decoding=\"async\" width=\"1024\" height=\"577\" src=\"https:\/\/kasvillarent.com\/wp-content\/uploads\/2017\/06\/IMG-20220107-WA0022-2.jpg\" class=\"attachment-villagio-thumb-small-x2 size-villagio-thumb-small-x2\" alt=\"\" srcset=\"https:\/\/kasvillarent.com\/wp-content\/uploads\/2017\/06\/IMG-20220107-WA0022-2.jpg 1024w, https:\/\/kasvillarent.com\/wp-content\/uploads\/2017\/06\/IMG-20220107-WA0022-2-300x169.jpg 300w, https:\/\/kasvillarent.com\/wp-content\/uploads\/2017\/06\/IMG-20220107-WA0022-2-768x433.jpg 768w, https:\/\/kasvillarent.com\/wp-content\/uploads\/2017\/06\/IMG-20220107-WA0022-2-20x11.jpg 20w\" sizes=\"(max-width: 1024px) 100vw, 1024px\" \/><\/a>\n\t\t\t<\/span><\/li><li class='gallery-item'><span class='gallery-icon landscape'>\n\t\t\t\t<a href=\"https:\/\/kasvillarent.com\/tr\/accommodation\/villa-altug\/\"><img loading=\"lazy\" decoding=\"async\" width=\"1024\" height=\"577\" src=\"https:\/\/kasvillarent.com\/wp-content\/uploads\/2017\/06\/IMG-20220107-WA0023-2.jpg\" class=\"attachment-villagio-thumb-small-x2 size-villagio-thumb-small-x2\" alt=\"\" srcset=\"https:\/\/kasvillarent.com\/wp-content\/uploads\/2017\/06\/IMG-20220107-WA0023-2.jpg 1024w, https:\/\/kasvillarent.com\/wp-content\/uploads\/2017\/06\/IMG-20220107-WA0023-2-300x169.jpg 300w, https:\/\/kasvillarent.com\/wp-content\/uploads\/2017\/06\/IMG-20220107-WA0023-2-768x433.jpg 768w, https:\/\/kasvillarent.com\/wp-content\/uploads\/2017\/06\/IMG-20220107-WA0023-2-20x11.jpg 20w\" sizes=\"(max-width: 1024px) 100vw, 1024px\" \/><\/a>\n\t\t\t<\/span><\/li><li class='gallery-item'><span class='gallery-icon landscape'>\n\t\t\t\t<a href=\"https:\/\/kasvillarent.com\/tr\/accommodation\/villa-altug\/\"><img loading=\"lazy\" decoding=\"async\" width=\"1024\" height=\"577\" src=\"https:\/\/kasvillarent.com\/wp-content\/uploads\/2017\/06\/IMG-20220107-WA0019-2.jpg\" class=\"attachment-villagio-thumb-small-x2 size-villagio-thumb-small-x2\" alt=\"\" srcset=\"https:\/\/kasvillarent.com\/wp-content\/uploads\/2017\/06\/IMG-20220107-WA0019-2.jpg 1024w, https:\/\/kasvillarent.com\/wp-content\/uploads\/2017\/06\/IMG-20220107-WA0019-2-300x169.jpg 300w, https:\/\/kasvillarent.com\/wp-content\/uploads\/2017\/06\/IMG-20220107-WA0019-2-768x433.jpg 768w, https:\/\/kasvillarent.com\/wp-content\/uploads\/2017\/06\/IMG-20220107-WA0019-2-20x11.jpg 20w\" sizes=\"(max-width: 1024px) 100vw, 1024px\" \/><\/a>\n\t\t\t<\/span><\/li><li class='gallery-item'><span class='gallery-icon landscape'>\n\t\t\t\t<a href=\"https:\/\/kasvillarent.com\/tr\/accommodation\/villa-altug\/\"><img loading=\"lazy\" decoding=\"async\" width=\"1024\" height=\"577\" src=\"https:\/\/kasvillarent.com\/wp-content\/uploads\/2017\/06\/IMG-20220107-WA0020-2.jpg\" class=\"attachment-villagio-thumb-small-x2 size-villagio-thumb-small-x2\" alt=\"\" srcset=\"https:\/\/kasvillarent.com\/wp-content\/uploads\/2017\/06\/IMG-20220107-WA0020-2.jpg 1024w, https:\/\/kasvillarent.com\/wp-content\/uploads\/2017\/06\/IMG-20220107-WA0020-2-300x169.jpg 300w, https:\/\/kasvillarent.com\/wp-content\/uploads\/2017\/06\/IMG-20220107-WA0020-2-768x433.jpg 768w, https:\/\/kasvillarent.com\/wp-content\/uploads\/2017\/06\/IMG-20220107-WA0020-2-20x11.jpg 20w\" sizes=\"(max-width: 1024px) 100vw, 1024px\" \/><\/a>\n\t\t\t<\/span><\/li><li class='gallery-item'><span class='gallery-icon landscape'>\n\t\t\t\t<a href=\"https:\/\/kasvillarent.com\/tr\/accommodation\/villa-altug\/\"><img loading=\"lazy\" decoding=\"async\" width=\"1024\" height=\"577\" src=\"https:\/\/kasvillarent.com\/wp-content\/uploads\/2017\/06\/IMG-20220107-WA0017-2.jpg\" class=\"attachment-villagio-thumb-small-x2 size-villagio-thumb-small-x2\" alt=\"\" srcset=\"https:\/\/kasvillarent.com\/wp-content\/uploads\/2017\/06\/IMG-20220107-WA0017-2.jpg 1024w, https:\/\/kasvillarent.com\/wp-content\/uploads\/2017\/06\/IMG-20220107-WA0017-2-300x169.jpg 300w, https:\/\/kasvillarent.com\/wp-content\/uploads\/2017\/06\/IMG-20220107-WA0017-2-768x433.jpg 768w, https:\/\/kasvillarent.com\/wp-content\/uploads\/2017\/06\/IMG-20220107-WA0017-2-20x11.jpg 20w\" sizes=\"(max-width: 1024px) 100vw, 1024px\" \/><\/a>\n\t\t\t<\/span><\/li><li class='gallery-item'><span class='gallery-icon landscape'>\n\t\t\t\t<a href=\"https:\/\/kasvillarent.com\/tr\/accommodation\/villa-altug\/\"><img loading=\"lazy\" decoding=\"async\" width=\"1024\" height=\"577\" src=\"https:\/\/kasvillarent.com\/wp-content\/uploads\/2017\/06\/IMG-20220107-WA0018-2.jpg\" class=\"attachment-villagio-thumb-small-x2 size-villagio-thumb-small-x2\" alt=\"\" srcset=\"https:\/\/kasvillarent.com\/wp-content\/uploads\/2017\/06\/IMG-20220107-WA0018-2.jpg 1024w, https:\/\/kasvillarent.com\/wp-content\/uploads\/2017\/06\/IMG-20220107-WA0018-2-300x169.jpg 300w, https:\/\/kasvillarent.com\/wp-content\/uploads\/2017\/06\/IMG-20220107-WA0018-2-768x433.jpg 768w, https:\/\/kasvillarent.com\/wp-content\/uploads\/2017\/06\/IMG-20220107-WA0018-2-20x11.jpg 20w\" sizes=\"(max-width: 1024px) 100vw, 1024px\" \/><\/a>\n\t\t\t<\/span><\/li><li class='gallery-item'><span class='gallery-icon landscape'>\n\t\t\t\t<a href=\"https:\/\/kasvillarent.com\/tr\/accommodation\/villa-altug\/\"><img loading=\"lazy\" decoding=\"async\" width=\"1024\" height=\"577\" src=\"https:\/\/kasvillarent.com\/wp-content\/uploads\/2017\/06\/IMG-20220107-WA0007-2.jpg\" class=\"attachment-villagio-thumb-small-x2 size-villagio-thumb-small-x2\" alt=\"\" srcset=\"https:\/\/kasvillarent.com\/wp-content\/uploads\/2017\/06\/IMG-20220107-WA0007-2.jpg 1024w, https:\/\/kasvillarent.com\/wp-content\/uploads\/2017\/06\/IMG-20220107-WA0007-2-300x169.jpg 300w, https:\/\/kasvillarent.com\/wp-content\/uploads\/2017\/06\/IMG-20220107-WA0007-2-768x433.jpg 768w, https:\/\/kasvillarent.com\/wp-content\/uploads\/2017\/06\/IMG-20220107-WA0007-2-20x11.jpg 20w\" sizes=\"(max-width: 1024px) 100vw, 1024px\" \/><\/a>\n\t\t\t<\/span><\/li><li class='gallery-item'><span class='gallery-icon landscape'>\n\t\t\t\t<a href=\"https:\/\/kasvillarent.com\/tr\/accommodation\/villa-altug\/\"><img loading=\"lazy\" decoding=\"async\" width=\"1024\" height=\"577\" src=\"https:\/\/kasvillarent.com\/wp-content\/uploads\/2017\/06\/IMG-20220107-WA0006-2.jpg\" class=\"attachment-villagio-thumb-small-x2 size-villagio-thumb-small-x2\" alt=\"\" srcset=\"https:\/\/kasvillarent.com\/wp-content\/uploads\/2017\/06\/IMG-20220107-WA0006-2.jpg 1024w, https:\/\/kasvillarent.com\/wp-content\/uploads\/2017\/06\/IMG-20220107-WA0006-2-300x169.jpg 300w, https:\/\/kasvillarent.com\/wp-content\/uploads\/2017\/06\/IMG-20220107-WA0006-2-768x433.jpg 768w, https:\/\/kasvillarent.com\/wp-content\/uploads\/2017\/06\/IMG-20220107-WA0006-2-20x11.jpg 20w\" sizes=\"(max-width: 1024px) 100vw, 1024px\" \/><\/a>\n\t\t\t<\/span><\/li><li class='gallery-item'><span class='gallery-icon landscape'>\n\t\t\t\t<a href=\"https:\/\/kasvillarent.com\/tr\/accommodation\/villa-altug\/\"><img loading=\"lazy\" decoding=\"async\" width=\"1024\" height=\"577\" src=\"https:\/\/kasvillarent.com\/wp-content\/uploads\/2017\/06\/IMG-20220107-WA0008-2.jpg\" class=\"attachment-villagio-thumb-small-x2 size-villagio-thumb-small-x2\" alt=\"\" srcset=\"https:\/\/kasvillarent.com\/wp-content\/uploads\/2017\/06\/IMG-20220107-WA0008-2.jpg 1024w, https:\/\/kasvillarent.com\/wp-content\/uploads\/2017\/06\/IMG-20220107-WA0008-2-300x169.jpg 300w, https:\/\/kasvillarent.com\/wp-content\/uploads\/2017\/06\/IMG-20220107-WA0008-2-768x433.jpg 768w, https:\/\/kasvillarent.com\/wp-content\/uploads\/2017\/06\/IMG-20220107-WA0008-2-20x11.jpg 20w\" sizes=\"(max-width: 1024px) 100vw, 1024px\" \/><\/a>\n\t\t\t<\/span><\/li><li class='gallery-item'><span class='gallery-icon landscape'>\n\t\t\t\t<a href=\"https:\/\/kasvillarent.com\/tr\/accommodation\/villa-altug\/\"><img loading=\"lazy\" decoding=\"async\" width=\"1024\" height=\"577\" src=\"https:\/\/kasvillarent.com\/wp-content\/uploads\/2017\/06\/IMG-20220107-WA0009-2.jpg\" class=\"attachment-villagio-thumb-small-x2 size-villagio-thumb-small-x2\" alt=\"\" srcset=\"https:\/\/kasvillarent.com\/wp-content\/uploads\/2017\/06\/IMG-20220107-WA0009-2.jpg 1024w, https:\/\/kasvillarent.com\/wp-content\/uploads\/2017\/06\/IMG-20220107-WA0009-2-300x169.jpg 300w, https:\/\/kasvillarent.com\/wp-content\/uploads\/2017\/06\/IMG-20220107-WA0009-2-768x433.jpg 768w, https:\/\/kasvillarent.com\/wp-content\/uploads\/2017\/06\/IMG-20220107-WA0009-2-20x11.jpg 20w\" sizes=\"(max-width: 1024px) 100vw, 1024px\" \/><\/a>\n\t\t\t<\/span><\/li><li class='gallery-item'><span class='gallery-icon landscape'>\n\t\t\t\t<a href=\"https:\/\/kasvillarent.com\/tr\/accommodation\/villa-altug\/\"><img loading=\"lazy\" decoding=\"async\" width=\"1024\" height=\"577\" src=\"https:\/\/kasvillarent.com\/wp-content\/uploads\/2017\/06\/IMG-20220107-WA0010-2.jpg\" class=\"attachment-villagio-thumb-small-x2 size-villagio-thumb-small-x2\" alt=\"\" srcset=\"https:\/\/kasvillarent.com\/wp-content\/uploads\/2017\/06\/IMG-20220107-WA0010-2.jpg 1024w, https:\/\/kasvillarent.com\/wp-content\/uploads\/2017\/06\/IMG-20220107-WA0010-2-300x169.jpg 300w, https:\/\/kasvillarent.com\/wp-content\/uploads\/2017\/06\/IMG-20220107-WA0010-2-768x433.jpg 768w, https:\/\/kasvillarent.com\/wp-content\/uploads\/2017\/06\/IMG-20220107-WA0010-2-20x11.jpg 20w\" sizes=\"(max-width: 1024px) 100vw, 1024px\" \/><\/a>\n\t\t\t<\/span><\/li><li class='gallery-item'><span class='gallery-icon landscape'>\n\t\t\t\t<a href=\"https:\/\/kasvillarent.com\/tr\/accommodation\/villa-altug\/\"><img loading=\"lazy\" decoding=\"async\" width=\"1024\" height=\"577\" src=\"https:\/\/kasvillarent.com\/wp-content\/uploads\/2017\/06\/IMG-20220107-WA0011-2.jpg\" class=\"attachment-villagio-thumb-small-x2 size-villagio-thumb-small-x2\" alt=\"\" srcset=\"https:\/\/kasvillarent.com\/wp-content\/uploads\/2017\/06\/IMG-20220107-WA0011-2.jpg 1024w, https:\/\/kasvillarent.com\/wp-content\/uploads\/2017\/06\/IMG-20220107-WA0011-2-300x169.jpg 300w, https:\/\/kasvillarent.com\/wp-content\/uploads\/2017\/06\/IMG-20220107-WA0011-2-768x433.jpg 768w, https:\/\/kasvillarent.com\/wp-content\/uploads\/2017\/06\/IMG-20220107-WA0011-2-20x11.jpg 20w\" sizes=\"(max-width: 1024px) 100vw, 1024px\" \/><\/a>\n\t\t\t<\/span><\/li><li class='gallery-item'><span class='gallery-icon landscape'>\n\t\t\t\t<a href=\"https:\/\/kasvillarent.com\/tr\/accommodation\/villa-altug\/\"><img loading=\"lazy\" decoding=\"async\" width=\"1024\" height=\"577\" src=\"https:\/\/kasvillarent.com\/wp-content\/uploads\/2017\/06\/IMG-20220107-WA0012-2.jpg\" class=\"attachment-villagio-thumb-small-x2 size-villagio-thumb-small-x2\" alt=\"\" srcset=\"https:\/\/kasvillarent.com\/wp-content\/uploads\/2017\/06\/IMG-20220107-WA0012-2.jpg 1024w, https:\/\/kasvillarent.com\/wp-content\/uploads\/2017\/06\/IMG-20220107-WA0012-2-300x169.jpg 300w, https:\/\/kasvillarent.com\/wp-content\/uploads\/2017\/06\/IMG-20220107-WA0012-2-768x433.jpg 768w, https:\/\/kasvillarent.com\/wp-content\/uploads\/2017\/06\/IMG-20220107-WA0012-2-20x11.jpg 20w\" sizes=\"(max-width: 1024px) 100vw, 1024px\" \/><\/a>\n\t\t\t<\/span><\/li><li class='gallery-item'><span class='gallery-icon landscape'>\n\t\t\t\t<a href=\"https:\/\/kasvillarent.com\/tr\/accommodation\/villa-altug\/\"><img loading=\"lazy\" decoding=\"async\" width=\"1024\" height=\"577\" src=\"https:\/\/kasvillarent.com\/wp-content\/uploads\/2017\/06\/IMG-20220107-WA0013-2.jpg\" class=\"attachment-villagio-thumb-small-x2 size-villagio-thumb-small-x2\" alt=\"\" srcset=\"https:\/\/kasvillarent.com\/wp-content\/uploads\/2017\/06\/IMG-20220107-WA0013-2.jpg 1024w, https:\/\/kasvillarent.com\/wp-content\/uploads\/2017\/06\/IMG-20220107-WA0013-2-300x169.jpg 300w, https:\/\/kasvillarent.com\/wp-content\/uploads\/2017\/06\/IMG-20220107-WA0013-2-768x433.jpg 768w, https:\/\/kasvillarent.com\/wp-content\/uploads\/2017\/06\/IMG-20220107-WA0013-2-20x11.jpg 20w\" sizes=\"(max-width: 1024px) 100vw, 1024px\" \/><\/a>\n\t\t\t<\/span><\/li><li class='gallery-item'><span class='gallery-icon landscape'>\n\t\t\t\t<a href=\"https:\/\/kasvillarent.com\/tr\/accommodation\/villa-altug\/\"><img loading=\"lazy\" decoding=\"async\" width=\"1024\" height=\"577\" src=\"https:\/\/kasvillarent.com\/wp-content\/uploads\/2017\/06\/IMG-20220107-WA0014-2.jpg\" class=\"attachment-villagio-thumb-small-x2 size-villagio-thumb-small-x2\" alt=\"\" srcset=\"https:\/\/kasvillarent.com\/wp-content\/uploads\/2017\/06\/IMG-20220107-WA0014-2.jpg 1024w, https:\/\/kasvillarent.com\/wp-content\/uploads\/2017\/06\/IMG-20220107-WA0014-2-300x169.jpg 300w, https:\/\/kasvillarent.com\/wp-content\/uploads\/2017\/06\/IMG-20220107-WA0014-2-768x433.jpg 768w, https:\/\/kasvillarent.com\/wp-content\/uploads\/2017\/06\/IMG-20220107-WA0014-2-20x11.jpg 20w\" sizes=\"(max-width: 1024px) 100vw, 1024px\" \/><\/a>\n\t\t\t<\/span><\/li><li class='gallery-item'><span class='gallery-icon landscape'>\n\t\t\t\t<a href=\"https:\/\/kasvillarent.com\/tr\/accommodation\/villa-altug\/\"><img loading=\"lazy\" decoding=\"async\" width=\"1024\" height=\"577\" src=\"https:\/\/kasvillarent.com\/wp-content\/uploads\/2017\/06\/IMG-20220107-WA0015-2.jpg\" class=\"attachment-villagio-thumb-small-x2 size-villagio-thumb-small-x2\" alt=\"\" srcset=\"https:\/\/kasvillarent.com\/wp-content\/uploads\/2017\/06\/IMG-20220107-WA0015-2.jpg 1024w, https:\/\/kasvillarent.com\/wp-content\/uploads\/2017\/06\/IMG-20220107-WA0015-2-300x169.jpg 300w, https:\/\/kasvillarent.com\/wp-content\/uploads\/2017\/06\/IMG-20220107-WA0015-2-768x433.jpg 768w, https:\/\/kasvillarent.com\/wp-content\/uploads\/2017\/06\/IMG-20220107-WA0015-2-20x11.jpg 20w\" sizes=\"(max-width: 1024px) 100vw, 1024px\" \/><\/a>\n\t\t\t<\/span><\/li><li class='gallery-item'><span class='gallery-icon landscape'>\n\t\t\t\t<a href=\"https:\/\/kasvillarent.com\/tr\/accommodation\/villa-altug\/\"><img loading=\"lazy\" decoding=\"async\" width=\"1024\" height=\"577\" src=\"https:\/\/kasvillarent.com\/wp-content\/uploads\/2017\/06\/IMG-20220107-WA0016-2.jpg\" class=\"attachment-villagio-thumb-small-x2 size-villagio-thumb-small-x2\" alt=\"\" srcset=\"https:\/\/kasvillarent.com\/wp-content\/uploads\/2017\/06\/IMG-20220107-WA0016-2.jpg 1024w, https:\/\/kasvillarent.com\/wp-content\/uploads\/2017\/06\/IMG-20220107-WA0016-2-300x169.jpg 300w, https:\/\/kasvillarent.com\/wp-content\/uploads\/2017\/06\/IMG-20220107-WA0016-2-768x433.jpg 768w, https:\/\/kasvillarent.com\/wp-content\/uploads\/2017\/06\/IMG-20220107-WA0016-2-20x11.jpg 20w\" sizes=\"(max-width: 1024px) 100vw, 1024px\" \/><\/a>\n\t\t\t<\/span><\/li><\/ul>\n\t\t<\/div>\n<span class=\"mphb_room_type_categories_header_wrapper\"><a href=\"https:\/\/kasvillarent.com\/tr\/konaklama-kategorisi\/cukurbag-koyu\/\" rel=\"tag\">\u00c7ukurba\u011f K\u00f6y\u00fc<\/a><\/span><\/span><!-- .mphb_room_type_featured_image_wrapper --><div id='mphb-flexslider-gallery-8' class='gallery-columns-4 gallery-size-thumbnail mphb-gallery-thumbnail-slider mphb-flexslider-gallery-wrapper mphb-room-type-gallery-wrapper mphb-gallery-thumbnail-slider-69f14998d9d59' data-flexslider-atts='{\"animation\":\"slide\",\"controlNav\":false,\"animationLoop\":true,\"slideshow\":false,\"itemMargin\":5}' data-group='69f14998d9d59'><ul class=\"slides\"><li class='gallery-item'><span class='gallery-icon landscape'>\n\t\t\t\t<a href='https:\/\/kasvillarent.com\/tr\/accommodation\/villa-altug\/attachment\/img-20220107-wa0021-4-2\/'><img loading=\"lazy\" decoding=\"async\" width=\"150\" height=\"150\" src=\"https:\/\/kasvillarent.com\/wp-content\/uploads\/2017\/06\/IMG-20220107-WA0021-3-150x150.jpg\" class=\"attachment-thumbnail size-thumbnail\" alt=\"\" \/><\/a>\n\t\t\t<\/span><\/li><li class='gallery-item'><span class='gallery-icon landscape'>\n\t\t\t\t<a href='https:\/\/kasvillarent.com\/tr\/accommodation\/villa-altug\/attachment\/img-20220107-wa0027-3-2\/'><img loading=\"lazy\" decoding=\"async\" width=\"150\" height=\"150\" src=\"https:\/\/kasvillarent.com\/wp-content\/uploads\/2017\/06\/IMG-20220107-WA0027-2-150x150.jpg\" class=\"attachment-thumbnail size-thumbnail\" alt=\"\" \/><\/a>\n\t\t\t<\/span><\/li><li class='gallery-item'><span class='gallery-icon landscape'>\n\t\t\t\t<a href='https:\/\/kasvillarent.com\/tr\/accommodation\/villa-altug\/attachment\/img-20220107-wa0025-3-2\/'><img loading=\"lazy\" decoding=\"async\" width=\"150\" height=\"150\" src=\"https:\/\/kasvillarent.com\/wp-content\/uploads\/2017\/06\/IMG-20220107-WA0025-2-150x150.jpg\" class=\"attachment-thumbnail size-thumbnail\" alt=\"\" \/><\/a>\n\t\t\t<\/span><\/li><li class='gallery-item'><span class='gallery-icon landscape'>\n\t\t\t\t<a href='https:\/\/kasvillarent.com\/tr\/accommodation\/villa-altug\/attachment\/img-20220107-wa0024-3-2\/'><img loading=\"lazy\" decoding=\"async\" width=\"150\" height=\"150\" src=\"https:\/\/kasvillarent.com\/wp-content\/uploads\/2017\/06\/IMG-20220107-WA0024-2-150x150.jpg\" class=\"attachment-thumbnail size-thumbnail\" alt=\"\" \/><\/a>\n\t\t\t<\/span><\/li><li class='gallery-item'><span class='gallery-icon landscape'>\n\t\t\t\t<a href='https:\/\/kasvillarent.com\/tr\/accommodation\/villa-altug\/attachment\/img-20220107-wa0022-3-2\/'><img loading=\"lazy\" decoding=\"async\" width=\"150\" height=\"150\" src=\"https:\/\/kasvillarent.com\/wp-content\/uploads\/2017\/06\/IMG-20220107-WA0022-2-150x150.jpg\" class=\"attachment-thumbnail size-thumbnail\" alt=\"\" \/><\/a>\n\t\t\t<\/span><\/li><li class='gallery-item'><span class='gallery-icon landscape'>\n\t\t\t\t<a href='https:\/\/kasvillarent.com\/tr\/accommodation\/villa-altug\/attachment\/img-20220107-wa0023-3-2\/'><img loading=\"lazy\" decoding=\"async\" width=\"150\" height=\"150\" src=\"https:\/\/kasvillarent.com\/wp-content\/uploads\/2017\/06\/IMG-20220107-WA0023-2-150x150.jpg\" class=\"attachment-thumbnail size-thumbnail\" alt=\"\" \/><\/a>\n\t\t\t<\/span><\/li><li class='gallery-item'><span class='gallery-icon landscape'>\n\t\t\t\t<a href='https:\/\/kasvillarent.com\/tr\/accommodation\/villa-altug\/attachment\/img-20220107-wa0019-3-2\/'><img loading=\"lazy\" decoding=\"async\" width=\"150\" height=\"150\" src=\"https:\/\/kasvillarent.com\/wp-content\/uploads\/2017\/06\/IMG-20220107-WA0019-2-150x150.jpg\" class=\"attachment-thumbnail size-thumbnail\" alt=\"\" \/><\/a>\n\t\t\t<\/span><\/li><li class='gallery-item'><span class='gallery-icon landscape'>\n\t\t\t\t<a href='https:\/\/kasvillarent.com\/tr\/accommodation\/villa-altug\/attachment\/img-20220107-wa0020-3-2\/'><img loading=\"lazy\" decoding=\"async\" width=\"150\" height=\"150\" src=\"https:\/\/kasvillarent.com\/wp-content\/uploads\/2017\/06\/IMG-20220107-WA0020-2-150x150.jpg\" class=\"attachment-thumbnail size-thumbnail\" alt=\"\" \/><\/a>\n\t\t\t<\/span><\/li><li class='gallery-item'><span class='gallery-icon landscape'>\n\t\t\t\t<a href='https:\/\/kasvillarent.com\/tr\/accommodation\/villa-altug\/attachment\/img-20220107-wa0017-3-2\/'><img loading=\"lazy\" decoding=\"async\" width=\"150\" height=\"150\" src=\"https:\/\/kasvillarent.com\/wp-content\/uploads\/2017\/06\/IMG-20220107-WA0017-2-150x150.jpg\" class=\"attachment-thumbnail size-thumbnail\" alt=\"\" \/><\/a>\n\t\t\t<\/span><\/li><li class='gallery-item'><span class='gallery-icon landscape'>\n\t\t\t\t<a href='https:\/\/kasvillarent.com\/tr\/accommodation\/villa-altug\/attachment\/img-20220107-wa0018-3-2\/'><img loading=\"lazy\" decoding=\"async\" width=\"150\" height=\"150\" src=\"https:\/\/kasvillarent.com\/wp-content\/uploads\/2017\/06\/IMG-20220107-WA0018-2-150x150.jpg\" class=\"attachment-thumbnail size-thumbnail\" alt=\"\" \/><\/a>\n\t\t\t<\/span><\/li><li class='gallery-item'><span class='gallery-icon landscape'>\n\t\t\t\t<a href='https:\/\/kasvillarent.com\/tr\/accommodation\/villa-altug\/attachment\/img-20220107-wa0007-3-2\/'><img loading=\"lazy\" decoding=\"async\" width=\"150\" height=\"150\" src=\"https:\/\/kasvillarent.com\/wp-content\/uploads\/2017\/06\/IMG-20220107-WA0007-2-150x150.jpg\" class=\"attachment-thumbnail size-thumbnail\" alt=\"\" \/><\/a>\n\t\t\t<\/span><\/li><li class='gallery-item'><span class='gallery-icon landscape'>\n\t\t\t\t<a href='https:\/\/kasvillarent.com\/tr\/accommodation\/villa-altug\/attachment\/img-20220107-wa0006-3-2\/'><img loading=\"lazy\" decoding=\"async\" width=\"150\" height=\"150\" src=\"https:\/\/kasvillarent.com\/wp-content\/uploads\/2017\/06\/IMG-20220107-WA0006-2-150x150.jpg\" class=\"attachment-thumbnail size-thumbnail\" alt=\"\" \/><\/a>\n\t\t\t<\/span><\/li><li class='gallery-item'><span class='gallery-icon landscape'>\n\t\t\t\t<a href='https:\/\/kasvillarent.com\/tr\/accommodation\/villa-altug\/attachment\/img-20220107-wa0008-3-2\/'><img loading=\"lazy\" decoding=\"async\" width=\"150\" height=\"150\" src=\"https:\/\/kasvillarent.com\/wp-content\/uploads\/2017\/06\/IMG-20220107-WA0008-2-150x150.jpg\" class=\"attachment-thumbnail size-thumbnail\" alt=\"\" \/><\/a>\n\t\t\t<\/span><\/li><li class='gallery-item'><span class='gallery-icon landscape'>\n\t\t\t\t<a href='https:\/\/kasvillarent.com\/tr\/accommodation\/villa-altug\/attachment\/img-20220107-wa0009-3-2\/'><img loading=\"lazy\" decoding=\"async\" width=\"150\" height=\"150\" src=\"https:\/\/kasvillarent.com\/wp-content\/uploads\/2017\/06\/IMG-20220107-WA0009-2-150x150.jpg\" class=\"attachment-thumbnail size-thumbnail\" alt=\"\" \/><\/a>\n\t\t\t<\/span><\/li><li class='gallery-item'><span class='gallery-icon landscape'>\n\t\t\t\t<a href='https:\/\/kasvillarent.com\/tr\/accommodation\/villa-altug\/attachment\/img-20220107-wa0010-3-2\/'><img loading=\"lazy\" decoding=\"async\" width=\"150\" height=\"150\" src=\"https:\/\/kasvillarent.com\/wp-content\/uploads\/2017\/06\/IMG-20220107-WA0010-2-150x150.jpg\" class=\"attachment-thumbnail size-thumbnail\" alt=\"\" \/><\/a>\n\t\t\t<\/span><\/li><li class='gallery-item'><span class='gallery-icon landscape'>\n\t\t\t\t<a href='https:\/\/kasvillarent.com\/tr\/accommodation\/villa-altug\/attachment\/img-20220107-wa0011-3-2\/'><img loading=\"lazy\" decoding=\"async\" width=\"150\" height=\"150\" src=\"https:\/\/kasvillarent.com\/wp-content\/uploads\/2017\/06\/IMG-20220107-WA0011-2-150x150.jpg\" class=\"attachment-thumbnail size-thumbnail\" alt=\"\" \/><\/a>\n\t\t\t<\/span><\/li><li class='gallery-item'><span class='gallery-icon landscape'>\n\t\t\t\t<a href='https:\/\/kasvillarent.com\/tr\/accommodation\/villa-altug\/attachment\/img-20220107-wa0012-3-2\/'><img loading=\"lazy\" decoding=\"async\" width=\"150\" height=\"150\" src=\"https:\/\/kasvillarent.com\/wp-content\/uploads\/2017\/06\/IMG-20220107-WA0012-2-150x150.jpg\" class=\"attachment-thumbnail size-thumbnail\" alt=\"\" \/><\/a>\n\t\t\t<\/span><\/li><li class='gallery-item'><span class='gallery-icon landscape'>\n\t\t\t\t<a href='https:\/\/kasvillarent.com\/tr\/accommodation\/villa-altug\/attachment\/img-20220107-wa0013-3-2\/'><img loading=\"lazy\" decoding=\"async\" width=\"150\" height=\"150\" src=\"https:\/\/kasvillarent.com\/wp-content\/uploads\/2017\/06\/IMG-20220107-WA0013-2-150x150.jpg\" class=\"attachment-thumbnail size-thumbnail\" alt=\"\" \/><\/a>\n\t\t\t<\/span><\/li><li class='gallery-item'><span class='gallery-icon landscape'>\n\t\t\t\t<a href='https:\/\/kasvillarent.com\/tr\/accommodation\/villa-altug\/attachment\/img-20220107-wa0014-3-2\/'><img loading=\"lazy\" decoding=\"async\" width=\"150\" height=\"150\" src=\"https:\/\/kasvillarent.com\/wp-content\/uploads\/2017\/06\/IMG-20220107-WA0014-2-150x150.jpg\" class=\"attachment-thumbnail size-thumbnail\" alt=\"\" \/><\/a>\n\t\t\t<\/span><\/li><li class='gallery-item'><span class='gallery-icon landscape'>\n\t\t\t\t<a href='https:\/\/kasvillarent.com\/tr\/accommodation\/villa-altug\/attachment\/img-20220107-wa0015-3-2\/'><img loading=\"lazy\" decoding=\"async\" width=\"150\" height=\"150\" src=\"https:\/\/kasvillarent.com\/wp-content\/uploads\/2017\/06\/IMG-20220107-WA0015-2-150x150.jpg\" class=\"attachment-thumbnail size-thumbnail\" alt=\"\" \/><\/a>\n\t\t\t<\/span><\/li><li class='gallery-item'><span class='gallery-icon landscape'>\n\t\t\t\t<a href='https:\/\/kasvillarent.com\/tr\/accommodation\/villa-altug\/attachment\/img-20220107-wa0016-3-2\/'><img loading=\"lazy\" decoding=\"async\" width=\"150\" height=\"150\" src=\"https:\/\/kasvillarent.com\/wp-content\/uploads\/2017\/06\/IMG-20220107-WA0016-2-150x150.jpg\" class=\"attachment-thumbnail size-thumbnail\" alt=\"\" \/><\/a>\n\t\t\t<\/span><\/li><\/ul>\n\t\t<\/div>\n\n\t<\/div>\n\t\n<h2 class=\"mphb-room-type-title entry-title\">\n\n<a class=\"mphb-room-type-title\" href=\"https:\/\/kasvillarent.com\/tr\/accommodation\/villa-altug\/\">Villa \u00c7ukurba\u011f<\/a>\n\n<\/h2>\n\n<p>Ka\u015f&#8217;\u0131n en \u00e7ekici yerlerinden biri olan \u00c7ukurba\u011f K\u00f6y\u00fc&#8217;nde g\u00fczel bir villa. Villa, do\u011fal bir ortamda mahremiyet ve \u00f6zg\u00fcrl\u00fck isteyen aileler i\u00e7in uygundur.<\/p>\n\n\n<h3 class=\"mphb-room-type-details-title\">Detaylar<\/h3><ul class=\"mphb-loop-room-type-attributes\">\n\t<li class=\"mphb-room-type-total-capacity\"><span class=\"mphb-attribute-title mphb-total-capacity-title\">Misafirler:<\/span><span class=\"mphb-attribute-value\">\n\t6\n\t<\/span><\/li>\t\n\n\n\t<li class=\"mphb-room-type-facilities\"><span class=\"mphb-attribute-title mphb-facilities-title\">Kolayl\u0131klar:<\/span><span class=\"mphb-attribute-value\"> <span class=\"facility-balkon\"><a href=\"https:\/\/kasvillarent.com\/tr\/konaklama%20tesisi\/balkon\/\">Balkon<\/a><\/span>, <span class=\"facility-duz-ekran-tv\"><a href=\"https:\/\/kasvillarent.com\/tr\/konaklama%20tesisi\/duz-ekran-tv\/\">D\u00fcz ekran TV<\/a><\/span>, <span class=\"facility-klima\"><a href=\"https:\/\/kasvillarent.com\/tr\/konaklama%20tesisi\/klima\/\">Klima<\/a><\/span>, <span class=\"facility-teras\"><a href=\"https:\/\/kasvillarent.com\/tr\/konaklama%20tesisi\/teras\/\">Teras<\/a><\/span>, <span class=\"facility-ucretsiz-internet\"><a href=\"https:\/\/kasvillarent.com\/tr\/konaklama%20tesisi\/ucretsiz-internet\/\">\u00dccretsiz internet<\/a><\/span>, <span class=\"facility-ucretsiz-park\"><a href=\"https:\/\/kasvillarent.com\/tr\/konaklama%20tesisi\/ucretsiz-park\/\">\u00dccretsiz park<\/a><\/span>, <span class=\"facility-villaya-ait-ozel-acik-havuz\"><a href=\"https:\/\/kasvillarent.com\/tr\/konaklama%20tesisi\/villaya-ait-ozel-acik-havuz\/\">Villaya ait \u00f6zel a\u00e7\u0131k havuz<\/a><\/span>, <span class=\"facility-yemek-alani\"><a href=\"https:\/\/kasvillarent.com\/tr\/konaklama%20tesisi\/yemek-alani\/\">Yemek alan\u0131<\/a><\/span><\/span><\/li>\n\t\n\n\n\t<li class=\"mphb-room-type-view\"><span class=\"mphb-attribute-title mphb-view-title\">G\u00f6r\u00fcnt\u00fcle:<\/span><span class=\"mphb-attribute-value\">\n\tOrman\n\t<\/span><\/li>\n\t\n\n\n\t<li class=\"mphb-room-type-size\"><span class=\"mphb-attribute-title mphb-size-title\">Boyut:<\/span><span class=\"mphb-attribute-value\">\n\t120m\u00b2\n\t<\/span><\/li>\n\t\n\n\t<li class=\"mphb-room-type-bed-type\"><span  class=\"mphb-attribute-title mphb-bed-type-title\">Yatak Tipi:<\/span><span class=\"mphb-attribute-value\">\n\t3 B\u00fcy\u00fck \u00c7ift Ki\u015filik Yatak\n\t<\/span><\/li>\n\t\n\n\t<li class=\"mphb-room-type-categories\"><span class=\"mphb-attribute-title mphb-categories-title\">Kategoriler:<\/span><span class=\"mphb-attribute-value\"> <span class=\"category-cukurbag-koyu\"><a href=\"https:\/\/kasvillarent.com\/tr\/konaklama-kategorisi\/cukurbag-koyu\/\">\u00c7ukurba\u011f K\u00f6y\u00fc<\/a><\/span><\/span><\/li>\n\t\n<\/ul>\n<h3 class=\"mphb-room-type-details-title\">Detaylar<\/h3><ul class=\"mphb-loop-room-type-attributes\">\n\t<li class=\"mphb-room-type-total-capacity\"><span class=\"mphb-attribute-title mphb-total-capacity-title\">Misafirler:<\/span><span class=\"mphb-attribute-value\">\n\t6\n\t<\/span><\/li>\t\n\n\n\t<li class=\"mphb-room-type-facilities\"><span class=\"mphb-attribute-title mphb-facilities-title\">Kolayl\u0131klar:<\/span><span class=\"mphb-attribute-value\"> <span class=\"facility-balkon\"><a href=\"https:\/\/kasvillarent.com\/tr\/konaklama%20tesisi\/balkon\/\">Balkon<\/a><\/span>, <span class=\"facility-duz-ekran-tv\"><a href=\"https:\/\/kasvillarent.com\/tr\/konaklama%20tesisi\/duz-ekran-tv\/\">D\u00fcz ekran TV<\/a><\/span>, <span class=\"facility-klima\"><a href=\"https:\/\/kasvillarent.com\/tr\/konaklama%20tesisi\/klima\/\">Klima<\/a><\/span>, <span class=\"facility-teras\"><a href=\"https:\/\/kasvillarent.com\/tr\/konaklama%20tesisi\/teras\/\">Teras<\/a><\/span>, <span class=\"facility-ucretsiz-internet\"><a href=\"https:\/\/kasvillarent.com\/tr\/konaklama%20tesisi\/ucretsiz-internet\/\">\u00dccretsiz internet<\/a><\/span>, <span class=\"facility-ucretsiz-park\"><a href=\"https:\/\/kasvillarent.com\/tr\/konaklama%20tesisi\/ucretsiz-park\/\">\u00dccretsiz park<\/a><\/span>, <span class=\"facility-villaya-ait-ozel-acik-havuz\"><a href=\"https:\/\/kasvillarent.com\/tr\/konaklama%20tesisi\/villaya-ait-ozel-acik-havuz\/\">Villaya ait \u00f6zel a\u00e7\u0131k havuz<\/a><\/span>, <span class=\"facility-yemek-alani\"><a href=\"https:\/\/kasvillarent.com\/tr\/konaklama%20tesisi\/yemek-alani\/\">Yemek alan\u0131<\/a><\/span><\/span><\/li>\n\t\n\n\n\t<li class=\"mphb-room-type-view\"><span class=\"mphb-attribute-title mphb-view-title\">G\u00f6r\u00fcnt\u00fcle:<\/span><span class=\"mphb-attribute-value\">\n\tOrman\n\t<\/span><\/li>\n\t\n\n\n\t<li class=\"mphb-room-type-size\"><span class=\"mphb-attribute-title mphb-size-title\">Boyut:<\/span><span class=\"mphb-attribute-value\">\n\t120m\u00b2\n\t<\/span><\/li>\n\t\n\n\t<li class=\"mphb-room-type-bed-type\"><span  class=\"mphb-attribute-title mphb-bed-type-title\">Yatak Tipi:<\/span><span class=\"mphb-attribute-value\">\n\t3 B\u00fcy\u00fck \u00c7ift Ki\u015filik Yatak\n\t<\/span><\/li>\n\t\n\n\t<li class=\"mphb-room-type-categories\"><span class=\"mphb-attribute-title mphb-categories-title\">Kategoriler:<\/span><span class=\"mphb-attribute-value\"> <span class=\"category-cukurbag-koyu\"><a href=\"https:\/\/kasvillarent.com\/tr\/konaklama-kategorisi\/cukurbag-koyu\/\">\u00c7ukurba\u011f K\u00f6y\u00fc<\/a><\/span><\/span><\/li>\n\t\n<\/ul>\n\n<p class=\"mphb-view-details-button-wrapper\">\n<a class=\"button mphb-view-details-button\" href=\"https:\/\/kasvillarent.com\/tr\/accommodation\/villa-altug\/\" >Detaylar\u0131 G\u00f6r\u00fcnt\u00fcleyin<\/a>\n<\/p>\n<div class=\"mphb-to-book-btn-wrapper\">\n<form action=\"https:\/\/kasvillarent.com\/tr\/accommodation\/villa-altug\/#booking-form-12472\" method=\"get\" ><button type=\"submit\" class=\"button mphb-book-button\" >Rezerve Edin<\/button><\/form>\n<br\/><\/div>\n\t\n<\/div>\n\n<div class=\"mphb-room-type post-11666 mphb_room_type type-mphb_room_type status-publish has-post-thumbnail mphb_room_type_category-bayindir-tr mphb_room_type_facility-duz-ekran-tv mphb_room_type_facility-klima mphb_room_type_facility-somine mphb_room_type_facility-teras mphb_room_type_facility-ucretsiz-internet mphb_room_type_facility-ucretsiz-park mphb_room_type_facility-villaya-ait-ozel-acik-havuz mphb_room_type_facility-yemek-alani mphb-room-type-adults-6 mphb-room-type-children-0 has-taxes-and-fees\">\n\n\t\n\t\n\n\t<div class=\"mphb-room-type-images\">\n\t<span class=\"mphb_room_type_featured_image_wrapper\"><div id='mphb-flexslider-gallery-9' class='gallery-columns-1 gallery-size-villagio-thumb-small-x2 mphb-gallery-main-slider mphb-flexslider-gallery-wrapper mphb-room-type-gallery-wrapper mphb-gallery-main-slider-69f14998e09dd' data-flexslider-atts='{\"animation\":\"slide\",\"controlNav\":false,\"animationLoop\":true,\"smoothHeight\":true,\"slideshow\":false}' data-group='69f14998e09dd'><ul class=\"slides\"><li class='gallery-item'><span class='gallery-icon landscape'>\n\t\t\t\t<a href=\"https:\/\/kasvillarent.com\/tr\/accommodation\/villa-esen-vadi\/\"><img loading=\"lazy\" decoding=\"async\" width=\"1386\" height=\"924\" src=\"https:\/\/kasvillarent.com\/wp-content\/uploads\/2017\/06\/Villa-Esen-Vadi-35.-scaled.jpg\" class=\"attachment-villagio-thumb-small-x2 size-villagio-thumb-small-x2\" alt=\"\" srcset=\"https:\/\/kasvillarent.com\/wp-content\/uploads\/2017\/06\/Villa-Esen-Vadi-35.-scaled.jpg 1386w, https:\/\/kasvillarent.com\/wp-content\/uploads\/2017\/06\/Villa-Esen-Vadi-35.-scaled-300x200.jpg 300w, https:\/\/kasvillarent.com\/wp-content\/uploads\/2017\/06\/Villa-Esen-Vadi-35.-scaled-1024x683.jpg 1024w, https:\/\/kasvillarent.com\/wp-content\/uploads\/2017\/06\/Villa-Esen-Vadi-35.-scaled-768x512.jpg 768w, https:\/\/kasvillarent.com\/wp-content\/uploads\/2017\/06\/Villa-Esen-Vadi-35.-scaled-927x618.jpg 927w, https:\/\/kasvillarent.com\/wp-content\/uploads\/2017\/06\/Villa-Esen-Vadi-35.-scaled-20x13.jpg 20w\" sizes=\"(max-width: 1386px) 100vw, 1386px\" \/><\/a>\n\t\t\t<\/span><\/li><li class='gallery-item'><span class='gallery-icon landscape'>\n\t\t\t\t<a href=\"https:\/\/kasvillarent.com\/tr\/accommodation\/villa-esen-vadi\/\"><img loading=\"lazy\" decoding=\"async\" width=\"1386\" height=\"924\" src=\"https:\/\/kasvillarent.com\/wp-content\/uploads\/2022\/08\/Villa-Esen-Vadi-36.-1-scaled.jpg\" class=\"attachment-villagio-thumb-small-x2 size-villagio-thumb-small-x2\" alt=\"\" srcset=\"https:\/\/kasvillarent.com\/wp-content\/uploads\/2022\/08\/Villa-Esen-Vadi-36.-1-scaled.jpg 1386w, https:\/\/kasvillarent.com\/wp-content\/uploads\/2022\/08\/Villa-Esen-Vadi-36.-1-scaled-300x200.jpg 300w, https:\/\/kasvillarent.com\/wp-content\/uploads\/2022\/08\/Villa-Esen-Vadi-36.-1-scaled-1024x683.jpg 1024w, https:\/\/kasvillarent.com\/wp-content\/uploads\/2022\/08\/Villa-Esen-Vadi-36.-1-scaled-768x512.jpg 768w, https:\/\/kasvillarent.com\/wp-content\/uploads\/2022\/08\/Villa-Esen-Vadi-36.-1-scaled-927x618.jpg 927w, https:\/\/kasvillarent.com\/wp-content\/uploads\/2022\/08\/Villa-Esen-Vadi-36.-1-scaled-20x13.jpg 20w\" sizes=\"(max-width: 1386px) 100vw, 1386px\" \/><\/a>\n\t\t\t<\/span><\/li><li class='gallery-item'><span class='gallery-icon landscape'>\n\t\t\t\t<a href=\"https:\/\/kasvillarent.com\/tr\/accommodation\/villa-esen-vadi\/\"><img loading=\"lazy\" decoding=\"async\" width=\"1386\" height=\"924\" src=\"https:\/\/kasvillarent.com\/wp-content\/uploads\/2022\/08\/Villa-Esen-Vadi-41.-2.jpg\" class=\"attachment-villagio-thumb-small-x2 size-villagio-thumb-small-x2\" alt=\"\" srcset=\"https:\/\/kasvillarent.com\/wp-content\/uploads\/2022\/08\/Villa-Esen-Vadi-41.-2.jpg 1386w, https:\/\/kasvillarent.com\/wp-content\/uploads\/2022\/08\/Villa-Esen-Vadi-41.-2-300x200.jpg 300w, https:\/\/kasvillarent.com\/wp-content\/uploads\/2022\/08\/Villa-Esen-Vadi-41.-2-1024x683.jpg 1024w, https:\/\/kasvillarent.com\/wp-content\/uploads\/2022\/08\/Villa-Esen-Vadi-41.-2-768x512.jpg 768w, https:\/\/kasvillarent.com\/wp-content\/uploads\/2022\/08\/Villa-Esen-Vadi-41.-2-927x618.jpg 927w, https:\/\/kasvillarent.com\/wp-content\/uploads\/2022\/08\/Villa-Esen-Vadi-41.-2-20x13.jpg 20w\" sizes=\"(max-width: 1386px) 100vw, 1386px\" \/><\/a>\n\t\t\t<\/span><\/li><li class='gallery-item'><span class='gallery-icon landscape'>\n\t\t\t\t<a href=\"https:\/\/kasvillarent.com\/tr\/accommodation\/villa-esen-vadi\/\"><img loading=\"lazy\" decoding=\"async\" width=\"1386\" height=\"924\" src=\"https:\/\/kasvillarent.com\/wp-content\/uploads\/2022\/08\/Villa-Esen-Vadi-37.-1-scaled.jpg\" class=\"attachment-villagio-thumb-small-x2 size-villagio-thumb-small-x2\" alt=\"\" srcset=\"https:\/\/kasvillarent.com\/wp-content\/uploads\/2022\/08\/Villa-Esen-Vadi-37.-1-scaled.jpg 1386w, https:\/\/kasvillarent.com\/wp-content\/uploads\/2022\/08\/Villa-Esen-Vadi-37.-1-scaled-300x200.jpg 300w, https:\/\/kasvillarent.com\/wp-content\/uploads\/2022\/08\/Villa-Esen-Vadi-37.-1-scaled-1024x683.jpg 1024w, https:\/\/kasvillarent.com\/wp-content\/uploads\/2022\/08\/Villa-Esen-Vadi-37.-1-scaled-768x512.jpg 768w, https:\/\/kasvillarent.com\/wp-content\/uploads\/2022\/08\/Villa-Esen-Vadi-37.-1-scaled-927x618.jpg 927w, https:\/\/kasvillarent.com\/wp-content\/uploads\/2022\/08\/Villa-Esen-Vadi-37.-1-scaled-20x13.jpg 20w\" sizes=\"(max-width: 1386px) 100vw, 1386px\" \/><\/a>\n\t\t\t<\/span><\/li><li class='gallery-item'><span class='gallery-icon landscape'>\n\t\t\t\t<a href=\"https:\/\/kasvillarent.com\/tr\/accommodation\/villa-esen-vadi\/\"><img loading=\"lazy\" decoding=\"async\" width=\"1386\" height=\"924\" src=\"https:\/\/kasvillarent.com\/wp-content\/uploads\/2022\/08\/Villa-Esen-Vadi-39.-1.jpg\" class=\"attachment-villagio-thumb-small-x2 size-villagio-thumb-small-x2\" alt=\"\" srcset=\"https:\/\/kasvillarent.com\/wp-content\/uploads\/2022\/08\/Villa-Esen-Vadi-39.-1.jpg 1386w, https:\/\/kasvillarent.com\/wp-content\/uploads\/2022\/08\/Villa-Esen-Vadi-39.-1-300x200.jpg 300w, https:\/\/kasvillarent.com\/wp-content\/uploads\/2022\/08\/Villa-Esen-Vadi-39.-1-1024x683.jpg 1024w, https:\/\/kasvillarent.com\/wp-content\/uploads\/2022\/08\/Villa-Esen-Vadi-39.-1-768x512.jpg 768w, https:\/\/kasvillarent.com\/wp-content\/uploads\/2022\/08\/Villa-Esen-Vadi-39.-1-927x618.jpg 927w, https:\/\/kasvillarent.com\/wp-content\/uploads\/2022\/08\/Villa-Esen-Vadi-39.-1-20x13.jpg 20w\" sizes=\"(max-width: 1386px) 100vw, 1386px\" \/><\/a>\n\t\t\t<\/span><\/li><li class='gallery-item'><span class='gallery-icon landscape'>\n\t\t\t\t<a href=\"https:\/\/kasvillarent.com\/tr\/accommodation\/villa-esen-vadi\/\"><img loading=\"lazy\" decoding=\"async\" width=\"1227\" height=\"924\" src=\"https:\/\/kasvillarent.com\/wp-content\/uploads\/2022\/08\/Villa-Esen-Vadi-69-1-1434x1080.jpg\" class=\"attachment-villagio-thumb-small-x2 size-villagio-thumb-small-x2\" alt=\"\" srcset=\"https:\/\/kasvillarent.com\/wp-content\/uploads\/2022\/08\/Villa-Esen-Vadi-69-1-1434x1080.jpg 1227w, https:\/\/kasvillarent.com\/wp-content\/uploads\/2022\/08\/Villa-Esen-Vadi-69-1-717x540.jpg 717w\" sizes=\"(max-width: 1227px) 100vw, 1227px\" \/><\/a>\n\t\t\t<\/span><\/li><li class='gallery-item'><span class='gallery-icon landscape'>\n\t\t\t\t<a href=\"https:\/\/kasvillarent.com\/tr\/accommodation\/villa-esen-vadi\/\"><img loading=\"lazy\" decoding=\"async\" width=\"1386\" height=\"924\" src=\"https:\/\/kasvillarent.com\/wp-content\/uploads\/2022\/08\/Villa-Esen-Vadi-67.jpg\" class=\"attachment-villagio-thumb-small-x2 size-villagio-thumb-small-x2\" alt=\"\" srcset=\"https:\/\/kasvillarent.com\/wp-content\/uploads\/2022\/08\/Villa-Esen-Vadi-67.jpg 1386w, https:\/\/kasvillarent.com\/wp-content\/uploads\/2022\/08\/Villa-Esen-Vadi-67-300x200.jpg 300w, https:\/\/kasvillarent.com\/wp-content\/uploads\/2022\/08\/Villa-Esen-Vadi-67-1024x683.jpg 1024w, https:\/\/kasvillarent.com\/wp-content\/uploads\/2022\/08\/Villa-Esen-Vadi-67-768x512.jpg 768w, https:\/\/kasvillarent.com\/wp-content\/uploads\/2022\/08\/Villa-Esen-Vadi-67-927x618.jpg 927w, https:\/\/kasvillarent.com\/wp-content\/uploads\/2022\/08\/Villa-Esen-Vadi-67-20x13.jpg 20w\" sizes=\"(max-width: 1386px) 100vw, 1386px\" \/><\/a>\n\t\t\t<\/span><\/li><li class='gallery-item'><span class='gallery-icon landscape'>\n\t\t\t\t<a href=\"https:\/\/kasvillarent.com\/tr\/accommodation\/villa-esen-vadi\/\"><img loading=\"lazy\" decoding=\"async\" width=\"1386\" height=\"924\" src=\"https:\/\/kasvillarent.com\/wp-content\/uploads\/2022\/08\/Villa-Esen-Vadi-78-1-scaled.jpg\" class=\"attachment-villagio-thumb-small-x2 size-villagio-thumb-small-x2\" alt=\"\" srcset=\"https:\/\/kasvillarent.com\/wp-content\/uploads\/2022\/08\/Villa-Esen-Vadi-78-1-scaled.jpg 1386w, https:\/\/kasvillarent.com\/wp-content\/uploads\/2022\/08\/Villa-Esen-Vadi-78-1-scaled-300x200.jpg 300w, https:\/\/kasvillarent.com\/wp-content\/uploads\/2022\/08\/Villa-Esen-Vadi-78-1-scaled-1024x683.jpg 1024w, https:\/\/kasvillarent.com\/wp-content\/uploads\/2022\/08\/Villa-Esen-Vadi-78-1-scaled-768x512.jpg 768w, https:\/\/kasvillarent.com\/wp-content\/uploads\/2022\/08\/Villa-Esen-Vadi-78-1-scaled-927x618.jpg 927w, https:\/\/kasvillarent.com\/wp-content\/uploads\/2022\/08\/Villa-Esen-Vadi-78-1-scaled-20x13.jpg 20w\" sizes=\"(max-width: 1386px) 100vw, 1386px\" \/><\/a>\n\t\t\t<\/span><\/li><li class='gallery-item'><span class='gallery-icon landscape'>\n\t\t\t\t<a href=\"https:\/\/kasvillarent.com\/tr\/accommodation\/villa-esen-vadi\/\"><img loading=\"lazy\" decoding=\"async\" width=\"1386\" height=\"924\" src=\"https:\/\/kasvillarent.com\/wp-content\/uploads\/2022\/08\/Villa-Esen-Vadi-68-1.jpg\" class=\"attachment-villagio-thumb-small-x2 size-villagio-thumb-small-x2\" alt=\"\" srcset=\"https:\/\/kasvillarent.com\/wp-content\/uploads\/2022\/08\/Villa-Esen-Vadi-68-1.jpg 1386w, https:\/\/kasvillarent.com\/wp-content\/uploads\/2022\/08\/Villa-Esen-Vadi-68-1-300x200.jpg 300w, https:\/\/kasvillarent.com\/wp-content\/uploads\/2022\/08\/Villa-Esen-Vadi-68-1-1024x683.jpg 1024w, https:\/\/kasvillarent.com\/wp-content\/uploads\/2022\/08\/Villa-Esen-Vadi-68-1-768x512.jpg 768w, https:\/\/kasvillarent.com\/wp-content\/uploads\/2022\/08\/Villa-Esen-Vadi-68-1-927x618.jpg 927w, https:\/\/kasvillarent.com\/wp-content\/uploads\/2022\/08\/Villa-Esen-Vadi-68-1-20x13.jpg 20w\" sizes=\"(max-width: 1386px) 100vw, 1386px\" \/><\/a>\n\t\t\t<\/span><\/li><li class='gallery-item'><span class='gallery-icon landscape'>\n\t\t\t\t<a href=\"https:\/\/kasvillarent.com\/tr\/accommodation\/villa-esen-vadi\/\"><img loading=\"lazy\" decoding=\"async\" width=\"1386\" height=\"924\" src=\"https:\/\/kasvillarent.com\/wp-content\/uploads\/2022\/08\/Villa-Esen-Vadi-49-1-scaled.jpg\" class=\"attachment-villagio-thumb-small-x2 size-villagio-thumb-small-x2\" alt=\"\" srcset=\"https:\/\/kasvillarent.com\/wp-content\/uploads\/2022\/08\/Villa-Esen-Vadi-49-1-scaled.jpg 1386w, https:\/\/kasvillarent.com\/wp-content\/uploads\/2022\/08\/Villa-Esen-Vadi-49-1-scaled-300x200.jpg 300w, https:\/\/kasvillarent.com\/wp-content\/uploads\/2022\/08\/Villa-Esen-Vadi-49-1-scaled-1024x683.jpg 1024w, https:\/\/kasvillarent.com\/wp-content\/uploads\/2022\/08\/Villa-Esen-Vadi-49-1-scaled-768x512.jpg 768w, https:\/\/kasvillarent.com\/wp-content\/uploads\/2022\/08\/Villa-Esen-Vadi-49-1-scaled-927x618.jpg 927w, https:\/\/kasvillarent.com\/wp-content\/uploads\/2022\/08\/Villa-Esen-Vadi-49-1-scaled-20x13.jpg 20w\" sizes=\"(max-width: 1386px) 100vw, 1386px\" \/><\/a>\n\t\t\t<\/span><\/li><li class='gallery-item'><span class='gallery-icon landscape'>\n\t\t\t\t<a href=\"https:\/\/kasvillarent.com\/tr\/accommodation\/villa-esen-vadi\/\"><img loading=\"lazy\" decoding=\"async\" width=\"1386\" height=\"924\" src=\"https:\/\/kasvillarent.com\/wp-content\/uploads\/2022\/08\/Villa-Esen-Vadi-77-1-scaled.jpg\" class=\"attachment-villagio-thumb-small-x2 size-villagio-thumb-small-x2\" alt=\"\" srcset=\"https:\/\/kasvillarent.com\/wp-content\/uploads\/2022\/08\/Villa-Esen-Vadi-77-1-scaled.jpg 1386w, https:\/\/kasvillarent.com\/wp-content\/uploads\/2022\/08\/Villa-Esen-Vadi-77-1-scaled-300x200.jpg 300w, https:\/\/kasvillarent.com\/wp-content\/uploads\/2022\/08\/Villa-Esen-Vadi-77-1-scaled-1024x683.jpg 1024w, https:\/\/kasvillarent.com\/wp-content\/uploads\/2022\/08\/Villa-Esen-Vadi-77-1-scaled-768x512.jpg 768w, https:\/\/kasvillarent.com\/wp-content\/uploads\/2022\/08\/Villa-Esen-Vadi-77-1-scaled-927x618.jpg 927w, https:\/\/kasvillarent.com\/wp-content\/uploads\/2022\/08\/Villa-Esen-Vadi-77-1-scaled-20x13.jpg 20w\" sizes=\"(max-width: 1386px) 100vw, 1386px\" \/><\/a>\n\t\t\t<\/span><\/li><li class='gallery-item'><span class='gallery-icon landscape'>\n\t\t\t\t<a href=\"https:\/\/kasvillarent.com\/tr\/accommodation\/villa-esen-vadi\/\"><img loading=\"lazy\" decoding=\"async\" width=\"1386\" height=\"924\" src=\"https:\/\/kasvillarent.com\/wp-content\/uploads\/2022\/08\/Villa-Esen-Vadi-80-1.jpg\" class=\"attachment-villagio-thumb-small-x2 size-villagio-thumb-small-x2\" alt=\"\" srcset=\"https:\/\/kasvillarent.com\/wp-content\/uploads\/2022\/08\/Villa-Esen-Vadi-80-1.jpg 1386w, https:\/\/kasvillarent.com\/wp-content\/uploads\/2022\/08\/Villa-Esen-Vadi-80-1-300x200.jpg 300w, https:\/\/kasvillarent.com\/wp-content\/uploads\/2022\/08\/Villa-Esen-Vadi-80-1-1024x683.jpg 1024w, https:\/\/kasvillarent.com\/wp-content\/uploads\/2022\/08\/Villa-Esen-Vadi-80-1-768x512.jpg 768w, https:\/\/kasvillarent.com\/wp-content\/uploads\/2022\/08\/Villa-Esen-Vadi-80-1-927x618.jpg 927w, https:\/\/kasvillarent.com\/wp-content\/uploads\/2022\/08\/Villa-Esen-Vadi-80-1-20x13.jpg 20w\" sizes=\"(max-width: 1386px) 100vw, 1386px\" \/><\/a>\n\t\t\t<\/span><\/li><li class='gallery-item'><span class='gallery-icon landscape'>\n\t\t\t\t<a href=\"https:\/\/kasvillarent.com\/tr\/accommodation\/villa-esen-vadi\/\"><img loading=\"lazy\" decoding=\"async\" width=\"1386\" height=\"924\" src=\"https:\/\/kasvillarent.com\/wp-content\/uploads\/2022\/08\/Villa-Esen-Vadi-76-1.jpg\" class=\"attachment-villagio-thumb-small-x2 size-villagio-thumb-small-x2\" alt=\"\" srcset=\"https:\/\/kasvillarent.com\/wp-content\/uploads\/2022\/08\/Villa-Esen-Vadi-76-1.jpg 1386w, https:\/\/kasvillarent.com\/wp-content\/uploads\/2022\/08\/Villa-Esen-Vadi-76-1-300x200.jpg 300w, https:\/\/kasvillarent.com\/wp-content\/uploads\/2022\/08\/Villa-Esen-Vadi-76-1-1024x683.jpg 1024w, https:\/\/kasvillarent.com\/wp-content\/uploads\/2022\/08\/Villa-Esen-Vadi-76-1-768x512.jpg 768w, https:\/\/kasvillarent.com\/wp-content\/uploads\/2022\/08\/Villa-Esen-Vadi-76-1-927x618.jpg 927w, https:\/\/kasvillarent.com\/wp-content\/uploads\/2022\/08\/Villa-Esen-Vadi-76-1-20x13.jpg 20w\" sizes=\"(max-width: 1386px) 100vw, 1386px\" \/><\/a>\n\t\t\t<\/span><\/li><li class='gallery-item'><span class='gallery-icon landscape'>\n\t\t\t\t<a href=\"https:\/\/kasvillarent.com\/tr\/accommodation\/villa-esen-vadi\/\"><img loading=\"lazy\" decoding=\"async\" width=\"1386\" height=\"924\" src=\"https:\/\/kasvillarent.com\/wp-content\/uploads\/2022\/08\/Villa-Esen-Vadi-75.jpg\" class=\"attachment-villagio-thumb-small-x2 size-villagio-thumb-small-x2\" alt=\"\" srcset=\"https:\/\/kasvillarent.com\/wp-content\/uploads\/2022\/08\/Villa-Esen-Vadi-75.jpg 1386w, https:\/\/kasvillarent.com\/wp-content\/uploads\/2022\/08\/Villa-Esen-Vadi-75-300x200.jpg 300w, https:\/\/kasvillarent.com\/wp-content\/uploads\/2022\/08\/Villa-Esen-Vadi-75-1024x683.jpg 1024w, https:\/\/kasvillarent.com\/wp-content\/uploads\/2022\/08\/Villa-Esen-Vadi-75-768x512.jpg 768w, https:\/\/kasvillarent.com\/wp-content\/uploads\/2022\/08\/Villa-Esen-Vadi-75-927x618.jpg 927w, https:\/\/kasvillarent.com\/wp-content\/uploads\/2022\/08\/Villa-Esen-Vadi-75-20x13.jpg 20w\" sizes=\"(max-width: 1386px) 100vw, 1386px\" \/><\/a>\n\t\t\t<\/span><\/li><li class='gallery-item'><span class='gallery-icon landscape'>\n\t\t\t\t<a href=\"https:\/\/kasvillarent.com\/tr\/accommodation\/villa-esen-vadi\/\"><img loading=\"lazy\" decoding=\"async\" width=\"1386\" height=\"924\" src=\"https:\/\/kasvillarent.com\/wp-content\/uploads\/2022\/08\/Villa-Esen-Vadi-79-1.jpg\" class=\"attachment-villagio-thumb-small-x2 size-villagio-thumb-small-x2\" alt=\"\" srcset=\"https:\/\/kasvillarent.com\/wp-content\/uploads\/2022\/08\/Villa-Esen-Vadi-79-1.jpg 1386w, https:\/\/kasvillarent.com\/wp-content\/uploads\/2022\/08\/Villa-Esen-Vadi-79-1-300x200.jpg 300w, https:\/\/kasvillarent.com\/wp-content\/uploads\/2022\/08\/Villa-Esen-Vadi-79-1-1024x683.jpg 1024w, https:\/\/kasvillarent.com\/wp-content\/uploads\/2022\/08\/Villa-Esen-Vadi-79-1-768x512.jpg 768w, https:\/\/kasvillarent.com\/wp-content\/uploads\/2022\/08\/Villa-Esen-Vadi-79-1-927x618.jpg 927w, https:\/\/kasvillarent.com\/wp-content\/uploads\/2022\/08\/Villa-Esen-Vadi-79-1-20x13.jpg 20w\" sizes=\"(max-width: 1386px) 100vw, 1386px\" \/><\/a>\n\t\t\t<\/span><\/li><li class='gallery-item'><span class='gallery-icon landscape'>\n\t\t\t\t<a href=\"https:\/\/kasvillarent.com\/tr\/accommodation\/villa-esen-vadi\/\"><img loading=\"lazy\" decoding=\"async\" width=\"1386\" height=\"924\" src=\"https:\/\/kasvillarent.com\/wp-content\/uploads\/2022\/08\/Villa-Esen-Vadi-65-2.jpg\" class=\"attachment-villagio-thumb-small-x2 size-villagio-thumb-small-x2\" alt=\"\" srcset=\"https:\/\/kasvillarent.com\/wp-content\/uploads\/2022\/08\/Villa-Esen-Vadi-65-2.jpg 1386w, https:\/\/kasvillarent.com\/wp-content\/uploads\/2022\/08\/Villa-Esen-Vadi-65-2-300x200.jpg 300w, https:\/\/kasvillarent.com\/wp-content\/uploads\/2022\/08\/Villa-Esen-Vadi-65-2-1024x683.jpg 1024w, https:\/\/kasvillarent.com\/wp-content\/uploads\/2022\/08\/Villa-Esen-Vadi-65-2-768x512.jpg 768w, https:\/\/kasvillarent.com\/wp-content\/uploads\/2022\/08\/Villa-Esen-Vadi-65-2-927x618.jpg 927w, https:\/\/kasvillarent.com\/wp-content\/uploads\/2022\/08\/Villa-Esen-Vadi-65-2-20x13.jpg 20w\" sizes=\"(max-width: 1386px) 100vw, 1386px\" \/><\/a>\n\t\t\t<\/span><\/li><li class='gallery-item'><span class='gallery-icon landscape'>\n\t\t\t\t<a href=\"https:\/\/kasvillarent.com\/tr\/accommodation\/villa-esen-vadi\/\"><img loading=\"lazy\" decoding=\"async\" width=\"1386\" height=\"924\" src=\"https:\/\/kasvillarent.com\/wp-content\/uploads\/2022\/08\/Villa-Esen-Vadi-59-2-scaled.jpg\" class=\"attachment-villagio-thumb-small-x2 size-villagio-thumb-small-x2\" alt=\"\" srcset=\"https:\/\/kasvillarent.com\/wp-content\/uploads\/2022\/08\/Villa-Esen-Vadi-59-2-scaled.jpg 1386w, https:\/\/kasvillarent.com\/wp-content\/uploads\/2022\/08\/Villa-Esen-Vadi-59-2-scaled-300x200.jpg 300w, https:\/\/kasvillarent.com\/wp-content\/uploads\/2022\/08\/Villa-Esen-Vadi-59-2-scaled-1024x683.jpg 1024w, https:\/\/kasvillarent.com\/wp-content\/uploads\/2022\/08\/Villa-Esen-Vadi-59-2-scaled-768x512.jpg 768w, https:\/\/kasvillarent.com\/wp-content\/uploads\/2022\/08\/Villa-Esen-Vadi-59-2-scaled-927x618.jpg 927w, https:\/\/kasvillarent.com\/wp-content\/uploads\/2022\/08\/Villa-Esen-Vadi-59-2-scaled-20x13.jpg 20w\" sizes=\"(max-width: 1386px) 100vw, 1386px\" \/><\/a>\n\t\t\t<\/span><\/li><li class='gallery-item'><span class='gallery-icon landscape'>\n\t\t\t\t<a href=\"https:\/\/kasvillarent.com\/tr\/accommodation\/villa-esen-vadi\/\"><img loading=\"lazy\" decoding=\"async\" width=\"1386\" height=\"924\" src=\"https:\/\/kasvillarent.com\/wp-content\/uploads\/2022\/08\/Villa-Esen-Vadi-55-1-scaled.jpg\" class=\"attachment-villagio-thumb-small-x2 size-villagio-thumb-small-x2\" alt=\"\" srcset=\"https:\/\/kasvillarent.com\/wp-content\/uploads\/2022\/08\/Villa-Esen-Vadi-55-1-scaled.jpg 1386w, https:\/\/kasvillarent.com\/wp-content\/uploads\/2022\/08\/Villa-Esen-Vadi-55-1-scaled-300x200.jpg 300w, https:\/\/kasvillarent.com\/wp-content\/uploads\/2022\/08\/Villa-Esen-Vadi-55-1-scaled-1024x683.jpg 1024w, https:\/\/kasvillarent.com\/wp-content\/uploads\/2022\/08\/Villa-Esen-Vadi-55-1-scaled-768x512.jpg 768w, https:\/\/kasvillarent.com\/wp-content\/uploads\/2022\/08\/Villa-Esen-Vadi-55-1-scaled-927x618.jpg 927w, https:\/\/kasvillarent.com\/wp-content\/uploads\/2022\/08\/Villa-Esen-Vadi-55-1-scaled-20x13.jpg 20w\" sizes=\"(max-width: 1386px) 100vw, 1386px\" \/><\/a>\n\t\t\t<\/span><\/li><li class='gallery-item'><span class='gallery-icon landscape'>\n\t\t\t\t<a href=\"https:\/\/kasvillarent.com\/tr\/accommodation\/villa-esen-vadi\/\"><img loading=\"lazy\" decoding=\"async\" width=\"1386\" height=\"924\" src=\"https:\/\/kasvillarent.com\/wp-content\/uploads\/2022\/08\/Villa-Esen-Vadi-89-1.jpg\" class=\"attachment-villagio-thumb-small-x2 size-villagio-thumb-small-x2\" alt=\"\" srcset=\"https:\/\/kasvillarent.com\/wp-content\/uploads\/2022\/08\/Villa-Esen-Vadi-89-1.jpg 1386w, https:\/\/kasvillarent.com\/wp-content\/uploads\/2022\/08\/Villa-Esen-Vadi-89-1-300x200.jpg 300w, https:\/\/kasvillarent.com\/wp-content\/uploads\/2022\/08\/Villa-Esen-Vadi-89-1-1024x683.jpg 1024w, https:\/\/kasvillarent.com\/wp-content\/uploads\/2022\/08\/Villa-Esen-Vadi-89-1-768x512.jpg 768w, https:\/\/kasvillarent.com\/wp-content\/uploads\/2022\/08\/Villa-Esen-Vadi-89-1-927x618.jpg 927w, https:\/\/kasvillarent.com\/wp-content\/uploads\/2022\/08\/Villa-Esen-Vadi-89-1-20x13.jpg 20w\" sizes=\"(max-width: 1386px) 100vw, 1386px\" \/><\/a>\n\t\t\t<\/span><\/li><li class='gallery-item'><span class='gallery-icon landscape'>\n\t\t\t\t<a href=\"https:\/\/kasvillarent.com\/tr\/accommodation\/villa-esen-vadi\/\"><img loading=\"lazy\" decoding=\"async\" width=\"1386\" height=\"924\" src=\"https:\/\/kasvillarent.com\/wp-content\/uploads\/2022\/08\/Villa-Esen-Vadi-5-1.jpg\" class=\"attachment-villagio-thumb-small-x2 size-villagio-thumb-small-x2\" alt=\"\" srcset=\"https:\/\/kasvillarent.com\/wp-content\/uploads\/2022\/08\/Villa-Esen-Vadi-5-1.jpg 1386w, https:\/\/kasvillarent.com\/wp-content\/uploads\/2022\/08\/Villa-Esen-Vadi-5-1-300x200.jpg 300w, https:\/\/kasvillarent.com\/wp-content\/uploads\/2022\/08\/Villa-Esen-Vadi-5-1-1024x683.jpg 1024w, https:\/\/kasvillarent.com\/wp-content\/uploads\/2022\/08\/Villa-Esen-Vadi-5-1-768x512.jpg 768w, https:\/\/kasvillarent.com\/wp-content\/uploads\/2022\/08\/Villa-Esen-Vadi-5-1-927x618.jpg 927w, https:\/\/kasvillarent.com\/wp-content\/uploads\/2022\/08\/Villa-Esen-Vadi-5-1-20x13.jpg 20w\" sizes=\"(max-width: 1386px) 100vw, 1386px\" \/><\/a>\n\t\t\t<\/span><\/li><li class='gallery-item'><span class='gallery-icon landscape'>\n\t\t\t\t<a href=\"https:\/\/kasvillarent.com\/tr\/accommodation\/villa-esen-vadi\/\"><img loading=\"lazy\" decoding=\"async\" width=\"1386\" height=\"924\" src=\"https:\/\/kasvillarent.com\/wp-content\/uploads\/2022\/08\/Villa-Esen-Vadi-93-1-scaled.jpg\" class=\"attachment-villagio-thumb-small-x2 size-villagio-thumb-small-x2\" alt=\"\" srcset=\"https:\/\/kasvillarent.com\/wp-content\/uploads\/2022\/08\/Villa-Esen-Vadi-93-1-scaled.jpg 1386w, https:\/\/kasvillarent.com\/wp-content\/uploads\/2022\/08\/Villa-Esen-Vadi-93-1-scaled-300x200.jpg 300w, https:\/\/kasvillarent.com\/wp-content\/uploads\/2022\/08\/Villa-Esen-Vadi-93-1-scaled-1024x683.jpg 1024w, https:\/\/kasvillarent.com\/wp-content\/uploads\/2022\/08\/Villa-Esen-Vadi-93-1-scaled-768x512.jpg 768w, https:\/\/kasvillarent.com\/wp-content\/uploads\/2022\/08\/Villa-Esen-Vadi-93-1-scaled-927x618.jpg 927w, https:\/\/kasvillarent.com\/wp-content\/uploads\/2022\/08\/Villa-Esen-Vadi-93-1-scaled-20x13.jpg 20w\" sizes=\"(max-width: 1386px) 100vw, 1386px\" \/><\/a>\n\t\t\t<\/span><\/li><li class='gallery-item'><span class='gallery-icon landscape'>\n\t\t\t\t<a href=\"https:\/\/kasvillarent.com\/tr\/accommodation\/villa-esen-vadi\/\"><img loading=\"lazy\" decoding=\"async\" width=\"1386\" height=\"924\" src=\"https:\/\/kasvillarent.com\/wp-content\/uploads\/2022\/08\/Villa-Esen-Vadi-92-scaled.jpg\" class=\"attachment-villagio-thumb-small-x2 size-villagio-thumb-small-x2\" alt=\"\" srcset=\"https:\/\/kasvillarent.com\/wp-content\/uploads\/2022\/08\/Villa-Esen-Vadi-92-scaled.jpg 1386w, https:\/\/kasvillarent.com\/wp-content\/uploads\/2022\/08\/Villa-Esen-Vadi-92-scaled-300x200.jpg 300w, https:\/\/kasvillarent.com\/wp-content\/uploads\/2022\/08\/Villa-Esen-Vadi-92-scaled-1024x683.jpg 1024w, https:\/\/kasvillarent.com\/wp-content\/uploads\/2022\/08\/Villa-Esen-Vadi-92-scaled-768x512.jpg 768w, https:\/\/kasvillarent.com\/wp-content\/uploads\/2022\/08\/Villa-Esen-Vadi-92-scaled-927x618.jpg 927w, https:\/\/kasvillarent.com\/wp-content\/uploads\/2022\/08\/Villa-Esen-Vadi-92-scaled-20x13.jpg 20w\" sizes=\"(max-width: 1386px) 100vw, 1386px\" \/><\/a>\n\t\t\t<\/span><\/li><li class='gallery-item'><span class='gallery-icon landscape'>\n\t\t\t\t<a href=\"https:\/\/kasvillarent.com\/tr\/accommodation\/villa-esen-vadi\/\"><img loading=\"lazy\" decoding=\"async\" width=\"1386\" height=\"924\" src=\"https:\/\/kasvillarent.com\/wp-content\/uploads\/2022\/08\/Villa-Esen-Vadi-6-1-scaled.jpg\" class=\"attachment-villagio-thumb-small-x2 size-villagio-thumb-small-x2\" alt=\"\" srcset=\"https:\/\/kasvillarent.com\/wp-content\/uploads\/2022\/08\/Villa-Esen-Vadi-6-1-scaled.jpg 1386w, https:\/\/kasvillarent.com\/wp-content\/uploads\/2022\/08\/Villa-Esen-Vadi-6-1-scaled-300x200.jpg 300w, https:\/\/kasvillarent.com\/wp-content\/uploads\/2022\/08\/Villa-Esen-Vadi-6-1-scaled-1024x683.jpg 1024w, https:\/\/kasvillarent.com\/wp-content\/uploads\/2022\/08\/Villa-Esen-Vadi-6-1-scaled-768x512.jpg 768w, https:\/\/kasvillarent.com\/wp-content\/uploads\/2022\/08\/Villa-Esen-Vadi-6-1-scaled-927x618.jpg 927w, https:\/\/kasvillarent.com\/wp-content\/uploads\/2022\/08\/Villa-Esen-Vadi-6-1-scaled-20x13.jpg 20w\" sizes=\"(max-width: 1386px) 100vw, 1386px\" \/><\/a>\n\t\t\t<\/span><\/li><li class='gallery-item'><span class='gallery-icon landscape'>\n\t\t\t\t<a href=\"https:\/\/kasvillarent.com\/tr\/accommodation\/villa-esen-vadi\/\"><img loading=\"lazy\" decoding=\"async\" width=\"1386\" height=\"924\" src=\"https:\/\/kasvillarent.com\/wp-content\/uploads\/2022\/08\/Villa-Esen-Vadi-4-1.jpg\" class=\"attachment-villagio-thumb-small-x2 size-villagio-thumb-small-x2\" alt=\"\" srcset=\"https:\/\/kasvillarent.com\/wp-content\/uploads\/2022\/08\/Villa-Esen-Vadi-4-1.jpg 1386w, https:\/\/kasvillarent.com\/wp-content\/uploads\/2022\/08\/Villa-Esen-Vadi-4-1-300x200.jpg 300w, https:\/\/kasvillarent.com\/wp-content\/uploads\/2022\/08\/Villa-Esen-Vadi-4-1-1024x683.jpg 1024w, https:\/\/kasvillarent.com\/wp-content\/uploads\/2022\/08\/Villa-Esen-Vadi-4-1-768x512.jpg 768w, https:\/\/kasvillarent.com\/wp-content\/uploads\/2022\/08\/Villa-Esen-Vadi-4-1-927x618.jpg 927w, https:\/\/kasvillarent.com\/wp-content\/uploads\/2022\/08\/Villa-Esen-Vadi-4-1-20x13.jpg 20w\" sizes=\"(max-width: 1386px) 100vw, 1386px\" \/><\/a>\n\t\t\t<\/span><\/li><li class='gallery-item'><span class='gallery-icon landscape'>\n\t\t\t\t<a href=\"https:\/\/kasvillarent.com\/tr\/accommodation\/villa-esen-vadi\/\"><img loading=\"lazy\" decoding=\"async\" width=\"1386\" height=\"924\" src=\"https:\/\/kasvillarent.com\/wp-content\/uploads\/2022\/08\/Villa-Esen-Vadi-2-1-scaled.jpg\" class=\"attachment-villagio-thumb-small-x2 size-villagio-thumb-small-x2\" alt=\"\" srcset=\"https:\/\/kasvillarent.com\/wp-content\/uploads\/2022\/08\/Villa-Esen-Vadi-2-1-scaled.jpg 1386w, https:\/\/kasvillarent.com\/wp-content\/uploads\/2022\/08\/Villa-Esen-Vadi-2-1-scaled-300x200.jpg 300w, https:\/\/kasvillarent.com\/wp-content\/uploads\/2022\/08\/Villa-Esen-Vadi-2-1-scaled-1024x683.jpg 1024w, https:\/\/kasvillarent.com\/wp-content\/uploads\/2022\/08\/Villa-Esen-Vadi-2-1-scaled-768x512.jpg 768w, https:\/\/kasvillarent.com\/wp-content\/uploads\/2022\/08\/Villa-Esen-Vadi-2-1-scaled-927x618.jpg 927w, https:\/\/kasvillarent.com\/wp-content\/uploads\/2022\/08\/Villa-Esen-Vadi-2-1-scaled-20x13.jpg 20w\" sizes=\"(max-width: 1386px) 100vw, 1386px\" \/><\/a>\n\t\t\t<\/span><\/li><li class='gallery-item'><span class='gallery-icon landscape'>\n\t\t\t\t<a href=\"https:\/\/kasvillarent.com\/tr\/accommodation\/villa-esen-vadi\/\"><img loading=\"lazy\" decoding=\"async\" width=\"1386\" height=\"924\" src=\"https:\/\/kasvillarent.com\/wp-content\/uploads\/2022\/08\/Villa-Esen-Vadi-1-1-scaled.jpg\" class=\"attachment-villagio-thumb-small-x2 size-villagio-thumb-small-x2\" alt=\"\" srcset=\"https:\/\/kasvillarent.com\/wp-content\/uploads\/2022\/08\/Villa-Esen-Vadi-1-1-scaled.jpg 1386w, https:\/\/kasvillarent.com\/wp-content\/uploads\/2022\/08\/Villa-Esen-Vadi-1-1-scaled-300x200.jpg 300w, https:\/\/kasvillarent.com\/wp-content\/uploads\/2022\/08\/Villa-Esen-Vadi-1-1-scaled-1024x683.jpg 1024w, https:\/\/kasvillarent.com\/wp-content\/uploads\/2022\/08\/Villa-Esen-Vadi-1-1-scaled-768x512.jpg 768w, https:\/\/kasvillarent.com\/wp-content\/uploads\/2022\/08\/Villa-Esen-Vadi-1-1-scaled-927x618.jpg 927w, https:\/\/kasvillarent.com\/wp-content\/uploads\/2022\/08\/Villa-Esen-Vadi-1-1-scaled-20x13.jpg 20w\" sizes=\"(max-width: 1386px) 100vw, 1386px\" \/><\/a>\n\t\t\t<\/span><\/li><li class='gallery-item'><span class='gallery-icon landscape'>\n\t\t\t\t<a href=\"https:\/\/kasvillarent.com\/tr\/accommodation\/villa-esen-vadi\/\"><img loading=\"lazy\" decoding=\"async\" width=\"1386\" height=\"924\" src=\"https:\/\/kasvillarent.com\/wp-content\/uploads\/2022\/08\/Villa-Esen-Vadi-3-1-scaled.jpg\" class=\"attachment-villagio-thumb-small-x2 size-villagio-thumb-small-x2\" alt=\"\" srcset=\"https:\/\/kasvillarent.com\/wp-content\/uploads\/2022\/08\/Villa-Esen-Vadi-3-1-scaled.jpg 1386w, https:\/\/kasvillarent.com\/wp-content\/uploads\/2022\/08\/Villa-Esen-Vadi-3-1-scaled-300x200.jpg 300w, https:\/\/kasvillarent.com\/wp-content\/uploads\/2022\/08\/Villa-Esen-Vadi-3-1-scaled-1024x683.jpg 1024w, https:\/\/kasvillarent.com\/wp-content\/uploads\/2022\/08\/Villa-Esen-Vadi-3-1-scaled-768x512.jpg 768w, https:\/\/kasvillarent.com\/wp-content\/uploads\/2022\/08\/Villa-Esen-Vadi-3-1-scaled-927x618.jpg 927w, https:\/\/kasvillarent.com\/wp-content\/uploads\/2022\/08\/Villa-Esen-Vadi-3-1-scaled-20x13.jpg 20w\" sizes=\"(max-width: 1386px) 100vw, 1386px\" \/><\/a>\n\t\t\t<\/span><\/li><li class='gallery-item'><span class='gallery-icon landscape'>\n\t\t\t\t<a href=\"https:\/\/kasvillarent.com\/tr\/accommodation\/villa-esen-vadi\/\"><img loading=\"lazy\" decoding=\"async\" width=\"1227\" height=\"924\" src=\"https:\/\/kasvillarent.com\/wp-content\/uploads\/2022\/08\/Villa-Esen-Vadi-90-1-1434x1080.jpg\" class=\"attachment-villagio-thumb-small-x2 size-villagio-thumb-small-x2\" alt=\"\" srcset=\"https:\/\/kasvillarent.com\/wp-content\/uploads\/2022\/08\/Villa-Esen-Vadi-90-1-1434x1080.jpg 1227w, https:\/\/kasvillarent.com\/wp-content\/uploads\/2022\/08\/Villa-Esen-Vadi-90-1-717x540.jpg 717w\" sizes=\"(max-width: 1227px) 100vw, 1227px\" \/><\/a>\n\t\t\t<\/span><\/li><li class='gallery-item'><span class='gallery-icon landscape'>\n\t\t\t\t<a href=\"https:\/\/kasvillarent.com\/tr\/accommodation\/villa-esen-vadi\/\"><img loading=\"lazy\" decoding=\"async\" width=\"1227\" height=\"924\" src=\"https:\/\/kasvillarent.com\/wp-content\/uploads\/2022\/08\/Villa-Esen-Vadi-24-1-1434x1080.jpg\" class=\"attachment-villagio-thumb-small-x2 size-villagio-thumb-small-x2\" alt=\"\" srcset=\"https:\/\/kasvillarent.com\/wp-content\/uploads\/2022\/08\/Villa-Esen-Vadi-24-1-1434x1080.jpg 1227w, https:\/\/kasvillarent.com\/wp-content\/uploads\/2022\/08\/Villa-Esen-Vadi-24-1-717x540.jpg 717w\" sizes=\"(max-width: 1227px) 100vw, 1227px\" \/><\/a>\n\t\t\t<\/span><\/li><li class='gallery-item'><span class='gallery-icon landscape'>\n\t\t\t\t<a href=\"https:\/\/kasvillarent.com\/tr\/accommodation\/villa-esen-vadi\/\"><img loading=\"lazy\" decoding=\"async\" width=\"1386\" height=\"924\" src=\"https:\/\/kasvillarent.com\/wp-content\/uploads\/2022\/08\/Villa-Esen-Vadi-91-scaled.jpg\" class=\"attachment-villagio-thumb-small-x2 size-villagio-thumb-small-x2\" alt=\"\" srcset=\"https:\/\/kasvillarent.com\/wp-content\/uploads\/2022\/08\/Villa-Esen-Vadi-91-scaled.jpg 1386w, https:\/\/kasvillarent.com\/wp-content\/uploads\/2022\/08\/Villa-Esen-Vadi-91-scaled-300x200.jpg 300w, https:\/\/kasvillarent.com\/wp-content\/uploads\/2022\/08\/Villa-Esen-Vadi-91-scaled-1024x683.jpg 1024w, https:\/\/kasvillarent.com\/wp-content\/uploads\/2022\/08\/Villa-Esen-Vadi-91-scaled-768x512.jpg 768w, https:\/\/kasvillarent.com\/wp-content\/uploads\/2022\/08\/Villa-Esen-Vadi-91-scaled-927x618.jpg 927w, https:\/\/kasvillarent.com\/wp-content\/uploads\/2022\/08\/Villa-Esen-Vadi-91-scaled-20x13.jpg 20w\" sizes=\"(max-width: 1386px) 100vw, 1386px\" \/><\/a>\n\t\t\t<\/span><\/li><li class='gallery-item'><span class='gallery-icon landscape'>\n\t\t\t\t<a href=\"https:\/\/kasvillarent.com\/tr\/accommodation\/villa-esen-vadi\/\"><img loading=\"lazy\" decoding=\"async\" width=\"1386\" height=\"924\" src=\"https:\/\/kasvillarent.com\/wp-content\/uploads\/2022\/08\/Villa-Esen-Vadi-9-scaled.jpg\" class=\"attachment-villagio-thumb-small-x2 size-villagio-thumb-small-x2\" alt=\"\" srcset=\"https:\/\/kasvillarent.com\/wp-content\/uploads\/2022\/08\/Villa-Esen-Vadi-9-scaled.jpg 1386w, https:\/\/kasvillarent.com\/wp-content\/uploads\/2022\/08\/Villa-Esen-Vadi-9-scaled-300x200.jpg 300w, https:\/\/kasvillarent.com\/wp-content\/uploads\/2022\/08\/Villa-Esen-Vadi-9-scaled-1024x683.jpg 1024w, https:\/\/kasvillarent.com\/wp-content\/uploads\/2022\/08\/Villa-Esen-Vadi-9-scaled-768x512.jpg 768w, https:\/\/kasvillarent.com\/wp-content\/uploads\/2022\/08\/Villa-Esen-Vadi-9-scaled-927x618.jpg 927w, https:\/\/kasvillarent.com\/wp-content\/uploads\/2022\/08\/Villa-Esen-Vadi-9-scaled-20x13.jpg 20w\" sizes=\"(max-width: 1386px) 100vw, 1386px\" \/><\/a>\n\t\t\t<\/span><\/li><li class='gallery-item'><span class='gallery-icon landscape'>\n\t\t\t\t<a href=\"https:\/\/kasvillarent.com\/tr\/accommodation\/villa-esen-vadi\/\"><img loading=\"lazy\" decoding=\"async\" width=\"1386\" height=\"924\" src=\"https:\/\/kasvillarent.com\/wp-content\/uploads\/2022\/08\/Villa-Esen-Vadi-23.jpg\" class=\"attachment-villagio-thumb-small-x2 size-villagio-thumb-small-x2\" alt=\"\" srcset=\"https:\/\/kasvillarent.com\/wp-content\/uploads\/2022\/08\/Villa-Esen-Vadi-23.jpg 1386w, https:\/\/kasvillarent.com\/wp-content\/uploads\/2022\/08\/Villa-Esen-Vadi-23-300x200.jpg 300w, https:\/\/kasvillarent.com\/wp-content\/uploads\/2022\/08\/Villa-Esen-Vadi-23-1024x683.jpg 1024w, https:\/\/kasvillarent.com\/wp-content\/uploads\/2022\/08\/Villa-Esen-Vadi-23-768x512.jpg 768w, https:\/\/kasvillarent.com\/wp-content\/uploads\/2022\/08\/Villa-Esen-Vadi-23-927x618.jpg 927w, https:\/\/kasvillarent.com\/wp-content\/uploads\/2022\/08\/Villa-Esen-Vadi-23-20x13.jpg 20w\" sizes=\"(max-width: 1386px) 100vw, 1386px\" \/><\/a>\n\t\t\t<\/span><\/li><li class='gallery-item'><span class='gallery-icon landscape'>\n\t\t\t\t<a href=\"https:\/\/kasvillarent.com\/tr\/accommodation\/villa-esen-vadi\/\"><img loading=\"lazy\" decoding=\"async\" width=\"1386\" height=\"924\" src=\"https:\/\/kasvillarent.com\/wp-content\/uploads\/2022\/08\/Villa-Esen-Vadi-8-scaled.jpg\" class=\"attachment-villagio-thumb-small-x2 size-villagio-thumb-small-x2\" alt=\"\" srcset=\"https:\/\/kasvillarent.com\/wp-content\/uploads\/2022\/08\/Villa-Esen-Vadi-8-scaled.jpg 1386w, https:\/\/kasvillarent.com\/wp-content\/uploads\/2022\/08\/Villa-Esen-Vadi-8-scaled-300x200.jpg 300w, https:\/\/kasvillarent.com\/wp-content\/uploads\/2022\/08\/Villa-Esen-Vadi-8-scaled-1024x683.jpg 1024w, https:\/\/kasvillarent.com\/wp-content\/uploads\/2022\/08\/Villa-Esen-Vadi-8-scaled-768x512.jpg 768w, https:\/\/kasvillarent.com\/wp-content\/uploads\/2022\/08\/Villa-Esen-Vadi-8-scaled-927x618.jpg 927w, https:\/\/kasvillarent.com\/wp-content\/uploads\/2022\/08\/Villa-Esen-Vadi-8-scaled-20x13.jpg 20w\" sizes=\"(max-width: 1386px) 100vw, 1386px\" \/><\/a>\n\t\t\t<\/span><\/li><li class='gallery-item'><span class='gallery-icon landscape'>\n\t\t\t\t<a href=\"https:\/\/kasvillarent.com\/tr\/accommodation\/villa-esen-vadi\/\"><img loading=\"lazy\" decoding=\"async\" width=\"1216\" height=\"924\" src=\"https:\/\/kasvillarent.com\/wp-content\/uploads\/2022\/08\/Villa-Esen-Vadi-26-1.jpg\" class=\"attachment-villagio-thumb-small-x2 size-villagio-thumb-small-x2\" alt=\"\" srcset=\"https:\/\/kasvillarent.com\/wp-content\/uploads\/2022\/08\/Villa-Esen-Vadi-26-1.jpg 1216w, https:\/\/kasvillarent.com\/wp-content\/uploads\/2022\/08\/Villa-Esen-Vadi-26-1-300x228.jpg 300w, https:\/\/kasvillarent.com\/wp-content\/uploads\/2022\/08\/Villa-Esen-Vadi-26-1-1024x778.jpg 1024w, https:\/\/kasvillarent.com\/wp-content\/uploads\/2022\/08\/Villa-Esen-Vadi-26-1-768x584.jpg 768w, https:\/\/kasvillarent.com\/wp-content\/uploads\/2022\/08\/Villa-Esen-Vadi-26-1-813x618.jpg 813w, https:\/\/kasvillarent.com\/wp-content\/uploads\/2022\/08\/Villa-Esen-Vadi-26-1-20x15.jpg 20w\" sizes=\"(max-width: 1216px) 100vw, 1216px\" \/><\/a>\n\t\t\t<\/span><\/li><li class='gallery-item'><span class='gallery-icon landscape'>\n\t\t\t\t<a href=\"https:\/\/kasvillarent.com\/tr\/accommodation\/villa-esen-vadi\/\"><img loading=\"lazy\" decoding=\"async\" width=\"1386\" height=\"924\" src=\"https:\/\/kasvillarent.com\/wp-content\/uploads\/2022\/08\/Villa-Esen-Vadi-13-1-scaled.jpg\" class=\"attachment-villagio-thumb-small-x2 size-villagio-thumb-small-x2\" alt=\"\" srcset=\"https:\/\/kasvillarent.com\/wp-content\/uploads\/2022\/08\/Villa-Esen-Vadi-13-1-scaled.jpg 1386w, https:\/\/kasvillarent.com\/wp-content\/uploads\/2022\/08\/Villa-Esen-Vadi-13-1-scaled-300x200.jpg 300w, https:\/\/kasvillarent.com\/wp-content\/uploads\/2022\/08\/Villa-Esen-Vadi-13-1-scaled-1024x683.jpg 1024w, https:\/\/kasvillarent.com\/wp-content\/uploads\/2022\/08\/Villa-Esen-Vadi-13-1-scaled-768x512.jpg 768w, https:\/\/kasvillarent.com\/wp-content\/uploads\/2022\/08\/Villa-Esen-Vadi-13-1-scaled-927x618.jpg 927w, https:\/\/kasvillarent.com\/wp-content\/uploads\/2022\/08\/Villa-Esen-Vadi-13-1-scaled-20x13.jpg 20w\" sizes=\"(max-width: 1386px) 100vw, 1386px\" \/><\/a>\n\t\t\t<\/span><\/li><li class='gallery-item'><span class='gallery-icon landscape'>\n\t\t\t\t<a href=\"https:\/\/kasvillarent.com\/tr\/accommodation\/villa-esen-vadi\/\"><img loading=\"lazy\" decoding=\"async\" width=\"1386\" height=\"924\" src=\"https:\/\/kasvillarent.com\/wp-content\/uploads\/2022\/08\/Villa-Esen-Vadi-18-1.jpg\" class=\"attachment-villagio-thumb-small-x2 size-villagio-thumb-small-x2\" alt=\"\" srcset=\"https:\/\/kasvillarent.com\/wp-content\/uploads\/2022\/08\/Villa-Esen-Vadi-18-1.jpg 1386w, https:\/\/kasvillarent.com\/wp-content\/uploads\/2022\/08\/Villa-Esen-Vadi-18-1-300x200.jpg 300w, https:\/\/kasvillarent.com\/wp-content\/uploads\/2022\/08\/Villa-Esen-Vadi-18-1-1024x683.jpg 1024w, https:\/\/kasvillarent.com\/wp-content\/uploads\/2022\/08\/Villa-Esen-Vadi-18-1-768x512.jpg 768w, https:\/\/kasvillarent.com\/wp-content\/uploads\/2022\/08\/Villa-Esen-Vadi-18-1-927x618.jpg 927w, https:\/\/kasvillarent.com\/wp-content\/uploads\/2022\/08\/Villa-Esen-Vadi-18-1-20x13.jpg 20w\" sizes=\"(max-width: 1386px) 100vw, 1386px\" \/><\/a>\n\t\t\t<\/span><\/li><li class='gallery-item'><span class='gallery-icon landscape'>\n\t\t\t\t<a href=\"https:\/\/kasvillarent.com\/tr\/accommodation\/villa-esen-vadi\/\"><img loading=\"lazy\" decoding=\"async\" width=\"1386\" height=\"924\" src=\"https:\/\/kasvillarent.com\/wp-content\/uploads\/2022\/08\/Villa-Esen-Vadi-88-1-scaled.jpg\" class=\"attachment-villagio-thumb-small-x2 size-villagio-thumb-small-x2\" alt=\"\" srcset=\"https:\/\/kasvillarent.com\/wp-content\/uploads\/2022\/08\/Villa-Esen-Vadi-88-1-scaled.jpg 1386w, https:\/\/kasvillarent.com\/wp-content\/uploads\/2022\/08\/Villa-Esen-Vadi-88-1-scaled-300x200.jpg 300w, https:\/\/kasvillarent.com\/wp-content\/uploads\/2022\/08\/Villa-Esen-Vadi-88-1-scaled-1024x683.jpg 1024w, https:\/\/kasvillarent.com\/wp-content\/uploads\/2022\/08\/Villa-Esen-Vadi-88-1-scaled-768x512.jpg 768w, https:\/\/kasvillarent.com\/wp-content\/uploads\/2022\/08\/Villa-Esen-Vadi-88-1-scaled-927x618.jpg 927w, https:\/\/kasvillarent.com\/wp-content\/uploads\/2022\/08\/Villa-Esen-Vadi-88-1-scaled-20x13.jpg 20w\" sizes=\"(max-width: 1386px) 100vw, 1386px\" \/><\/a>\n\t\t\t<\/span><\/li><li class='gallery-item'><span class='gallery-icon landscape'>\n\t\t\t\t<a href=\"https:\/\/kasvillarent.com\/tr\/accommodation\/villa-esen-vadi\/\"><img loading=\"lazy\" decoding=\"async\" width=\"1386\" height=\"924\" src=\"https:\/\/kasvillarent.com\/wp-content\/uploads\/2022\/08\/Villa-Esen-Vadi-32.-1.jpg\" class=\"attachment-villagio-thumb-small-x2 size-villagio-thumb-small-x2\" alt=\"\" srcset=\"https:\/\/kasvillarent.com\/wp-content\/uploads\/2022\/08\/Villa-Esen-Vadi-32.-1.jpg 1386w, https:\/\/kasvillarent.com\/wp-content\/uploads\/2022\/08\/Villa-Esen-Vadi-32.-1-300x200.jpg 300w, https:\/\/kasvillarent.com\/wp-content\/uploads\/2022\/08\/Villa-Esen-Vadi-32.-1-1024x683.jpg 1024w, https:\/\/kasvillarent.com\/wp-content\/uploads\/2022\/08\/Villa-Esen-Vadi-32.-1-768x512.jpg 768w, https:\/\/kasvillarent.com\/wp-content\/uploads\/2022\/08\/Villa-Esen-Vadi-32.-1-927x618.jpg 927w, https:\/\/kasvillarent.com\/wp-content\/uploads\/2022\/08\/Villa-Esen-Vadi-32.-1-20x13.jpg 20w\" sizes=\"(max-width: 1386px) 100vw, 1386px\" \/><\/a>\n\t\t\t<\/span><\/li><li class='gallery-item'><span class='gallery-icon landscape'>\n\t\t\t\t<a href=\"https:\/\/kasvillarent.com\/tr\/accommodation\/villa-esen-vadi\/\"><img loading=\"lazy\" decoding=\"async\" width=\"1387\" height=\"924\" src=\"https:\/\/kasvillarent.com\/wp-content\/uploads\/2022\/08\/Villa-Esen-Vadi-28-1-scaled.jpg\" class=\"attachment-villagio-thumb-small-x2 size-villagio-thumb-small-x2\" alt=\"\" srcset=\"https:\/\/kasvillarent.com\/wp-content\/uploads\/2022\/08\/Villa-Esen-Vadi-28-1-scaled.jpg 1387w, https:\/\/kasvillarent.com\/wp-content\/uploads\/2022\/08\/Villa-Esen-Vadi-28-1-scaled-300x200.jpg 300w, https:\/\/kasvillarent.com\/wp-content\/uploads\/2022\/08\/Villa-Esen-Vadi-28-1-scaled-1024x682.jpg 1024w, https:\/\/kasvillarent.com\/wp-content\/uploads\/2022\/08\/Villa-Esen-Vadi-28-1-scaled-768x512.jpg 768w, https:\/\/kasvillarent.com\/wp-content\/uploads\/2022\/08\/Villa-Esen-Vadi-28-1-scaled-928x618.jpg 928w, https:\/\/kasvillarent.com\/wp-content\/uploads\/2022\/08\/Villa-Esen-Vadi-28-1-scaled-20x13.jpg 20w\" sizes=\"(max-width: 1387px) 100vw, 1387px\" \/><\/a>\n\t\t\t<\/span><\/li><li class='gallery-item'><span class='gallery-icon landscape'>\n\t\t\t\t<a href=\"https:\/\/kasvillarent.com\/tr\/accommodation\/villa-esen-vadi\/\"><img loading=\"lazy\" decoding=\"async\" width=\"1359\" height=\"924\" src=\"https:\/\/kasvillarent.com\/wp-content\/uploads\/2022\/08\/Villa-Esen-Vadi-30-scaled.jpg\" class=\"attachment-villagio-thumb-small-x2 size-villagio-thumb-small-x2\" alt=\"\" srcset=\"https:\/\/kasvillarent.com\/wp-content\/uploads\/2022\/08\/Villa-Esen-Vadi-30-scaled.jpg 1359w, https:\/\/kasvillarent.com\/wp-content\/uploads\/2022\/08\/Villa-Esen-Vadi-30-scaled-300x204.jpg 300w, https:\/\/kasvillarent.com\/wp-content\/uploads\/2022\/08\/Villa-Esen-Vadi-30-scaled-1024x696.jpg 1024w, https:\/\/kasvillarent.com\/wp-content\/uploads\/2022\/08\/Villa-Esen-Vadi-30-scaled-768x522.jpg 768w, https:\/\/kasvillarent.com\/wp-content\/uploads\/2022\/08\/Villa-Esen-Vadi-30-scaled-909x618.jpg 909w, https:\/\/kasvillarent.com\/wp-content\/uploads\/2022\/08\/Villa-Esen-Vadi-30-scaled-20x14.jpg 20w\" sizes=\"(max-width: 1359px) 100vw, 1359px\" \/><\/a>\n\t\t\t<\/span><\/li><li class='gallery-item'><span class='gallery-icon landscape'>\n\t\t\t\t<a href=\"https:\/\/kasvillarent.com\/tr\/accommodation\/villa-esen-vadi\/\"><img loading=\"lazy\" decoding=\"async\" width=\"1386\" height=\"924\" src=\"https:\/\/kasvillarent.com\/wp-content\/uploads\/2022\/08\/Villa-Esen-Vadi-82-1-scaled.jpg\" class=\"attachment-villagio-thumb-small-x2 size-villagio-thumb-small-x2\" alt=\"\" srcset=\"https:\/\/kasvillarent.com\/wp-content\/uploads\/2022\/08\/Villa-Esen-Vadi-82-1-scaled.jpg 1386w, https:\/\/kasvillarent.com\/wp-content\/uploads\/2022\/08\/Villa-Esen-Vadi-82-1-scaled-300x200.jpg 300w, https:\/\/kasvillarent.com\/wp-content\/uploads\/2022\/08\/Villa-Esen-Vadi-82-1-scaled-1024x683.jpg 1024w, https:\/\/kasvillarent.com\/wp-content\/uploads\/2022\/08\/Villa-Esen-Vadi-82-1-scaled-768x512.jpg 768w, https:\/\/kasvillarent.com\/wp-content\/uploads\/2022\/08\/Villa-Esen-Vadi-82-1-scaled-927x618.jpg 927w, https:\/\/kasvillarent.com\/wp-content\/uploads\/2022\/08\/Villa-Esen-Vadi-82-1-scaled-20x13.jpg 20w\" sizes=\"(max-width: 1386px) 100vw, 1386px\" \/><\/a>\n\t\t\t<\/span><\/li><li class='gallery-item'><span class='gallery-icon portrait'>\n\t\t\t\t<a href=\"https:\/\/kasvillarent.com\/tr\/accommodation\/villa-esen-vadi\/\"><img loading=\"lazy\" decoding=\"async\" width=\"924\" height=\"1080\" src=\"https:\/\/kasvillarent.com\/wp-content\/uploads\/2022\/08\/Villa-Esen-Vadi-31-1-scaled-924x1080.jpg\" class=\"attachment-villagio-thumb-small-x2 size-villagio-thumb-small-x2\" alt=\"\" \/><\/a>\n\t\t\t<\/span><\/li><li class='gallery-item'><span class='gallery-icon portrait'>\n\t\t\t\t<a href=\"https:\/\/kasvillarent.com\/tr\/accommodation\/villa-esen-vadi\/\"><img loading=\"lazy\" decoding=\"async\" width=\"924\" height=\"1080\" src=\"https:\/\/kasvillarent.com\/wp-content\/uploads\/2022\/08\/Villa-Esen-Vadi-25-scaled-924x1080.jpg\" class=\"attachment-villagio-thumb-small-x2 size-villagio-thumb-small-x2\" alt=\"\" \/><\/a>\n\t\t\t<\/span><\/li><li class='gallery-item'><span class='gallery-icon landscape'>\n\t\t\t\t<a href=\"https:\/\/kasvillarent.com\/tr\/accommodation\/villa-esen-vadi\/\"><img loading=\"lazy\" decoding=\"async\" width=\"1386\" height=\"924\" src=\"https:\/\/kasvillarent.com\/wp-content\/uploads\/2022\/08\/Villa-Esen-Vadi-22-1.jpg\" class=\"attachment-villagio-thumb-small-x2 size-villagio-thumb-small-x2\" alt=\"\" srcset=\"https:\/\/kasvillarent.com\/wp-content\/uploads\/2022\/08\/Villa-Esen-Vadi-22-1.jpg 1386w, https:\/\/kasvillarent.com\/wp-content\/uploads\/2022\/08\/Villa-Esen-Vadi-22-1-300x200.jpg 300w, https:\/\/kasvillarent.com\/wp-content\/uploads\/2022\/08\/Villa-Esen-Vadi-22-1-1024x683.jpg 1024w, https:\/\/kasvillarent.com\/wp-content\/uploads\/2022\/08\/Villa-Esen-Vadi-22-1-768x512.jpg 768w, https:\/\/kasvillarent.com\/wp-content\/uploads\/2022\/08\/Villa-Esen-Vadi-22-1-927x618.jpg 927w, https:\/\/kasvillarent.com\/wp-content\/uploads\/2022\/08\/Villa-Esen-Vadi-22-1-20x13.jpg 20w\" sizes=\"(max-width: 1386px) 100vw, 1386px\" \/><\/a>\n\t\t\t<\/span><\/li><li class='gallery-item'><span class='gallery-icon landscape'>\n\t\t\t\t<a href=\"https:\/\/kasvillarent.com\/tr\/accommodation\/villa-esen-vadi\/\"><img loading=\"lazy\" decoding=\"async\" width=\"1227\" height=\"924\" src=\"https:\/\/kasvillarent.com\/wp-content\/uploads\/2022\/08\/Villa-Esen-Vadi-12-1-1434x1080.jpg\" class=\"attachment-villagio-thumb-small-x2 size-villagio-thumb-small-x2\" alt=\"\" srcset=\"https:\/\/kasvillarent.com\/wp-content\/uploads\/2022\/08\/Villa-Esen-Vadi-12-1-1434x1080.jpg 1227w, https:\/\/kasvillarent.com\/wp-content\/uploads\/2022\/08\/Villa-Esen-Vadi-12-1-717x540.jpg 717w\" sizes=\"(max-width: 1227px) 100vw, 1227px\" \/><\/a>\n\t\t\t<\/span><\/li><li class='gallery-item'><span class='gallery-icon landscape'>\n\t\t\t\t<a href=\"https:\/\/kasvillarent.com\/tr\/accommodation\/villa-esen-vadi\/\"><img loading=\"lazy\" decoding=\"async\" width=\"1386\" height=\"924\" src=\"https:\/\/kasvillarent.com\/wp-content\/uploads\/2022\/08\/Villa-Esen-Vadi-86.jpg\" class=\"attachment-villagio-thumb-small-x2 size-villagio-thumb-small-x2\" alt=\"\" srcset=\"https:\/\/kasvillarent.com\/wp-content\/uploads\/2022\/08\/Villa-Esen-Vadi-86.jpg 1386w, https:\/\/kasvillarent.com\/wp-content\/uploads\/2022\/08\/Villa-Esen-Vadi-86-300x200.jpg 300w, https:\/\/kasvillarent.com\/wp-content\/uploads\/2022\/08\/Villa-Esen-Vadi-86-1024x683.jpg 1024w, https:\/\/kasvillarent.com\/wp-content\/uploads\/2022\/08\/Villa-Esen-Vadi-86-768x512.jpg 768w, https:\/\/kasvillarent.com\/wp-content\/uploads\/2022\/08\/Villa-Esen-Vadi-86-927x618.jpg 927w, https:\/\/kasvillarent.com\/wp-content\/uploads\/2022\/08\/Villa-Esen-Vadi-86-20x13.jpg 20w\" sizes=\"(max-width: 1386px) 100vw, 1386px\" \/><\/a>\n\t\t\t<\/span><\/li><li class='gallery-item'><span class='gallery-icon landscape'>\n\t\t\t\t<a href=\"https:\/\/kasvillarent.com\/tr\/accommodation\/villa-esen-vadi\/\"><img loading=\"lazy\" decoding=\"async\" width=\"1386\" height=\"924\" src=\"https:\/\/kasvillarent.com\/wp-content\/uploads\/2022\/08\/Villa-Esen-Vadi-85-scaled.jpg\" class=\"attachment-villagio-thumb-small-x2 size-villagio-thumb-small-x2\" alt=\"\" srcset=\"https:\/\/kasvillarent.com\/wp-content\/uploads\/2022\/08\/Villa-Esen-Vadi-85-scaled.jpg 1386w, https:\/\/kasvillarent.com\/wp-content\/uploads\/2022\/08\/Villa-Esen-Vadi-85-scaled-300x200.jpg 300w, https:\/\/kasvillarent.com\/wp-content\/uploads\/2022\/08\/Villa-Esen-Vadi-85-scaled-1024x683.jpg 1024w, https:\/\/kasvillarent.com\/wp-content\/uploads\/2022\/08\/Villa-Esen-Vadi-85-scaled-768x512.jpg 768w, https:\/\/kasvillarent.com\/wp-content\/uploads\/2022\/08\/Villa-Esen-Vadi-85-scaled-927x618.jpg 927w, https:\/\/kasvillarent.com\/wp-content\/uploads\/2022\/08\/Villa-Esen-Vadi-85-scaled-20x13.jpg 20w\" sizes=\"(max-width: 1386px) 100vw, 1386px\" \/><\/a>\n\t\t\t<\/span><\/li><li class='gallery-item'><span class='gallery-icon landscape'>\n\t\t\t\t<a href=\"https:\/\/kasvillarent.com\/tr\/accommodation\/villa-esen-vadi\/\"><img loading=\"lazy\" decoding=\"async\" width=\"1386\" height=\"924\" src=\"https:\/\/kasvillarent.com\/wp-content\/uploads\/2022\/08\/Villa-Esen-Vadi-84-scaled.jpg\" class=\"attachment-villagio-thumb-small-x2 size-villagio-thumb-small-x2\" alt=\"\" srcset=\"https:\/\/kasvillarent.com\/wp-content\/uploads\/2022\/08\/Villa-Esen-Vadi-84-scaled.jpg 1386w, https:\/\/kasvillarent.com\/wp-content\/uploads\/2022\/08\/Villa-Esen-Vadi-84-scaled-300x200.jpg 300w, https:\/\/kasvillarent.com\/wp-content\/uploads\/2022\/08\/Villa-Esen-Vadi-84-scaled-1024x683.jpg 1024w, https:\/\/kasvillarent.com\/wp-content\/uploads\/2022\/08\/Villa-Esen-Vadi-84-scaled-768x512.jpg 768w, https:\/\/kasvillarent.com\/wp-content\/uploads\/2022\/08\/Villa-Esen-Vadi-84-scaled-927x618.jpg 927w, https:\/\/kasvillarent.com\/wp-content\/uploads\/2022\/08\/Villa-Esen-Vadi-84-scaled-20x13.jpg 20w\" sizes=\"(max-width: 1386px) 100vw, 1386px\" \/><\/a>\n\t\t\t<\/span><\/li><li class='gallery-item'><span class='gallery-icon landscape'>\n\t\t\t\t<a href=\"https:\/\/kasvillarent.com\/tr\/accommodation\/villa-esen-vadi\/\"><img loading=\"lazy\" decoding=\"async\" width=\"1386\" height=\"924\" src=\"https:\/\/kasvillarent.com\/wp-content\/uploads\/2022\/08\/Villa-Esen-Vadi-17-1.jpg\" class=\"attachment-villagio-thumb-small-x2 size-villagio-thumb-small-x2\" alt=\"\" srcset=\"https:\/\/kasvillarent.com\/wp-content\/uploads\/2022\/08\/Villa-Esen-Vadi-17-1.jpg 1386w, https:\/\/kasvillarent.com\/wp-content\/uploads\/2022\/08\/Villa-Esen-Vadi-17-1-300x200.jpg 300w, https:\/\/kasvillarent.com\/wp-content\/uploads\/2022\/08\/Villa-Esen-Vadi-17-1-1024x683.jpg 1024w, https:\/\/kasvillarent.com\/wp-content\/uploads\/2022\/08\/Villa-Esen-Vadi-17-1-768x512.jpg 768w, https:\/\/kasvillarent.com\/wp-content\/uploads\/2022\/08\/Villa-Esen-Vadi-17-1-927x618.jpg 927w, https:\/\/kasvillarent.com\/wp-content\/uploads\/2022\/08\/Villa-Esen-Vadi-17-1-20x13.jpg 20w\" sizes=\"(max-width: 1386px) 100vw, 1386px\" \/><\/a>\n\t\t\t<\/span><\/li><li class='gallery-item'><span class='gallery-icon landscape'>\n\t\t\t\t<a href=\"https:\/\/kasvillarent.com\/tr\/accommodation\/villa-esen-vadi\/\"><img loading=\"lazy\" decoding=\"async\" width=\"1386\" height=\"924\" src=\"https:\/\/kasvillarent.com\/wp-content\/uploads\/2022\/08\/Villa-Esen-Vadi-20-scaled.jpg\" class=\"attachment-villagio-thumb-small-x2 size-villagio-thumb-small-x2\" alt=\"\" srcset=\"https:\/\/kasvillarent.com\/wp-content\/uploads\/2022\/08\/Villa-Esen-Vadi-20-scaled.jpg 1386w, https:\/\/kasvillarent.com\/wp-content\/uploads\/2022\/08\/Villa-Esen-Vadi-20-scaled-300x200.jpg 300w, https:\/\/kasvillarent.com\/wp-content\/uploads\/2022\/08\/Villa-Esen-Vadi-20-scaled-1024x683.jpg 1024w, https:\/\/kasvillarent.com\/wp-content\/uploads\/2022\/08\/Villa-Esen-Vadi-20-scaled-768x512.jpg 768w, https:\/\/kasvillarent.com\/wp-content\/uploads\/2022\/08\/Villa-Esen-Vadi-20-scaled-927x618.jpg 927w, https:\/\/kasvillarent.com\/wp-content\/uploads\/2022\/08\/Villa-Esen-Vadi-20-scaled-20x13.jpg 20w\" sizes=\"(max-width: 1386px) 100vw, 1386px\" \/><\/a>\n\t\t\t<\/span><\/li><li class='gallery-item'><span class='gallery-icon landscape'>\n\t\t\t\t<a href=\"https:\/\/kasvillarent.com\/tr\/accommodation\/villa-esen-vadi\/\"><img loading=\"lazy\" decoding=\"async\" width=\"1386\" height=\"924\" src=\"https:\/\/kasvillarent.com\/wp-content\/uploads\/2022\/08\/Villa-Esen-Vadi-16-scaled.jpg\" class=\"attachment-villagio-thumb-small-x2 size-villagio-thumb-small-x2\" alt=\"\" srcset=\"https:\/\/kasvillarent.com\/wp-content\/uploads\/2022\/08\/Villa-Esen-Vadi-16-scaled.jpg 1386w, https:\/\/kasvillarent.com\/wp-content\/uploads\/2022\/08\/Villa-Esen-Vadi-16-scaled-300x200.jpg 300w, https:\/\/kasvillarent.com\/wp-content\/uploads\/2022\/08\/Villa-Esen-Vadi-16-scaled-1024x683.jpg 1024w, https:\/\/kasvillarent.com\/wp-content\/uploads\/2022\/08\/Villa-Esen-Vadi-16-scaled-768x512.jpg 768w, https:\/\/kasvillarent.com\/wp-content\/uploads\/2022\/08\/Villa-Esen-Vadi-16-scaled-927x618.jpg 927w, https:\/\/kasvillarent.com\/wp-content\/uploads\/2022\/08\/Villa-Esen-Vadi-16-scaled-20x13.jpg 20w\" sizes=\"(max-width: 1386px) 100vw, 1386px\" \/><\/a>\n\t\t\t<\/span><\/li><li class='gallery-item'><span class='gallery-icon landscape'>\n\t\t\t\t<a href=\"https:\/\/kasvillarent.com\/tr\/accommodation\/villa-esen-vadi\/\"><img loading=\"lazy\" decoding=\"async\" width=\"1227\" height=\"924\" src=\"https:\/\/kasvillarent.com\/wp-content\/uploads\/2022\/08\/Villa-Esen-Vadi-14-1-1434x1080.jpg\" class=\"attachment-villagio-thumb-small-x2 size-villagio-thumb-small-x2\" alt=\"\" srcset=\"https:\/\/kasvillarent.com\/wp-content\/uploads\/2022\/08\/Villa-Esen-Vadi-14-1-1434x1080.jpg 1227w, https:\/\/kasvillarent.com\/wp-content\/uploads\/2022\/08\/Villa-Esen-Vadi-14-1-717x540.jpg 717w\" sizes=\"(max-width: 1227px) 100vw, 1227px\" \/><\/a>\n\t\t\t<\/span><\/li><li class='gallery-item'><span class='gallery-icon landscape'>\n\t\t\t\t<a href=\"https:\/\/kasvillarent.com\/tr\/accommodation\/villa-esen-vadi\/\"><img loading=\"lazy\" decoding=\"async\" width=\"1227\" height=\"924\" src=\"https:\/\/kasvillarent.com\/wp-content\/uploads\/2022\/08\/Villa-Esen-Vadi-83-1-1434x1080.jpg\" class=\"attachment-villagio-thumb-small-x2 size-villagio-thumb-small-x2\" alt=\"\" srcset=\"https:\/\/kasvillarent.com\/wp-content\/uploads\/2022\/08\/Villa-Esen-Vadi-83-1-1434x1080.jpg 1227w, https:\/\/kasvillarent.com\/wp-content\/uploads\/2022\/08\/Villa-Esen-Vadi-83-1-717x540.jpg 717w\" sizes=\"(max-width: 1227px) 100vw, 1227px\" \/><\/a>\n\t\t\t<\/span><\/li><li class='gallery-item'><span class='gallery-icon landscape'>\n\t\t\t\t<a href=\"https:\/\/kasvillarent.com\/tr\/accommodation\/villa-esen-vadi\/\"><img loading=\"lazy\" decoding=\"async\" width=\"1227\" height=\"924\" src=\"https:\/\/kasvillarent.com\/wp-content\/uploads\/2022\/08\/Villa-Esen-Vadi-15-1-1434x1080.jpg\" class=\"attachment-villagio-thumb-small-x2 size-villagio-thumb-small-x2\" alt=\"\" srcset=\"https:\/\/kasvillarent.com\/wp-content\/uploads\/2022\/08\/Villa-Esen-Vadi-15-1-1434x1080.jpg 1227w, https:\/\/kasvillarent.com\/wp-content\/uploads\/2022\/08\/Villa-Esen-Vadi-15-1-717x540.jpg 717w\" sizes=\"(max-width: 1227px) 100vw, 1227px\" \/><\/a>\n\t\t\t<\/span><\/li><li class='gallery-item'><span class='gallery-icon landscape'>\n\t\t\t\t<a href=\"https:\/\/kasvillarent.com\/tr\/accommodation\/villa-esen-vadi\/\"><img loading=\"lazy\" decoding=\"async\" width=\"1386\" height=\"924\" src=\"https:\/\/kasvillarent.com\/wp-content\/uploads\/2022\/08\/Villa-Esen-Vadi-19.jpg\" class=\"attachment-villagio-thumb-small-x2 size-villagio-thumb-small-x2\" alt=\"\" srcset=\"https:\/\/kasvillarent.com\/wp-content\/uploads\/2022\/08\/Villa-Esen-Vadi-19.jpg 1386w, https:\/\/kasvillarent.com\/wp-content\/uploads\/2022\/08\/Villa-Esen-Vadi-19-300x200.jpg 300w, https:\/\/kasvillarent.com\/wp-content\/uploads\/2022\/08\/Villa-Esen-Vadi-19-1024x683.jpg 1024w, https:\/\/kasvillarent.com\/wp-content\/uploads\/2022\/08\/Villa-Esen-Vadi-19-768x512.jpg 768w, https:\/\/kasvillarent.com\/wp-content\/uploads\/2022\/08\/Villa-Esen-Vadi-19-927x618.jpg 927w, https:\/\/kasvillarent.com\/wp-content\/uploads\/2022\/08\/Villa-Esen-Vadi-19-20x13.jpg 20w\" sizes=\"(max-width: 1386px) 100vw, 1386px\" \/><\/a>\n\t\t\t<\/span><\/li><li class='gallery-item'><span class='gallery-icon landscape'>\n\t\t\t\t<a href=\"https:\/\/kasvillarent.com\/tr\/accommodation\/villa-esen-vadi\/\"><img loading=\"lazy\" decoding=\"async\" width=\"1386\" height=\"924\" src=\"https:\/\/kasvillarent.com\/wp-content\/uploads\/2022\/08\/Villa-Esen-Vadi-87-1-scaled.jpg\" class=\"attachment-villagio-thumb-small-x2 size-villagio-thumb-small-x2\" alt=\"\" srcset=\"https:\/\/kasvillarent.com\/wp-content\/uploads\/2022\/08\/Villa-Esen-Vadi-87-1-scaled.jpg 1386w, https:\/\/kasvillarent.com\/wp-content\/uploads\/2022\/08\/Villa-Esen-Vadi-87-1-scaled-300x200.jpg 300w, https:\/\/kasvillarent.com\/wp-content\/uploads\/2022\/08\/Villa-Esen-Vadi-87-1-scaled-1024x683.jpg 1024w, https:\/\/kasvillarent.com\/wp-content\/uploads\/2022\/08\/Villa-Esen-Vadi-87-1-scaled-768x512.jpg 768w, https:\/\/kasvillarent.com\/wp-content\/uploads\/2022\/08\/Villa-Esen-Vadi-87-1-scaled-927x618.jpg 927w, https:\/\/kasvillarent.com\/wp-content\/uploads\/2022\/08\/Villa-Esen-Vadi-87-1-scaled-20x13.jpg 20w\" sizes=\"(max-width: 1386px) 100vw, 1386px\" \/><\/a>\n\t\t\t<\/span><\/li><li class='gallery-item'><span class='gallery-icon landscape'>\n\t\t\t\t<a href=\"https:\/\/kasvillarent.com\/tr\/accommodation\/villa-esen-vadi\/\"><img loading=\"lazy\" decoding=\"async\" width=\"1386\" height=\"924\" src=\"https:\/\/kasvillarent.com\/wp-content\/uploads\/2022\/08\/Villa-Esen-Vadi-11-1-scaled.jpg\" class=\"attachment-villagio-thumb-small-x2 size-villagio-thumb-small-x2\" alt=\"\" srcset=\"https:\/\/kasvillarent.com\/wp-content\/uploads\/2022\/08\/Villa-Esen-Vadi-11-1-scaled.jpg 1386w, https:\/\/kasvillarent.com\/wp-content\/uploads\/2022\/08\/Villa-Esen-Vadi-11-1-scaled-300x200.jpg 300w, https:\/\/kasvillarent.com\/wp-content\/uploads\/2022\/08\/Villa-Esen-Vadi-11-1-scaled-1024x683.jpg 1024w, https:\/\/kasvillarent.com\/wp-content\/uploads\/2022\/08\/Villa-Esen-Vadi-11-1-scaled-768x512.jpg 768w, https:\/\/kasvillarent.com\/wp-content\/uploads\/2022\/08\/Villa-Esen-Vadi-11-1-scaled-927x618.jpg 927w, https:\/\/kasvillarent.com\/wp-content\/uploads\/2022\/08\/Villa-Esen-Vadi-11-1-scaled-20x13.jpg 20w\" sizes=\"(max-width: 1386px) 100vw, 1386px\" \/><\/a>\n\t\t\t<\/span><\/li><li class='gallery-item'><span class='gallery-icon landscape'>\n\t\t\t\t<a href=\"https:\/\/kasvillarent.com\/tr\/accommodation\/villa-esen-vadi\/\"><img loading=\"lazy\" decoding=\"async\" width=\"1386\" height=\"924\" src=\"https:\/\/kasvillarent.com\/wp-content\/uploads\/2022\/08\/Villa-Esen-Vadi-21-1-scaled.jpg\" class=\"attachment-villagio-thumb-small-x2 size-villagio-thumb-small-x2\" alt=\"\" srcset=\"https:\/\/kasvillarent.com\/wp-content\/uploads\/2022\/08\/Villa-Esen-Vadi-21-1-scaled.jpg 1386w, https:\/\/kasvillarent.com\/wp-content\/uploads\/2022\/08\/Villa-Esen-Vadi-21-1-scaled-300x200.jpg 300w, https:\/\/kasvillarent.com\/wp-content\/uploads\/2022\/08\/Villa-Esen-Vadi-21-1-scaled-1024x683.jpg 1024w, https:\/\/kasvillarent.com\/wp-content\/uploads\/2022\/08\/Villa-Esen-Vadi-21-1-scaled-768x512.jpg 768w, https:\/\/kasvillarent.com\/wp-content\/uploads\/2022\/08\/Villa-Esen-Vadi-21-1-scaled-927x618.jpg 927w, https:\/\/kasvillarent.com\/wp-content\/uploads\/2022\/08\/Villa-Esen-Vadi-21-1-scaled-20x13.jpg 20w\" sizes=\"(max-width: 1386px) 100vw, 1386px\" \/><\/a>\n\t\t\t<\/span><\/li><li class='gallery-item'><span class='gallery-icon landscape'>\n\t\t\t\t<a href=\"https:\/\/kasvillarent.com\/tr\/accommodation\/villa-esen-vadi\/\"><img loading=\"lazy\" decoding=\"async\" width=\"1386\" height=\"924\" src=\"https:\/\/kasvillarent.com\/wp-content\/uploads\/2022\/08\/Villa-Esen-Vadi-74-1-scaled.jpg\" class=\"attachment-villagio-thumb-small-x2 size-villagio-thumb-small-x2\" alt=\"\" srcset=\"https:\/\/kasvillarent.com\/wp-content\/uploads\/2022\/08\/Villa-Esen-Vadi-74-1-scaled.jpg 1386w, https:\/\/kasvillarent.com\/wp-content\/uploads\/2022\/08\/Villa-Esen-Vadi-74-1-scaled-300x200.jpg 300w, https:\/\/kasvillarent.com\/wp-content\/uploads\/2022\/08\/Villa-Esen-Vadi-74-1-scaled-1024x683.jpg 1024w, https:\/\/kasvillarent.com\/wp-content\/uploads\/2022\/08\/Villa-Esen-Vadi-74-1-scaled-768x512.jpg 768w, https:\/\/kasvillarent.com\/wp-content\/uploads\/2022\/08\/Villa-Esen-Vadi-74-1-scaled-927x618.jpg 927w, https:\/\/kasvillarent.com\/wp-content\/uploads\/2022\/08\/Villa-Esen-Vadi-74-1-scaled-20x13.jpg 20w\" sizes=\"(max-width: 1386px) 100vw, 1386px\" \/><\/a>\n\t\t\t<\/span><\/li><li class='gallery-item'><span class='gallery-icon landscape'>\n\t\t\t\t<a href=\"https:\/\/kasvillarent.com\/tr\/accommodation\/villa-esen-vadi\/\"><img loading=\"lazy\" decoding=\"async\" width=\"1227\" height=\"924\" src=\"https:\/\/kasvillarent.com\/wp-content\/uploads\/2022\/08\/Villa-Esen-Vadi-72-1-1434x1080.jpg\" class=\"attachment-villagio-thumb-small-x2 size-villagio-thumb-small-x2\" alt=\"\" srcset=\"https:\/\/kasvillarent.com\/wp-content\/uploads\/2022\/08\/Villa-Esen-Vadi-72-1-1434x1080.jpg 1227w, https:\/\/kasvillarent.com\/wp-content\/uploads\/2022\/08\/Villa-Esen-Vadi-72-1-717x540.jpg 717w\" sizes=\"(max-width: 1227px) 100vw, 1227px\" \/><\/a>\n\t\t\t<\/span><\/li><li class='gallery-item'><span class='gallery-icon landscape'>\n\t\t\t\t<a href=\"https:\/\/kasvillarent.com\/tr\/accommodation\/villa-esen-vadi\/\"><img loading=\"lazy\" decoding=\"async\" width=\"1227\" height=\"924\" src=\"https:\/\/kasvillarent.com\/wp-content\/uploads\/2022\/08\/Villa-Esen-Vadi-71-1-1434x1080.jpg\" class=\"attachment-villagio-thumb-small-x2 size-villagio-thumb-small-x2\" alt=\"\" srcset=\"https:\/\/kasvillarent.com\/wp-content\/uploads\/2022\/08\/Villa-Esen-Vadi-71-1-1434x1080.jpg 1227w, https:\/\/kasvillarent.com\/wp-content\/uploads\/2022\/08\/Villa-Esen-Vadi-71-1-717x540.jpg 717w\" sizes=\"(max-width: 1227px) 100vw, 1227px\" \/><\/a>\n\t\t\t<\/span><\/li><li class='gallery-item'><span class='gallery-icon landscape'>\n\t\t\t\t<a href=\"https:\/\/kasvillarent.com\/tr\/accommodation\/villa-esen-vadi\/\"><img loading=\"lazy\" decoding=\"async\" width=\"1227\" height=\"924\" src=\"https:\/\/kasvillarent.com\/wp-content\/uploads\/2022\/08\/Villa-Esen-Vadi-70-1-1434x1080.jpg\" class=\"attachment-villagio-thumb-small-x2 size-villagio-thumb-small-x2\" alt=\"\" srcset=\"https:\/\/kasvillarent.com\/wp-content\/uploads\/2022\/08\/Villa-Esen-Vadi-70-1-1434x1080.jpg 1227w, https:\/\/kasvillarent.com\/wp-content\/uploads\/2022\/08\/Villa-Esen-Vadi-70-1-717x540.jpg 717w\" sizes=\"(max-width: 1227px) 100vw, 1227px\" \/><\/a>\n\t\t\t<\/span><\/li><li class='gallery-item'><span class='gallery-icon landscape'>\n\t\t\t\t<a href=\"https:\/\/kasvillarent.com\/tr\/accommodation\/villa-esen-vadi\/\"><img loading=\"lazy\" decoding=\"async\" width=\"1386\" height=\"924\" src=\"https:\/\/kasvillarent.com\/wp-content\/uploads\/2022\/08\/Villa-Esen-Vadi-64-1-scaled.jpg\" class=\"attachment-villagio-thumb-small-x2 size-villagio-thumb-small-x2\" alt=\"\" srcset=\"https:\/\/kasvillarent.com\/wp-content\/uploads\/2022\/08\/Villa-Esen-Vadi-64-1-scaled.jpg 1386w, https:\/\/kasvillarent.com\/wp-content\/uploads\/2022\/08\/Villa-Esen-Vadi-64-1-scaled-300x200.jpg 300w, https:\/\/kasvillarent.com\/wp-content\/uploads\/2022\/08\/Villa-Esen-Vadi-64-1-scaled-1024x683.jpg 1024w, https:\/\/kasvillarent.com\/wp-content\/uploads\/2022\/08\/Villa-Esen-Vadi-64-1-scaled-768x512.jpg 768w, https:\/\/kasvillarent.com\/wp-content\/uploads\/2022\/08\/Villa-Esen-Vadi-64-1-scaled-927x618.jpg 927w, https:\/\/kasvillarent.com\/wp-content\/uploads\/2022\/08\/Villa-Esen-Vadi-64-1-scaled-20x13.jpg 20w\" sizes=\"(max-width: 1386px) 100vw, 1386px\" \/><\/a>\n\t\t\t<\/span><\/li><li class='gallery-item'><span class='gallery-icon landscape'>\n\t\t\t\t<a href=\"https:\/\/kasvillarent.com\/tr\/accommodation\/villa-esen-vadi\/\"><img loading=\"lazy\" decoding=\"async\" width=\"1386\" height=\"924\" src=\"https:\/\/kasvillarent.com\/wp-content\/uploads\/2022\/08\/Villa-Esen-Vadi-66-1.jpg\" class=\"attachment-villagio-thumb-small-x2 size-villagio-thumb-small-x2\" alt=\"\" srcset=\"https:\/\/kasvillarent.com\/wp-content\/uploads\/2022\/08\/Villa-Esen-Vadi-66-1.jpg 1386w, https:\/\/kasvillarent.com\/wp-content\/uploads\/2022\/08\/Villa-Esen-Vadi-66-1-300x200.jpg 300w, https:\/\/kasvillarent.com\/wp-content\/uploads\/2022\/08\/Villa-Esen-Vadi-66-1-1024x683.jpg 1024w, https:\/\/kasvillarent.com\/wp-content\/uploads\/2022\/08\/Villa-Esen-Vadi-66-1-768x512.jpg 768w, https:\/\/kasvillarent.com\/wp-content\/uploads\/2022\/08\/Villa-Esen-Vadi-66-1-927x618.jpg 927w, https:\/\/kasvillarent.com\/wp-content\/uploads\/2022\/08\/Villa-Esen-Vadi-66-1-20x13.jpg 20w\" sizes=\"(max-width: 1386px) 100vw, 1386px\" \/><\/a>\n\t\t\t<\/span><\/li><li class='gallery-item'><span class='gallery-icon landscape'>\n\t\t\t\t<a href=\"https:\/\/kasvillarent.com\/tr\/accommodation\/villa-esen-vadi\/\"><img loading=\"lazy\" decoding=\"async\" width=\"1386\" height=\"924\" src=\"https:\/\/kasvillarent.com\/wp-content\/uploads\/2022\/08\/Villa-Esen-Vadi-38.-1.jpg\" class=\"attachment-villagio-thumb-small-x2 size-villagio-thumb-small-x2\" alt=\"\" srcset=\"https:\/\/kasvillarent.com\/wp-content\/uploads\/2022\/08\/Villa-Esen-Vadi-38.-1.jpg 1386w, https:\/\/kasvillarent.com\/wp-content\/uploads\/2022\/08\/Villa-Esen-Vadi-38.-1-300x200.jpg 300w, https:\/\/kasvillarent.com\/wp-content\/uploads\/2022\/08\/Villa-Esen-Vadi-38.-1-1024x683.jpg 1024w, https:\/\/kasvillarent.com\/wp-content\/uploads\/2022\/08\/Villa-Esen-Vadi-38.-1-768x512.jpg 768w, https:\/\/kasvillarent.com\/wp-content\/uploads\/2022\/08\/Villa-Esen-Vadi-38.-1-927x618.jpg 927w, https:\/\/kasvillarent.com\/wp-content\/uploads\/2022\/08\/Villa-Esen-Vadi-38.-1-20x13.jpg 20w\" sizes=\"(max-width: 1386px) 100vw, 1386px\" \/><\/a>\n\t\t\t<\/span><\/li><li class='gallery-item'><span class='gallery-icon landscape'>\n\t\t\t\t<a href=\"https:\/\/kasvillarent.com\/tr\/accommodation\/villa-esen-vadi\/\"><img loading=\"lazy\" decoding=\"async\" width=\"1386\" height=\"924\" src=\"https:\/\/kasvillarent.com\/wp-content\/uploads\/2022\/08\/Villa-Esen-Vadi-44-scaled.jpg\" class=\"attachment-villagio-thumb-small-x2 size-villagio-thumb-small-x2\" alt=\"\" srcset=\"https:\/\/kasvillarent.com\/wp-content\/uploads\/2022\/08\/Villa-Esen-Vadi-44-scaled.jpg 1386w, https:\/\/kasvillarent.com\/wp-content\/uploads\/2022\/08\/Villa-Esen-Vadi-44-scaled-300x200.jpg 300w, https:\/\/kasvillarent.com\/wp-content\/uploads\/2022\/08\/Villa-Esen-Vadi-44-scaled-1024x683.jpg 1024w, https:\/\/kasvillarent.com\/wp-content\/uploads\/2022\/08\/Villa-Esen-Vadi-44-scaled-768x512.jpg 768w, https:\/\/kasvillarent.com\/wp-content\/uploads\/2022\/08\/Villa-Esen-Vadi-44-scaled-927x618.jpg 927w, https:\/\/kasvillarent.com\/wp-content\/uploads\/2022\/08\/Villa-Esen-Vadi-44-scaled-20x13.jpg 20w\" sizes=\"(max-width: 1386px) 100vw, 1386px\" \/><\/a>\n\t\t\t<\/span><\/li><li class='gallery-item'><span class='gallery-icon landscape'>\n\t\t\t\t<a href=\"https:\/\/kasvillarent.com\/tr\/accommodation\/villa-esen-vadi\/\"><img loading=\"lazy\" decoding=\"async\" width=\"1386\" height=\"924\" src=\"https:\/\/kasvillarent.com\/wp-content\/uploads\/2022\/08\/Villa-Esen-Vadi-47-1.jpg\" class=\"attachment-villagio-thumb-small-x2 size-villagio-thumb-small-x2\" alt=\"\" srcset=\"https:\/\/kasvillarent.com\/wp-content\/uploads\/2022\/08\/Villa-Esen-Vadi-47-1.jpg 1386w, https:\/\/kasvillarent.com\/wp-content\/uploads\/2022\/08\/Villa-Esen-Vadi-47-1-300x200.jpg 300w, https:\/\/kasvillarent.com\/wp-content\/uploads\/2022\/08\/Villa-Esen-Vadi-47-1-1024x683.jpg 1024w, https:\/\/kasvillarent.com\/wp-content\/uploads\/2022\/08\/Villa-Esen-Vadi-47-1-768x512.jpg 768w, https:\/\/kasvillarent.com\/wp-content\/uploads\/2022\/08\/Villa-Esen-Vadi-47-1-927x618.jpg 927w, https:\/\/kasvillarent.com\/wp-content\/uploads\/2022\/08\/Villa-Esen-Vadi-47-1-20x13.jpg 20w\" sizes=\"(max-width: 1386px) 100vw, 1386px\" \/><\/a>\n\t\t\t<\/span><\/li><li class='gallery-item'><span class='gallery-icon landscape'>\n\t\t\t\t<a href=\"https:\/\/kasvillarent.com\/tr\/accommodation\/villa-esen-vadi\/\"><img loading=\"lazy\" decoding=\"async\" width=\"1386\" height=\"924\" src=\"https:\/\/kasvillarent.com\/wp-content\/uploads\/2022\/08\/Villa-Esen-Vadi-56-1.jpg\" class=\"attachment-villagio-thumb-small-x2 size-villagio-thumb-small-x2\" alt=\"\" srcset=\"https:\/\/kasvillarent.com\/wp-content\/uploads\/2022\/08\/Villa-Esen-Vadi-56-1.jpg 1386w, https:\/\/kasvillarent.com\/wp-content\/uploads\/2022\/08\/Villa-Esen-Vadi-56-1-300x200.jpg 300w, https:\/\/kasvillarent.com\/wp-content\/uploads\/2022\/08\/Villa-Esen-Vadi-56-1-1024x683.jpg 1024w, https:\/\/kasvillarent.com\/wp-content\/uploads\/2022\/08\/Villa-Esen-Vadi-56-1-768x512.jpg 768w, https:\/\/kasvillarent.com\/wp-content\/uploads\/2022\/08\/Villa-Esen-Vadi-56-1-927x618.jpg 927w, https:\/\/kasvillarent.com\/wp-content\/uploads\/2022\/08\/Villa-Esen-Vadi-56-1-20x13.jpg 20w\" sizes=\"(max-width: 1386px) 100vw, 1386px\" \/><\/a>\n\t\t\t<\/span><\/li><li class='gallery-item'><span class='gallery-icon landscape'>\n\t\t\t\t<a href=\"https:\/\/kasvillarent.com\/tr\/accommodation\/villa-esen-vadi\/\"><img loading=\"lazy\" decoding=\"async\" width=\"1386\" height=\"924\" src=\"https:\/\/kasvillarent.com\/wp-content\/uploads\/2022\/08\/Villa-Esen-Vadi-51-scaled.jpg\" class=\"attachment-villagio-thumb-small-x2 size-villagio-thumb-small-x2\" alt=\"\" srcset=\"https:\/\/kasvillarent.com\/wp-content\/uploads\/2022\/08\/Villa-Esen-Vadi-51-scaled.jpg 1386w, https:\/\/kasvillarent.com\/wp-content\/uploads\/2022\/08\/Villa-Esen-Vadi-51-scaled-300x200.jpg 300w, https:\/\/kasvillarent.com\/wp-content\/uploads\/2022\/08\/Villa-Esen-Vadi-51-scaled-1024x683.jpg 1024w, https:\/\/kasvillarent.com\/wp-content\/uploads\/2022\/08\/Villa-Esen-Vadi-51-scaled-768x512.jpg 768w, https:\/\/kasvillarent.com\/wp-content\/uploads\/2022\/08\/Villa-Esen-Vadi-51-scaled-927x618.jpg 927w, https:\/\/kasvillarent.com\/wp-content\/uploads\/2022\/08\/Villa-Esen-Vadi-51-scaled-20x13.jpg 20w\" sizes=\"(max-width: 1386px) 100vw, 1386px\" \/><\/a>\n\t\t\t<\/span><\/li><li class='gallery-item'><span class='gallery-icon landscape'>\n\t\t\t\t<a href=\"https:\/\/kasvillarent.com\/tr\/accommodation\/villa-esen-vadi\/\"><img loading=\"lazy\" decoding=\"async\" width=\"1386\" height=\"924\" src=\"https:\/\/kasvillarent.com\/wp-content\/uploads\/2022\/08\/Villa-Esen-Vadi-48-1-scaled.jpg\" class=\"attachment-villagio-thumb-small-x2 size-villagio-thumb-small-x2\" alt=\"\" srcset=\"https:\/\/kasvillarent.com\/wp-content\/uploads\/2022\/08\/Villa-Esen-Vadi-48-1-scaled.jpg 1386w, https:\/\/kasvillarent.com\/wp-content\/uploads\/2022\/08\/Villa-Esen-Vadi-48-1-scaled-300x200.jpg 300w, https:\/\/kasvillarent.com\/wp-content\/uploads\/2022\/08\/Villa-Esen-Vadi-48-1-scaled-1024x683.jpg 1024w, https:\/\/kasvillarent.com\/wp-content\/uploads\/2022\/08\/Villa-Esen-Vadi-48-1-scaled-768x512.jpg 768w, https:\/\/kasvillarent.com\/wp-content\/uploads\/2022\/08\/Villa-Esen-Vadi-48-1-scaled-927x618.jpg 927w, https:\/\/kasvillarent.com\/wp-content\/uploads\/2022\/08\/Villa-Esen-Vadi-48-1-scaled-20x13.jpg 20w\" sizes=\"(max-width: 1386px) 100vw, 1386px\" \/><\/a>\n\t\t\t<\/span><\/li><li class='gallery-item'><span class='gallery-icon landscape'>\n\t\t\t\t<a href=\"https:\/\/kasvillarent.com\/tr\/accommodation\/villa-esen-vadi\/\"><img loading=\"lazy\" decoding=\"async\" width=\"1386\" height=\"924\" src=\"https:\/\/kasvillarent.com\/wp-content\/uploads\/2022\/08\/Villa-Esen-Vadi-40.-1-scaled.jpg\" class=\"attachment-villagio-thumb-small-x2 size-villagio-thumb-small-x2\" alt=\"\" srcset=\"https:\/\/kasvillarent.com\/wp-content\/uploads\/2022\/08\/Villa-Esen-Vadi-40.-1-scaled.jpg 1386w, https:\/\/kasvillarent.com\/wp-content\/uploads\/2022\/08\/Villa-Esen-Vadi-40.-1-scaled-300x200.jpg 300w, https:\/\/kasvillarent.com\/wp-content\/uploads\/2022\/08\/Villa-Esen-Vadi-40.-1-scaled-1024x683.jpg 1024w, https:\/\/kasvillarent.com\/wp-content\/uploads\/2022\/08\/Villa-Esen-Vadi-40.-1-scaled-768x512.jpg 768w, https:\/\/kasvillarent.com\/wp-content\/uploads\/2022\/08\/Villa-Esen-Vadi-40.-1-scaled-927x618.jpg 927w, https:\/\/kasvillarent.com\/wp-content\/uploads\/2022\/08\/Villa-Esen-Vadi-40.-1-scaled-20x13.jpg 20w\" sizes=\"(max-width: 1386px) 100vw, 1386px\" \/><\/a>\n\t\t\t<\/span><\/li><li class='gallery-item'><span class='gallery-icon landscape'>\n\t\t\t\t<a href=\"https:\/\/kasvillarent.com\/tr\/accommodation\/villa-esen-vadi\/\"><img loading=\"lazy\" decoding=\"async\" width=\"1227\" height=\"924\" src=\"https:\/\/kasvillarent.com\/wp-content\/uploads\/2022\/08\/Villa-Esen-Vadi-42-1-1434x1080.jpg\" class=\"attachment-villagio-thumb-small-x2 size-villagio-thumb-small-x2\" alt=\"\" srcset=\"https:\/\/kasvillarent.com\/wp-content\/uploads\/2022\/08\/Villa-Esen-Vadi-42-1-1434x1080.jpg 1227w, https:\/\/kasvillarent.com\/wp-content\/uploads\/2022\/08\/Villa-Esen-Vadi-42-1-717x540.jpg 717w\" sizes=\"(max-width: 1227px) 100vw, 1227px\" \/><\/a>\n\t\t\t<\/span><\/li><li class='gallery-item'><span class='gallery-icon landscape'>\n\t\t\t\t<a href=\"https:\/\/kasvillarent.com\/tr\/accommodation\/villa-esen-vadi\/\"><img loading=\"lazy\" decoding=\"async\" width=\"1386\" height=\"924\" src=\"https:\/\/kasvillarent.com\/wp-content\/uploads\/2022\/08\/Villa-Esen-Vadi-63-1-scaled.jpg\" class=\"attachment-villagio-thumb-small-x2 size-villagio-thumb-small-x2\" alt=\"\" srcset=\"https:\/\/kasvillarent.com\/wp-content\/uploads\/2022\/08\/Villa-Esen-Vadi-63-1-scaled.jpg 1386w, https:\/\/kasvillarent.com\/wp-content\/uploads\/2022\/08\/Villa-Esen-Vadi-63-1-scaled-300x200.jpg 300w, https:\/\/kasvillarent.com\/wp-content\/uploads\/2022\/08\/Villa-Esen-Vadi-63-1-scaled-1024x683.jpg 1024w, https:\/\/kasvillarent.com\/wp-content\/uploads\/2022\/08\/Villa-Esen-Vadi-63-1-scaled-768x512.jpg 768w, https:\/\/kasvillarent.com\/wp-content\/uploads\/2022\/08\/Villa-Esen-Vadi-63-1-scaled-927x618.jpg 927w, https:\/\/kasvillarent.com\/wp-content\/uploads\/2022\/08\/Villa-Esen-Vadi-63-1-scaled-20x13.jpg 20w\" sizes=\"(max-width: 1386px) 100vw, 1386px\" \/><\/a>\n\t\t\t<\/span><\/li><li class='gallery-item'><span class='gallery-icon landscape'>\n\t\t\t\t<a href=\"https:\/\/kasvillarent.com\/tr\/accommodation\/villa-esen-vadi\/\"><img loading=\"lazy\" decoding=\"async\" width=\"1386\" height=\"924\" src=\"https:\/\/kasvillarent.com\/wp-content\/uploads\/2022\/08\/Villa-Esen-Vadi-45-scaled.jpg\" class=\"attachment-villagio-thumb-small-x2 size-villagio-thumb-small-x2\" alt=\"\" srcset=\"https:\/\/kasvillarent.com\/wp-content\/uploads\/2022\/08\/Villa-Esen-Vadi-45-scaled.jpg 1386w, https:\/\/kasvillarent.com\/wp-content\/uploads\/2022\/08\/Villa-Esen-Vadi-45-scaled-300x200.jpg 300w, https:\/\/kasvillarent.com\/wp-content\/uploads\/2022\/08\/Villa-Esen-Vadi-45-scaled-1024x683.jpg 1024w, https:\/\/kasvillarent.com\/wp-content\/uploads\/2022\/08\/Villa-Esen-Vadi-45-scaled-768x512.jpg 768w, https:\/\/kasvillarent.com\/wp-content\/uploads\/2022\/08\/Villa-Esen-Vadi-45-scaled-927x618.jpg 927w, https:\/\/kasvillarent.com\/wp-content\/uploads\/2022\/08\/Villa-Esen-Vadi-45-scaled-20x13.jpg 20w\" sizes=\"(max-width: 1386px) 100vw, 1386px\" \/><\/a>\n\t\t\t<\/span><\/li><li class='gallery-item'><span class='gallery-icon landscape'>\n\t\t\t\t<a href=\"https:\/\/kasvillarent.com\/tr\/accommodation\/villa-esen-vadi\/\"><img loading=\"lazy\" decoding=\"async\" width=\"1386\" height=\"924\" src=\"https:\/\/kasvillarent.com\/wp-content\/uploads\/2022\/08\/Villa-Esen-Vadi-57-1-scaled.jpg\" class=\"attachment-villagio-thumb-small-x2 size-villagio-thumb-small-x2\" alt=\"\" srcset=\"https:\/\/kasvillarent.com\/wp-content\/uploads\/2022\/08\/Villa-Esen-Vadi-57-1-scaled.jpg 1386w, https:\/\/kasvillarent.com\/wp-content\/uploads\/2022\/08\/Villa-Esen-Vadi-57-1-scaled-300x200.jpg 300w, https:\/\/kasvillarent.com\/wp-content\/uploads\/2022\/08\/Villa-Esen-Vadi-57-1-scaled-1024x683.jpg 1024w, https:\/\/kasvillarent.com\/wp-content\/uploads\/2022\/08\/Villa-Esen-Vadi-57-1-scaled-768x512.jpg 768w, https:\/\/kasvillarent.com\/wp-content\/uploads\/2022\/08\/Villa-Esen-Vadi-57-1-scaled-927x618.jpg 927w, https:\/\/kasvillarent.com\/wp-content\/uploads\/2022\/08\/Villa-Esen-Vadi-57-1-scaled-20x13.jpg 20w\" sizes=\"(max-width: 1386px) 100vw, 1386px\" \/><\/a>\n\t\t\t<\/span><\/li><li class='gallery-item'><span class='gallery-icon landscape'>\n\t\t\t\t<a href=\"https:\/\/kasvillarent.com\/tr\/accommodation\/villa-esen-vadi\/\"><img loading=\"lazy\" decoding=\"async\" width=\"1386\" height=\"924\" src=\"https:\/\/kasvillarent.com\/wp-content\/uploads\/2022\/08\/Villa-Esen-Vadi-54-1-scaled.jpg\" class=\"attachment-villagio-thumb-small-x2 size-villagio-thumb-small-x2\" alt=\"\" srcset=\"https:\/\/kasvillarent.com\/wp-content\/uploads\/2022\/08\/Villa-Esen-Vadi-54-1-scaled.jpg 1386w, https:\/\/kasvillarent.com\/wp-content\/uploads\/2022\/08\/Villa-Esen-Vadi-54-1-scaled-300x200.jpg 300w, https:\/\/kasvillarent.com\/wp-content\/uploads\/2022\/08\/Villa-Esen-Vadi-54-1-scaled-1024x683.jpg 1024w, https:\/\/kasvillarent.com\/wp-content\/uploads\/2022\/08\/Villa-Esen-Vadi-54-1-scaled-768x512.jpg 768w, https:\/\/kasvillarent.com\/wp-content\/uploads\/2022\/08\/Villa-Esen-Vadi-54-1-scaled-927x618.jpg 927w, https:\/\/kasvillarent.com\/wp-content\/uploads\/2022\/08\/Villa-Esen-Vadi-54-1-scaled-20x13.jpg 20w\" sizes=\"(max-width: 1386px) 100vw, 1386px\" \/><\/a>\n\t\t\t<\/span><\/li><li class='gallery-item'><span class='gallery-icon landscape'>\n\t\t\t\t<a href=\"https:\/\/kasvillarent.com\/tr\/accommodation\/villa-esen-vadi\/\"><img loading=\"lazy\" decoding=\"async\" width=\"1386\" height=\"924\" src=\"https:\/\/kasvillarent.com\/wp-content\/uploads\/2022\/08\/Villa-Esen-Vadi-61-scaled.jpg\" class=\"attachment-villagio-thumb-small-x2 size-villagio-thumb-small-x2\" alt=\"\" srcset=\"https:\/\/kasvillarent.com\/wp-content\/uploads\/2022\/08\/Villa-Esen-Vadi-61-scaled.jpg 1386w, https:\/\/kasvillarent.com\/wp-content\/uploads\/2022\/08\/Villa-Esen-Vadi-61-scaled-300x200.jpg 300w, https:\/\/kasvillarent.com\/wp-content\/uploads\/2022\/08\/Villa-Esen-Vadi-61-scaled-1024x683.jpg 1024w, https:\/\/kasvillarent.com\/wp-content\/uploads\/2022\/08\/Villa-Esen-Vadi-61-scaled-768x512.jpg 768w, https:\/\/kasvillarent.com\/wp-content\/uploads\/2022\/08\/Villa-Esen-Vadi-61-scaled-927x618.jpg 927w, https:\/\/kasvillarent.com\/wp-content\/uploads\/2022\/08\/Villa-Esen-Vadi-61-scaled-20x13.jpg 20w\" sizes=\"(max-width: 1386px) 100vw, 1386px\" \/><\/a>\n\t\t\t<\/span><\/li><li class='gallery-item'><span class='gallery-icon landscape'>\n\t\t\t\t<a href=\"https:\/\/kasvillarent.com\/tr\/accommodation\/villa-esen-vadi\/\"><img loading=\"lazy\" decoding=\"async\" width=\"1386\" height=\"924\" src=\"https:\/\/kasvillarent.com\/wp-content\/uploads\/2022\/08\/Villa-Esen-Vadi-62-scaled.jpg\" class=\"attachment-villagio-thumb-small-x2 size-villagio-thumb-small-x2\" alt=\"\" srcset=\"https:\/\/kasvillarent.com\/wp-content\/uploads\/2022\/08\/Villa-Esen-Vadi-62-scaled.jpg 1386w, https:\/\/kasvillarent.com\/wp-content\/uploads\/2022\/08\/Villa-Esen-Vadi-62-scaled-300x200.jpg 300w, https:\/\/kasvillarent.com\/wp-content\/uploads\/2022\/08\/Villa-Esen-Vadi-62-scaled-1024x683.jpg 1024w, https:\/\/kasvillarent.com\/wp-content\/uploads\/2022\/08\/Villa-Esen-Vadi-62-scaled-768x512.jpg 768w, https:\/\/kasvillarent.com\/wp-content\/uploads\/2022\/08\/Villa-Esen-Vadi-62-scaled-927x618.jpg 927w, https:\/\/kasvillarent.com\/wp-content\/uploads\/2022\/08\/Villa-Esen-Vadi-62-scaled-20x13.jpg 20w\" sizes=\"(max-width: 1386px) 100vw, 1386px\" \/><\/a>\n\t\t\t<\/span><\/li><\/ul>\n\t\t<\/div>\n<span class=\"mphb_room_type_categories_header_wrapper\"><a href=\"https:\/\/kasvillarent.com\/tr\/konaklama-kategorisi\/bayindir-tr\/\" rel=\"tag\">Bay\u0131nd\u0131r<\/a><\/span><\/span><!-- .mphb_room_type_featured_image_wrapper --><div id='mphb-flexslider-gallery-10' class='gallery-columns-4 gallery-size-thumbnail mphb-gallery-thumbnail-slider mphb-flexslider-gallery-wrapper mphb-room-type-gallery-wrapper mphb-gallery-thumbnail-slider-69f14998e09dd' data-flexslider-atts='{\"animation\":\"slide\",\"controlNav\":false,\"animationLoop\":true,\"slideshow\":false,\"itemMargin\":5}' data-group='69f14998e09dd'><ul class=\"slides\"><li class='gallery-item'><span class='gallery-icon landscape'>\n\t\t\t\t<a href='https:\/\/kasvillarent.com\/tr\/accommodation\/villa-esen-vadi\/attachment\/villa-esen-vadi-35-2\/'><img loading=\"lazy\" decoding=\"async\" width=\"150\" height=\"150\" src=\"https:\/\/kasvillarent.com\/wp-content\/uploads\/2017\/06\/Villa-Esen-Vadi-35.-scaled-150x150.jpg\" class=\"attachment-thumbnail size-thumbnail\" alt=\"\" \/><\/a>\n\t\t\t<\/span><\/li><li class='gallery-item'><span class='gallery-icon landscape'>\n\t\t\t\t<a href='https:\/\/kasvillarent.com\/tr\/villa-esen-vadi-36-2\/'><img loading=\"lazy\" decoding=\"async\" width=\"150\" height=\"150\" src=\"https:\/\/kasvillarent.com\/wp-content\/uploads\/2022\/08\/Villa-Esen-Vadi-36.-1-scaled-150x150.jpg\" class=\"attachment-thumbnail size-thumbnail\" alt=\"\" \/><\/a>\n\t\t\t<\/span><\/li><li class='gallery-item'><span class='gallery-icon landscape'>\n\t\t\t\t<a href='https:\/\/kasvillarent.com\/tr\/villa-esen-vadi-41-2\/'><img loading=\"lazy\" decoding=\"async\" width=\"150\" height=\"150\" src=\"https:\/\/kasvillarent.com\/wp-content\/uploads\/2022\/08\/Villa-Esen-Vadi-41.-2-150x150.jpg\" class=\"attachment-thumbnail size-thumbnail\" alt=\"\" \/><\/a>\n\t\t\t<\/span><\/li><li class='gallery-item'><span class='gallery-icon landscape'>\n\t\t\t\t<a href='https:\/\/kasvillarent.com\/tr\/villa-esen-vadi-37-2\/'><img loading=\"lazy\" decoding=\"async\" width=\"150\" height=\"150\" src=\"https:\/\/kasvillarent.com\/wp-content\/uploads\/2022\/08\/Villa-Esen-Vadi-37.-1-scaled-150x150.jpg\" class=\"attachment-thumbnail size-thumbnail\" alt=\"\" \/><\/a>\n\t\t\t<\/span><\/li><li class='gallery-item'><span class='gallery-icon landscape'>\n\t\t\t\t<a href='https:\/\/kasvillarent.com\/tr\/villa-esen-vadi-39-2\/'><img loading=\"lazy\" decoding=\"async\" width=\"150\" height=\"150\" src=\"https:\/\/kasvillarent.com\/wp-content\/uploads\/2022\/08\/Villa-Esen-Vadi-39.-1-150x150.jpg\" class=\"attachment-thumbnail size-thumbnail\" alt=\"\" \/><\/a>\n\t\t\t<\/span><\/li><li class='gallery-item'><span class='gallery-icon landscape'>\n\t\t\t\t<a href='https:\/\/kasvillarent.com\/tr\/villa-esen-vadi-69-2\/'><img loading=\"lazy\" decoding=\"async\" width=\"150\" height=\"150\" src=\"https:\/\/kasvillarent.com\/wp-content\/uploads\/2022\/08\/Villa-Esen-Vadi-69-1-150x150.jpg\" class=\"attachment-thumbnail size-thumbnail\" alt=\"\" \/><\/a>\n\t\t\t<\/span><\/li><li class='gallery-item'><span class='gallery-icon landscape'>\n\t\t\t\t<a href='https:\/\/kasvillarent.com\/tr\/villa-esen-vadi-67-2\/'><img loading=\"lazy\" decoding=\"async\" width=\"150\" height=\"150\" src=\"https:\/\/kasvillarent.com\/wp-content\/uploads\/2022\/08\/Villa-Esen-Vadi-67-150x150.jpg\" class=\"attachment-thumbnail size-thumbnail\" alt=\"\" \/><\/a>\n\t\t\t<\/span><\/li><li class='gallery-item'><span class='gallery-icon landscape'>\n\t\t\t\t<a href='https:\/\/kasvillarent.com\/tr\/villa-esen-vadi-78-2\/'><img loading=\"lazy\" decoding=\"async\" width=\"150\" height=\"150\" src=\"https:\/\/kasvillarent.com\/wp-content\/uploads\/2022\/08\/Villa-Esen-Vadi-78-1-scaled-150x150.jpg\" class=\"attachment-thumbnail size-thumbnail\" alt=\"\" \/><\/a>\n\t\t\t<\/span><\/li><li class='gallery-item'><span class='gallery-icon landscape'>\n\t\t\t\t<a href='https:\/\/kasvillarent.com\/tr\/villa-esen-vadi-68-2\/'><img loading=\"lazy\" decoding=\"async\" width=\"150\" height=\"150\" src=\"https:\/\/kasvillarent.com\/wp-content\/uploads\/2022\/08\/Villa-Esen-Vadi-68-1-150x150.jpg\" class=\"attachment-thumbnail size-thumbnail\" alt=\"\" \/><\/a>\n\t\t\t<\/span><\/li><li class='gallery-item'><span class='gallery-icon landscape'>\n\t\t\t\t<a href='https:\/\/kasvillarent.com\/tr\/villa-esen-vadi-49-2\/'><img loading=\"lazy\" decoding=\"async\" width=\"150\" height=\"150\" src=\"https:\/\/kasvillarent.com\/wp-content\/uploads\/2022\/08\/Villa-Esen-Vadi-49-1-scaled-150x150.jpg\" class=\"attachment-thumbnail size-thumbnail\" alt=\"\" \/><\/a>\n\t\t\t<\/span><\/li><li class='gallery-item'><span class='gallery-icon landscape'>\n\t\t\t\t<a href='https:\/\/kasvillarent.com\/tr\/villa-esen-vadi-77-2\/'><img loading=\"lazy\" decoding=\"async\" width=\"150\" height=\"150\" src=\"https:\/\/kasvillarent.com\/wp-content\/uploads\/2022\/08\/Villa-Esen-Vadi-77-1-scaled-150x150.jpg\" class=\"attachment-thumbnail size-thumbnail\" alt=\"\" \/><\/a>\n\t\t\t<\/span><\/li><li class='gallery-item'><span class='gallery-icon landscape'>\n\t\t\t\t<a href='https:\/\/kasvillarent.com\/tr\/villa-esen-vadi-80-2\/'><img loading=\"lazy\" decoding=\"async\" width=\"150\" height=\"150\" src=\"https:\/\/kasvillarent.com\/wp-content\/uploads\/2022\/08\/Villa-Esen-Vadi-80-1-150x150.jpg\" class=\"attachment-thumbnail size-thumbnail\" alt=\"\" \/><\/a>\n\t\t\t<\/span><\/li><li class='gallery-item'><span class='gallery-icon landscape'>\n\t\t\t\t<a href='https:\/\/kasvillarent.com\/tr\/villa-esen-vadi-76-2\/'><img loading=\"lazy\" decoding=\"async\" width=\"150\" height=\"150\" src=\"https:\/\/kasvillarent.com\/wp-content\/uploads\/2022\/08\/Villa-Esen-Vadi-76-1-150x150.jpg\" class=\"attachment-thumbnail size-thumbnail\" alt=\"\" \/><\/a>\n\t\t\t<\/span><\/li><li class='gallery-item'><span class='gallery-icon landscape'>\n\t\t\t\t<a href='https:\/\/kasvillarent.com\/tr\/villa-esen-vadi-75-2\/'><img loading=\"lazy\" decoding=\"async\" width=\"150\" height=\"150\" src=\"https:\/\/kasvillarent.com\/wp-content\/uploads\/2022\/08\/Villa-Esen-Vadi-75-150x150.jpg\" class=\"attachment-thumbnail size-thumbnail\" alt=\"\" \/><\/a>\n\t\t\t<\/span><\/li><li class='gallery-item'><span class='gallery-icon landscape'>\n\t\t\t\t<a href='https:\/\/kasvillarent.com\/tr\/villa-esen-vadi-79-2\/'><img loading=\"lazy\" decoding=\"async\" width=\"150\" height=\"150\" src=\"https:\/\/kasvillarent.com\/wp-content\/uploads\/2022\/08\/Villa-Esen-Vadi-79-1-150x150.jpg\" class=\"attachment-thumbnail size-thumbnail\" alt=\"\" \/><\/a>\n\t\t\t<\/span><\/li><li class='gallery-item'><span class='gallery-icon landscape'>\n\t\t\t\t<a href='https:\/\/kasvillarent.com\/tr\/villa-esen-vadi-65-2\/'><img loading=\"lazy\" decoding=\"async\" width=\"150\" height=\"150\" src=\"https:\/\/kasvillarent.com\/wp-content\/uploads\/2022\/08\/Villa-Esen-Vadi-65-2-150x150.jpg\" class=\"attachment-thumbnail size-thumbnail\" alt=\"\" \/><\/a>\n\t\t\t<\/span><\/li><li class='gallery-item'><span class='gallery-icon landscape'>\n\t\t\t\t<a href='https:\/\/kasvillarent.com\/tr\/villa-esen-vadi-59-2\/'><img loading=\"lazy\" decoding=\"async\" width=\"150\" height=\"150\" src=\"https:\/\/kasvillarent.com\/wp-content\/uploads\/2022\/08\/Villa-Esen-Vadi-59-2-scaled-150x150.jpg\" class=\"attachment-thumbnail size-thumbnail\" alt=\"\" \/><\/a>\n\t\t\t<\/span><\/li><li class='gallery-item'><span class='gallery-icon landscape'>\n\t\t\t\t<a href='https:\/\/kasvillarent.com\/tr\/villa-esen-vadi-55-2\/'><img loading=\"lazy\" decoding=\"async\" width=\"150\" height=\"150\" src=\"https:\/\/kasvillarent.com\/wp-content\/uploads\/2022\/08\/Villa-Esen-Vadi-55-1-scaled-150x150.jpg\" class=\"attachment-thumbnail size-thumbnail\" alt=\"\" \/><\/a>\n\t\t\t<\/span><\/li><li class='gallery-item'><span class='gallery-icon landscape'>\n\t\t\t\t<a href='https:\/\/kasvillarent.com\/tr\/villa-esen-vadi-89-2\/'><img loading=\"lazy\" decoding=\"async\" width=\"150\" height=\"150\" src=\"https:\/\/kasvillarent.com\/wp-content\/uploads\/2022\/08\/Villa-Esen-Vadi-89-1-150x150.jpg\" class=\"attachment-thumbnail size-thumbnail\" alt=\"\" \/><\/a>\n\t\t\t<\/span><\/li><li class='gallery-item'><span class='gallery-icon landscape'>\n\t\t\t\t<a href='https:\/\/kasvillarent.com\/tr\/villa-esen-vadi-5-2\/'><img loading=\"lazy\" decoding=\"async\" width=\"150\" height=\"150\" src=\"https:\/\/kasvillarent.com\/wp-content\/uploads\/2022\/08\/Villa-Esen-Vadi-5-1-150x150.jpg\" class=\"attachment-thumbnail size-thumbnail\" alt=\"\" \/><\/a>\n\t\t\t<\/span><\/li><li class='gallery-item'><span class='gallery-icon landscape'>\n\t\t\t\t<a href='https:\/\/kasvillarent.com\/tr\/villa-esen-vadi-93-2\/'><img loading=\"lazy\" decoding=\"async\" width=\"150\" height=\"150\" src=\"https:\/\/kasvillarent.com\/wp-content\/uploads\/2022\/08\/Villa-Esen-Vadi-93-1-scaled-150x150.jpg\" class=\"attachment-thumbnail size-thumbnail\" alt=\"\" \/><\/a>\n\t\t\t<\/span><\/li><li class='gallery-item'><span class='gallery-icon landscape'>\n\t\t\t\t<a href='https:\/\/kasvillarent.com\/tr\/villa-esen-vadi-92-2\/'><img loading=\"lazy\" decoding=\"async\" width=\"150\" height=\"150\" src=\"https:\/\/kasvillarent.com\/wp-content\/uploads\/2022\/08\/Villa-Esen-Vadi-92-scaled-150x150.jpg\" class=\"attachment-thumbnail size-thumbnail\" alt=\"\" \/><\/a>\n\t\t\t<\/span><\/li><li class='gallery-item'><span class='gallery-icon landscape'>\n\t\t\t\t<a href='https:\/\/kasvillarent.com\/tr\/villa-esen-vadi-6-2\/'><img loading=\"lazy\" decoding=\"async\" width=\"150\" height=\"150\" src=\"https:\/\/kasvillarent.com\/wp-content\/uploads\/2022\/08\/Villa-Esen-Vadi-6-1-scaled-150x150.jpg\" class=\"attachment-thumbnail size-thumbnail\" alt=\"\" \/><\/a>\n\t\t\t<\/span><\/li><li class='gallery-item'><span class='gallery-icon landscape'>\n\t\t\t\t<a href='https:\/\/kasvillarent.com\/tr\/villa-esen-vadi-4-2\/'><img loading=\"lazy\" decoding=\"async\" width=\"150\" height=\"150\" src=\"https:\/\/kasvillarent.com\/wp-content\/uploads\/2022\/08\/Villa-Esen-Vadi-4-1-150x150.jpg\" class=\"attachment-thumbnail size-thumbnail\" alt=\"\" \/><\/a>\n\t\t\t<\/span><\/li><li class='gallery-item'><span class='gallery-icon landscape'>\n\t\t\t\t<a href='https:\/\/kasvillarent.com\/tr\/villa-esen-vadi-2-2\/'><img loading=\"lazy\" decoding=\"async\" width=\"150\" height=\"150\" src=\"https:\/\/kasvillarent.com\/wp-content\/uploads\/2022\/08\/Villa-Esen-Vadi-2-1-scaled-150x150.jpg\" class=\"attachment-thumbnail size-thumbnail\" alt=\"\" \/><\/a>\n\t\t\t<\/span><\/li><li class='gallery-item'><span class='gallery-icon landscape'>\n\t\t\t\t<a href='https:\/\/kasvillarent.com\/tr\/villa-esen-vadi-1-2\/'><img loading=\"lazy\" decoding=\"async\" width=\"150\" height=\"150\" src=\"https:\/\/kasvillarent.com\/wp-content\/uploads\/2022\/08\/Villa-Esen-Vadi-1-1-scaled-150x150.jpg\" class=\"attachment-thumbnail size-thumbnail\" alt=\"\" \/><\/a>\n\t\t\t<\/span><\/li><li class='gallery-item'><span class='gallery-icon landscape'>\n\t\t\t\t<a href='https:\/\/kasvillarent.com\/tr\/villa-esen-vadi-3-2\/'><img loading=\"lazy\" decoding=\"async\" width=\"150\" height=\"150\" src=\"https:\/\/kasvillarent.com\/wp-content\/uploads\/2022\/08\/Villa-Esen-Vadi-3-1-scaled-150x150.jpg\" class=\"attachment-thumbnail size-thumbnail\" alt=\"\" \/><\/a>\n\t\t\t<\/span><\/li><li class='gallery-item'><span class='gallery-icon landscape'>\n\t\t\t\t<a href='https:\/\/kasvillarent.com\/tr\/villa-esen-vadi-90-2\/'><img loading=\"lazy\" decoding=\"async\" width=\"150\" height=\"150\" src=\"https:\/\/kasvillarent.com\/wp-content\/uploads\/2022\/08\/Villa-Esen-Vadi-90-1-150x150.jpg\" class=\"attachment-thumbnail size-thumbnail\" alt=\"\" \/><\/a>\n\t\t\t<\/span><\/li><li class='gallery-item'><span class='gallery-icon landscape'>\n\t\t\t\t<a href='https:\/\/kasvillarent.com\/tr\/villa-esen-vadi-24-2\/'><img loading=\"lazy\" decoding=\"async\" width=\"150\" height=\"150\" src=\"https:\/\/kasvillarent.com\/wp-content\/uploads\/2022\/08\/Villa-Esen-Vadi-24-1-150x150.jpg\" class=\"attachment-thumbnail size-thumbnail\" alt=\"\" \/><\/a>\n\t\t\t<\/span><\/li><li class='gallery-item'><span class='gallery-icon landscape'>\n\t\t\t\t<a href='https:\/\/kasvillarent.com\/tr\/villa-esen-vadi-91-2\/'><img loading=\"lazy\" decoding=\"async\" width=\"150\" height=\"150\" src=\"https:\/\/kasvillarent.com\/wp-content\/uploads\/2022\/08\/Villa-Esen-Vadi-91-scaled-150x150.jpg\" class=\"attachment-thumbnail size-thumbnail\" alt=\"\" \/><\/a>\n\t\t\t<\/span><\/li><li class='gallery-item'><span class='gallery-icon landscape'>\n\t\t\t\t<a href='https:\/\/kasvillarent.com\/tr\/villa-esen-vadi-9-2\/'><img loading=\"lazy\" decoding=\"async\" width=\"150\" height=\"150\" src=\"https:\/\/kasvillarent.com\/wp-content\/uploads\/2022\/08\/Villa-Esen-Vadi-9-scaled-150x150.jpg\" class=\"attachment-thumbnail size-thumbnail\" alt=\"\" \/><\/a>\n\t\t\t<\/span><\/li><li class='gallery-item'><span class='gallery-icon landscape'>\n\t\t\t\t<a href='https:\/\/kasvillarent.com\/tr\/villa-esen-vadi-23-2\/'><img loading=\"lazy\" decoding=\"async\" width=\"150\" height=\"150\" src=\"https:\/\/kasvillarent.com\/wp-content\/uploads\/2022\/08\/Villa-Esen-Vadi-23-150x150.jpg\" class=\"attachment-thumbnail size-thumbnail\" alt=\"\" \/><\/a>\n\t\t\t<\/span><\/li><li class='gallery-item'><span class='gallery-icon landscape'>\n\t\t\t\t<a href='https:\/\/kasvillarent.com\/tr\/villa-esen-vadi-8-2\/'><img loading=\"lazy\" decoding=\"async\" width=\"150\" height=\"150\" src=\"https:\/\/kasvillarent.com\/wp-content\/uploads\/2022\/08\/Villa-Esen-Vadi-8-scaled-150x150.jpg\" class=\"attachment-thumbnail size-thumbnail\" alt=\"\" \/><\/a>\n\t\t\t<\/span><\/li><li class='gallery-item'><span class='gallery-icon landscape'>\n\t\t\t\t<a href='https:\/\/kasvillarent.com\/tr\/villa-esen-vadi-26-2\/'><img loading=\"lazy\" decoding=\"async\" width=\"150\" height=\"150\" src=\"https:\/\/kasvillarent.com\/wp-content\/uploads\/2022\/08\/Villa-Esen-Vadi-26-1-150x150.jpg\" class=\"attachment-thumbnail size-thumbnail\" alt=\"\" \/><\/a>\n\t\t\t<\/span><\/li><li class='gallery-item'><span class='gallery-icon landscape'>\n\t\t\t\t<a href='https:\/\/kasvillarent.com\/tr\/villa-esen-vadi-13-2\/'><img loading=\"lazy\" decoding=\"async\" width=\"150\" height=\"150\" src=\"https:\/\/kasvillarent.com\/wp-content\/uploads\/2022\/08\/Villa-Esen-Vadi-13-1-scaled-150x150.jpg\" class=\"attachment-thumbnail size-thumbnail\" alt=\"\" \/><\/a>\n\t\t\t<\/span><\/li><li class='gallery-item'><span class='gallery-icon landscape'>\n\t\t\t\t<a href='https:\/\/kasvillarent.com\/tr\/villa-esen-vadi-18-2\/'><img loading=\"lazy\" decoding=\"async\" width=\"150\" height=\"150\" src=\"https:\/\/kasvillarent.com\/wp-content\/uploads\/2022\/08\/Villa-Esen-Vadi-18-1-150x150.jpg\" class=\"attachment-thumbnail size-thumbnail\" alt=\"\" \/><\/a>\n\t\t\t<\/span><\/li><li class='gallery-item'><span class='gallery-icon landscape'>\n\t\t\t\t<a href='https:\/\/kasvillarent.com\/tr\/villa-esen-vadi-88-2\/'><img loading=\"lazy\" decoding=\"async\" width=\"150\" height=\"150\" src=\"https:\/\/kasvillarent.com\/wp-content\/uploads\/2022\/08\/Villa-Esen-Vadi-88-1-scaled-150x150.jpg\" class=\"attachment-thumbnail size-thumbnail\" alt=\"\" \/><\/a>\n\t\t\t<\/span><\/li><li class='gallery-item'><span class='gallery-icon landscape'>\n\t\t\t\t<a href='https:\/\/kasvillarent.com\/tr\/villa-esen-vadi-32-2\/'><img loading=\"lazy\" decoding=\"async\" width=\"150\" height=\"150\" src=\"https:\/\/kasvillarent.com\/wp-content\/uploads\/2022\/08\/Villa-Esen-Vadi-32.-1-150x150.jpg\" class=\"attachment-thumbnail size-thumbnail\" alt=\"\" \/><\/a>\n\t\t\t<\/span><\/li><li class='gallery-item'><span class='gallery-icon landscape'>\n\t\t\t\t<a href='https:\/\/kasvillarent.com\/tr\/villa-esen-vadi-28-2\/'><img loading=\"lazy\" decoding=\"async\" width=\"150\" height=\"150\" src=\"https:\/\/kasvillarent.com\/wp-content\/uploads\/2022\/08\/Villa-Esen-Vadi-28-1-scaled-150x150.jpg\" class=\"attachment-thumbnail size-thumbnail\" alt=\"\" \/><\/a>\n\t\t\t<\/span><\/li><li class='gallery-item'><span class='gallery-icon landscape'>\n\t\t\t\t<a href='https:\/\/kasvillarent.com\/tr\/villa-esen-vadi-30-2\/'><img loading=\"lazy\" decoding=\"async\" width=\"150\" height=\"150\" src=\"https:\/\/kasvillarent.com\/wp-content\/uploads\/2022\/08\/Villa-Esen-Vadi-30-scaled-150x150.jpg\" class=\"attachment-thumbnail size-thumbnail\" alt=\"\" \/><\/a>\n\t\t\t<\/span><\/li><li class='gallery-item'><span class='gallery-icon landscape'>\n\t\t\t\t<a href='https:\/\/kasvillarent.com\/tr\/villa-esen-vadi-82-2\/'><img loading=\"lazy\" decoding=\"async\" width=\"150\" height=\"150\" src=\"https:\/\/kasvillarent.com\/wp-content\/uploads\/2022\/08\/Villa-Esen-Vadi-82-1-scaled-150x150.jpg\" class=\"attachment-thumbnail size-thumbnail\" alt=\"\" \/><\/a>\n\t\t\t<\/span><\/li><li class='gallery-item'><span class='gallery-icon portrait'>\n\t\t\t\t<a href='https:\/\/kasvillarent.com\/tr\/villa-esen-vadi-31-2\/'><img loading=\"lazy\" decoding=\"async\" width=\"150\" height=\"150\" src=\"https:\/\/kasvillarent.com\/wp-content\/uploads\/2022\/08\/Villa-Esen-Vadi-31-1-scaled-150x150.jpg\" class=\"attachment-thumbnail size-thumbnail\" alt=\"\" \/><\/a>\n\t\t\t<\/span><\/li><li class='gallery-item'><span class='gallery-icon portrait'>\n\t\t\t\t<a href='https:\/\/kasvillarent.com\/tr\/villa-esen-vadi-25-2\/'><img loading=\"lazy\" decoding=\"async\" width=\"150\" height=\"150\" src=\"https:\/\/kasvillarent.com\/wp-content\/uploads\/2022\/08\/Villa-Esen-Vadi-25-scaled-150x150.jpg\" class=\"attachment-thumbnail size-thumbnail\" alt=\"\" \/><\/a>\n\t\t\t<\/span><\/li><li class='gallery-item'><span class='gallery-icon landscape'>\n\t\t\t\t<a href='https:\/\/kasvillarent.com\/tr\/villa-esen-vadi-22-2\/'><img loading=\"lazy\" decoding=\"async\" width=\"150\" height=\"150\" src=\"https:\/\/kasvillarent.com\/wp-content\/uploads\/2022\/08\/Villa-Esen-Vadi-22-1-150x150.jpg\" class=\"attachment-thumbnail size-thumbnail\" alt=\"\" \/><\/a>\n\t\t\t<\/span><\/li><li class='gallery-item'><span class='gallery-icon landscape'>\n\t\t\t\t<a href='https:\/\/kasvillarent.com\/tr\/villa-esen-vadi-12-2\/'><img loading=\"lazy\" decoding=\"async\" width=\"150\" height=\"150\" src=\"https:\/\/kasvillarent.com\/wp-content\/uploads\/2022\/08\/Villa-Esen-Vadi-12-1-150x150.jpg\" class=\"attachment-thumbnail size-thumbnail\" alt=\"\" \/><\/a>\n\t\t\t<\/span><\/li><li class='gallery-item'><span class='gallery-icon landscape'>\n\t\t\t\t<a href='https:\/\/kasvillarent.com\/tr\/villa-esen-vadi-86-2\/'><img loading=\"lazy\" decoding=\"async\" width=\"150\" height=\"150\" src=\"https:\/\/kasvillarent.com\/wp-content\/uploads\/2022\/08\/Villa-Esen-Vadi-86-150x150.jpg\" class=\"attachment-thumbnail size-thumbnail\" alt=\"\" \/><\/a>\n\t\t\t<\/span><\/li><li class='gallery-item'><span class='gallery-icon landscape'>\n\t\t\t\t<a href='https:\/\/kasvillarent.com\/tr\/villa-esen-vadi-85-2\/'><img loading=\"lazy\" decoding=\"async\" width=\"150\" height=\"150\" src=\"https:\/\/kasvillarent.com\/wp-content\/uploads\/2022\/08\/Villa-Esen-Vadi-85-scaled-150x150.jpg\" class=\"attachment-thumbnail size-thumbnail\" alt=\"\" \/><\/a>\n\t\t\t<\/span><\/li><li class='gallery-item'><span class='gallery-icon landscape'>\n\t\t\t\t<a href='https:\/\/kasvillarent.com\/tr\/villa-esen-vadi-84-2\/'><img loading=\"lazy\" decoding=\"async\" width=\"150\" height=\"150\" src=\"https:\/\/kasvillarent.com\/wp-content\/uploads\/2022\/08\/Villa-Esen-Vadi-84-scaled-150x150.jpg\" class=\"attachment-thumbnail size-thumbnail\" alt=\"\" \/><\/a>\n\t\t\t<\/span><\/li><li class='gallery-item'><span class='gallery-icon landscape'>\n\t\t\t\t<a href='https:\/\/kasvillarent.com\/tr\/villa-esen-vadi-17-2\/'><img loading=\"lazy\" decoding=\"async\" width=\"150\" height=\"150\" src=\"https:\/\/kasvillarent.com\/wp-content\/uploads\/2022\/08\/Villa-Esen-Vadi-17-1-150x150.jpg\" class=\"attachment-thumbnail size-thumbnail\" alt=\"\" \/><\/a>\n\t\t\t<\/span><\/li><li class='gallery-item'><span class='gallery-icon landscape'>\n\t\t\t\t<a href='https:\/\/kasvillarent.com\/tr\/villa-esen-vadi-20-2\/'><img loading=\"lazy\" decoding=\"async\" width=\"150\" height=\"150\" src=\"https:\/\/kasvillarent.com\/wp-content\/uploads\/2022\/08\/Villa-Esen-Vadi-20-scaled-150x150.jpg\" class=\"attachment-thumbnail size-thumbnail\" alt=\"\" \/><\/a>\n\t\t\t<\/span><\/li><li class='gallery-item'><span class='gallery-icon landscape'>\n\t\t\t\t<a href='https:\/\/kasvillarent.com\/tr\/villa-esen-vadi-16-2\/'><img loading=\"lazy\" decoding=\"async\" width=\"150\" height=\"150\" src=\"https:\/\/kasvillarent.com\/wp-content\/uploads\/2022\/08\/Villa-Esen-Vadi-16-scaled-150x150.jpg\" class=\"attachment-thumbnail size-thumbnail\" alt=\"\" \/><\/a>\n\t\t\t<\/span><\/li><li class='gallery-item'><span class='gallery-icon landscape'>\n\t\t\t\t<a href='https:\/\/kasvillarent.com\/tr\/villa-esen-vadi-14-2\/'><img loading=\"lazy\" decoding=\"async\" width=\"150\" height=\"150\" src=\"https:\/\/kasvillarent.com\/wp-content\/uploads\/2022\/08\/Villa-Esen-Vadi-14-1-150x150.jpg\" class=\"attachment-thumbnail size-thumbnail\" alt=\"\" \/><\/a>\n\t\t\t<\/span><\/li><li class='gallery-item'><span class='gallery-icon landscape'>\n\t\t\t\t<a href='https:\/\/kasvillarent.com\/tr\/villa-esen-vadi-83-2\/'><img loading=\"lazy\" decoding=\"async\" width=\"150\" height=\"150\" src=\"https:\/\/kasvillarent.com\/wp-content\/uploads\/2022\/08\/Villa-Esen-Vadi-83-1-150x150.jpg\" class=\"attachment-thumbnail size-thumbnail\" alt=\"\" \/><\/a>\n\t\t\t<\/span><\/li><li class='gallery-item'><span class='gallery-icon landscape'>\n\t\t\t\t<a href='https:\/\/kasvillarent.com\/tr\/villa-esen-vadi-15-2\/'><img loading=\"lazy\" decoding=\"async\" width=\"150\" height=\"150\" src=\"https:\/\/kasvillarent.com\/wp-content\/uploads\/2022\/08\/Villa-Esen-Vadi-15-1-150x150.jpg\" class=\"attachment-thumbnail size-thumbnail\" alt=\"\" \/><\/a>\n\t\t\t<\/span><\/li><li class='gallery-item'><span class='gallery-icon landscape'>\n\t\t\t\t<a href='https:\/\/kasvillarent.com\/tr\/villa-esen-vadi-19-2\/'><img loading=\"lazy\" decoding=\"async\" width=\"150\" height=\"150\" src=\"https:\/\/kasvillarent.com\/wp-content\/uploads\/2022\/08\/Villa-Esen-Vadi-19-150x150.jpg\" class=\"attachment-thumbnail size-thumbnail\" alt=\"\" \/><\/a>\n\t\t\t<\/span><\/li><li class='gallery-item'><span class='gallery-icon landscape'>\n\t\t\t\t<a href='https:\/\/kasvillarent.com\/tr\/villa-esen-vadi-87-2\/'><img loading=\"lazy\" decoding=\"async\" width=\"150\" height=\"150\" src=\"https:\/\/kasvillarent.com\/wp-content\/uploads\/2022\/08\/Villa-Esen-Vadi-87-1-scaled-150x150.jpg\" class=\"attachment-thumbnail size-thumbnail\" alt=\"\" \/><\/a>\n\t\t\t<\/span><\/li><li class='gallery-item'><span class='gallery-icon landscape'>\n\t\t\t\t<a href='https:\/\/kasvillarent.com\/tr\/villa-esen-vadi-11-2\/'><img loading=\"lazy\" decoding=\"async\" width=\"150\" height=\"150\" src=\"https:\/\/kasvillarent.com\/wp-content\/uploads\/2022\/08\/Villa-Esen-Vadi-11-1-scaled-150x150.jpg\" class=\"attachment-thumbnail size-thumbnail\" alt=\"\" \/><\/a>\n\t\t\t<\/span><\/li><li class='gallery-item'><span class='gallery-icon landscape'>\n\t\t\t\t<a href='https:\/\/kasvillarent.com\/tr\/villa-esen-vadi-21-2\/'><img loading=\"lazy\" decoding=\"async\" width=\"150\" height=\"150\" src=\"https:\/\/kasvillarent.com\/wp-content\/uploads\/2022\/08\/Villa-Esen-Vadi-21-1-scaled-150x150.jpg\" class=\"attachment-thumbnail size-thumbnail\" alt=\"\" \/><\/a>\n\t\t\t<\/span><\/li><li class='gallery-item'><span class='gallery-icon landscape'>\n\t\t\t\t<a href='https:\/\/kasvillarent.com\/tr\/villa-esen-vadi-74-2\/'><img loading=\"lazy\" decoding=\"async\" width=\"150\" height=\"150\" src=\"https:\/\/kasvillarent.com\/wp-content\/uploads\/2022\/08\/Villa-Esen-Vadi-74-1-scaled-150x150.jpg\" class=\"attachment-thumbnail size-thumbnail\" alt=\"\" \/><\/a>\n\t\t\t<\/span><\/li><li class='gallery-item'><span class='gallery-icon landscape'>\n\t\t\t\t<a href='https:\/\/kasvillarent.com\/tr\/villa-esen-vadi-72-2\/'><img loading=\"lazy\" decoding=\"async\" width=\"150\" height=\"150\" src=\"https:\/\/kasvillarent.com\/wp-content\/uploads\/2022\/08\/Villa-Esen-Vadi-72-1-150x150.jpg\" class=\"attachment-thumbnail size-thumbnail\" alt=\"\" \/><\/a>\n\t\t\t<\/span><\/li><li class='gallery-item'><span class='gallery-icon landscape'>\n\t\t\t\t<a href='https:\/\/kasvillarent.com\/tr\/villa-esen-vadi-71-2\/'><img loading=\"lazy\" decoding=\"async\" width=\"150\" height=\"150\" src=\"https:\/\/kasvillarent.com\/wp-content\/uploads\/2022\/08\/Villa-Esen-Vadi-71-1-150x150.jpg\" class=\"attachment-thumbnail size-thumbnail\" alt=\"\" \/><\/a>\n\t\t\t<\/span><\/li><li class='gallery-item'><span class='gallery-icon landscape'>\n\t\t\t\t<a href='https:\/\/kasvillarent.com\/tr\/villa-esen-vadi-70-2\/'><img loading=\"lazy\" decoding=\"async\" width=\"150\" height=\"150\" src=\"https:\/\/kasvillarent.com\/wp-content\/uploads\/2022\/08\/Villa-Esen-Vadi-70-1-150x150.jpg\" class=\"attachment-thumbnail size-thumbnail\" alt=\"\" \/><\/a>\n\t\t\t<\/span><\/li><li class='gallery-item'><span class='gallery-icon landscape'>\n\t\t\t\t<a href='https:\/\/kasvillarent.com\/tr\/villa-esen-vadi-64-2\/'><img loading=\"lazy\" decoding=\"async\" width=\"150\" height=\"150\" src=\"https:\/\/kasvillarent.com\/wp-content\/uploads\/2022\/08\/Villa-Esen-Vadi-64-1-scaled-150x150.jpg\" class=\"attachment-thumbnail size-thumbnail\" alt=\"\" \/><\/a>\n\t\t\t<\/span><\/li><li class='gallery-item'><span class='gallery-icon landscape'>\n\t\t\t\t<a href='https:\/\/kasvillarent.com\/tr\/villa-esen-vadi-66-2\/'><img loading=\"lazy\" decoding=\"async\" width=\"150\" height=\"150\" src=\"https:\/\/kasvillarent.com\/wp-content\/uploads\/2022\/08\/Villa-Esen-Vadi-66-1-150x150.jpg\" class=\"attachment-thumbnail size-thumbnail\" alt=\"\" \/><\/a>\n\t\t\t<\/span><\/li><li class='gallery-item'><span class='gallery-icon landscape'>\n\t\t\t\t<a href='https:\/\/kasvillarent.com\/tr\/villa-esen-vadi-38-2\/'><img loading=\"lazy\" decoding=\"async\" width=\"150\" height=\"150\" src=\"https:\/\/kasvillarent.com\/wp-content\/uploads\/2022\/08\/Villa-Esen-Vadi-38.-1-150x150.jpg\" class=\"attachment-thumbnail size-thumbnail\" alt=\"\" \/><\/a>\n\t\t\t<\/span><\/li><li class='gallery-item'><span class='gallery-icon landscape'>\n\t\t\t\t<a href='https:\/\/kasvillarent.com\/tr\/villa-esen-vadi-44-2\/'><img loading=\"lazy\" decoding=\"async\" width=\"150\" height=\"150\" src=\"https:\/\/kasvillarent.com\/wp-content\/uploads\/2022\/08\/Villa-Esen-Vadi-44-scaled-150x150.jpg\" class=\"attachment-thumbnail size-thumbnail\" alt=\"\" \/><\/a>\n\t\t\t<\/span><\/li><li class='gallery-item'><span class='gallery-icon landscape'>\n\t\t\t\t<a href='https:\/\/kasvillarent.com\/tr\/villa-esen-vadi-47-2\/'><img loading=\"lazy\" decoding=\"async\" width=\"150\" height=\"150\" src=\"https:\/\/kasvillarent.com\/wp-content\/uploads\/2022\/08\/Villa-Esen-Vadi-47-1-150x150.jpg\" class=\"attachment-thumbnail size-thumbnail\" alt=\"\" \/><\/a>\n\t\t\t<\/span><\/li><li class='gallery-item'><span class='gallery-icon landscape'>\n\t\t\t\t<a href='https:\/\/kasvillarent.com\/tr\/villa-esen-vadi-56-2\/'><img loading=\"lazy\" decoding=\"async\" width=\"150\" height=\"150\" src=\"https:\/\/kasvillarent.com\/wp-content\/uploads\/2022\/08\/Villa-Esen-Vadi-56-1-150x150.jpg\" class=\"attachment-thumbnail size-thumbnail\" alt=\"\" \/><\/a>\n\t\t\t<\/span><\/li><li class='gallery-item'><span class='gallery-icon landscape'>\n\t\t\t\t<a href='https:\/\/kasvillarent.com\/tr\/villa-esen-vadi-51-2\/'><img loading=\"lazy\" decoding=\"async\" width=\"150\" height=\"150\" src=\"https:\/\/kasvillarent.com\/wp-content\/uploads\/2022\/08\/Villa-Esen-Vadi-51-scaled-150x150.jpg\" class=\"attachment-thumbnail size-thumbnail\" alt=\"\" \/><\/a>\n\t\t\t<\/span><\/li><li class='gallery-item'><span class='gallery-icon landscape'>\n\t\t\t\t<a href='https:\/\/kasvillarent.com\/tr\/villa-esen-vadi-48-2\/'><img loading=\"lazy\" decoding=\"async\" width=\"150\" height=\"150\" src=\"https:\/\/kasvillarent.com\/wp-content\/uploads\/2022\/08\/Villa-Esen-Vadi-48-1-scaled-150x150.jpg\" class=\"attachment-thumbnail size-thumbnail\" alt=\"\" \/><\/a>\n\t\t\t<\/span><\/li><li class='gallery-item'><span class='gallery-icon landscape'>\n\t\t\t\t<a href='https:\/\/kasvillarent.com\/tr\/villa-esen-vadi-40-2\/'><img loading=\"lazy\" decoding=\"async\" width=\"150\" height=\"150\" src=\"https:\/\/kasvillarent.com\/wp-content\/uploads\/2022\/08\/Villa-Esen-Vadi-40.-1-scaled-150x150.jpg\" class=\"attachment-thumbnail size-thumbnail\" alt=\"\" \/><\/a>\n\t\t\t<\/span><\/li><li class='gallery-item'><span class='gallery-icon landscape'>\n\t\t\t\t<a href='https:\/\/kasvillarent.com\/tr\/villa-esen-vadi-42-2\/'><img loading=\"lazy\" decoding=\"async\" width=\"150\" height=\"150\" src=\"https:\/\/kasvillarent.com\/wp-content\/uploads\/2022\/08\/Villa-Esen-Vadi-42-1-150x150.jpg\" class=\"attachment-thumbnail size-thumbnail\" alt=\"\" \/><\/a>\n\t\t\t<\/span><\/li><li class='gallery-item'><span class='gallery-icon landscape'>\n\t\t\t\t<a href='https:\/\/kasvillarent.com\/tr\/villa-esen-vadi-63-2\/'><img loading=\"lazy\" decoding=\"async\" width=\"150\" height=\"150\" src=\"https:\/\/kasvillarent.com\/wp-content\/uploads\/2022\/08\/Villa-Esen-Vadi-63-1-scaled-150x150.jpg\" class=\"attachment-thumbnail size-thumbnail\" alt=\"\" \/><\/a>\n\t\t\t<\/span><\/li><li class='gallery-item'><span class='gallery-icon landscape'>\n\t\t\t\t<a href='https:\/\/kasvillarent.com\/tr\/villa-esen-vadi-45-2\/'><img loading=\"lazy\" decoding=\"async\" width=\"150\" height=\"150\" src=\"https:\/\/kasvillarent.com\/wp-content\/uploads\/2022\/08\/Villa-Esen-Vadi-45-scaled-150x150.jpg\" class=\"attachment-thumbnail size-thumbnail\" alt=\"\" \/><\/a>\n\t\t\t<\/span><\/li><li class='gallery-item'><span class='gallery-icon landscape'>\n\t\t\t\t<a href='https:\/\/kasvillarent.com\/tr\/villa-esen-vadi-57-2\/'><img loading=\"lazy\" decoding=\"async\" width=\"150\" height=\"150\" src=\"https:\/\/kasvillarent.com\/wp-content\/uploads\/2022\/08\/Villa-Esen-Vadi-57-1-scaled-150x150.jpg\" class=\"attachment-thumbnail size-thumbnail\" alt=\"\" \/><\/a>\n\t\t\t<\/span><\/li><li class='gallery-item'><span class='gallery-icon landscape'>\n\t\t\t\t<a href='https:\/\/kasvillarent.com\/tr\/villa-esen-vadi-54-2\/'><img loading=\"lazy\" decoding=\"async\" width=\"150\" height=\"150\" src=\"https:\/\/kasvillarent.com\/wp-content\/uploads\/2022\/08\/Villa-Esen-Vadi-54-1-scaled-150x150.jpg\" class=\"attachment-thumbnail size-thumbnail\" alt=\"\" \/><\/a>\n\t\t\t<\/span><\/li><li class='gallery-item'><span class='gallery-icon landscape'>\n\t\t\t\t<a href='https:\/\/kasvillarent.com\/tr\/villa-esen-vadi-61-2\/'><img loading=\"lazy\" decoding=\"async\" width=\"150\" height=\"150\" src=\"https:\/\/kasvillarent.com\/wp-content\/uploads\/2022\/08\/Villa-Esen-Vadi-61-scaled-150x150.jpg\" class=\"attachment-thumbnail size-thumbnail\" alt=\"\" \/><\/a>\n\t\t\t<\/span><\/li><li class='gallery-item'><span class='gallery-icon landscape'>\n\t\t\t\t<a href='https:\/\/kasvillarent.com\/tr\/villa-esen-vadi-62-2\/'><img loading=\"lazy\" decoding=\"async\" width=\"150\" height=\"150\" src=\"https:\/\/kasvillarent.com\/wp-content\/uploads\/2022\/08\/Villa-Esen-Vadi-62-scaled-150x150.jpg\" class=\"attachment-thumbnail size-thumbnail\" alt=\"\" \/><\/a>\n\t\t\t<\/span><\/li><\/ul>\n\t\t<\/div>\n\n\t<\/div>\n\t\n<h2 class=\"mphb-room-type-title entry-title\">\n\n<a class=\"mphb-room-type-title\" href=\"https:\/\/kasvillarent.com\/tr\/accommodation\/villa-esen-vadi\/\">Villa Bay\u0131nd\u0131r I<\/a>\n\n<\/h2>\n\n<p>Villa Bay\u0131nd\u0131r I, Ka\u015f&#8217;\u0131n Bay\u0131nd\u0131r k\u00f6y\u00fcnde yer alan daha \u00e7ok muhafazakar aileler i\u00e7in uygun bir kiral\u0131k villad\u0131r. G\u00f6zlerden uzak bir alanda harika orman manzaras\u0131na sahip 3 yatak odas\u0131 ile alt\u0131 ki\u015fiye kadar a\u011f\u0131rlayabilir. Villan\u0131n havuzu d\u0131\u015f manzaraya olduk\u00e7a kapal\u0131 olup izolasyon ve mahremiyet sa\u011flamaktad\u0131r, ancak bu t\u00fcr villalar\u0131n gelene\u011fi oldu\u011fu \u00fczere y\u00fczde 100 g\u00f6r\u00fcnmezlik garanti &hellip; <a href=\"https:\/\/kasvillarent.com\/tr\/accommodation\/villa-esen-vadi\/\" class=\"more-link\">Continue reading<span class=\"screen-reader-text\"> &#8220;Villa Bay\u0131nd\u0131r I&#8221;<\/span><\/a><\/p>\n\n\n<h3 class=\"mphb-room-type-details-title\">Detaylar<\/h3><ul class=\"mphb-loop-room-type-attributes\">\n\n\n\t<li class=\"mphb-room-type-adults-capacity\"><span class=\"mphb-attribute-title mphb-adults-title\">Misafirler:<\/span><span class=\"mphb-attribute-value\">\n\t6\n\t<\/span><\/li>\n\t\n\n\t<li class=\"mphb-room-type-facilities\"><span class=\"mphb-attribute-title mphb-facilities-title\">Kolayl\u0131klar:<\/span><span class=\"mphb-attribute-value\"> <span class=\"facility-duz-ekran-tv\"><a href=\"https:\/\/kasvillarent.com\/tr\/konaklama%20tesisi\/duz-ekran-tv\/\">D\u00fcz ekran TV<\/a><\/span>, <span class=\"facility-klima\"><a href=\"https:\/\/kasvillarent.com\/tr\/konaklama%20tesisi\/klima\/\">Klima<\/a><\/span>, <span class=\"facility-somine\"><a href=\"https:\/\/kasvillarent.com\/tr\/konaklama%20tesisi\/somine\/\">\u015e\u00f6mine<\/a><\/span>, <span class=\"facility-teras\"><a href=\"https:\/\/kasvillarent.com\/tr\/konaklama%20tesisi\/teras\/\">Teras<\/a><\/span>, <span class=\"facility-ucretsiz-internet\"><a href=\"https:\/\/kasvillarent.com\/tr\/konaklama%20tesisi\/ucretsiz-internet\/\">\u00dccretsiz internet<\/a><\/span>, <span class=\"facility-ucretsiz-park\"><a href=\"https:\/\/kasvillarent.com\/tr\/konaklama%20tesisi\/ucretsiz-park\/\">\u00dccretsiz park<\/a><\/span>, <span class=\"facility-villaya-ait-ozel-acik-havuz\"><a href=\"https:\/\/kasvillarent.com\/tr\/konaklama%20tesisi\/villaya-ait-ozel-acik-havuz\/\">Villaya ait \u00f6zel a\u00e7\u0131k havuz<\/a><\/span>, <span class=\"facility-yemek-alani\"><a href=\"https:\/\/kasvillarent.com\/tr\/konaklama%20tesisi\/yemek-alani\/\">Yemek alan\u0131<\/a><\/span><\/span><\/li>\n\t\n\n\n\t<li class=\"mphb-room-type-view\"><span class=\"mphb-attribute-title mphb-view-title\">G\u00f6r\u00fcnt\u00fcle:<\/span><span class=\"mphb-attribute-value\">\n\tOrman ve do\u011fa manzaras\u0131\n\t<\/span><\/li>\n\t\n\n\n\t<li class=\"mphb-room-type-size\"><span class=\"mphb-attribute-title mphb-size-title\">Boyut:<\/span><span class=\"mphb-attribute-value\">\n\t250m\u00b2\n\t<\/span><\/li>\n\t\n\n\t<li class=\"mphb-room-type-bed-type\"><span  class=\"mphb-attribute-title mphb-bed-type-title\">Yatak Tipi:<\/span><span class=\"mphb-attribute-value\">\n\t2 B\u00fcy\u00fck \u00c7ift Ki\u015filik Yatak, 2 Tek Ki\u015filik Yatak\n\t<\/span><\/li>\n\t\n\n\t<li class=\"mphb-room-type-categories\"><span class=\"mphb-attribute-title mphb-categories-title\">Kategoriler:<\/span><span class=\"mphb-attribute-value\"> <span class=\"category-bayindir-tr\"><a href=\"https:\/\/kasvillarent.com\/tr\/konaklama-kategorisi\/bayindir-tr\/\">Bay\u0131nd\u0131r<\/a><\/span><\/span><\/li>\n\t\n<\/ul>\n<h3 class=\"mphb-room-type-details-title\">Detaylar<\/h3><ul class=\"mphb-loop-room-type-attributes\">\n\n\n\t<li class=\"mphb-room-type-adults-capacity\"><span class=\"mphb-attribute-title mphb-adults-title\">Misafirler:<\/span><span class=\"mphb-attribute-value\">\n\t6\n\t<\/span><\/li>\n\t\n\n\t<li class=\"mphb-room-type-facilities\"><span class=\"mphb-attribute-title mphb-facilities-title\">Kolayl\u0131klar:<\/span><span class=\"mphb-attribute-value\"> <span class=\"facility-duz-ekran-tv\"><a href=\"https:\/\/kasvillarent.com\/tr\/konaklama%20tesisi\/duz-ekran-tv\/\">D\u00fcz ekran TV<\/a><\/span>, <span class=\"facility-klima\"><a href=\"https:\/\/kasvillarent.com\/tr\/konaklama%20tesisi\/klima\/\">Klima<\/a><\/span>, <span class=\"facility-somine\"><a href=\"https:\/\/kasvillarent.com\/tr\/konaklama%20tesisi\/somine\/\">\u015e\u00f6mine<\/a><\/span>, <span class=\"facility-teras\"><a href=\"https:\/\/kasvillarent.com\/tr\/konaklama%20tesisi\/teras\/\">Teras<\/a><\/span>, <span class=\"facility-ucretsiz-internet\"><a href=\"https:\/\/kasvillarent.com\/tr\/konaklama%20tesisi\/ucretsiz-internet\/\">\u00dccretsiz internet<\/a><\/span>, <span class=\"facility-ucretsiz-park\"><a href=\"https:\/\/kasvillarent.com\/tr\/konaklama%20tesisi\/ucretsiz-park\/\">\u00dccretsiz park<\/a><\/span>, <span class=\"facility-villaya-ait-ozel-acik-havuz\"><a href=\"https:\/\/kasvillarent.com\/tr\/konaklama%20tesisi\/villaya-ait-ozel-acik-havuz\/\">Villaya ait \u00f6zel a\u00e7\u0131k havuz<\/a><\/span>, <span class=\"facility-yemek-alani\"><a href=\"https:\/\/kasvillarent.com\/tr\/konaklama%20tesisi\/yemek-alani\/\">Yemek alan\u0131<\/a><\/span><\/span><\/li>\n\t\n\n\n\t<li class=\"mphb-room-type-view\"><span class=\"mphb-attribute-title mphb-view-title\">G\u00f6r\u00fcnt\u00fcle:<\/span><span class=\"mphb-attribute-value\">\n\tOrman ve do\u011fa manzaras\u0131\n\t<\/span><\/li>\n\t\n\n\n\t<li class=\"mphb-room-type-size\"><span class=\"mphb-attribute-title mphb-size-title\">Boyut:<\/span><span class=\"mphb-attribute-value\">\n\t250m\u00b2\n\t<\/span><\/li>\n\t\n\n\t<li class=\"mphb-room-type-bed-type\"><span  class=\"mphb-attribute-title mphb-bed-type-title\">Yatak Tipi:<\/span><span class=\"mphb-attribute-value\">\n\t2 B\u00fcy\u00fck \u00c7ift Ki\u015filik Yatak, 2 Tek Ki\u015filik Yatak\n\t<\/span><\/li>\n\t\n\n\t<li class=\"mphb-room-type-categories\"><span class=\"mphb-attribute-title mphb-categories-title\">Kategoriler:<\/span><span class=\"mphb-attribute-value\"> <span class=\"category-bayindir-tr\"><a href=\"https:\/\/kasvillarent.com\/tr\/konaklama-kategorisi\/bayindir-tr\/\">Bay\u0131nd\u0131r<\/a><\/span><\/span><\/li>\n\t\n<\/ul>\n\n\t<p class=\"mphb-regular-price\"><strong>\u00dccretten itibaren:<\/strong>\n\t<span class=\"mphb-price\"><span class=\"mphb-currency\">&euro;<\/span>495<\/span> <span class=\"mphb-price-period\" title=\"\u0130lgili fiyatlar\u0131 g\u00f6rmek i\u00e7in tarih se\u00e7iniz\">gecelik<\/span><span class=\"mphb-tax-information taxes-included\"> (+taxes and fees)<\/span>\n\t<\/p>\n\t\n<p class=\"mphb-view-details-button-wrapper\">\n<a class=\"button mphb-view-details-button\" href=\"https:\/\/kasvillarent.com\/tr\/accommodation\/villa-esen-vadi\/\" >Detaylar\u0131 G\u00f6r\u00fcnt\u00fcleyin<\/a>\n<\/p>\n<div class=\"mphb-to-book-btn-wrapper\">\n<form action=\"https:\/\/kasvillarent.com\/tr\/accommodation\/villa-esen-vadi\/#booking-form-11666\" method=\"get\" ><button type=\"submit\" class=\"button mphb-book-button\" >Rezerve Edin<\/button><\/form>\n<br\/><\/div>\n\t\n<\/div>\n\n<div class=\"mphb-room-type post-15694 mphb_room_type type-mphb_room_type status-publish has-post-thumbnail mphb_room_type_category-bayindir-tr mphb_room_type_facility-balkon mphb_room_type_facility-duz-ekran-tv mphb_room_type_facility-klima mphb_room_type_facility-somine mphb_room_type_facility-teras mphb_room_type_facility-ucretsiz-internet mphb_room_type_facility-ucretsiz-park mphb_room_type_facility-villaya-ait-ozel-acik-havuz mphb_room_type_facility-yemek-alani mphb-room-type-adults-6 mphb-room-type-children-0 has-taxes-and-fees\">\n\n\t\n\t\n\n\t<div class=\"mphb-room-type-images\">\n\t<span class=\"mphb_room_type_featured_image_wrapper\"><div id='mphb-flexslider-gallery-11' class='gallery-columns-1 gallery-size-villagio-thumb-small-x2 mphb-gallery-main-slider mphb-flexslider-gallery-wrapper mphb-room-type-gallery-wrapper mphb-gallery-main-slider-69f14998f392c' data-flexslider-atts='{\"animation\":\"slide\",\"controlNav\":false,\"animationLoop\":true,\"smoothHeight\":true,\"slideshow\":false}' data-group='69f14998f392c'><ul class=\"slides\"><li class='gallery-item'><span class='gallery-icon landscape'>\n\t\t\t\t<a href=\"https:\/\/kasvillarent.com\/tr\/accommodation\/villa-granado\/\"><img loading=\"lazy\" decoding=\"async\" width=\"1434\" height=\"1080\" src=\"https:\/\/kasvillarent.com\/wp-content\/uploads\/2017\/06\/Villa-Granado-08-1434x1080.jpg\" class=\"attachment-villagio-thumb-small-x2 size-villagio-thumb-small-x2\" alt=\"\" srcset=\"https:\/\/kasvillarent.com\/wp-content\/uploads\/2017\/06\/Villa-Granado-08-1434x1080.jpg 1434w, https:\/\/kasvillarent.com\/wp-content\/uploads\/2017\/06\/Villa-Granado-08-717x540.jpg 717w\" sizes=\"(max-width: 1434px) 100vw, 1434px\" \/><\/a>\n\t\t\t<\/span><\/li><li class='gallery-item'><span class='gallery-icon landscape'>\n\t\t\t\t<a href=\"https:\/\/kasvillarent.com\/tr\/accommodation\/villa-granado\/\"><img loading=\"lazy\" decoding=\"async\" width=\"1434\" height=\"1080\" src=\"https:\/\/kasvillarent.com\/wp-content\/uploads\/2017\/06\/Villa-Granado-26-1434x1080.jpg\" class=\"attachment-villagio-thumb-small-x2 size-villagio-thumb-small-x2\" alt=\"\" srcset=\"https:\/\/kasvillarent.com\/wp-content\/uploads\/2017\/06\/Villa-Granado-26-1434x1080.jpg 1434w, https:\/\/kasvillarent.com\/wp-content\/uploads\/2017\/06\/Villa-Granado-26-717x540.jpg 717w\" sizes=\"(max-width: 1434px) 100vw, 1434px\" \/><\/a>\n\t\t\t<\/span><\/li><li class='gallery-item'><span class='gallery-icon landscape'>\n\t\t\t\t<a href=\"https:\/\/kasvillarent.com\/tr\/accommodation\/villa-granado\/\"><img loading=\"lazy\" decoding=\"async\" width=\"1434\" height=\"1080\" src=\"https:\/\/kasvillarent.com\/wp-content\/uploads\/2017\/06\/Villa-Granado-25-1434x1080.jpg\" class=\"attachment-villagio-thumb-small-x2 size-villagio-thumb-small-x2\" alt=\"\" srcset=\"https:\/\/kasvillarent.com\/wp-content\/uploads\/2017\/06\/Villa-Granado-25-1434x1080.jpg 1434w, https:\/\/kasvillarent.com\/wp-content\/uploads\/2017\/06\/Villa-Granado-25-717x540.jpg 717w\" sizes=\"(max-width: 1434px) 100vw, 1434px\" \/><\/a>\n\t\t\t<\/span><\/li><li class='gallery-item'><span class='gallery-icon landscape'>\n\t\t\t\t<a href=\"https:\/\/kasvillarent.com\/tr\/accommodation\/villa-granado\/\"><img loading=\"lazy\" decoding=\"async\" width=\"1434\" height=\"1080\" src=\"https:\/\/kasvillarent.com\/wp-content\/uploads\/2017\/06\/Villa-Granado-09-1434x1080.jpg\" class=\"attachment-villagio-thumb-small-x2 size-villagio-thumb-small-x2\" alt=\"\" srcset=\"https:\/\/kasvillarent.com\/wp-content\/uploads\/2017\/06\/Villa-Granado-09-1434x1080.jpg 1434w, https:\/\/kasvillarent.com\/wp-content\/uploads\/2017\/06\/Villa-Granado-09-717x540.jpg 717w\" sizes=\"(max-width: 1434px) 100vw, 1434px\" \/><\/a>\n\t\t\t<\/span><\/li><li class='gallery-item'><span class='gallery-icon landscape'>\n\t\t\t\t<a href=\"https:\/\/kasvillarent.com\/tr\/accommodation\/villa-granado\/\"><img loading=\"lazy\" decoding=\"async\" width=\"1434\" height=\"1080\" src=\"https:\/\/kasvillarent.com\/wp-content\/uploads\/2017\/06\/Villa-Granado-24-1434x1080.jpg\" class=\"attachment-villagio-thumb-small-x2 size-villagio-thumb-small-x2\" alt=\"\" srcset=\"https:\/\/kasvillarent.com\/wp-content\/uploads\/2017\/06\/Villa-Granado-24-1434x1080.jpg 1434w, https:\/\/kasvillarent.com\/wp-content\/uploads\/2017\/06\/Villa-Granado-24-717x540.jpg 717w\" sizes=\"(max-width: 1434px) 100vw, 1434px\" \/><\/a>\n\t\t\t<\/span><\/li><li class='gallery-item'><span class='gallery-icon landscape'>\n\t\t\t\t<a href=\"https:\/\/kasvillarent.com\/tr\/accommodation\/villa-granado\/\"><img loading=\"lazy\" decoding=\"async\" width=\"1434\" height=\"1080\" src=\"https:\/\/kasvillarent.com\/wp-content\/uploads\/2017\/06\/Villa-Granado-11-1434x1080.jpg\" class=\"attachment-villagio-thumb-small-x2 size-villagio-thumb-small-x2\" alt=\"\" srcset=\"https:\/\/kasvillarent.com\/wp-content\/uploads\/2017\/06\/Villa-Granado-11-1434x1080.jpg 1434w, https:\/\/kasvillarent.com\/wp-content\/uploads\/2017\/06\/Villa-Granado-11-717x540.jpg 717w\" sizes=\"(max-width: 1434px) 100vw, 1434px\" \/><\/a>\n\t\t\t<\/span><\/li><li class='gallery-item'><span class='gallery-icon landscape'>\n\t\t\t\t<a href=\"https:\/\/kasvillarent.com\/tr\/accommodation\/villa-granado\/\"><img loading=\"lazy\" decoding=\"async\" width=\"1434\" height=\"1080\" src=\"https:\/\/kasvillarent.com\/wp-content\/uploads\/2017\/06\/Villa-Granado-10-1434x1080.jpg\" class=\"attachment-villagio-thumb-small-x2 size-villagio-thumb-small-x2\" alt=\"\" srcset=\"https:\/\/kasvillarent.com\/wp-content\/uploads\/2017\/06\/Villa-Granado-10-1434x1080.jpg 1434w, https:\/\/kasvillarent.com\/wp-content\/uploads\/2017\/06\/Villa-Granado-10-717x540.jpg 717w\" sizes=\"(max-width: 1434px) 100vw, 1434px\" \/><\/a>\n\t\t\t<\/span><\/li><li class='gallery-item'><span class='gallery-icon landscape'>\n\t\t\t\t<a href=\"https:\/\/kasvillarent.com\/tr\/accommodation\/villa-granado\/\"><img loading=\"lazy\" decoding=\"async\" width=\"1434\" height=\"1080\" src=\"https:\/\/kasvillarent.com\/wp-content\/uploads\/2017\/06\/Villa-Granado-04-1434x1080.jpg\" class=\"attachment-villagio-thumb-small-x2 size-villagio-thumb-small-x2\" alt=\"\" srcset=\"https:\/\/kasvillarent.com\/wp-content\/uploads\/2017\/06\/Villa-Granado-04-1434x1080.jpg 1434w, https:\/\/kasvillarent.com\/wp-content\/uploads\/2017\/06\/Villa-Granado-04-717x540.jpg 717w\" sizes=\"(max-width: 1434px) 100vw, 1434px\" \/><\/a>\n\t\t\t<\/span><\/li><li class='gallery-item'><span class='gallery-icon landscape'>\n\t\t\t\t<a href=\"https:\/\/kasvillarent.com\/tr\/accommodation\/villa-granado\/\"><img loading=\"lazy\" decoding=\"async\" width=\"1434\" height=\"1080\" src=\"https:\/\/kasvillarent.com\/wp-content\/uploads\/2017\/06\/Villa-Granado-30-1434x1080.jpg\" class=\"attachment-villagio-thumb-small-x2 size-villagio-thumb-small-x2\" alt=\"\" srcset=\"https:\/\/kasvillarent.com\/wp-content\/uploads\/2017\/06\/Villa-Granado-30-1434x1080.jpg 1434w, https:\/\/kasvillarent.com\/wp-content\/uploads\/2017\/06\/Villa-Granado-30-717x540.jpg 717w\" sizes=\"(max-width: 1434px) 100vw, 1434px\" \/><\/a>\n\t\t\t<\/span><\/li><li class='gallery-item'><span class='gallery-icon landscape'>\n\t\t\t\t<a href=\"https:\/\/kasvillarent.com\/tr\/accommodation\/villa-granado\/\"><img loading=\"lazy\" decoding=\"async\" width=\"1434\" height=\"1080\" src=\"https:\/\/kasvillarent.com\/wp-content\/uploads\/2017\/06\/Villa-Granado-34-1434x1080.jpg\" class=\"attachment-villagio-thumb-small-x2 size-villagio-thumb-small-x2\" alt=\"\" srcset=\"https:\/\/kasvillarent.com\/wp-content\/uploads\/2017\/06\/Villa-Granado-34-1434x1080.jpg 1434w, https:\/\/kasvillarent.com\/wp-content\/uploads\/2017\/06\/Villa-Granado-34-717x540.jpg 717w\" sizes=\"(max-width: 1434px) 100vw, 1434px\" \/><\/a>\n\t\t\t<\/span><\/li><li class='gallery-item'><span class='gallery-icon landscape'>\n\t\t\t\t<a href=\"https:\/\/kasvillarent.com\/tr\/accommodation\/villa-granado\/\"><img loading=\"lazy\" decoding=\"async\" width=\"1434\" height=\"1080\" src=\"https:\/\/kasvillarent.com\/wp-content\/uploads\/2017\/06\/Villa-Granado-37-1434x1080.jpg\" class=\"attachment-villagio-thumb-small-x2 size-villagio-thumb-small-x2\" alt=\"\" srcset=\"https:\/\/kasvillarent.com\/wp-content\/uploads\/2017\/06\/Villa-Granado-37-1434x1080.jpg 1434w, https:\/\/kasvillarent.com\/wp-content\/uploads\/2017\/06\/Villa-Granado-37-717x540.jpg 717w\" sizes=\"(max-width: 1434px) 100vw, 1434px\" \/><\/a>\n\t\t\t<\/span><\/li><li class='gallery-item'><span class='gallery-icon landscape'>\n\t\t\t\t<a href=\"https:\/\/kasvillarent.com\/tr\/accommodation\/villa-granado\/\"><img loading=\"lazy\" decoding=\"async\" width=\"1434\" height=\"1080\" src=\"https:\/\/kasvillarent.com\/wp-content\/uploads\/2017\/06\/Villa-Granado-36-1434x1080.jpg\" class=\"attachment-villagio-thumb-small-x2 size-villagio-thumb-small-x2\" alt=\"\" srcset=\"https:\/\/kasvillarent.com\/wp-content\/uploads\/2017\/06\/Villa-Granado-36-1434x1080.jpg 1434w, https:\/\/kasvillarent.com\/wp-content\/uploads\/2017\/06\/Villa-Granado-36-717x540.jpg 717w\" sizes=\"(max-width: 1434px) 100vw, 1434px\" \/><\/a>\n\t\t\t<\/span><\/li><li class='gallery-item'><span class='gallery-icon landscape'>\n\t\t\t\t<a href=\"https:\/\/kasvillarent.com\/tr\/accommodation\/villa-granado\/\"><img loading=\"lazy\" decoding=\"async\" width=\"1434\" height=\"1080\" src=\"https:\/\/kasvillarent.com\/wp-content\/uploads\/2017\/06\/Villa-Granado-35-1434x1080.jpg\" class=\"attachment-villagio-thumb-small-x2 size-villagio-thumb-small-x2\" alt=\"\" srcset=\"https:\/\/kasvillarent.com\/wp-content\/uploads\/2017\/06\/Villa-Granado-35-1434x1080.jpg 1434w, https:\/\/kasvillarent.com\/wp-content\/uploads\/2017\/06\/Villa-Granado-35-717x540.jpg 717w\" sizes=\"(max-width: 1434px) 100vw, 1434px\" \/><\/a>\n\t\t\t<\/span><\/li><li class='gallery-item'><span class='gallery-icon landscape'>\n\t\t\t\t<a href=\"https:\/\/kasvillarent.com\/tr\/accommodation\/villa-granado\/\"><img loading=\"lazy\" decoding=\"async\" width=\"1434\" height=\"1080\" src=\"https:\/\/kasvillarent.com\/wp-content\/uploads\/2017\/06\/Villa-Granado-38-1434x1080.jpg\" class=\"attachment-villagio-thumb-small-x2 size-villagio-thumb-small-x2\" alt=\"\" srcset=\"https:\/\/kasvillarent.com\/wp-content\/uploads\/2017\/06\/Villa-Granado-38-1434x1080.jpg 1434w, https:\/\/kasvillarent.com\/wp-content\/uploads\/2017\/06\/Villa-Granado-38-717x540.jpg 717w\" sizes=\"(max-width: 1434px) 100vw, 1434px\" \/><\/a>\n\t\t\t<\/span><\/li><li class='gallery-item'><span class='gallery-icon landscape'>\n\t\t\t\t<a href=\"https:\/\/kasvillarent.com\/tr\/accommodation\/villa-granado\/\"><img loading=\"lazy\" decoding=\"async\" width=\"1434\" height=\"1080\" src=\"https:\/\/kasvillarent.com\/wp-content\/uploads\/2017\/06\/Villa-Granado-05-1434x1080.jpg\" class=\"attachment-villagio-thumb-small-x2 size-villagio-thumb-small-x2\" alt=\"\" srcset=\"https:\/\/kasvillarent.com\/wp-content\/uploads\/2017\/06\/Villa-Granado-05-1434x1080.jpg 1434w, https:\/\/kasvillarent.com\/wp-content\/uploads\/2017\/06\/Villa-Granado-05-717x540.jpg 717w\" sizes=\"(max-width: 1434px) 100vw, 1434px\" \/><\/a>\n\t\t\t<\/span><\/li><li class='gallery-item'><span class='gallery-icon landscape'>\n\t\t\t\t<a href=\"https:\/\/kasvillarent.com\/tr\/accommodation\/villa-granado\/\"><img loading=\"lazy\" decoding=\"async\" width=\"1434\" height=\"1080\" src=\"https:\/\/kasvillarent.com\/wp-content\/uploads\/2017\/06\/Villa-Granado-12-1434x1080.jpg\" class=\"attachment-villagio-thumb-small-x2 size-villagio-thumb-small-x2\" alt=\"\" srcset=\"https:\/\/kasvillarent.com\/wp-content\/uploads\/2017\/06\/Villa-Granado-12-1434x1080.jpg 1434w, https:\/\/kasvillarent.com\/wp-content\/uploads\/2017\/06\/Villa-Granado-12-717x540.jpg 717w\" sizes=\"(max-width: 1434px) 100vw, 1434px\" \/><\/a>\n\t\t\t<\/span><\/li><li class='gallery-item'><span class='gallery-icon landscape'>\n\t\t\t\t<a href=\"https:\/\/kasvillarent.com\/tr\/accommodation\/villa-granado\/\"><img loading=\"lazy\" decoding=\"async\" width=\"1434\" height=\"1080\" src=\"https:\/\/kasvillarent.com\/wp-content\/uploads\/2017\/06\/Villa-Granado-18-1434x1080.jpg\" class=\"attachment-villagio-thumb-small-x2 size-villagio-thumb-small-x2\" alt=\"\" srcset=\"https:\/\/kasvillarent.com\/wp-content\/uploads\/2017\/06\/Villa-Granado-18-1434x1080.jpg 1434w, https:\/\/kasvillarent.com\/wp-content\/uploads\/2017\/06\/Villa-Granado-18-717x540.jpg 717w\" sizes=\"(max-width: 1434px) 100vw, 1434px\" \/><\/a>\n\t\t\t<\/span><\/li><li class='gallery-item'><span class='gallery-icon landscape'>\n\t\t\t\t<a href=\"https:\/\/kasvillarent.com\/tr\/accommodation\/villa-granado\/\"><img loading=\"lazy\" decoding=\"async\" width=\"1434\" height=\"1080\" src=\"https:\/\/kasvillarent.com\/wp-content\/uploads\/2017\/06\/Villa-Granado-06-1434x1080.jpg\" class=\"attachment-villagio-thumb-small-x2 size-villagio-thumb-small-x2\" alt=\"\" srcset=\"https:\/\/kasvillarent.com\/wp-content\/uploads\/2017\/06\/Villa-Granado-06-1434x1080.jpg 1434w, https:\/\/kasvillarent.com\/wp-content\/uploads\/2017\/06\/Villa-Granado-06-717x540.jpg 717w\" sizes=\"(max-width: 1434px) 100vw, 1434px\" \/><\/a>\n\t\t\t<\/span><\/li><li class='gallery-item'><span class='gallery-icon landscape'>\n\t\t\t\t<a href=\"https:\/\/kasvillarent.com\/tr\/accommodation\/villa-granado\/\"><img loading=\"lazy\" decoding=\"async\" width=\"1434\" height=\"1080\" src=\"https:\/\/kasvillarent.com\/wp-content\/uploads\/2017\/06\/Villa-Granado-16-1434x1080.jpg\" class=\"attachment-villagio-thumb-small-x2 size-villagio-thumb-small-x2\" alt=\"\" srcset=\"https:\/\/kasvillarent.com\/wp-content\/uploads\/2017\/06\/Villa-Granado-16-1434x1080.jpg 1434w, https:\/\/kasvillarent.com\/wp-content\/uploads\/2017\/06\/Villa-Granado-16-717x540.jpg 717w\" sizes=\"(max-width: 1434px) 100vw, 1434px\" \/><\/a>\n\t\t\t<\/span><\/li><li class='gallery-item'><span class='gallery-icon landscape'>\n\t\t\t\t<a href=\"https:\/\/kasvillarent.com\/tr\/accommodation\/villa-granado\/\"><img loading=\"lazy\" decoding=\"async\" width=\"1434\" height=\"1080\" src=\"https:\/\/kasvillarent.com\/wp-content\/uploads\/2017\/06\/Villa-Granado-17-1434x1080.jpg\" class=\"attachment-villagio-thumb-small-x2 size-villagio-thumb-small-x2\" alt=\"\" srcset=\"https:\/\/kasvillarent.com\/wp-content\/uploads\/2017\/06\/Villa-Granado-17-1434x1080.jpg 1434w, https:\/\/kasvillarent.com\/wp-content\/uploads\/2017\/06\/Villa-Granado-17-717x540.jpg 717w\" sizes=\"(max-width: 1434px) 100vw, 1434px\" \/><\/a>\n\t\t\t<\/span><\/li><li class='gallery-item'><span class='gallery-icon landscape'>\n\t\t\t\t<a href=\"https:\/\/kasvillarent.com\/tr\/accommodation\/villa-granado\/\"><img loading=\"lazy\" decoding=\"async\" width=\"1434\" height=\"1080\" src=\"https:\/\/kasvillarent.com\/wp-content\/uploads\/2017\/06\/Villa-Granado-15-1434x1080.jpg\" class=\"attachment-villagio-thumb-small-x2 size-villagio-thumb-small-x2\" alt=\"\" srcset=\"https:\/\/kasvillarent.com\/wp-content\/uploads\/2017\/06\/Villa-Granado-15-1434x1080.jpg 1434w, https:\/\/kasvillarent.com\/wp-content\/uploads\/2017\/06\/Villa-Granado-15-717x540.jpg 717w\" sizes=\"(max-width: 1434px) 100vw, 1434px\" \/><\/a>\n\t\t\t<\/span><\/li><li class='gallery-item'><span class='gallery-icon landscape'>\n\t\t\t\t<a href=\"https:\/\/kasvillarent.com\/tr\/accommodation\/villa-granado\/\"><img loading=\"lazy\" decoding=\"async\" width=\"1434\" height=\"1080\" src=\"https:\/\/kasvillarent.com\/wp-content\/uploads\/2017\/06\/Villa-Granado-19-1434x1080.jpg\" class=\"attachment-villagio-thumb-small-x2 size-villagio-thumb-small-x2\" alt=\"\" srcset=\"https:\/\/kasvillarent.com\/wp-content\/uploads\/2017\/06\/Villa-Granado-19-1434x1080.jpg 1434w, https:\/\/kasvillarent.com\/wp-content\/uploads\/2017\/06\/Villa-Granado-19-717x540.jpg 717w\" sizes=\"(max-width: 1434px) 100vw, 1434px\" \/><\/a>\n\t\t\t<\/span><\/li><li class='gallery-item'><span class='gallery-icon landscape'>\n\t\t\t\t<a href=\"https:\/\/kasvillarent.com\/tr\/accommodation\/villa-granado\/\"><img loading=\"lazy\" decoding=\"async\" width=\"1434\" height=\"1080\" src=\"https:\/\/kasvillarent.com\/wp-content\/uploads\/2017\/06\/Villa-Granado-20-1434x1080.jpg\" class=\"attachment-villagio-thumb-small-x2 size-villagio-thumb-small-x2\" alt=\"\" srcset=\"https:\/\/kasvillarent.com\/wp-content\/uploads\/2017\/06\/Villa-Granado-20-1434x1080.jpg 1434w, https:\/\/kasvillarent.com\/wp-content\/uploads\/2017\/06\/Villa-Granado-20-717x540.jpg 717w\" sizes=\"(max-width: 1434px) 100vw, 1434px\" \/><\/a>\n\t\t\t<\/span><\/li><li class='gallery-item'><span class='gallery-icon landscape'>\n\t\t\t\t<a href=\"https:\/\/kasvillarent.com\/tr\/accommodation\/villa-granado\/\"><img loading=\"lazy\" decoding=\"async\" width=\"1434\" height=\"1080\" src=\"https:\/\/kasvillarent.com\/wp-content\/uploads\/2017\/06\/Villa-Granado-21-1434x1080.jpg\" class=\"attachment-villagio-thumb-small-x2 size-villagio-thumb-small-x2\" alt=\"\" srcset=\"https:\/\/kasvillarent.com\/wp-content\/uploads\/2017\/06\/Villa-Granado-21-1434x1080.jpg 1434w, https:\/\/kasvillarent.com\/wp-content\/uploads\/2017\/06\/Villa-Granado-21-717x540.jpg 717w\" sizes=\"(max-width: 1434px) 100vw, 1434px\" \/><\/a>\n\t\t\t<\/span><\/li><li class='gallery-item'><span class='gallery-icon landscape'>\n\t\t\t\t<a href=\"https:\/\/kasvillarent.com\/tr\/accommodation\/villa-granado\/\"><img loading=\"lazy\" decoding=\"async\" width=\"1434\" height=\"1080\" src=\"https:\/\/kasvillarent.com\/wp-content\/uploads\/2017\/06\/Villa-Granado-22-1434x1080.jpg\" class=\"attachment-villagio-thumb-small-x2 size-villagio-thumb-small-x2\" alt=\"\" srcset=\"https:\/\/kasvillarent.com\/wp-content\/uploads\/2017\/06\/Villa-Granado-22-1434x1080.jpg 1434w, https:\/\/kasvillarent.com\/wp-content\/uploads\/2017\/06\/Villa-Granado-22-717x540.jpg 717w\" sizes=\"(max-width: 1434px) 100vw, 1434px\" \/><\/a>\n\t\t\t<\/span><\/li><li class='gallery-item'><span class='gallery-icon portrait'>\n\t\t\t\t<a href=\"https:\/\/kasvillarent.com\/tr\/accommodation\/villa-granado\/\"><img loading=\"lazy\" decoding=\"async\" width=\"1434\" height=\"1080\" src=\"https:\/\/kasvillarent.com\/wp-content\/uploads\/2017\/06\/Villa-Granado-07-1434x1080.jpg\" class=\"attachment-villagio-thumb-small-x2 size-villagio-thumb-small-x2\" alt=\"\" srcset=\"https:\/\/kasvillarent.com\/wp-content\/uploads\/2017\/06\/Villa-Granado-07-1434x1080.jpg 1434w, https:\/\/kasvillarent.com\/wp-content\/uploads\/2017\/06\/Villa-Granado-07-717x540.jpg 717w\" sizes=\"(max-width: 1434px) 100vw, 1434px\" \/><\/a>\n\t\t\t<\/span><\/li><li class='gallery-item'><span class='gallery-icon portrait'>\n\t\t\t\t<a href=\"https:\/\/kasvillarent.com\/tr\/accommodation\/villa-granado\/\"><img loading=\"lazy\" decoding=\"async\" width=\"1434\" height=\"1080\" src=\"https:\/\/kasvillarent.com\/wp-content\/uploads\/2017\/06\/Villa-Granado-13-1434x1080.jpg\" class=\"attachment-villagio-thumb-small-x2 size-villagio-thumb-small-x2\" alt=\"\" srcset=\"https:\/\/kasvillarent.com\/wp-content\/uploads\/2017\/06\/Villa-Granado-13-1434x1080.jpg 1434w, https:\/\/kasvillarent.com\/wp-content\/uploads\/2017\/06\/Villa-Granado-13-717x540.jpg 717w\" sizes=\"(max-width: 1434px) 100vw, 1434px\" \/><\/a>\n\t\t\t<\/span><\/li><li class='gallery-item'><span class='gallery-icon landscape'>\n\t\t\t\t<a href=\"https:\/\/kasvillarent.com\/tr\/accommodation\/villa-granado\/\"><img loading=\"lazy\" decoding=\"async\" width=\"1434\" height=\"1080\" src=\"https:\/\/kasvillarent.com\/wp-content\/uploads\/2017\/06\/Villa-Granado-14-1434x1080.jpg\" class=\"attachment-villagio-thumb-small-x2 size-villagio-thumb-small-x2\" alt=\"\" srcset=\"https:\/\/kasvillarent.com\/wp-content\/uploads\/2017\/06\/Villa-Granado-14-1434x1080.jpg 1434w, https:\/\/kasvillarent.com\/wp-content\/uploads\/2017\/06\/Villa-Granado-14-717x540.jpg 717w\" sizes=\"(max-width: 1434px) 100vw, 1434px\" \/><\/a>\n\t\t\t<\/span><\/li><li class='gallery-item'><span class='gallery-icon landscape'>\n\t\t\t\t<a href=\"https:\/\/kasvillarent.com\/tr\/accommodation\/villa-granado\/\"><img loading=\"lazy\" decoding=\"async\" width=\"1434\" height=\"1080\" src=\"https:\/\/kasvillarent.com\/wp-content\/uploads\/2017\/06\/Villa-Granado-23-1434x1080.jpg\" class=\"attachment-villagio-thumb-small-x2 size-villagio-thumb-small-x2\" alt=\"\" srcset=\"https:\/\/kasvillarent.com\/wp-content\/uploads\/2017\/06\/Villa-Granado-23-1434x1080.jpg 1434w, https:\/\/kasvillarent.com\/wp-content\/uploads\/2017\/06\/Villa-Granado-23-717x540.jpg 717w\" sizes=\"(max-width: 1434px) 100vw, 1434px\" \/><\/a>\n\t\t\t<\/span><\/li><li class='gallery-item'><span class='gallery-icon landscape'>\n\t\t\t\t<a href=\"https:\/\/kasvillarent.com\/tr\/accommodation\/villa-granado\/\"><img loading=\"lazy\" decoding=\"async\" width=\"1434\" height=\"1080\" src=\"https:\/\/kasvillarent.com\/wp-content\/uploads\/2017\/06\/Villa-Granado-27-1434x1080.jpg\" class=\"attachment-villagio-thumb-small-x2 size-villagio-thumb-small-x2\" alt=\"\" srcset=\"https:\/\/kasvillarent.com\/wp-content\/uploads\/2017\/06\/Villa-Granado-27-1434x1080.jpg 1434w, https:\/\/kasvillarent.com\/wp-content\/uploads\/2017\/06\/Villa-Granado-27-717x540.jpg 717w\" sizes=\"(max-width: 1434px) 100vw, 1434px\" \/><\/a>\n\t\t\t<\/span><\/li><li class='gallery-item'><span class='gallery-icon landscape'>\n\t\t\t\t<a href=\"https:\/\/kasvillarent.com\/tr\/accommodation\/villa-granado\/\"><img loading=\"lazy\" decoding=\"async\" width=\"1434\" height=\"1080\" src=\"https:\/\/kasvillarent.com\/wp-content\/uploads\/2017\/06\/Villa-Granado-28-1434x1080.jpg\" class=\"attachment-villagio-thumb-small-x2 size-villagio-thumb-small-x2\" alt=\"\" srcset=\"https:\/\/kasvillarent.com\/wp-content\/uploads\/2017\/06\/Villa-Granado-28-1434x1080.jpg 1434w, https:\/\/kasvillarent.com\/wp-content\/uploads\/2017\/06\/Villa-Granado-28-717x540.jpg 717w\" sizes=\"(max-width: 1434px) 100vw, 1434px\" \/><\/a>\n\t\t\t<\/span><\/li><li class='gallery-item'><span class='gallery-icon landscape'>\n\t\t\t\t<a href=\"https:\/\/kasvillarent.com\/tr\/accommodation\/villa-granado\/\"><img loading=\"lazy\" decoding=\"async\" width=\"1434\" height=\"1080\" src=\"https:\/\/kasvillarent.com\/wp-content\/uploads\/2017\/06\/Villa-Granado-29-1434x1080.jpg\" class=\"attachment-villagio-thumb-small-x2 size-villagio-thumb-small-x2\" alt=\"\" srcset=\"https:\/\/kasvillarent.com\/wp-content\/uploads\/2017\/06\/Villa-Granado-29-1434x1080.jpg 1434w, https:\/\/kasvillarent.com\/wp-content\/uploads\/2017\/06\/Villa-Granado-29-717x540.jpg 717w\" sizes=\"(max-width: 1434px) 100vw, 1434px\" \/><\/a>\n\t\t\t<\/span><\/li><li class='gallery-item'><span class='gallery-icon landscape'>\n\t\t\t\t<a href=\"https:\/\/kasvillarent.com\/tr\/accommodation\/villa-granado\/\"><img loading=\"lazy\" decoding=\"async\" width=\"1434\" height=\"1080\" src=\"https:\/\/kasvillarent.com\/wp-content\/uploads\/2017\/06\/Villa-Granado-32-1434x1080.jpg\" class=\"attachment-villagio-thumb-small-x2 size-villagio-thumb-small-x2\" alt=\"\" srcset=\"https:\/\/kasvillarent.com\/wp-content\/uploads\/2017\/06\/Villa-Granado-32-1434x1080.jpg 1434w, https:\/\/kasvillarent.com\/wp-content\/uploads\/2017\/06\/Villa-Granado-32-717x540.jpg 717w\" sizes=\"(max-width: 1434px) 100vw, 1434px\" \/><\/a>\n\t\t\t<\/span><\/li><li class='gallery-item'><span class='gallery-icon landscape'>\n\t\t\t\t<a href=\"https:\/\/kasvillarent.com\/tr\/accommodation\/villa-granado\/\"><img loading=\"lazy\" decoding=\"async\" width=\"1434\" height=\"1080\" src=\"https:\/\/kasvillarent.com\/wp-content\/uploads\/2017\/06\/Villa-Granado-31-1434x1080.jpg\" class=\"attachment-villagio-thumb-small-x2 size-villagio-thumb-small-x2\" alt=\"\" srcset=\"https:\/\/kasvillarent.com\/wp-content\/uploads\/2017\/06\/Villa-Granado-31-1434x1080.jpg 1434w, https:\/\/kasvillarent.com\/wp-content\/uploads\/2017\/06\/Villa-Granado-31-717x540.jpg 717w\" sizes=\"(max-width: 1434px) 100vw, 1434px\" \/><\/a>\n\t\t\t<\/span><\/li><li class='gallery-item'><span class='gallery-icon landscape'>\n\t\t\t\t<a href=\"https:\/\/kasvillarent.com\/tr\/accommodation\/villa-granado\/\"><img loading=\"lazy\" decoding=\"async\" width=\"1434\" height=\"1080\" src=\"https:\/\/kasvillarent.com\/wp-content\/uploads\/2017\/06\/Villa-Granado-33-1434x1080.jpg\" class=\"attachment-villagio-thumb-small-x2 size-villagio-thumb-small-x2\" alt=\"\" srcset=\"https:\/\/kasvillarent.com\/wp-content\/uploads\/2017\/06\/Villa-Granado-33-1434x1080.jpg 1434w, https:\/\/kasvillarent.com\/wp-content\/uploads\/2017\/06\/Villa-Granado-33-717x540.jpg 717w\" sizes=\"(max-width: 1434px) 100vw, 1434px\" \/><\/a>\n\t\t\t<\/span><\/li><li class='gallery-item'><span class='gallery-icon portrait'>\n\t\t\t\t<a href=\"https:\/\/kasvillarent.com\/tr\/accommodation\/villa-granado\/\"><img loading=\"lazy\" decoding=\"async\" width=\"1434\" height=\"1080\" src=\"https:\/\/kasvillarent.com\/wp-content\/uploads\/2017\/06\/Villa-Granado-41-1434x1080.jpg\" class=\"attachment-villagio-thumb-small-x2 size-villagio-thumb-small-x2\" alt=\"\" srcset=\"https:\/\/kasvillarent.com\/wp-content\/uploads\/2017\/06\/Villa-Granado-41-1434x1080.jpg 1434w, https:\/\/kasvillarent.com\/wp-content\/uploads\/2017\/06\/Villa-Granado-41-717x540.jpg 717w\" sizes=\"(max-width: 1434px) 100vw, 1434px\" \/><\/a>\n\t\t\t<\/span><\/li><li class='gallery-item'><span class='gallery-icon landscape'>\n\t\t\t\t<a href=\"https:\/\/kasvillarent.com\/tr\/accommodation\/villa-granado\/\"><img loading=\"lazy\" decoding=\"async\" width=\"1434\" height=\"1080\" src=\"https:\/\/kasvillarent.com\/wp-content\/uploads\/2017\/06\/Villa-Granado-40-1434x1080.jpg\" class=\"attachment-villagio-thumb-small-x2 size-villagio-thumb-small-x2\" alt=\"\" srcset=\"https:\/\/kasvillarent.com\/wp-content\/uploads\/2017\/06\/Villa-Granado-40-1434x1080.jpg 1434w, https:\/\/kasvillarent.com\/wp-content\/uploads\/2017\/06\/Villa-Granado-40-717x540.jpg 717w\" sizes=\"(max-width: 1434px) 100vw, 1434px\" \/><\/a>\n\t\t\t<\/span><\/li><li class='gallery-item'><span class='gallery-icon landscape'>\n\t\t\t\t<a href=\"https:\/\/kasvillarent.com\/tr\/accommodation\/villa-granado\/\"><img loading=\"lazy\" decoding=\"async\" width=\"1434\" height=\"1080\" src=\"https:\/\/kasvillarent.com\/wp-content\/uploads\/2017\/06\/Villa-Granado-39-1434x1080.jpg\" class=\"attachment-villagio-thumb-small-x2 size-villagio-thumb-small-x2\" alt=\"\" srcset=\"https:\/\/kasvillarent.com\/wp-content\/uploads\/2017\/06\/Villa-Granado-39-1434x1080.jpg 1434w, https:\/\/kasvillarent.com\/wp-content\/uploads\/2017\/06\/Villa-Granado-39-717x540.jpg 717w\" sizes=\"(max-width: 1434px) 100vw, 1434px\" \/><\/a>\n\t\t\t<\/span><\/li><li class='gallery-item'><span class='gallery-icon landscape'>\n\t\t\t\t<a href=\"https:\/\/kasvillarent.com\/tr\/accommodation\/villa-granado\/\"><img loading=\"lazy\" decoding=\"async\" width=\"1434\" height=\"1080\" src=\"https:\/\/kasvillarent.com\/wp-content\/uploads\/2017\/06\/Villa-Granado-02-1434x1080.jpg\" class=\"attachment-villagio-thumb-small-x2 size-villagio-thumb-small-x2\" alt=\"\" srcset=\"https:\/\/kasvillarent.com\/wp-content\/uploads\/2017\/06\/Villa-Granado-02-1434x1080.jpg 1434w, https:\/\/kasvillarent.com\/wp-content\/uploads\/2017\/06\/Villa-Granado-02-717x540.jpg 717w\" sizes=\"(max-width: 1434px) 100vw, 1434px\" \/><\/a>\n\t\t\t<\/span><\/li><li class='gallery-item'><span class='gallery-icon landscape'>\n\t\t\t\t<a href=\"https:\/\/kasvillarent.com\/tr\/accommodation\/villa-granado\/\"><img loading=\"lazy\" decoding=\"async\" width=\"1434\" height=\"1080\" src=\"https:\/\/kasvillarent.com\/wp-content\/uploads\/2017\/06\/Villa-Granado-01-1434x1080.jpg\" class=\"attachment-villagio-thumb-small-x2 size-villagio-thumb-small-x2\" alt=\"\" srcset=\"https:\/\/kasvillarent.com\/wp-content\/uploads\/2017\/06\/Villa-Granado-01-1434x1080.jpg 1434w, https:\/\/kasvillarent.com\/wp-content\/uploads\/2017\/06\/Villa-Granado-01-717x540.jpg 717w\" sizes=\"(max-width: 1434px) 100vw, 1434px\" \/><\/a>\n\t\t\t<\/span><\/li><\/ul>\n\t\t<\/div>\n<span class=\"mphb_room_type_categories_header_wrapper\"><a href=\"https:\/\/kasvillarent.com\/tr\/konaklama-kategorisi\/bayindir-tr\/\" rel=\"tag\">Bay\u0131nd\u0131r<\/a><\/span><\/span><!-- .mphb_room_type_featured_image_wrapper --><div id='mphb-flexslider-gallery-12' class='gallery-columns-4 gallery-size-thumbnail mphb-gallery-thumbnail-slider mphb-flexslider-gallery-wrapper mphb-room-type-gallery-wrapper mphb-gallery-thumbnail-slider-69f14998f392c' data-flexslider-atts='{\"animation\":\"slide\",\"controlNav\":false,\"animationLoop\":true,\"slideshow\":false,\"itemMargin\":5}' data-group='69f14998f392c'><ul class=\"slides\"><li class='gallery-item'><span class='gallery-icon landscape'>\n\t\t\t\t<a href='https:\/\/kasvillarent.com\/tr\/accommodation\/villa-granado\/attachment\/villa-granado-08-2\/'><img loading=\"lazy\" decoding=\"async\" width=\"150\" height=\"150\" src=\"https:\/\/kasvillarent.com\/wp-content\/uploads\/2017\/06\/Villa-Granado-08-150x150.jpg\" class=\"attachment-thumbnail size-thumbnail\" alt=\"\" \/><\/a>\n\t\t\t<\/span><\/li><li class='gallery-item'><span class='gallery-icon landscape'>\n\t\t\t\t<a href='https:\/\/kasvillarent.com\/tr\/accommodation\/villa-granado\/attachment\/villa-granado-26-2\/'><img loading=\"lazy\" decoding=\"async\" width=\"150\" height=\"150\" src=\"https:\/\/kasvillarent.com\/wp-content\/uploads\/2017\/06\/Villa-Granado-26-150x150.jpg\" class=\"attachment-thumbnail size-thumbnail\" alt=\"\" \/><\/a>\n\t\t\t<\/span><\/li><li class='gallery-item'><span class='gallery-icon landscape'>\n\t\t\t\t<a href='https:\/\/kasvillarent.com\/tr\/accommodation\/villa-granado\/attachment\/villa-granado-25-2\/'><img loading=\"lazy\" decoding=\"async\" width=\"150\" height=\"150\" src=\"https:\/\/kasvillarent.com\/wp-content\/uploads\/2017\/06\/Villa-Granado-25-150x150.jpg\" class=\"attachment-thumbnail size-thumbnail\" alt=\"\" \/><\/a>\n\t\t\t<\/span><\/li><li class='gallery-item'><span class='gallery-icon landscape'>\n\t\t\t\t<a href='https:\/\/kasvillarent.com\/tr\/accommodation\/villa-granado\/attachment\/villa-granado-09-2\/'><img loading=\"lazy\" decoding=\"async\" width=\"150\" height=\"150\" src=\"https:\/\/kasvillarent.com\/wp-content\/uploads\/2017\/06\/Villa-Granado-09-150x150.jpg\" class=\"attachment-thumbnail size-thumbnail\" alt=\"\" \/><\/a>\n\t\t\t<\/span><\/li><li class='gallery-item'><span class='gallery-icon landscape'>\n\t\t\t\t<a href='https:\/\/kasvillarent.com\/tr\/accommodation\/villa-granado\/attachment\/villa-granado-24-2\/'><img loading=\"lazy\" decoding=\"async\" width=\"150\" height=\"150\" src=\"https:\/\/kasvillarent.com\/wp-content\/uploads\/2017\/06\/Villa-Granado-24-150x150.jpg\" class=\"attachment-thumbnail size-thumbnail\" alt=\"\" \/><\/a>\n\t\t\t<\/span><\/li><li class='gallery-item'><span class='gallery-icon landscape'>\n\t\t\t\t<a href='https:\/\/kasvillarent.com\/tr\/accommodation\/villa-granado\/attachment\/villa-granado-11-2\/'><img loading=\"lazy\" decoding=\"async\" width=\"150\" height=\"150\" src=\"https:\/\/kasvillarent.com\/wp-content\/uploads\/2017\/06\/Villa-Granado-11-150x150.jpg\" class=\"attachment-thumbnail size-thumbnail\" alt=\"\" \/><\/a>\n\t\t\t<\/span><\/li><li class='gallery-item'><span class='gallery-icon landscape'>\n\t\t\t\t<a href='https:\/\/kasvillarent.com\/tr\/accommodation\/villa-granado\/attachment\/villa-granado-10-2\/'><img loading=\"lazy\" decoding=\"async\" width=\"150\" height=\"150\" src=\"https:\/\/kasvillarent.com\/wp-content\/uploads\/2017\/06\/Villa-Granado-10-150x150.jpg\" class=\"attachment-thumbnail size-thumbnail\" alt=\"\" \/><\/a>\n\t\t\t<\/span><\/li><li class='gallery-item'><span class='gallery-icon landscape'>\n\t\t\t\t<a href='https:\/\/kasvillarent.com\/tr\/accommodation\/villa-granado\/attachment\/villa-granado-04-2\/'><img loading=\"lazy\" decoding=\"async\" width=\"150\" height=\"150\" src=\"https:\/\/kasvillarent.com\/wp-content\/uploads\/2017\/06\/Villa-Granado-04-150x150.jpg\" class=\"attachment-thumbnail size-thumbnail\" alt=\"\" \/><\/a>\n\t\t\t<\/span><\/li><li class='gallery-item'><span class='gallery-icon landscape'>\n\t\t\t\t<a href='https:\/\/kasvillarent.com\/tr\/accommodation\/villa-granado\/attachment\/villa-granado-30-2\/'><img loading=\"lazy\" decoding=\"async\" width=\"150\" height=\"150\" src=\"https:\/\/kasvillarent.com\/wp-content\/uploads\/2017\/06\/Villa-Granado-30-150x150.jpg\" class=\"attachment-thumbnail size-thumbnail\" alt=\"\" \/><\/a>\n\t\t\t<\/span><\/li><li class='gallery-item'><span class='gallery-icon landscape'>\n\t\t\t\t<a href='https:\/\/kasvillarent.com\/tr\/accommodation\/villa-granado\/attachment\/villa-granado-34-2\/'><img loading=\"lazy\" decoding=\"async\" width=\"150\" height=\"150\" src=\"https:\/\/kasvillarent.com\/wp-content\/uploads\/2017\/06\/Villa-Granado-34-150x150.jpg\" class=\"attachment-thumbnail size-thumbnail\" alt=\"\" \/><\/a>\n\t\t\t<\/span><\/li><li class='gallery-item'><span class='gallery-icon landscape'>\n\t\t\t\t<a href='https:\/\/kasvillarent.com\/tr\/accommodation\/villa-granado\/attachment\/villa-granado-37-2\/'><img loading=\"lazy\" decoding=\"async\" width=\"150\" height=\"150\" src=\"https:\/\/kasvillarent.com\/wp-content\/uploads\/2017\/06\/Villa-Granado-37-150x150.jpg\" class=\"attachment-thumbnail size-thumbnail\" alt=\"\" \/><\/a>\n\t\t\t<\/span><\/li><li class='gallery-item'><span class='gallery-icon landscape'>\n\t\t\t\t<a href='https:\/\/kasvillarent.com\/tr\/accommodation\/villa-granado\/attachment\/villa-granado-36-2\/'><img loading=\"lazy\" decoding=\"async\" width=\"150\" height=\"150\" src=\"https:\/\/kasvillarent.com\/wp-content\/uploads\/2017\/06\/Villa-Granado-36-150x150.jpg\" class=\"attachment-thumbnail size-thumbnail\" alt=\"\" \/><\/a>\n\t\t\t<\/span><\/li><li class='gallery-item'><span class='gallery-icon landscape'>\n\t\t\t\t<a href='https:\/\/kasvillarent.com\/tr\/accommodation\/villa-granado\/attachment\/villa-granado-35-2\/'><img loading=\"lazy\" decoding=\"async\" width=\"150\" height=\"150\" src=\"https:\/\/kasvillarent.com\/wp-content\/uploads\/2017\/06\/Villa-Granado-35-150x150.jpg\" class=\"attachment-thumbnail size-thumbnail\" alt=\"\" \/><\/a>\n\t\t\t<\/span><\/li><li class='gallery-item'><span class='gallery-icon landscape'>\n\t\t\t\t<a href='https:\/\/kasvillarent.com\/tr\/accommodation\/villa-granado\/attachment\/villa-granado-38-2\/'><img loading=\"lazy\" decoding=\"async\" width=\"150\" height=\"150\" src=\"https:\/\/kasvillarent.com\/wp-content\/uploads\/2017\/06\/Villa-Granado-38-150x150.jpg\" class=\"attachment-thumbnail size-thumbnail\" alt=\"\" \/><\/a>\n\t\t\t<\/span><\/li><li class='gallery-item'><span class='gallery-icon landscape'>\n\t\t\t\t<a href='https:\/\/kasvillarent.com\/tr\/accommodation\/villa-granado\/attachment\/villa-granado-05-2\/'><img loading=\"lazy\" decoding=\"async\" width=\"150\" height=\"150\" src=\"https:\/\/kasvillarent.com\/wp-content\/uploads\/2017\/06\/Villa-Granado-05-150x150.jpg\" class=\"attachment-thumbnail size-thumbnail\" alt=\"\" \/><\/a>\n\t\t\t<\/span><\/li><li class='gallery-item'><span class='gallery-icon landscape'>\n\t\t\t\t<a href='https:\/\/kasvillarent.com\/tr\/accommodation\/villa-granado\/attachment\/villa-granado-12-2\/'><img loading=\"lazy\" decoding=\"async\" width=\"150\" height=\"150\" src=\"https:\/\/kasvillarent.com\/wp-content\/uploads\/2017\/06\/Villa-Granado-12-150x150.jpg\" class=\"attachment-thumbnail size-thumbnail\" alt=\"\" \/><\/a>\n\t\t\t<\/span><\/li><li class='gallery-item'><span class='gallery-icon landscape'>\n\t\t\t\t<a href='https:\/\/kasvillarent.com\/tr\/accommodation\/villa-granado\/attachment\/villa-granado-18-2\/'><img loading=\"lazy\" decoding=\"async\" width=\"150\" height=\"150\" src=\"https:\/\/kasvillarent.com\/wp-content\/uploads\/2017\/06\/Villa-Granado-18-150x150.jpg\" class=\"attachment-thumbnail size-thumbnail\" alt=\"\" \/><\/a>\n\t\t\t<\/span><\/li><li class='gallery-item'><span class='gallery-icon landscape'>\n\t\t\t\t<a href='https:\/\/kasvillarent.com\/tr\/accommodation\/villa-granado\/attachment\/villa-granado-06-2\/'><img loading=\"lazy\" decoding=\"async\" width=\"150\" height=\"150\" src=\"https:\/\/kasvillarent.com\/wp-content\/uploads\/2017\/06\/Villa-Granado-06-150x150.jpg\" class=\"attachment-thumbnail size-thumbnail\" alt=\"\" \/><\/a>\n\t\t\t<\/span><\/li><li class='gallery-item'><span class='gallery-icon landscape'>\n\t\t\t\t<a href='https:\/\/kasvillarent.com\/tr\/accommodation\/villa-granado\/attachment\/villa-granado-16-2\/'><img loading=\"lazy\" decoding=\"async\" width=\"150\" height=\"150\" src=\"https:\/\/kasvillarent.com\/wp-content\/uploads\/2017\/06\/Villa-Granado-16-150x150.jpg\" class=\"attachment-thumbnail size-thumbnail\" alt=\"\" \/><\/a>\n\t\t\t<\/span><\/li><li class='gallery-item'><span class='gallery-icon landscape'>\n\t\t\t\t<a href='https:\/\/kasvillarent.com\/tr\/accommodation\/villa-granado\/attachment\/villa-granado-17-2\/'><img loading=\"lazy\" decoding=\"async\" width=\"150\" height=\"150\" src=\"https:\/\/kasvillarent.com\/wp-content\/uploads\/2017\/06\/Villa-Granado-17-150x150.jpg\" class=\"attachment-thumbnail size-thumbnail\" alt=\"\" \/><\/a>\n\t\t\t<\/span><\/li><li class='gallery-item'><span class='gallery-icon landscape'>\n\t\t\t\t<a href='https:\/\/kasvillarent.com\/tr\/accommodation\/villa-granado\/attachment\/villa-granado-15-2\/'><img loading=\"lazy\" decoding=\"async\" width=\"150\" height=\"150\" src=\"https:\/\/kasvillarent.com\/wp-content\/uploads\/2017\/06\/Villa-Granado-15-150x150.jpg\" class=\"attachment-thumbnail size-thumbnail\" alt=\"\" \/><\/a>\n\t\t\t<\/span><\/li><li class='gallery-item'><span class='gallery-icon landscape'>\n\t\t\t\t<a href='https:\/\/kasvillarent.com\/tr\/accommodation\/villa-granado\/attachment\/villa-granado-19-2\/'><img loading=\"lazy\" decoding=\"async\" width=\"150\" height=\"150\" src=\"https:\/\/kasvillarent.com\/wp-content\/uploads\/2017\/06\/Villa-Granado-19-150x150.jpg\" class=\"attachment-thumbnail size-thumbnail\" alt=\"\" \/><\/a>\n\t\t\t<\/span><\/li><li class='gallery-item'><span class='gallery-icon landscape'>\n\t\t\t\t<a href='https:\/\/kasvillarent.com\/tr\/accommodation\/villa-granado\/attachment\/villa-granado-20-2\/'><img loading=\"lazy\" decoding=\"async\" width=\"150\" height=\"150\" src=\"https:\/\/kasvillarent.com\/wp-content\/uploads\/2017\/06\/Villa-Granado-20-150x150.jpg\" class=\"attachment-thumbnail size-thumbnail\" alt=\"\" \/><\/a>\n\t\t\t<\/span><\/li><li class='gallery-item'><span class='gallery-icon landscape'>\n\t\t\t\t<a href='https:\/\/kasvillarent.com\/tr\/accommodation\/villa-granado\/attachment\/villa-granado-21-2\/'><img loading=\"lazy\" decoding=\"async\" width=\"150\" height=\"150\" src=\"https:\/\/kasvillarent.com\/wp-content\/uploads\/2017\/06\/Villa-Granado-21-150x150.jpg\" class=\"attachment-thumbnail size-thumbnail\" alt=\"\" \/><\/a>\n\t\t\t<\/span><\/li><li class='gallery-item'><span class='gallery-icon landscape'>\n\t\t\t\t<a href='https:\/\/kasvillarent.com\/tr\/accommodation\/villa-granado\/attachment\/villa-granado-22-2\/'><img loading=\"lazy\" decoding=\"async\" width=\"150\" height=\"150\" src=\"https:\/\/kasvillarent.com\/wp-content\/uploads\/2017\/06\/Villa-Granado-22-150x150.jpg\" class=\"attachment-thumbnail size-thumbnail\" alt=\"\" \/><\/a>\n\t\t\t<\/span><\/li><li class='gallery-item'><span class='gallery-icon portrait'>\n\t\t\t\t<a href='https:\/\/kasvillarent.com\/tr\/accommodation\/villa-granado\/attachment\/villa-granado-07-2\/'><img loading=\"lazy\" decoding=\"async\" width=\"150\" height=\"150\" src=\"https:\/\/kasvillarent.com\/wp-content\/uploads\/2017\/06\/Villa-Granado-07-150x150.jpg\" class=\"attachment-thumbnail size-thumbnail\" alt=\"\" \/><\/a>\n\t\t\t<\/span><\/li><li class='gallery-item'><span class='gallery-icon portrait'>\n\t\t\t\t<a href='https:\/\/kasvillarent.com\/tr\/accommodation\/villa-granado\/attachment\/villa-granado-13-2\/'><img loading=\"lazy\" decoding=\"async\" width=\"150\" height=\"150\" src=\"https:\/\/kasvillarent.com\/wp-content\/uploads\/2017\/06\/Villa-Granado-13-150x150.jpg\" class=\"attachment-thumbnail size-thumbnail\" alt=\"\" \/><\/a>\n\t\t\t<\/span><\/li><li class='gallery-item'><span class='gallery-icon landscape'>\n\t\t\t\t<a href='https:\/\/kasvillarent.com\/tr\/accommodation\/villa-granado\/attachment\/villa-granado-14-2\/'><img loading=\"lazy\" decoding=\"async\" width=\"150\" height=\"150\" src=\"https:\/\/kasvillarent.com\/wp-content\/uploads\/2017\/06\/Villa-Granado-14-150x150.jpg\" class=\"attachment-thumbnail size-thumbnail\" alt=\"\" \/><\/a>\n\t\t\t<\/span><\/li><li class='gallery-item'><span class='gallery-icon landscape'>\n\t\t\t\t<a href='https:\/\/kasvillarent.com\/tr\/accommodation\/villa-granado\/attachment\/villa-granado-23-2\/'><img loading=\"lazy\" decoding=\"async\" width=\"150\" height=\"150\" src=\"https:\/\/kasvillarent.com\/wp-content\/uploads\/2017\/06\/Villa-Granado-23-150x150.jpg\" class=\"attachment-thumbnail size-thumbnail\" alt=\"\" \/><\/a>\n\t\t\t<\/span><\/li><li class='gallery-item'><span class='gallery-icon landscape'>\n\t\t\t\t<a href='https:\/\/kasvillarent.com\/tr\/accommodation\/villa-granado\/attachment\/villa-granado-27-2\/'><img loading=\"lazy\" decoding=\"async\" width=\"150\" height=\"150\" src=\"https:\/\/kasvillarent.com\/wp-content\/uploads\/2017\/06\/Villa-Granado-27-150x150.jpg\" class=\"attachment-thumbnail size-thumbnail\" alt=\"\" \/><\/a>\n\t\t\t<\/span><\/li><li class='gallery-item'><span class='gallery-icon landscape'>\n\t\t\t\t<a href='https:\/\/kasvillarent.com\/tr\/accommodation\/villa-granado\/attachment\/villa-granado-28-2\/'><img loading=\"lazy\" decoding=\"async\" width=\"150\" height=\"150\" src=\"https:\/\/kasvillarent.com\/wp-content\/uploads\/2017\/06\/Villa-Granado-28-150x150.jpg\" class=\"attachment-thumbnail size-thumbnail\" alt=\"\" \/><\/a>\n\t\t\t<\/span><\/li><li class='gallery-item'><span class='gallery-icon landscape'>\n\t\t\t\t<a href='https:\/\/kasvillarent.com\/tr\/accommodation\/villa-granado\/attachment\/villa-granado-29-2\/'><img loading=\"lazy\" decoding=\"async\" width=\"150\" height=\"150\" src=\"https:\/\/kasvillarent.com\/wp-content\/uploads\/2017\/06\/Villa-Granado-29-150x150.jpg\" class=\"attachment-thumbnail size-thumbnail\" alt=\"\" \/><\/a>\n\t\t\t<\/span><\/li><li class='gallery-item'><span class='gallery-icon landscape'>\n\t\t\t\t<a href='https:\/\/kasvillarent.com\/tr\/accommodation\/villa-granado\/attachment\/villa-granado-32-2\/'><img loading=\"lazy\" decoding=\"async\" width=\"150\" height=\"150\" src=\"https:\/\/kasvillarent.com\/wp-content\/uploads\/2017\/06\/Villa-Granado-32-150x150.jpg\" class=\"attachment-thumbnail size-thumbnail\" alt=\"\" \/><\/a>\n\t\t\t<\/span><\/li><li class='gallery-item'><span class='gallery-icon landscape'>\n\t\t\t\t<a href='https:\/\/kasvillarent.com\/tr\/accommodation\/villa-granado\/attachment\/villa-granado-31-2\/'><img loading=\"lazy\" decoding=\"async\" width=\"150\" height=\"150\" src=\"https:\/\/kasvillarent.com\/wp-content\/uploads\/2017\/06\/Villa-Granado-31-150x150.jpg\" class=\"attachment-thumbnail size-thumbnail\" alt=\"\" \/><\/a>\n\t\t\t<\/span><\/li><li class='gallery-item'><span class='gallery-icon landscape'>\n\t\t\t\t<a href='https:\/\/kasvillarent.com\/tr\/accommodation\/villa-granado\/attachment\/villa-granado-33-2\/'><img loading=\"lazy\" decoding=\"async\" width=\"150\" height=\"150\" src=\"https:\/\/kasvillarent.com\/wp-content\/uploads\/2017\/06\/Villa-Granado-33-150x150.jpg\" class=\"attachment-thumbnail size-thumbnail\" alt=\"\" \/><\/a>\n\t\t\t<\/span><\/li><li class='gallery-item'><span class='gallery-icon portrait'>\n\t\t\t\t<a href='https:\/\/kasvillarent.com\/tr\/accommodation\/villa-granado\/attachment\/villa-granado-41-2\/'><img loading=\"lazy\" decoding=\"async\" width=\"150\" height=\"150\" src=\"https:\/\/kasvillarent.com\/wp-content\/uploads\/2017\/06\/Villa-Granado-41-150x150.jpg\" class=\"attachment-thumbnail size-thumbnail\" alt=\"\" \/><\/a>\n\t\t\t<\/span><\/li><li class='gallery-item'><span class='gallery-icon landscape'>\n\t\t\t\t<a href='https:\/\/kasvillarent.com\/tr\/accommodation\/villa-granado\/attachment\/villa-granado-40-2\/'><img loading=\"lazy\" decoding=\"async\" width=\"150\" height=\"150\" src=\"https:\/\/kasvillarent.com\/wp-content\/uploads\/2017\/06\/Villa-Granado-40-150x150.jpg\" class=\"attachment-thumbnail size-thumbnail\" alt=\"\" \/><\/a>\n\t\t\t<\/span><\/li><li class='gallery-item'><span class='gallery-icon landscape'>\n\t\t\t\t<a href='https:\/\/kasvillarent.com\/tr\/accommodation\/villa-granado\/attachment\/villa-granado-39-2\/'><img loading=\"lazy\" decoding=\"async\" width=\"150\" height=\"150\" src=\"https:\/\/kasvillarent.com\/wp-content\/uploads\/2017\/06\/Villa-Granado-39-150x150.jpg\" class=\"attachment-thumbnail size-thumbnail\" alt=\"\" \/><\/a>\n\t\t\t<\/span><\/li><li class='gallery-item'><span class='gallery-icon landscape'>\n\t\t\t\t<a href='https:\/\/kasvillarent.com\/tr\/accommodation\/villa-granado\/attachment\/villa-granado-02-2\/'><img loading=\"lazy\" decoding=\"async\" width=\"150\" height=\"150\" src=\"https:\/\/kasvillarent.com\/wp-content\/uploads\/2017\/06\/Villa-Granado-02-150x150.jpg\" class=\"attachment-thumbnail size-thumbnail\" alt=\"\" \/><\/a>\n\t\t\t<\/span><\/li><li class='gallery-item'><span class='gallery-icon landscape'>\n\t\t\t\t<a href='https:\/\/kasvillarent.com\/tr\/accommodation\/villa-granado\/attachment\/villa-granado-01-2\/'><img loading=\"lazy\" decoding=\"async\" width=\"150\" height=\"150\" src=\"https:\/\/kasvillarent.com\/wp-content\/uploads\/2017\/06\/Villa-Granado-01-150x150.jpg\" class=\"attachment-thumbnail size-thumbnail\" alt=\"\" \/><\/a>\n\t\t\t<\/span><\/li><\/ul>\n\t\t<\/div>\n\n\t<\/div>\n\t\n<h2 class=\"mphb-room-type-title entry-title\">\n\n<a class=\"mphb-room-type-title\" href=\"https:\/\/kasvillarent.com\/tr\/accommodation\/villa-granado\/\">Villa Bay\u0131nd\u0131r II<\/a>\n\n<\/h2>\n\n<p>Villa Bay\u0131nd\u0131r II, Antalya&#8217;n\u0131n Ka\u015f il\u00e7esine ba\u011fl\u0131 Bay\u0131nd\u0131r k\u00f6y\u00fcnde kiralad\u0131\u011f\u0131m\u0131z ikinci villam\u0131zd\u0131r. Ka\u015f Villa Rent, Ka\u015f&#8217;taki birbirinden g\u00fczel yazl\u0131k villa portf\u00f6y\u00fcne bu villay\u0131 da dahil etmi\u015ftir. Konforlu ve huzurlu bir tatil konsepti sunan villa, dinlenebilece\u011finiz ve bedeninizi iyile\u015ftirebilece\u011finiz bir atmosfer sunuyor. Plaj ve pazarlar 3 km uzakl\u0131ktad\u0131r. \u0130htiya\u00e7lar\u0131n\u0131z i\u00e7in t\u00fcm e\u015fyalar villada mevcuttur. G\u00f6zlerden uzak &hellip; <a href=\"https:\/\/kasvillarent.com\/tr\/accommodation\/villa-granado\/\" class=\"more-link\">Continue reading<span class=\"screen-reader-text\"> &#8220;Villa Bay\u0131nd\u0131r II&#8221;<\/span><\/a><\/p>\n\n\n<h3 class=\"mphb-room-type-details-title\">Detaylar<\/h3><ul class=\"mphb-loop-room-type-attributes\">\n\n\n\t<li class=\"mphb-room-type-adults-capacity\"><span class=\"mphb-attribute-title mphb-adults-title\">Misafirler:<\/span><span class=\"mphb-attribute-value\">\n\t6\n\t<\/span><\/li>\n\t\n\n\t<li class=\"mphb-room-type-facilities\"><span class=\"mphb-attribute-title mphb-facilities-title\">Kolayl\u0131klar:<\/span><span class=\"mphb-attribute-value\"> <span class=\"facility-balkon\"><a href=\"https:\/\/kasvillarent.com\/tr\/konaklama%20tesisi\/balkon\/\">Balkon<\/a><\/span>, <span class=\"facility-duz-ekran-tv\"><a href=\"https:\/\/kasvillarent.com\/tr\/konaklama%20tesisi\/duz-ekran-tv\/\">D\u00fcz ekran TV<\/a><\/span>, <span class=\"facility-klima\"><a href=\"https:\/\/kasvillarent.com\/tr\/konaklama%20tesisi\/klima\/\">Klima<\/a><\/span>, <span class=\"facility-somine\"><a href=\"https:\/\/kasvillarent.com\/tr\/konaklama%20tesisi\/somine\/\">\u015e\u00f6mine<\/a><\/span>, <span class=\"facility-teras\"><a href=\"https:\/\/kasvillarent.com\/tr\/konaklama%20tesisi\/teras\/\">Teras<\/a><\/span>, <span class=\"facility-ucretsiz-internet\"><a href=\"https:\/\/kasvillarent.com\/tr\/konaklama%20tesisi\/ucretsiz-internet\/\">\u00dccretsiz internet<\/a><\/span>, <span class=\"facility-ucretsiz-park\"><a href=\"https:\/\/kasvillarent.com\/tr\/konaklama%20tesisi\/ucretsiz-park\/\">\u00dccretsiz park<\/a><\/span>, <span class=\"facility-villaya-ait-ozel-acik-havuz\"><a href=\"https:\/\/kasvillarent.com\/tr\/konaklama%20tesisi\/villaya-ait-ozel-acik-havuz\/\">Villaya ait \u00f6zel a\u00e7\u0131k havuz<\/a><\/span>, <span class=\"facility-yemek-alani\"><a href=\"https:\/\/kasvillarent.com\/tr\/konaklama%20tesisi\/yemek-alani\/\">Yemek alan\u0131<\/a><\/span><\/span><\/li>\n\t\n\n\n\t<li class=\"mphb-room-type-view\"><span class=\"mphb-attribute-title mphb-view-title\">G\u00f6r\u00fcnt\u00fcle:<\/span><span class=\"mphb-attribute-value\">\n\tOrman manzaras\u0131\n\t<\/span><\/li>\n\t\n\n\n\t<li class=\"mphb-room-type-size\"><span class=\"mphb-attribute-title mphb-size-title\">Boyut:<\/span><span class=\"mphb-attribute-value\">\n\t250m\u00b2\n\t<\/span><\/li>\n\t\n\n\t<li class=\"mphb-room-type-bed-type\"><span  class=\"mphb-attribute-title mphb-bed-type-title\">Yatak Tipi:<\/span><span class=\"mphb-attribute-value\">\n\t2 B\u00fcy\u00fck yatak, 2 tek ki\u015filik yatak\n\t<\/span><\/li>\n\t\n\n\t<li class=\"mphb-room-type-categories\"><span class=\"mphb-attribute-title mphb-categories-title\">Kategoriler:<\/span><span class=\"mphb-attribute-value\"> <span class=\"category-bayindir-tr\"><a href=\"https:\/\/kasvillarent.com\/tr\/konaklama-kategorisi\/bayindir-tr\/\">Bay\u0131nd\u0131r<\/a><\/span><\/span><\/li>\n\t\n<\/ul>\n<h3 class=\"mphb-room-type-details-title\">Detaylar<\/h3><ul class=\"mphb-loop-room-type-attributes\">\n\n\n\t<li class=\"mphb-room-type-adults-capacity\"><span class=\"mphb-attribute-title mphb-adults-title\">Misafirler:<\/span><span class=\"mphb-attribute-value\">\n\t6\n\t<\/span><\/li>\n\t\n\n\t<li class=\"mphb-room-type-facilities\"><span class=\"mphb-attribute-title mphb-facilities-title\">Kolayl\u0131klar:<\/span><span class=\"mphb-attribute-value\"> <span class=\"facility-balkon\"><a href=\"https:\/\/kasvillarent.com\/tr\/konaklama%20tesisi\/balkon\/\">Balkon<\/a><\/span>, <span class=\"facility-duz-ekran-tv\"><a href=\"https:\/\/kasvillarent.com\/tr\/konaklama%20tesisi\/duz-ekran-tv\/\">D\u00fcz ekran TV<\/a><\/span>, <span class=\"facility-klima\"><a href=\"https:\/\/kasvillarent.com\/tr\/konaklama%20tesisi\/klima\/\">Klima<\/a><\/span>, <span class=\"facility-somine\"><a href=\"https:\/\/kasvillarent.com\/tr\/konaklama%20tesisi\/somine\/\">\u015e\u00f6mine<\/a><\/span>, <span class=\"facility-teras\"><a href=\"https:\/\/kasvillarent.com\/tr\/konaklama%20tesisi\/teras\/\">Teras<\/a><\/span>, <span class=\"facility-ucretsiz-internet\"><a href=\"https:\/\/kasvillarent.com\/tr\/konaklama%20tesisi\/ucretsiz-internet\/\">\u00dccretsiz internet<\/a><\/span>, <span class=\"facility-ucretsiz-park\"><a href=\"https:\/\/kasvillarent.com\/tr\/konaklama%20tesisi\/ucretsiz-park\/\">\u00dccretsiz park<\/a><\/span>, <span class=\"facility-villaya-ait-ozel-acik-havuz\"><a href=\"https:\/\/kasvillarent.com\/tr\/konaklama%20tesisi\/villaya-ait-ozel-acik-havuz\/\">Villaya ait \u00f6zel a\u00e7\u0131k havuz<\/a><\/span>, <span class=\"facility-yemek-alani\"><a href=\"https:\/\/kasvillarent.com\/tr\/konaklama%20tesisi\/yemek-alani\/\">Yemek alan\u0131<\/a><\/span><\/span><\/li>\n\t\n\n\n\t<li class=\"mphb-room-type-view\"><span class=\"mphb-attribute-title mphb-view-title\">G\u00f6r\u00fcnt\u00fcle:<\/span><span class=\"mphb-attribute-value\">\n\tOrman manzaras\u0131\n\t<\/span><\/li>\n\t\n\n\n\t<li class=\"mphb-room-type-size\"><span class=\"mphb-attribute-title mphb-size-title\">Boyut:<\/span><span class=\"mphb-attribute-value\">\n\t250m\u00b2\n\t<\/span><\/li>\n\t\n\n\t<li class=\"mphb-room-type-bed-type\"><span  class=\"mphb-attribute-title mphb-bed-type-title\">Yatak Tipi:<\/span><span class=\"mphb-attribute-value\">\n\t2 B\u00fcy\u00fck yatak, 2 tek ki\u015filik yatak\n\t<\/span><\/li>\n\t\n\n\t<li class=\"mphb-room-type-categories\"><span class=\"mphb-attribute-title mphb-categories-title\">Kategoriler:<\/span><span class=\"mphb-attribute-value\"> <span class=\"category-bayindir-tr\"><a href=\"https:\/\/kasvillarent.com\/tr\/konaklama-kategorisi\/bayindir-tr\/\">Bay\u0131nd\u0131r<\/a><\/span><\/span><\/li>\n\t\n<\/ul>\n\n\t<p class=\"mphb-regular-price\"><strong>\u00dccretten itibaren:<\/strong>\n\t<span class=\"mphb-price\"><span class=\"mphb-currency\">&euro;<\/span>495<\/span> <span class=\"mphb-price-period\" title=\"\u0130lgili fiyatlar\u0131 g\u00f6rmek i\u00e7in tarih se\u00e7iniz\">gecelik<\/span><span class=\"mphb-tax-information taxes-included\"> (+taxes and fees)<\/span>\n\t<\/p>\n\t\n<p class=\"mphb-view-details-button-wrapper\">\n<a class=\"button mphb-view-details-button\" href=\"https:\/\/kasvillarent.com\/tr\/accommodation\/villa-granado\/\" >Detaylar\u0131 G\u00f6r\u00fcnt\u00fcleyin<\/a>\n<\/p>\n<div class=\"mphb-to-book-btn-wrapper\">\n<form action=\"https:\/\/kasvillarent.com\/tr\/accommodation\/villa-granado\/#booking-form-15694\" method=\"get\" ><button type=\"submit\" class=\"button mphb-book-button\" >Rezerve Edin<\/button><\/form>\n<br\/><\/div>\n\t\n<\/div>\n<\/div>\n\n<p><\/p>\n","protected":false},"excerpt":{"rendered":"<p>Ka\u015f&#8217;da kiral\u0131k villan\u0131z\u0131 ay\u0131rmak bizle kolayd\u0131r. Ka\u015f T\u00fcrkiye&#8217;de kiral\u0131k villalar i\u00e7in buraday\u0131z. Giri\u015f ve \u00c7\u0131k\u0131\u015f tarihlerini belirleyin, a\u00e7\u0131klamay\u0131 g\u00f6r\u00fcnt\u00fcleyin, Antalya Ka\u015f kiral\u0131k villan\u0131z\u0131 se\u00e7in ve rezervasyon i\u00e7in detaylar\u0131 giriniz.<\/p>\n","protected":false},"author":29,"featured_media":5913,"parent":0,"menu_order":0,"comment_status":"closed","ping_status":"closed","template":"template-full-width-page.php","meta":{"_uag_custom_page_level_css":"","_monsterinsights_skip_tracking":false,"_monsterinsights_sitenote_active":false,"_monsterinsights_sitenote_note":"","_monsterinsights_sitenote_category":0,"footnotes":""},"class_list":["post-5948","page","type-page","status-publish","has-post-thumbnail","hentry"],"yoast_head":"<!-- This site is optimized with the Yoast SEO Premium plugin v27.0 (Yoast SEO v27.0) - https:\/\/yoast.com\/product\/yoast-seo-premium-wordpress\/ -->\n<title>Villan\u0131z\u0131 se\u00e7in - Kas Villa Rent<\/title>\n<meta name=\"description\" content=\"Ka\u015f T\u00fcrkiye&#039;de kiral\u0131k villalar i\u00e7in buraday\u0131z. Sadece giri\u015f ve \u00e7\u0131k\u0131\u015f tarihlerini girin, a\u00e7\u0131klamay\u0131 g\u00f6r\u00fcnt\u00fcleyin, villan\u0131z\u0131 se\u00e7in, rezervasyon i\u00e7in ayr\u0131nt\u0131lar\u0131 sa\u011flay\u0131n. ve Ka\u015f&#039;taki yazl\u0131k villan\u0131z sadece birka\u00e7 t\u0131k uza\u011f\u0131n\u0131zda!\" \/>\n<meta name=\"robots\" content=\"index, follow, max-snippet:-1, max-image-preview:large, max-video-preview:-1\" \/>\n<link rel=\"canonical\" href=\"https:\/\/kasvillarent.com\/tr\/villanizi-secin\/\" \/>\n<meta property=\"og:locale\" content=\"tr_TR\" \/>\n<meta property=\"og:type\" content=\"article\" \/>\n<meta property=\"og:title\" content=\"Villan\u0131z\u0131 se\u00e7in\" \/>\n<meta property=\"og:description\" content=\"Ka\u015f T\u00fcrkiye&#039;de kiral\u0131k villalar i\u00e7in buraday\u0131z. Sadece giri\u015f ve \u00e7\u0131k\u0131\u015f tarihlerini girin, a\u00e7\u0131klamay\u0131 g\u00f6r\u00fcnt\u00fcleyin, villan\u0131z\u0131 se\u00e7in, rezervasyon i\u00e7in ayr\u0131nt\u0131lar\u0131 sa\u011flay\u0131n. ve Ka\u015f&#039;taki yazl\u0131k villan\u0131z sadece birka\u00e7 t\u0131k uza\u011f\u0131n\u0131zda!\" \/>\n<meta property=\"og:url\" content=\"https:\/\/kasvillarent.com\/tr\/villanizi-secin\/\" \/>\n<meta property=\"og:site_name\" content=\"Kas Villa Rent\" \/>\n<meta property=\"article:publisher\" content=\"https:\/\/www.facebook.com\/kas.villa.rent\/\" \/>\n<meta property=\"article:modified_time\" content=\"2024-07-08T12:14:05+00:00\" \/>\n<meta property=\"og:image\" content=\"https:\/\/kasvillarent.com\/wp-content\/uploads\/2017\/06\/Depositphotos_11636543_original.jpg\" \/>\n\t<meta property=\"og:image:width\" content=\"1386\" \/>\n\t<meta property=\"og:image:height\" content=\"924\" \/>\n\t<meta property=\"og:image:type\" content=\"image\/jpeg\" \/>\n<meta name=\"twitter:card\" content=\"summary_large_image\" \/>\n<script type=\"application\/ld+json\" class=\"yoast-schema-graph\">{\"@context\":\"https:\/\/schema.org\",\"@graph\":[{\"@type\":\"WebPage\",\"@id\":\"https:\/\/kasvillarent.com\/tr\/villanizi-secin\/\",\"url\":\"https:\/\/kasvillarent.com\/tr\/villanizi-secin\/\",\"name\":\"Villan\u0131z\u0131 se\u00e7in - Kas Villa Rent\",\"isPartOf\":{\"@id\":\"https:\/\/kasvillarent.com\/tr\/#website\"},\"primaryImageOfPage\":{\"@id\":\"https:\/\/kasvillarent.com\/tr\/villanizi-secin\/#primaryimage\"},\"image\":{\"@id\":\"https:\/\/kasvillarent.com\/tr\/villanizi-secin\/#primaryimage\"},\"thumbnailUrl\":\"https:\/\/kasvillarent.com\/wp-content\/uploads\/2017\/06\/Depositphotos_11636543_original.jpg\",\"datePublished\":\"2021-04-18T18:35:57+00:00\",\"dateModified\":\"2024-07-08T12:14:05+00:00\",\"description\":\"Ka\u015f T\u00fcrkiye'de kiral\u0131k villalar i\u00e7in buraday\u0131z. Sadece giri\u015f ve \u00e7\u0131k\u0131\u015f tarihlerini girin, a\u00e7\u0131klamay\u0131 g\u00f6r\u00fcnt\u00fcleyin, villan\u0131z\u0131 se\u00e7in, rezervasyon i\u00e7in ayr\u0131nt\u0131lar\u0131 sa\u011flay\u0131n. ve Ka\u015f'taki yazl\u0131k villan\u0131z sadece birka\u00e7 t\u0131k uza\u011f\u0131n\u0131zda!\",\"breadcrumb\":{\"@id\":\"https:\/\/kasvillarent.com\/tr\/villanizi-secin\/#breadcrumb\"},\"inLanguage\":\"tr\",\"potentialAction\":[{\"@type\":\"ReadAction\",\"target\":[\"https:\/\/kasvillarent.com\/tr\/villanizi-secin\/\"]}]},{\"@type\":\"ImageObject\",\"inLanguage\":\"tr\",\"@id\":\"https:\/\/kasvillarent.com\/tr\/villanizi-secin\/#primaryimage\",\"url\":\"https:\/\/kasvillarent.com\/wp-content\/uploads\/2017\/06\/Depositphotos_11636543_original.jpg\",\"contentUrl\":\"https:\/\/kasvillarent.com\/wp-content\/uploads\/2017\/06\/Depositphotos_11636543_original.jpg\",\"width\":1386,\"height\":924},{\"@type\":\"BreadcrumbList\",\"@id\":\"https:\/\/kasvillarent.com\/tr\/villanizi-secin\/#breadcrumb\",\"itemListElement\":[{\"@type\":\"ListItem\",\"position\":1,\"name\":\"Home\",\"item\":\"https:\/\/kasvillarent.com\/tr\/\"},{\"@type\":\"ListItem\",\"position\":2,\"name\":\"Villan\u0131z\u0131 se\u00e7in\"}]},{\"@type\":\"WebSite\",\"@id\":\"https:\/\/kasvillarent.com\/tr\/#website\",\"url\":\"https:\/\/kasvillarent.com\/tr\/\",\"name\":\"Kas Villa Rent\",\"description\":\"Luxury Villas in Kas Antalya\",\"publisher\":{\"@id\":\"https:\/\/kasvillarent.com\/tr\/#organization\"},\"potentialAction\":[{\"@type\":\"SearchAction\",\"target\":{\"@type\":\"EntryPoint\",\"urlTemplate\":\"https:\/\/kasvillarent.com\/tr\/?s={search_term_string}\"},\"query-input\":{\"@type\":\"PropertyValueSpecification\",\"valueRequired\":true,\"valueName\":\"search_term_string\"}}],\"inLanguage\":\"tr\"},{\"@type\":\"Organization\",\"@id\":\"https:\/\/kasvillarent.com\/tr\/#organization\",\"name\":\"Kas Villa Rent\",\"url\":\"https:\/\/kasvillarent.com\/tr\/\",\"logo\":{\"@type\":\"ImageObject\",\"inLanguage\":\"tr\",\"@id\":\"https:\/\/kasvillarent.com\/tr\/#\/schema\/logo\/image\/\",\"url\":\"https:\/\/kasvillarent.com\/wp-content\/uploads\/2022\/06\/FullColor_1280x1024_300dpi-1.png\",\"contentUrl\":\"https:\/\/kasvillarent.com\/wp-content\/uploads\/2022\/06\/FullColor_1280x1024_300dpi-1.png\",\"width\":1155,\"height\":924,\"caption\":\"Kas Villa Rent\"},\"image\":{\"@id\":\"https:\/\/kasvillarent.com\/tr\/#\/schema\/logo\/image\/\"},\"sameAs\":[\"https:\/\/www.facebook.com\/kas.villa.rent\/\",\"https:\/\/instagram.com\/kasvillarent\"]}]}<\/script>\n<!-- \/ Yoast SEO Premium plugin. -->","yoast_head_json":{"title":"Villan\u0131z\u0131 se\u00e7in - Kas Villa Rent","description":"Ka\u015f T\u00fcrkiye'de kiral\u0131k villalar i\u00e7in buraday\u0131z. Sadece giri\u015f ve \u00e7\u0131k\u0131\u015f tarihlerini girin, a\u00e7\u0131klamay\u0131 g\u00f6r\u00fcnt\u00fcleyin, villan\u0131z\u0131 se\u00e7in, rezervasyon i\u00e7in ayr\u0131nt\u0131lar\u0131 sa\u011flay\u0131n. ve Ka\u015f'taki yazl\u0131k villan\u0131z sadece birka\u00e7 t\u0131k uza\u011f\u0131n\u0131zda!","robots":{"index":"index","follow":"follow","max-snippet":"max-snippet:-1","max-image-preview":"max-image-preview:large","max-video-preview":"max-video-preview:-1"},"canonical":"https:\/\/kasvillarent.com\/tr\/villanizi-secin\/","og_locale":"tr_TR","og_type":"article","og_title":"Villan\u0131z\u0131 se\u00e7in","og_description":"Ka\u015f T\u00fcrkiye'de kiral\u0131k villalar i\u00e7in buraday\u0131z. Sadece giri\u015f ve \u00e7\u0131k\u0131\u015f tarihlerini girin, a\u00e7\u0131klamay\u0131 g\u00f6r\u00fcnt\u00fcleyin, villan\u0131z\u0131 se\u00e7in, rezervasyon i\u00e7in ayr\u0131nt\u0131lar\u0131 sa\u011flay\u0131n. ve Ka\u015f'taki yazl\u0131k villan\u0131z sadece birka\u00e7 t\u0131k uza\u011f\u0131n\u0131zda!","og_url":"https:\/\/kasvillarent.com\/tr\/villanizi-secin\/","og_site_name":"Kas Villa Rent","article_publisher":"https:\/\/www.facebook.com\/kas.villa.rent\/","article_modified_time":"2024-07-08T12:14:05+00:00","og_image":[{"width":1386,"height":924,"url":"https:\/\/kasvillarent.com\/wp-content\/uploads\/2017\/06\/Depositphotos_11636543_original.jpg","type":"image\/jpeg"}],"twitter_card":"summary_large_image","schema":{"@context":"https:\/\/schema.org","@graph":[{"@type":"WebPage","@id":"https:\/\/kasvillarent.com\/tr\/villanizi-secin\/","url":"https:\/\/kasvillarent.com\/tr\/villanizi-secin\/","name":"Villan\u0131z\u0131 se\u00e7in - Kas Villa Rent","isPartOf":{"@id":"https:\/\/kasvillarent.com\/tr\/#website"},"primaryImageOfPage":{"@id":"https:\/\/kasvillarent.com\/tr\/villanizi-secin\/#primaryimage"},"image":{"@id":"https:\/\/kasvillarent.com\/tr\/villanizi-secin\/#primaryimage"},"thumbnailUrl":"https:\/\/kasvillarent.com\/wp-content\/uploads\/2017\/06\/Depositphotos_11636543_original.jpg","datePublished":"2021-04-18T18:35:57+00:00","dateModified":"2024-07-08T12:14:05+00:00","description":"Ka\u015f T\u00fcrkiye'de kiral\u0131k villalar i\u00e7in buraday\u0131z. Sadece giri\u015f ve \u00e7\u0131k\u0131\u015f tarihlerini girin, a\u00e7\u0131klamay\u0131 g\u00f6r\u00fcnt\u00fcleyin, villan\u0131z\u0131 se\u00e7in, rezervasyon i\u00e7in ayr\u0131nt\u0131lar\u0131 sa\u011flay\u0131n. ve Ka\u015f'taki yazl\u0131k villan\u0131z sadece birka\u00e7 t\u0131k uza\u011f\u0131n\u0131zda!","breadcrumb":{"@id":"https:\/\/kasvillarent.com\/tr\/villanizi-secin\/#breadcrumb"},"inLanguage":"tr","potentialAction":[{"@type":"ReadAction","target":["https:\/\/kasvillarent.com\/tr\/villanizi-secin\/"]}]},{"@type":"ImageObject","inLanguage":"tr","@id":"https:\/\/kasvillarent.com\/tr\/villanizi-secin\/#primaryimage","url":"https:\/\/kasvillarent.com\/wp-content\/uploads\/2017\/06\/Depositphotos_11636543_original.jpg","contentUrl":"https:\/\/kasvillarent.com\/wp-content\/uploads\/2017\/06\/Depositphotos_11636543_original.jpg","width":1386,"height":924},{"@type":"BreadcrumbList","@id":"https:\/\/kasvillarent.com\/tr\/villanizi-secin\/#breadcrumb","itemListElement":[{"@type":"ListItem","position":1,"name":"Home","item":"https:\/\/kasvillarent.com\/tr\/"},{"@type":"ListItem","position":2,"name":"Villan\u0131z\u0131 se\u00e7in"}]},{"@type":"WebSite","@id":"https:\/\/kasvillarent.com\/tr\/#website","url":"https:\/\/kasvillarent.com\/tr\/","name":"Kas Villa Rent","description":"Luxury Villas in Kas Antalya","publisher":{"@id":"https:\/\/kasvillarent.com\/tr\/#organization"},"potentialAction":[{"@type":"SearchAction","target":{"@type":"EntryPoint","urlTemplate":"https:\/\/kasvillarent.com\/tr\/?s={search_term_string}"},"query-input":{"@type":"PropertyValueSpecification","valueRequired":true,"valueName":"search_term_string"}}],"inLanguage":"tr"},{"@type":"Organization","@id":"https:\/\/kasvillarent.com\/tr\/#organization","name":"Kas Villa Rent","url":"https:\/\/kasvillarent.com\/tr\/","logo":{"@type":"ImageObject","inLanguage":"tr","@id":"https:\/\/kasvillarent.com\/tr\/#\/schema\/logo\/image\/","url":"https:\/\/kasvillarent.com\/wp-content\/uploads\/2022\/06\/FullColor_1280x1024_300dpi-1.png","contentUrl":"https:\/\/kasvillarent.com\/wp-content\/uploads\/2022\/06\/FullColor_1280x1024_300dpi-1.png","width":1155,"height":924,"caption":"Kas Villa Rent"},"image":{"@id":"https:\/\/kasvillarent.com\/tr\/#\/schema\/logo\/image\/"},"sameAs":["https:\/\/www.facebook.com\/kas.villa.rent\/","https:\/\/instagram.com\/kasvillarent"]}]}},"uagb_featured_image_src":{"full":["https:\/\/kasvillarent.com\/wp-content\/uploads\/2017\/06\/Depositphotos_11636543_original.jpg",1386,924,false],"thumbnail":["https:\/\/kasvillarent.com\/wp-content\/uploads\/2017\/06\/Depositphotos_11636543_original-150x150.jpg",150,150,true],"medium":["https:\/\/kasvillarent.com\/wp-content\/uploads\/2017\/06\/Depositphotos_11636543_original-300x200.jpg",300,200,true],"medium_large":["https:\/\/kasvillarent.com\/wp-content\/uploads\/2017\/06\/Depositphotos_11636543_original-768x512.jpg",768,512,true],"large":["https:\/\/kasvillarent.com\/wp-content\/uploads\/2017\/06\/Depositphotos_11636543_original-1024x683.jpg",769,513,true],"1536x1536":["https:\/\/kasvillarent.com\/wp-content\/uploads\/2017\/06\/Depositphotos_11636543_original.jpg",1386,924,false],"2048x2048":["https:\/\/kasvillarent.com\/wp-content\/uploads\/2017\/06\/Depositphotos_11636543_original.jpg",1386,924,false],"post-thumbnail":["https:\/\/kasvillarent.com\/wp-content\/uploads\/2017\/06\/Depositphotos_11636543_original-1386x734.jpg",1386,734,true],"villagio-thumb-large":["https:\/\/kasvillarent.com\/wp-content\/uploads\/2017\/06\/Depositphotos_11636543_original.jpg",1386,924,false],"villagio-thumb-medium":["https:\/\/kasvillarent.com\/wp-content\/uploads\/2017\/06\/Depositphotos_11636543_original-927x618.jpg",927,618,true],"villagio-thumb-small":["https:\/\/kasvillarent.com\/wp-content\/uploads\/2017\/06\/Depositphotos_11636543_original-717x540.jpg",717,540,true],"villagio-thumb-small-x2":["https:\/\/kasvillarent.com\/wp-content\/uploads\/2017\/06\/Depositphotos_11636543_original.jpg",1386,924,false]},"uagb_author_info":{"display_name":"Mehmet_Y","author_link":"https:\/\/kasvillarent.com\/tr\/author\/mehmet_y\/"},"uagb_comment_info":0,"uagb_excerpt":"Ka\u015f&#8217;da kiral\u0131k villan\u0131z\u0131 ay\u0131rmak bizle kolayd\u0131r. Ka\u015f T\u00fcrkiye&#8217;de kiral\u0131k villalar i\u00e7in buraday\u0131z. Giri\u015f ve \u00c7\u0131k\u0131\u015f tarihlerini belirleyin, a\u00e7\u0131klamay\u0131 g\u00f6r\u00fcnt\u00fcleyin, Antalya Ka\u015f kiral\u0131k villan\u0131z\u0131 se\u00e7in ve rezervasyon i\u00e7in detaylar\u0131 giriniz.","jetpack_sharing_enabled":true,"_links":{"self":[{"href":"https:\/\/kasvillarent.com\/tr\/wp-json\/wp\/v2\/pages\/5948","targetHints":{"allow":["GET"]}}],"collection":[{"href":"https:\/\/kasvillarent.com\/tr\/wp-json\/wp\/v2\/pages"}],"about":[{"href":"https:\/\/kasvillarent.com\/tr\/wp-json\/wp\/v2\/types\/page"}],"author":[{"embeddable":true,"href":"https:\/\/kasvillarent.com\/tr\/wp-json\/wp\/v2\/users\/29"}],"replies":[{"embeddable":true,"href":"https:\/\/kasvillarent.com\/tr\/wp-json\/wp\/v2\/comments?post=5948"}],"version-history":[{"count":7,"href":"https:\/\/kasvillarent.com\/tr\/wp-json\/wp\/v2\/pages\/5948\/revisions"}],"predecessor-version":[{"id":14333,"href":"https:\/\/kasvillarent.com\/tr\/wp-json\/wp\/v2\/pages\/5948\/revisions\/14333"}],"wp:featuredmedia":[{"embeddable":true,"href":"https:\/\/kasvillarent.com\/tr\/wp-json\/wp\/v2\/media\/5913"}],"wp:attachment":[{"href":"https:\/\/kasvillarent.com\/tr\/wp-json\/wp\/v2\/media?parent=5948"}],"curies":[{"name":"wp","href":"https:\/\/api.w.org\/{rel}","templated":true}]}}