{"id":7258,"date":"2021-05-16T11:47:12","date_gmt":"2021-05-16T08:47:12","guid":{"rendered":"https:\/\/kasvillarent.com\/ilginizi-cekebilecek-yerler\/tarihi-yerler\/patara\/"},"modified":"2025-07-05T21:14:01","modified_gmt":"2025-07-05T18:14:01","slug":"patara","status":"publish","type":"page","link":"https:\/\/kasvillarent.com\/tr\/ilginizi-cekebilecek-yerler\/tarihi-yerler\/patara\/","title":{"rendered":"Patara"},"content":{"rendered":"\n<p>Antalya ve Ka\u015f b\u00f6lgesinde \u00e7ok say\u0131da antik kent bulunmaktad\u0131r. Antalya&#8217;n\u0131n Ka\u015f il\u00e7esine ba\u011fl\u0131 olan Patara Antik Kenti, uzun plaj\u0131yla da tan\u0131n\u0131r. Ayr\u0131ca 2020 y\u0131l\u0131n\u0131n Patara y\u0131l\u0131 ilan edilmesiyle turizm a\u00e7\u0131s\u0131ndan \u00f6nemi artm\u0131\u015ft\u0131r.<\/p>\n<h5><span style=\"color: #000080;\">Patara Tarihi<\/span><\/h5>\n<p>Patara&#8217;daki yerle\u015fim, Demir \u00c7a\u011f\u0131&#8217;ndan eski zamanlara kadar gitmektedir ve o d\u00f6nemlere ait buluntular da bunu desteklemektedir.&nbsp; Ku\u015fkusuz b\u00f6lgenin en eski \u015fehirlerinden biridir.&nbsp; Hitit dilinde &#8220;Patar&#8221; olarak an\u0131lan kent, Likya dilinde &#8220;Pttara&#8221; ad\u0131n\u0131 alm\u0131\u015ft\u0131r.<\/p>\n<p>M\u00d6 2. y\u00fczy\u0131lda Patara \u00f6zerkli\u011fini Roma&#8217;dan ve sonras\u0131nda Rodos&#8217;tan ba\u011f\u0131ms\u0131zl\u0131\u011f\u0131n\u0131 kazanm\u0131\u015f, Seleukos Krall\u0131\u011f\u0131&#8217;na ba\u011flanarak Likya Birli\u011fi&#8217;nin ba\u015fkenti olmu\u015ftur. Roma \u0130mparatorlu\u011fu&#8217;nun egemenli\u011fine girdikten sonra da \u00f6nemini korumaya devam etti. Roma&#8217;y\u0131 Anadolu&#8217;ya ba\u011flayan bir deniz \u00fcss\u00fc olmas\u0131 ve ticaret gemileri i\u00e7in bir tah\u0131l ambar\u0131 olmas\u0131 sayesinde y\u00fczy\u0131llard\u0131r \u00f6nemini korumay\u0131 ba\u015farm\u0131\u015ft\u0131r.<\/p>\n<figure id=\"attachment_5613\" aria-describedby=\"caption-attachment-5613\" style=\"width: 2048px\" class=\"wp-caption alignnone\"><img fetchpriority=\"high\" decoding=\"async\" class=\"size-full wp-image-2102\" src=\"https:\/\/kasvillarent.com\/wp-content\/uploads\/2020\/12\/Patara-Main-street.jpg\" alt=\"Patara ana caddesi\" width=\"2048\" height=\"1060\" srcset=\"https:\/\/kasvillarent.com\/wp-content\/uploads\/2020\/12\/Patara-Main-street.jpg 1785w, https:\/\/kasvillarent.com\/wp-content\/uploads\/2020\/12\/Patara-Main-street-300x155.jpg 300w, https:\/\/kasvillarent.com\/wp-content\/uploads\/2020\/12\/Patara-Main-street-1024x530.jpg 1024w, https:\/\/kasvillarent.com\/wp-content\/uploads\/2020\/12\/Patara-Main-street-768x398.jpg 768w, https:\/\/kasvillarent.com\/wp-content\/uploads\/2020\/12\/Patara-Main-street-1536x795.jpg 1536w, https:\/\/kasvillarent.com\/wp-content\/uploads\/2020\/12\/Patara-Main-street-1194x618.jpg 1194w, https:\/\/kasvillarent.com\/wp-content\/uploads\/2020\/12\/Patara-Main-street-20x10.jpg 20w\" sizes=\"(max-width: 2048px) 100vw, 2048px\" \/><figcaption id=\"caption-attachment-5613\" class=\"wp-caption-text\">Patara Ana Cadde<\/figcaption><\/figure>\n<h5><span style=\"color: #000080;\">Mettius Modestus<\/span> <span style=\"color: #000080;\">Kemeri<\/span><\/h5>\n<p>Patara&#8217;n\u0131n ana giri\u015finden 400 metre sonra sa\u011fda Mettius Modestus Kemeri&#8217;ni g\u00f6receksiniz. Kente kuzeyden karadan giri\u015fi simgeleyen kemer, MS 100 y\u0131l\u0131nda \u015fehrin valisi Mettius Modestus taraf\u0131ndan yapt\u0131r\u0131lm\u0131\u015ft\u0131r. \u00dc\u00e7 kemerli, 10 metre y\u00fcksekli\u011finde bir yap\u0131 olan kemer, yerel kalkerler kullan\u0131larak in\u015fa edilmi\u015ftir.<\/p>\n<figure id=\"attachment_5606\" aria-describedby=\"caption-attachment-5606\" style=\"width: 2048px\" class=\"wp-caption alignnone\"><img decoding=\"async\" class=\"size-full wp-image-2105\" src=\"https:\/\/kasvillarent.com\/wp-content\/uploads\/2020\/12\/Patara-Arch-Mettius-Modestus.jpg\" alt=\"Patara Mettius Modestus Kemeri\" width=\"2048\" height=\"1152\" srcset=\"https:\/\/kasvillarent.com\/wp-content\/uploads\/2020\/12\/Patara-Arch-Mettius-Modestus.jpg 1643w, https:\/\/kasvillarent.com\/wp-content\/uploads\/2020\/12\/Patara-Arch-Mettius-Modestus-300x169.jpg 300w, https:\/\/kasvillarent.com\/wp-content\/uploads\/2020\/12\/Patara-Arch-Mettius-Modestus-1024x576.jpg 1024w, https:\/\/kasvillarent.com\/wp-content\/uploads\/2020\/12\/Patara-Arch-Mettius-Modestus-768x432.jpg 768w, https:\/\/kasvillarent.com\/wp-content\/uploads\/2020\/12\/Patara-Arch-Mettius-Modestus-1536x864.jpg 1536w, https:\/\/kasvillarent.com\/wp-content\/uploads\/2020\/12\/Patara-Arch-Mettius-Modestus-1099x618.jpg 1099w, https:\/\/kasvillarent.com\/wp-content\/uploads\/2020\/12\/Patara-Arch-Mettius-Modestus-20x11.jpg 20w\" sizes=\"(max-width: 2048px) 100vw, 2048px\" \/><figcaption id=\"caption-attachment-5606\" class=\"wp-caption-text\">Patara Mettius Modestus Kemeri<\/figcaption><\/figure>\n<p>Giri\u015f taraf\u0131nda <em>&#8220;Likya Ulusunun Ba\u015fkenti Patara Halk\u0131&#8221;<\/em> yazan kemerin \u00fczerindeki yaz\u0131tta <em>&#8220;Likya ve Pamfilya&#8217;n\u0131n genel valisi Mettius Modestus&#8217;u, babas\u0131 Mettius Rufus&#8217;u, annesi Honorata&#8217;y\u0131, valinin tanr\u0131s\u0131n\u0131 ve Patara kentinin hay\u0131rseverlerini onurland\u0131r\u0131r<\/em>&#8221; ifadesi yer al\u0131yor.<\/p>\n<p>Kemeri inceleyebilmek i\u00e7in arac\u0131n\u0131z\u0131 yol kenar\u0131na park etmeniz ve daha sonra tekrar yola devam etmeniz gerekiyor \u00e7\u00fcnk\u00fc kemer antik kentin merkezine olduk\u00e7a uzak.  Patara, d\u00f6neminin en b\u00fcy\u00fck \u015fehirlerinden biri oldu\u011fu i\u00e7in bulunan eserler geni\u015f bir alana yay\u0131lm\u0131\u015f durumda.<\/p>\n<h5><span style=\"color: #003366;\">Bizans Bazilikas\u0131<\/span><\/h5>\n<p>Kemeri ge\u00e7tikten sonra&nbsp;, biraz daha sa\u011fda Bizans Bazilikas\u0131 kal\u0131nt\u0131lar\u0131n\u0131 g\u00f6rebilirsiniz. MS 6. y\u00fczy\u0131lda in\u015fa edilen bazilika, Likya&#8217;n\u0131n en eski ve en b\u00fcy\u00fck Hristiyan bazilikalar\u0131ndan biri olmas\u0131n\u0131n yan\u0131 s\u0131ra Patara&#8217;daki tek bazilikad\u0131r.<\/p>\n<figure id=\"attachment_5605\" aria-describedby=\"caption-attachment-5605\" style=\"width: 803px\" class=\"wp-caption aligncenter\"><img decoding=\"async\" class=\" wp-image-2106\" src=\"https:\/\/kasvillarent.com\/wp-content\/uploads\/2020\/12\/Patara-Bazilika.jpg\" alt=\"Bizans Bazilikas\u0131\" width=\"803\" height=\"451\" srcset=\"https:\/\/kasvillarent.com\/wp-content\/uploads\/2020\/12\/Patara-Bazilika.jpg 1643w, https:\/\/kasvillarent.com\/wp-content\/uploads\/2020\/12\/Patara-Bazilika-300x169.jpg 300w, https:\/\/kasvillarent.com\/wp-content\/uploads\/2020\/12\/Patara-Bazilika-1024x576.jpg 1024w, https:\/\/kasvillarent.com\/wp-content\/uploads\/2020\/12\/Patara-Bazilika-768x432.jpg 768w, https:\/\/kasvillarent.com\/wp-content\/uploads\/2020\/12\/Patara-Bazilika-1536x864.jpg 1536w, https:\/\/kasvillarent.com\/wp-content\/uploads\/2020\/12\/Patara-Bazilika-1099x618.jpg 1099w, https:\/\/kasvillarent.com\/wp-content\/uploads\/2020\/12\/Patara-Bazilika-20x11.jpg 20w\" sizes=\"(max-width: 803px) 100vw, 803px\" \/><figcaption id=\"caption-attachment-5605\" class=\"wp-caption-text\">Bizans Bazilikas\u0131<\/figcaption><\/figure>\n<p>Bazilikan\u0131n yan\u0131nda bir piskoposluk saray\u0131 ke\u015ffedildi, ancak bu saray\u0131n \u00e7o\u011fu hala yer alt\u0131nda g\u00fcn y\u00fcz\u00fcne \u00e7\u0131kar\u0131lmay\u0131 bekliyor.&nbsp;<\/p>\n<h5><span style=\"color: #000080;\">Likya Birli\u011fi Parlamento Binas\u0131<\/span><\/h5>\n<p>Frans\u0131z entelekt\u00fcel Montesquieu, Likya&#8217;y\u0131, &#8220;<strong>Kanunlar\u0131n Ruhu&#8221;<\/strong> adl\u0131 \u00fcnl\u00fc eserinde<em>&#8220;Cumhuriyet\u00e7i modelin m\u00fckemmel bir \u00f6rne\u011fi&#8221;<\/em> olarak tan\u0131mlamaktad\u0131r. \u015eimdi bu cumhuriyetin meclisindeyiz.<\/p>\n<p>Bouleuterion ad\u0131 verilen parlamento binas\u0131 M\u00d6 2. y\u00fczy\u0131lda in\u015fa edilmi\u015f ve zamanla eklemelerle b\u00fcy\u00fcm\u00fc\u015ft\u00fcr.&nbsp; MS 2. y\u00fczy\u0131lda meydana gelen bir depremde y\u0131k\u0131ld\u0131ktan sonra yeniden in\u015fa edilmi\u015f ve m\u00fczik evi olan odeion i\u015flevine getirilmi\u015ftir.<\/p>\n<p>Yakla\u015f\u0131k 1400 ki\u015fi kapasiteli, k\u00fc\u00e7\u00fck bir tiyatro g\u00f6r\u00fcn\u00fcm\u00fcndeki bu yap\u0131n\u0131n, vali i\u00e7in yap\u0131lm\u0131\u015f tribunelle denilen bir de locas\u0131 bulunuyor.<\/p>\n<figure id=\"attachment_5590\" aria-describedby=\"caption-attachment-5590\" style=\"width: 2048px\" class=\"wp-caption alignnone\"><img loading=\"lazy\" decoding=\"async\" class=\"size-full wp-image-2107\" src=\"https:\/\/kasvillarent.com\/wp-content\/uploads\/2020\/12\/Lycian-Union-Parliament-Building.jpg\" alt=\"Likya Birli\u011fi Parlamento Binas\u0131\" width=\"2048\" height=\"1152\" srcset=\"https:\/\/kasvillarent.com\/wp-content\/uploads\/2020\/12\/Lycian-Union-Parliament-Building.jpg 1643w, https:\/\/kasvillarent.com\/wp-content\/uploads\/2020\/12\/Lycian-Union-Parliament-Building-300x169.jpg 300w, https:\/\/kasvillarent.com\/wp-content\/uploads\/2020\/12\/Lycian-Union-Parliament-Building-1024x576.jpg 1024w, https:\/\/kasvillarent.com\/wp-content\/uploads\/2020\/12\/Lycian-Union-Parliament-Building-768x432.jpg 768w, https:\/\/kasvillarent.com\/wp-content\/uploads\/2020\/12\/Lycian-Union-Parliament-Building-1536x864.jpg 1536w, https:\/\/kasvillarent.com\/wp-content\/uploads\/2020\/12\/Lycian-Union-Parliament-Building-1099x618.jpg 1099w, https:\/\/kasvillarent.com\/wp-content\/uploads\/2020\/12\/Lycian-Union-Parliament-Building-20x11.jpg 20w\" sizes=\"(max-width: 2048px) 100vw, 2048px\" \/><figcaption id=\"caption-attachment-5590\" class=\"wp-caption-text\">Likya Birli\u011fi Parlamento Binas\u0131<\/figcaption><\/figure>\n<p>&nbsp; Birlik Parlamento Binas\u0131&#8217;n\u0131n \u00f6n\u00fcnde Patara antik kenti kaz\u0131lar\u0131nda bulunan yaz\u0131tlar s\u0131ralanm\u0131\u015ft\u0131r. Bu yaz\u0131tlar \u015fehrin b\u00fcrokratlar\u0131n\u0131n l&nbsp; \u00f6l\u00fcmlerinden sonra \u015fehrin ileri gelenlerini onurland\u0131rmak i\u00e7in yazd\u0131klar\u0131 yap\u0131tlard\u0131r.&nbsp;<\/p>\n\n<div class=\"wp-block-jetpack-tiled-gallery aligncenter is-style-square\"><div class=\"tiled-gallery__gallery\"><div class=\"tiled-gallery__row columns-1\"><div class=\"tiled-gallery__col\"><figure class=\"tiled-gallery__item\"><img decoding=\"async\" srcset=\"https:\/\/i1.wp.com\/kasvillarent.com\/wp-content\/uploads\/2020\/12\/Patara-Inscriptions-1.jpg?resize=600%2C600&#038;strip=info&#038;ssl=1 600w,https:\/\/i1.wp.com\/kasvillarent.com\/wp-content\/uploads\/2020\/12\/Patara-Inscriptions-1.jpg?resize=900%2C900&#038;strip=info&#038;ssl=1 900w,https:\/\/i1.wp.com\/kasvillarent.com\/wp-content\/uploads\/2020\/12\/Patara-Inscriptions-1.jpg?resize=1152%2C1152&#038;strip=info&#038;ssl=1 1152w\" alt=\"Patara Yaz\u0131tlar\u0131\" data-height=\"1152\" data-id=\"2118\" data-link=\"https:\/\/kasvillarent.com\/places-of-interest\/historic-places\/patara\/attachment\/patara-inscriptions-1\/\" data-url=\"https:\/\/kasvillarent.com\/wp-content\/uploads\/2020\/12\/Patara-Inscriptions-1.jpg\" data-width=\"2048\" src=\"https:\/\/i1.wp.com\/kasvillarent.com\/wp-content\/uploads\/2020\/12\/Patara-Inscriptions-1.jpg?ssl=1&amp;resize=1152%2C1152\" data-amp-layout=\"responsive\"><\/figure><\/div><\/div><div class=\"tiled-gallery__row columns-3\"><div class=\"tiled-gallery__col\"><figure class=\"tiled-gallery__item\"><img decoding=\"async\" srcset=\"https:\/\/i0.wp.com\/kasvillarent.com\/wp-content\/uploads\/2020\/12\/Patara-Inscriptions-4.jpg?resize=600%2C600&#038;strip=info&#038;ssl=1 600w,https:\/\/i0.wp.com\/kasvillarent.com\/wp-content\/uploads\/2020\/12\/Patara-Inscriptions-4.jpg?resize=900%2C900&#038;strip=info&#038;ssl=1 900w,https:\/\/i0.wp.com\/kasvillarent.com\/wp-content\/uploads\/2020\/12\/Patara-Inscriptions-4.jpg?resize=1050%2C1050&#038;strip=info&#038;ssl=1 1050w\" alt=\"\" data-height=\"1867\" data-id=\"2119\" data-link=\"https:\/\/kasvillarent.com\/places-of-interest\/historic-places\/patara\/attachment\/patara-inscriptions-4\/\" data-url=\"https:\/\/kasvillarent.com\/wp-content\/uploads\/2020\/12\/Patara-Inscriptions-4.jpg\" data-width=\"1050\" src=\"https:\/\/i0.wp.com\/kasvillarent.com\/wp-content\/uploads\/2020\/12\/Patara-Inscriptions-4.jpg?ssl=1&amp;resize=1050%2C1050\" data-amp-layout=\"responsive\"><\/figure><\/div><div class=\"tiled-gallery__col\"><figure class=\"tiled-gallery__item\"><img decoding=\"async\" srcset=\"https:\/\/i0.wp.com\/kasvillarent.com\/wp-content\/uploads\/2020\/12\/Patara-Inscriptions-3.jpg?resize=600%2C600&#038;strip=info&#038;ssl=1 600w,https:\/\/i0.wp.com\/kasvillarent.com\/wp-content\/uploads\/2020\/12\/Patara-Inscriptions-3.jpg?resize=900%2C900&#038;strip=info&#038;ssl=1 900w,https:\/\/i0.wp.com\/kasvillarent.com\/wp-content\/uploads\/2020\/12\/Patara-Inscriptions-3.jpg?resize=1050%2C1050&#038;strip=info&#038;ssl=1 1050w\" alt=\"\" data-height=\"1867\" data-id=\"2120\" data-link=\"https:\/\/kasvillarent.com\/places-of-interest\/historic-places\/patara\/attachment\/patara-inscriptions-3\/\" data-url=\"https:\/\/kasvillarent.com\/wp-content\/uploads\/2020\/12\/Patara-Inscriptions-3.jpg\" data-width=\"1050\" src=\"https:\/\/i0.wp.com\/kasvillarent.com\/wp-content\/uploads\/2020\/12\/Patara-Inscriptions-3.jpg?ssl=1&amp;resize=1050%2C1050\" data-amp-layout=\"responsive\"><\/figure><\/div><div class=\"tiled-gallery__col\"><figure class=\"tiled-gallery__item\"><img decoding=\"async\" srcset=\"https:\/\/i1.wp.com\/kasvillarent.com\/wp-content\/uploads\/2020\/12\/Patara-Inscriptions-2-1.jpg?resize=600%2C600&#038;strip=info&#038;ssl=1 600w,https:\/\/i1.wp.com\/kasvillarent.com\/wp-content\/uploads\/2020\/12\/Patara-Inscriptions-2-1.jpg?resize=900%2C900&#038;strip=info&#038;ssl=1 900w,https:\/\/i1.wp.com\/kasvillarent.com\/wp-content\/uploads\/2020\/12\/Patara-Inscriptions-2-1.jpg?resize=1050%2C1050&#038;strip=info&#038;ssl=1 1050w\" alt=\"\" data-height=\"1867\" data-id=\"2121\" data-link=\"https:\/\/kasvillarent.com\/places-of-interest\/historic-places\/patara\/attachment\/patara-inscriptions-2-1\/\" data-url=\"https:\/\/kasvillarent.com\/wp-content\/uploads\/2020\/12\/Patara-Inscriptions-2-1.jpg\" data-width=\"1050\" src=\"https:\/\/i1.wp.com\/kasvillarent.com\/wp-content\/uploads\/2020\/12\/Patara-Inscriptions-2-1.jpg?ssl=1&amp;resize=1050%2C1050\" data-amp-layout=\"responsive\"><\/figure><\/div><\/div><\/div><\/div>\n<h5><span style=\"color: #003366;\">&nbsp;Tiyatro<\/span><\/h5>\n<p>Kentin g\u00fcneyinde denize yak\u0131n konumda M\u00d6 -2 y\u0131l\u0131nda yap\u0131lm\u0131\u015f antik bir tiyatro bulunmaktad\u0131r. 6000 ki\u015fi kapasiteli,&nbsp;&nbsp; Tiyatronun tepesine bir tap\u0131nak da in\u015fa edildi. Tanr\u0131&#8217;ya ve imparator k\u00fclt\u00fcne adanm\u0131\u015f bu tap\u0131nak, Patara tiyatrosu i\u00e7in \u00f6nemli bir uygulama olarak kabul ediliyor. Tiyatroda oyunlar\u0131n yan\u0131 s\u0131ra gladyat\u00f6r ve vah\u015fi hayvan d\u00f6v\u00fc\u015fleri de yap\u0131ld\u0131.<\/p>\n<figure id=\"attachment_5614\" aria-describedby=\"caption-attachment-5614\" style=\"width: 2048px\" class=\"wp-caption alignnone\"><img loading=\"lazy\" decoding=\"async\" class=\"wp-image-2101 size-full\" src=\"https:\/\/kasvillarent.com\/wp-content\/uploads\/2020\/12\/Patara.jpg\" alt=\"Patara Tiyatrosu\" width=\"2048\" height=\"1152\" srcset=\"https:\/\/kasvillarent.com\/wp-content\/uploads\/2020\/12\/Patara.jpg 1643w, https:\/\/kasvillarent.com\/wp-content\/uploads\/2020\/12\/Patara-300x169.jpg 300w, https:\/\/kasvillarent.com\/wp-content\/uploads\/2020\/12\/Patara-1024x576.jpg 1024w, https:\/\/kasvillarent.com\/wp-content\/uploads\/2020\/12\/Patara-768x432.jpg 768w, https:\/\/kasvillarent.com\/wp-content\/uploads\/2020\/12\/Patara-1536x864.jpg 1536w, https:\/\/kasvillarent.com\/wp-content\/uploads\/2020\/12\/Patara-1099x618.jpg 1099w, https:\/\/kasvillarent.com\/wp-content\/uploads\/2020\/12\/Patara-20x11.jpg 20w\" sizes=\"(max-width: 2048px) 100vw, 2048px\" \/><figcaption id=\"caption-attachment-5614\" class=\"wp-caption-text\">Para Tiyatrosu<\/figcaption><\/figure>\n<h5><span style=\"color: #003366;\">Ana cadde&nbsp;<\/span><\/h5>\n<p>Patara&#8217;n\u0131n \u00e7ok iyi korunmu\u015f, 12 metre geni\u015fli\u011findeki ana caddesi, liman\u0131 ana caddeye ba\u011fl\u0131yor ve halk ticaret ve toplant\u0131lar i\u00e7in bulu\u015fuyor. Caddenin her iki yan\u0131nda granit ve mermerden yap\u0131lm\u0131\u015f s\u00fctunlu revaklardan olu\u015fan 100 metrelik hen\u00fcz tam olarak ortaya \u00e7\u0131kar\u0131lmam\u0131\u015f bir b\u00f6l\u00fcm fark edebilirsiniz.&nbsp; Bu revaklar\u0131n arkas\u0131ndaki d\u00fckkanlar\u0131n temelleri g\u00f6r\u00fclebilir.<\/p>\n<p>Sokakta tekerlek izi bulunmad\u0131\u011f\u0131ndan caddenin sadece yaya kullan\u0131m\u0131 i\u00e7in oldu\u011fu d\u00fc\u015f\u00fcn\u00fclmektedir. Kanalizasyon sisteminin caddenin alt\u0131ndan ge\u00e7ti\u011fi de belirlendi. Depremlerle y\u0131k\u0131lan ve sular alt\u0131nda kalan cadde, s\u00fctunlu yap\u0131s\u0131yla bug\u00fcn \u00e7ok ilgin\u00e7 g\u00f6r\u00fcn\u00fcyor.<\/p>\n<figure id=\"attachment_5583\" aria-describedby=\"caption-attachment-5583\" style=\"width: 2048px\" class=\"wp-caption alignnone\"><img loading=\"lazy\" decoding=\"async\" class=\"wp-image-2123 size-full\" src=\"https:\/\/kasvillarent.com\/wp-content\/uploads\/2020\/12\/Patara-Main-street-2.jpg\" alt=\"Patara Ana Cadde\" width=\"2048\" height=\"1152\" srcset=\"https:\/\/kasvillarent.com\/wp-content\/uploads\/2020\/12\/Patara-Main-street-2.jpg 1643w, https:\/\/kasvillarent.com\/wp-content\/uploads\/2020\/12\/Patara-Main-street-2-300x169.jpg 300w, https:\/\/kasvillarent.com\/wp-content\/uploads\/2020\/12\/Patara-Main-street-2-1024x576.jpg 1024w, https:\/\/kasvillarent.com\/wp-content\/uploads\/2020\/12\/Patara-Main-street-2-768x432.jpg 768w, https:\/\/kasvillarent.com\/wp-content\/uploads\/2020\/12\/Patara-Main-street-2-1536x864.jpg 1536w, https:\/\/kasvillarent.com\/wp-content\/uploads\/2020\/12\/Patara-Main-street-2-1099x618.jpg 1099w, https:\/\/kasvillarent.com\/wp-content\/uploads\/2020\/12\/Patara-Main-street-2-20x11.jpg 20w\" sizes=\"(max-width: 2048px) 100vw, 2048px\" \/><figcaption id=\"caption-attachment-5583\" class=\"wp-caption-text\">Patara Ana Cadde<\/figcaption><\/figure>\n<h5><span style=\"color: #000080;\">Banyo<\/span><\/h5>\n<p>Ana Caddenin yan\u0131nda \u015fehrin merkezi hamam\u0131 oldu\u011fu \u00f6\u011fretilen bir bina var. Hamam\u0131n bir k\u0131sm\u0131 hala yer alt\u0131nda oldu\u011fu i\u00e7in bug\u00fcn daha \u00e7ok bir harabeye benziyor. Ke\u015ffedilen b\u00f6l\u00fcmden hamam\u0131n so\u011fuk, \u0131l\u0131k ve s\u0131cak gibi b\u00f6l\u00fcmlerden olu\u015ftu\u011fu anla\u015f\u0131l\u0131yor, ancak hangi as\u0131rda in\u015fa edildi\u011fi hen\u00fcz belirlenemedi.<\/p>\n<figure id=\"attachment_5582\" aria-describedby=\"caption-attachment-5582\" style=\"width: 2048px\" class=\"wp-caption alignnone\"><img loading=\"lazy\" decoding=\"async\" class=\"size-full wp-image-2128\" src=\"https:\/\/kasvillarent.com\/wp-content\/uploads\/2020\/12\/Patara-Hamam.jpg\" alt=\"Patara Hamam\u0131\" width=\"2048\" height=\"1152\" srcset=\"https:\/\/kasvillarent.com\/wp-content\/uploads\/2020\/12\/Patara-Hamam.jpg 1643w, https:\/\/kasvillarent.com\/wp-content\/uploads\/2020\/12\/Patara-Hamam-300x169.jpg 300w, https:\/\/kasvillarent.com\/wp-content\/uploads\/2020\/12\/Patara-Hamam-1024x576.jpg 1024w, https:\/\/kasvillarent.com\/wp-content\/uploads\/2020\/12\/Patara-Hamam-768x432.jpg 768w, https:\/\/kasvillarent.com\/wp-content\/uploads\/2020\/12\/Patara-Hamam-1536x864.jpg 1536w, https:\/\/kasvillarent.com\/wp-content\/uploads\/2020\/12\/Patara-Hamam-1099x618.jpg 1099w, https:\/\/kasvillarent.com\/wp-content\/uploads\/2020\/12\/Patara-Hamam-20x11.jpg 20w\" sizes=\"(max-width: 2048px) 100vw, 2048px\" \/><figcaption id=\"caption-attachment-5582\" class=\"wp-caption-text\">Patara Hamam\u0131<\/figcaption><\/figure>\n<h5><span style=\"color: #003366;\">Patara Plaj\u0131<\/span><\/h5>\n<p>Patara Plaj\u0131, antik kentin devam\u0131nda yer almaktad\u0131r. Plaj\u0131n ince kumlu, s\u0131\u011f bir denizi vard\u0131r ve deniz genellikle dalgal\u0131d\u0131r.&nbsp; Plajda du\u015f, tuvalet, soyunma kabini, \u015fezlong, \u015femsiye, cafe gibi imkanlar mevcuttur.&nbsp; Bu, 12 km uzunlu\u011fundaki T\u00fcrkiye&#8217;nin en b\u00fcy\u00fck kumsallar\u0131ndan biridir. Kum tabakas\u0131 baz\u0131 yerlerde 300 metreye kadar ula\u015fabilir.<\/p>\n<figure id=\"attachment_5581\" aria-describedby=\"caption-attachment-5581\" style=\"width: 2048px\" class=\"wp-caption alignnone\"><img loading=\"lazy\" decoding=\"async\" class=\"size-full wp-image-2129\" src=\"https:\/\/kasvillarent.com\/wp-content\/uploads\/2020\/12\/Patara-Beach.jpg\" alt=\"Patara Plaj\u0131\" width=\"2048\" height=\"1152\" srcset=\"https:\/\/kasvillarent.com\/wp-content\/uploads\/2020\/12\/Patara-Beach.jpg 1643w, https:\/\/kasvillarent.com\/wp-content\/uploads\/2020\/12\/Patara-Beach-300x169.jpg 300w, https:\/\/kasvillarent.com\/wp-content\/uploads\/2020\/12\/Patara-Beach-1024x576.jpg 1024w, https:\/\/kasvillarent.com\/wp-content\/uploads\/2020\/12\/Patara-Beach-768x432.jpg 768w, https:\/\/kasvillarent.com\/wp-content\/uploads\/2020\/12\/Patara-Beach-1536x864.jpg 1536w, https:\/\/kasvillarent.com\/wp-content\/uploads\/2020\/12\/Patara-Beach-1099x618.jpg 1099w, https:\/\/kasvillarent.com\/wp-content\/uploads\/2020\/12\/Patara-Beach-20x11.jpg 20w\" sizes=\"(max-width: 2048px) 100vw, 2048px\" \/><figcaption id=\"caption-attachment-5581\" class=\"wp-caption-text\">Patara Plaj\u0131<\/figcaption><\/figure>\n<p>Patara Plaj\u0131, Akdeniz&#8217;in \u00f6nemli canl\u0131lar\u0131 olan Caretta Caretta kaplumba\u011falar\u0131 i\u00e7in \u00f6nemli bir \u00fcreme alan\u0131d\u0131r.<\/p>\n","protected":false},"excerpt":{"rendered":"<p>Antalya ve Ka\u015f b\u00f6lgesinde \u00e7ok say\u0131da antik kent bulunmaktad\u0131r. Antalya&#8217;n\u0131n Ka\u015f il\u00e7esine ba\u011fl\u0131 olan Patara Antik Kenti, uzun plaj\u0131yla da tan\u0131n\u0131r. Ayr\u0131ca 2020 y\u0131l\u0131n\u0131n Patara y\u0131l\u0131 ilan edilmesiyle turizm a\u00e7\u0131s\u0131ndan \u00f6nemi artm\u0131\u015ft\u0131r. Patara Tarihi Patara&#8217;daki yerle\u015fim, Demir \u00c7a\u011f\u0131&#8217;ndan eski zamanlara kadar gitmektedir ve o d\u00f6nemlere ait buluntular da bunu desteklemektedir.&nbsp; Ku\u015fkusuz b\u00f6lgenin en eski \u015fehirlerinden &hellip; <a href=\"https:\/\/kasvillarent.com\/tr\/ilginizi-cekebilecek-yerler\/tarihi-yerler\/patara\/\" class=\"more-link\">Continue reading<span class=\"screen-reader-text\"> &#8220;Patara&#8221;<\/span><\/a><\/p>\n","protected":false},"author":29,"featured_media":5614,"parent":7172,"menu_order":0,"comment_status":"open","ping_status":"closed","template":"","meta":{"_uag_custom_page_level_css":"","_monsterinsights_skip_tracking":false,"_monsterinsights_sitenote_active":false,"_monsterinsights_sitenote_note":"","_monsterinsights_sitenote_category":0,"footnotes":""},"class_list":["post-7258","page","type-page","status-publish","has-post-thumbnail","hentry"],"yoast_head":"<!-- This site is optimized with the Yoast SEO Premium plugin v27.0 (Yoast SEO v27.0) - https:\/\/yoast.com\/product\/yoast-seo-premium-wordpress\/ -->\n<title>Patara - Kas Villa Rent<\/title>\n<meta name=\"description\" content=\"Patara, Anadolu&#039;daki antik kentlerden biridir ve \u00e7ok uzun bir kumsala sahiptir. Likya ulusunun ba\u015fkenti olmu\u015ftur ve g\u00f6r\u00fclecek bir\u00e7ok yap\u0131ya sahiptir.\" \/>\n<meta name=\"robots\" content=\"index, follow, max-snippet:-1, max-image-preview:large, max-video-preview:-1\" \/>\n<link rel=\"canonical\" href=\"https:\/\/kasvillarent.com\/tr\/ilginizi-cekebilecek-yerler\/tarihi-yerler\/patara\/\" \/>\n<meta property=\"og:locale\" content=\"tr_TR\" \/>\n<meta property=\"og:type\" content=\"article\" \/>\n<meta property=\"og:title\" content=\"Patara\" \/>\n<meta property=\"og:description\" content=\"Patara, Anadolu&#039;daki antik kentlerden biridir ve \u00e7ok uzun bir kumsala sahiptir. Likya ulusunun ba\u015fkenti olmu\u015ftur ve g\u00f6r\u00fclecek bir\u00e7ok yap\u0131ya sahiptir.\" \/>\n<meta property=\"og:url\" content=\"https:\/\/kasvillarent.com\/tr\/ilginizi-cekebilecek-yerler\/tarihi-yerler\/patara\/\" \/>\n<meta property=\"og:site_name\" content=\"Kas Villa Rent\" \/>\n<meta property=\"article:publisher\" content=\"https:\/\/www.facebook.com\/kas.villa.rent\/\" \/>\n<meta property=\"article:modified_time\" content=\"2025-07-05T18:14:01+00:00\" \/>\n<meta property=\"og:image\" content=\"https:\/\/kasvillarent.com\/wp-content\/uploads\/2020\/12\/Patara.jpg\" \/>\n\t<meta property=\"og:image:width\" content=\"1643\" \/>\n\t<meta property=\"og:image:height\" content=\"924\" \/>\n\t<meta property=\"og:image:type\" content=\"image\/jpeg\" \/>\n<meta name=\"twitter:card\" content=\"summary_large_image\" \/>\n<meta name=\"twitter:label1\" content=\"Tahmini okuma s\u00fcresi\" \/>\n\t<meta name=\"twitter:data1\" content=\"5 dakika\" \/>\n<script type=\"application\/ld+json\" class=\"yoast-schema-graph\">{\"@context\":\"https:\/\/schema.org\",\"@graph\":[{\"@type\":\"WebPage\",\"@id\":\"https:\/\/kasvillarent.com\/tr\/ilginizi-cekebilecek-yerler\/tarihi-yerler\/patara\/\",\"url\":\"https:\/\/kasvillarent.com\/tr\/ilginizi-cekebilecek-yerler\/tarihi-yerler\/patara\/\",\"name\":\"Patara - Kas Villa Rent\",\"isPartOf\":{\"@id\":\"https:\/\/kasvillarent.com\/tr\/#website\"},\"primaryImageOfPage\":{\"@id\":\"https:\/\/kasvillarent.com\/tr\/ilginizi-cekebilecek-yerler\/tarihi-yerler\/patara\/#primaryimage\"},\"image\":{\"@id\":\"https:\/\/kasvillarent.com\/tr\/ilginizi-cekebilecek-yerler\/tarihi-yerler\/patara\/#primaryimage\"},\"thumbnailUrl\":\"https:\/\/kasvillarent.com\/wp-content\/uploads\/2020\/12\/Patara.jpg\",\"datePublished\":\"2021-05-16T08:47:12+00:00\",\"dateModified\":\"2025-07-05T18:14:01+00:00\",\"description\":\"Patara, Anadolu'daki antik kentlerden biridir ve \u00e7ok uzun bir kumsala sahiptir. Likya ulusunun ba\u015fkenti olmu\u015ftur ve g\u00f6r\u00fclecek bir\u00e7ok yap\u0131ya sahiptir.\",\"breadcrumb\":{\"@id\":\"https:\/\/kasvillarent.com\/tr\/ilginizi-cekebilecek-yerler\/tarihi-yerler\/patara\/#breadcrumb\"},\"inLanguage\":\"tr\",\"potentialAction\":[{\"@type\":\"ReadAction\",\"target\":[\"https:\/\/kasvillarent.com\/tr\/ilginizi-cekebilecek-yerler\/tarihi-yerler\/patara\/\"]}]},{\"@type\":\"ImageObject\",\"inLanguage\":\"tr\",\"@id\":\"https:\/\/kasvillarent.com\/tr\/ilginizi-cekebilecek-yerler\/tarihi-yerler\/patara\/#primaryimage\",\"url\":\"https:\/\/kasvillarent.com\/wp-content\/uploads\/2020\/12\/Patara.jpg\",\"contentUrl\":\"https:\/\/kasvillarent.com\/wp-content\/uploads\/2020\/12\/Patara.jpg\",\"width\":1643,\"height\":924,\"caption\":\"Patara Ana Cadde\"},{\"@type\":\"BreadcrumbList\",\"@id\":\"https:\/\/kasvillarent.com\/tr\/ilginizi-cekebilecek-yerler\/tarihi-yerler\/patara\/#breadcrumb\",\"itemListElement\":[{\"@type\":\"ListItem\",\"position\":1,\"name\":\"Home\",\"item\":\"https:\/\/kasvillarent.com\/tr\/\"},{\"@type\":\"ListItem\",\"position\":2,\"name\":\"\u0130LG\u0130N\u0130Z\u0130 \u00c7EKEB\u0130LECEK YERLER\",\"item\":\"https:\/\/kasvillarent.com\/tr\/ilginizi-cekebilecek-yerler\/\"},{\"@type\":\"ListItem\",\"position\":3,\"name\":\"TAR\u0130H\u0130 YERLER\",\"item\":\"https:\/\/kasvillarent.com\/tr\/ilginizi-cekebilecek-yerler\/tarihi-yerler\/\"},{\"@type\":\"ListItem\",\"position\":4,\"name\":\"Patara\"}]},{\"@type\":\"WebSite\",\"@id\":\"https:\/\/kasvillarent.com\/tr\/#website\",\"url\":\"https:\/\/kasvillarent.com\/tr\/\",\"name\":\"Kas Villa Rent\",\"description\":\"Luxury Villas in Kas Antalya\",\"publisher\":{\"@id\":\"https:\/\/kasvillarent.com\/tr\/#organization\"},\"potentialAction\":[{\"@type\":\"SearchAction\",\"target\":{\"@type\":\"EntryPoint\",\"urlTemplate\":\"https:\/\/kasvillarent.com\/tr\/?s={search_term_string}\"},\"query-input\":{\"@type\":\"PropertyValueSpecification\",\"valueRequired\":true,\"valueName\":\"search_term_string\"}}],\"inLanguage\":\"tr\"},{\"@type\":\"Organization\",\"@id\":\"https:\/\/kasvillarent.com\/tr\/#organization\",\"name\":\"Kas Villa Rent\",\"url\":\"https:\/\/kasvillarent.com\/tr\/\",\"logo\":{\"@type\":\"ImageObject\",\"inLanguage\":\"tr\",\"@id\":\"https:\/\/kasvillarent.com\/tr\/#\/schema\/logo\/image\/\",\"url\":\"https:\/\/kasvillarent.com\/wp-content\/uploads\/2022\/06\/FullColor_1280x1024_300dpi-1.png\",\"contentUrl\":\"https:\/\/kasvillarent.com\/wp-content\/uploads\/2022\/06\/FullColor_1280x1024_300dpi-1.png\",\"width\":1155,\"height\":924,\"caption\":\"Kas Villa Rent\"},\"image\":{\"@id\":\"https:\/\/kasvillarent.com\/tr\/#\/schema\/logo\/image\/\"},\"sameAs\":[\"https:\/\/www.facebook.com\/kas.villa.rent\/\",\"https:\/\/instagram.com\/kasvillarent\"]}]}<\/script>\n<!-- \/ Yoast SEO Premium plugin. -->","yoast_head_json":{"title":"Patara - Kas Villa Rent","description":"Patara, Anadolu'daki antik kentlerden biridir ve \u00e7ok uzun bir kumsala sahiptir. Likya ulusunun ba\u015fkenti olmu\u015ftur ve g\u00f6r\u00fclecek bir\u00e7ok yap\u0131ya sahiptir.","robots":{"index":"index","follow":"follow","max-snippet":"max-snippet:-1","max-image-preview":"max-image-preview:large","max-video-preview":"max-video-preview:-1"},"canonical":"https:\/\/kasvillarent.com\/tr\/ilginizi-cekebilecek-yerler\/tarihi-yerler\/patara\/","og_locale":"tr_TR","og_type":"article","og_title":"Patara","og_description":"Patara, Anadolu'daki antik kentlerden biridir ve \u00e7ok uzun bir kumsala sahiptir. Likya ulusunun ba\u015fkenti olmu\u015ftur ve g\u00f6r\u00fclecek bir\u00e7ok yap\u0131ya sahiptir.","og_url":"https:\/\/kasvillarent.com\/tr\/ilginizi-cekebilecek-yerler\/tarihi-yerler\/patara\/","og_site_name":"Kas Villa Rent","article_publisher":"https:\/\/www.facebook.com\/kas.villa.rent\/","article_modified_time":"2025-07-05T18:14:01+00:00","og_image":[{"width":1643,"height":924,"url":"https:\/\/kasvillarent.com\/wp-content\/uploads\/2020\/12\/Patara.jpg","type":"image\/jpeg"}],"twitter_card":"summary_large_image","twitter_misc":{"Tahmini okuma s\u00fcresi":"5 dakika"},"schema":{"@context":"https:\/\/schema.org","@graph":[{"@type":"WebPage","@id":"https:\/\/kasvillarent.com\/tr\/ilginizi-cekebilecek-yerler\/tarihi-yerler\/patara\/","url":"https:\/\/kasvillarent.com\/tr\/ilginizi-cekebilecek-yerler\/tarihi-yerler\/patara\/","name":"Patara - Kas Villa Rent","isPartOf":{"@id":"https:\/\/kasvillarent.com\/tr\/#website"},"primaryImageOfPage":{"@id":"https:\/\/kasvillarent.com\/tr\/ilginizi-cekebilecek-yerler\/tarihi-yerler\/patara\/#primaryimage"},"image":{"@id":"https:\/\/kasvillarent.com\/tr\/ilginizi-cekebilecek-yerler\/tarihi-yerler\/patara\/#primaryimage"},"thumbnailUrl":"https:\/\/kasvillarent.com\/wp-content\/uploads\/2020\/12\/Patara.jpg","datePublished":"2021-05-16T08:47:12+00:00","dateModified":"2025-07-05T18:14:01+00:00","description":"Patara, Anadolu'daki antik kentlerden biridir ve \u00e7ok uzun bir kumsala sahiptir. Likya ulusunun ba\u015fkenti olmu\u015ftur ve g\u00f6r\u00fclecek bir\u00e7ok yap\u0131ya sahiptir.","breadcrumb":{"@id":"https:\/\/kasvillarent.com\/tr\/ilginizi-cekebilecek-yerler\/tarihi-yerler\/patara\/#breadcrumb"},"inLanguage":"tr","potentialAction":[{"@type":"ReadAction","target":["https:\/\/kasvillarent.com\/tr\/ilginizi-cekebilecek-yerler\/tarihi-yerler\/patara\/"]}]},{"@type":"ImageObject","inLanguage":"tr","@id":"https:\/\/kasvillarent.com\/tr\/ilginizi-cekebilecek-yerler\/tarihi-yerler\/patara\/#primaryimage","url":"https:\/\/kasvillarent.com\/wp-content\/uploads\/2020\/12\/Patara.jpg","contentUrl":"https:\/\/kasvillarent.com\/wp-content\/uploads\/2020\/12\/Patara.jpg","width":1643,"height":924,"caption":"Patara Ana Cadde"},{"@type":"BreadcrumbList","@id":"https:\/\/kasvillarent.com\/tr\/ilginizi-cekebilecek-yerler\/tarihi-yerler\/patara\/#breadcrumb","itemListElement":[{"@type":"ListItem","position":1,"name":"Home","item":"https:\/\/kasvillarent.com\/tr\/"},{"@type":"ListItem","position":2,"name":"\u0130LG\u0130N\u0130Z\u0130 \u00c7EKEB\u0130LECEK YERLER","item":"https:\/\/kasvillarent.com\/tr\/ilginizi-cekebilecek-yerler\/"},{"@type":"ListItem","position":3,"name":"TAR\u0130H\u0130 YERLER","item":"https:\/\/kasvillarent.com\/tr\/ilginizi-cekebilecek-yerler\/tarihi-yerler\/"},{"@type":"ListItem","position":4,"name":"Patara"}]},{"@type":"WebSite","@id":"https:\/\/kasvillarent.com\/tr\/#website","url":"https:\/\/kasvillarent.com\/tr\/","name":"Kas Villa Rent","description":"Luxury Villas in Kas Antalya","publisher":{"@id":"https:\/\/kasvillarent.com\/tr\/#organization"},"potentialAction":[{"@type":"SearchAction","target":{"@type":"EntryPoint","urlTemplate":"https:\/\/kasvillarent.com\/tr\/?s={search_term_string}"},"query-input":{"@type":"PropertyValueSpecification","valueRequired":true,"valueName":"search_term_string"}}],"inLanguage":"tr"},{"@type":"Organization","@id":"https:\/\/kasvillarent.com\/tr\/#organization","name":"Kas Villa Rent","url":"https:\/\/kasvillarent.com\/tr\/","logo":{"@type":"ImageObject","inLanguage":"tr","@id":"https:\/\/kasvillarent.com\/tr\/#\/schema\/logo\/image\/","url":"https:\/\/kasvillarent.com\/wp-content\/uploads\/2022\/06\/FullColor_1280x1024_300dpi-1.png","contentUrl":"https:\/\/kasvillarent.com\/wp-content\/uploads\/2022\/06\/FullColor_1280x1024_300dpi-1.png","width":1155,"height":924,"caption":"Kas Villa Rent"},"image":{"@id":"https:\/\/kasvillarent.com\/tr\/#\/schema\/logo\/image\/"},"sameAs":["https:\/\/www.facebook.com\/kas.villa.rent\/","https:\/\/instagram.com\/kasvillarent"]}]}},"uagb_featured_image_src":{"full":["https:\/\/kasvillarent.com\/wp-content\/uploads\/2020\/12\/Patara.jpg",1643,924,false],"thumbnail":["https:\/\/kasvillarent.com\/wp-content\/uploads\/2020\/12\/Patara-150x150.jpg",150,150,true],"medium":["https:\/\/kasvillarent.com\/wp-content\/uploads\/2020\/12\/Patara-300x169.jpg",300,169,true],"medium_large":["https:\/\/kasvillarent.com\/wp-content\/uploads\/2020\/12\/Patara-768x432.jpg",768,432,true],"large":["https:\/\/kasvillarent.com\/wp-content\/uploads\/2020\/12\/Patara-1024x576.jpg",769,433,true],"1536x1536":["https:\/\/kasvillarent.com\/wp-content\/uploads\/2020\/12\/Patara-1536x864.jpg",1536,864,true],"2048x2048":["https:\/\/kasvillarent.com\/wp-content\/uploads\/2020\/12\/Patara.jpg",1643,924,false],"post-thumbnail":["https:\/\/kasvillarent.com\/wp-content\/uploads\/2020\/12\/Patara-1434x734.jpg",1434,734,true],"villagio-thumb-large":["https:\/\/kasvillarent.com\/wp-content\/uploads\/2020\/12\/Patara.jpg",1643,924,false],"villagio-thumb-medium":["https:\/\/kasvillarent.com\/wp-content\/uploads\/2020\/12\/Patara-1099x618.jpg",1099,618,true],"villagio-thumb-small":["https:\/\/kasvillarent.com\/wp-content\/uploads\/2020\/12\/Patara-717x540.jpg",717,540,true],"villagio-thumb-small-x2":["https:\/\/kasvillarent.com\/wp-content\/uploads\/2020\/12\/Patara-1434x924.jpg",1434,924,true]},"uagb_author_info":{"display_name":"Mehmet_Y","author_link":"https:\/\/kasvillarent.com\/tr\/author\/mehmet_y\/"},"uagb_comment_info":0,"uagb_excerpt":"Antalya ve Ka\u015f b\u00f6lgesinde \u00e7ok say\u0131da antik kent bulunmaktad\u0131r. Antalya&#8217;n\u0131n Ka\u015f il\u00e7esine ba\u011fl\u0131 olan Patara Antik Kenti, uzun plaj\u0131yla da tan\u0131n\u0131r. Ayr\u0131ca 2020 y\u0131l\u0131n\u0131n Patara y\u0131l\u0131 ilan edilmesiyle turizm a\u00e7\u0131s\u0131ndan \u00f6nemi artm\u0131\u015ft\u0131r. Patara Tarihi Patara&#8217;daki yerle\u015fim, Demir \u00c7a\u011f\u0131&#8217;ndan eski zamanlara kadar gitmektedir ve o d\u00f6nemlere ait buluntular da bunu desteklemektedir.&nbsp; Ku\u015fkusuz b\u00f6lgenin en eski \u015fehirlerinden&hellip;","jetpack_sharing_enabled":true,"_links":{"self":[{"href":"https:\/\/kasvillarent.com\/tr\/wp-json\/wp\/v2\/pages\/7258","targetHints":{"allow":["GET"]}}],"collection":[{"href":"https:\/\/kasvillarent.com\/tr\/wp-json\/wp\/v2\/pages"}],"about":[{"href":"https:\/\/kasvillarent.com\/tr\/wp-json\/wp\/v2\/types\/page"}],"author":[{"embeddable":true,"href":"https:\/\/kasvillarent.com\/tr\/wp-json\/wp\/v2\/users\/29"}],"replies":[{"embeddable":true,"href":"https:\/\/kasvillarent.com\/tr\/wp-json\/wp\/v2\/comments?post=7258"}],"version-history":[{"count":3,"href":"https:\/\/kasvillarent.com\/tr\/wp-json\/wp\/v2\/pages\/7258\/revisions"}],"predecessor-version":[{"id":20563,"href":"https:\/\/kasvillarent.com\/tr\/wp-json\/wp\/v2\/pages\/7258\/revisions\/20563"}],"up":[{"embeddable":true,"href":"https:\/\/kasvillarent.com\/tr\/wp-json\/wp\/v2\/pages\/7172"}],"wp:featuredmedia":[{"embeddable":true,"href":"https:\/\/kasvillarent.com\/tr\/wp-json\/wp\/v2\/media\/5614"}],"wp:attachment":[{"href":"https:\/\/kasvillarent.com\/tr\/wp-json\/wp\/v2\/media?parent=7258"}],"curies":[{"name":"wp","href":"https:\/\/api.w.org\/{rel}","templated":true}]}}